{"id":196,"date":"2017-07-24T16:30:07","date_gmt":"2017-07-24T16:30:07","guid":{"rendered":"http:\/\/www.sarlux.saras.it\/?page_id=196"},"modified":"2024-11-27T08:38:57","modified_gmt":"2024-11-27T08:38:57","slug":"sport","status":"publish","type":"page","link":"https:\/\/www.sarlux.saras.it\/it\/impegno-sociale\/sport\/","title":{"rendered":"Sport"},"content":{"rendered":"<div class=\"wpb-content-wrapper\"><p>[vc_row full_width=&#8221;stretch_row_content_no_spaces&#8221; css_animation=&#8221;fadeIn&#8221; css=&#8221;.vc_custom_1732295701937{margin-top: 0px !important;padding-top: 0px !important;background-image: url(https:\/\/stage.sarlux.saras.it\/wp-content\/uploads\/2024\/11\/05-impegno-sociale-sport-Cagliari-academy-Sarlux-Saras.jpg?id=546510) !important;background-position: center !important;background-repeat: no-repeat !important;background-size: cover !important;}&#8221;][vc_column][vc_empty_space height=&#8221;300px&#8221;][vc_row_inner][vc_column_inner width=&#8221;1\/3&#8243;][\/vc_column_inner][vc_column_inner width=&#8221;2\/3&#8243;][vc_column_text css=&#8221;.vc_custom_1576695513349{margin-top: 0px !important;padding-top: 0px !important;padding-bottom: 10px !important;}&#8221;]<\/p>\n<h1 style=\"text-align: center;\"><span style=\"color: #f7f7f7;\"><strong>PROGETTI PER LO SPORT<\/strong><\/span><\/h1>\n<p>[\/vc_column_text][\/vc_column_inner][\/vc_row_inner][vc_row_inner][vc_column_inner width=&#8221;1\/12&#8243;][\/vc_column_inner][vc_column_inner width=&#8221;1\/12&#8243;][vc_column_text css=&#8221;.vc_custom_1579685529157{padding-top: 10px !important;padding-bottom: 10px !important;background-color: #0056a6 !important;border-radius: 5px !important;}&#8221;]<\/p>\n<h6 style=\"text-align: center;\"><span style=\"color: #f5f5f5; font-size: 12px;\">IMPEGNO SOCIALE<\/span><\/h6>\n<p>[\/vc_column_text][\/vc_column_inner][vc_column_inner width=&#8221;2\/12&#8243;][\/vc_column_inner][vc_column_inner width=&#8221;8\/12&#8243;][\/vc_column_inner][\/vc_row_inner][\/vc_column][\/vc_row][vc_row full_width=&#8221;stretch_row&#8221;][vc_column][vc_column_text css=&#8221;&#8221;]<\/p>\n<h3 style=\"font-weight: 400; text-align: center;\"><strong>Sempre in campo per promuovere la cultura dello sport.<br \/>\n<\/strong><\/h3>\n<p>[\/vc_column_text][vc_empty_space][\/vc_column][\/vc_row][vc_row full_width=&#8221;stretch_row&#8221;][vc_column][vc_column_text css=&#8221;&#8221;]<\/p>\n<h5 style=\"font-weight: 400; text-align: center;\"><strong>Lealt\u00e0, rispetto, accoglienza sono valori che Saras condivide con il mondo dello sport e che sostiene attraverso numerose sponsorizzazioni ad associazioni sportive professionistiche e dilettantistiche.<\/strong><\/h5>\n<p>[\/vc_column_text][vc_empty_space][\/vc_column][\/vc_row][vc_row full_width=&#8221;stretch_row&#8221; bg_type=&#8221;grad&#8221; bg_grad=&#8221;background: -webkit-gradient(linear, left top, left bottom, color-stop(0%, #F5F5F5), color-stop(40%, #FFFFFF), color-stop(60%, #FFFFFF), color-stop(100%, #F5F5F5));background: -moz-linear-gradient(left,#F5F5F5 0%,#FFFFFF 40%,#FFFFFF 60%,#F5F5F5 100%);background: -webkit-linear-gradient(left,#F5F5F5 0%,#FFFFFF 40%,#FFFFFF 60%,#F5F5F5 100%);background: -o-linear-gradient(left,#F5F5F5 0%,#FFFFFF 40%,#FFFFFF 60%,#F5F5F5 100%);background: -ms-linear-gradient(left,#F5F5F5 0%,#FFFFFF 40%,#FFFFFF 60%,#F5F5F5 100%);background: linear-gradient(left,#F5F5F5 0%,#FFFFFF 40%,#FFFFFF 60%,#F5F5F5 100%);&#8221;][vc_column][vc_column_text css=&#8221;.vc_custom_1732296143327{margin-top: 0px !important;padding-top: 0px !important;}&#8221;]<\/p>\n<h4 style=\"text-align: center;\">PER LO SPORT<\/h4>\n<p>[\/vc_column_text][vc_separator color=&#8221;custom&#8221; style=&#8221;dotted&#8221; el_width=&#8221;70&#8243; accent_color=&#8221;#0056a6&#8243;][vc_column_text css=&#8221;&#8221;]<\/p>\n<h4 style=\"text-align: center;\">Favorire, attraverso lo sport, l\u2019inclusione e la crescita sportiva e culturale dei giovani.<\/h4>\n<p>[\/vc_column_text][vc_row_inner][vc_column_inner width=&#8221;1\/4&#8243;][\/vc_column_inner][vc_column_inner width=&#8221;1\/4&#8243;][vc_single_image image=&#8221;546603&#8243; img_size=&#8221;80&#215;80&#8243; css=&#8221;&#8221;][vc_column_text css=&#8221;&#8221;]<strong>Cagliari Footbal Academy<\/strong><\/p>\n<p>Torneo Saras Cup<\/p>\n<p>Coinvolgimento della scuola<\/p>\n<p>ASD Giovent\u00f9 Sarroch[\/vc_column_text][\/vc_column_inner][vc_column_inner width=&#8221;2\/4&#8243;][vc_single_image image=&#8221;546605&#8243; img_size=&#8221;80&#215;80&#8243; css=&#8221;&#8221;][vc_column_text css=&#8221;&#8221;]<strong>Sport nel territorio<\/strong><\/p>\n<p>Sarlux Sarroch Polisportiva Volley 2005<\/p>\n<p>Amatori Rugby Capoterra<\/p>\n<p>Accademia Pugilistica Sarroch<\/p>\n<p>ASD Kayak Sarroch<\/p>\n<p>ASD Podismo Sarroch<\/p>\n<p>ASD Veloclub<\/p>\n<p>Tennis Club Sarroch<\/p>\n<p>Sport a scuola[\/vc_column_text][\/vc_column_inner][\/vc_row_inner][vc_separator color=&#8221;custom&#8221; style=&#8221;dotted&#8221; el_width=&#8221;70&#8243; accent_color=&#8221;#0056a6&#8243;][\/vc_column][\/vc_row][vc_row full_width=&#8221;stretch_row&#8221;][vc_column][vc_empty_space][vc_icon icon_fontawesome=&#8221;fa fa-cog&#8221; size=&#8221;sm&#8221; align=&#8221;center&#8221;][vc_empty_space height=&#8221;36px&#8221;][\/vc_column][\/vc_row][vc_row full_width=&#8221;stretch_row&#8221;][vc_column][vc_empty_space][vc_column_text css=&#8221;.vc_custom_1732208301300{border-bottom-width: 1px !important;padding-top: 0px !important;padding-bottom: 4px !important;border-bottom-style: solid !important;border-color: #0056a6 !important;}&#8221;]<\/p>\n<h2 style=\"text-align: center;\">CAGLIARI FOOTBAL ACADEMY<\/h2>\n<p>[\/vc_column_text][vc_empty_space height=&#8221;8px&#8221;][vc_column_text css=&#8221;&#8221;]<\/p>\n<h4 style=\"text-align: center;\"><strong>Saras e l\u2019Academy del Cagliari Calcio lavorano insieme su progetti sia sportivi che sociali condividendo l\u2019obiettivo di far crescere molti giovani atleti della Sardegna per i quali lo sport<br \/>\ndeve rappresentare, prima di tutto, un\u2019importante palestra di vita.<\/strong><\/h4>\n<p>[\/vc_column_text][vc_empty_space][vc_single_image image=&#8221;546603&#8243; img_size=&#8221;100X100&#8243; alignment=&#8221;center&#8221; css=&#8221;&#8221;][vc_empty_space][\/vc_column][\/vc_row][vc_row full_width=&#8221;stretch_row&#8221;][vc_column][vc_empty_space][vc_column_text css=&#8221;.vc_custom_1732208574328{border-bottom-width: 1px !important;padding-bottom: 4px !important;border-bottom-style: solid !important;border-color: #0056a6 !important;}&#8221;]<\/p>\n<h4>CAGLIARI FOOTBALL ACADEMY<\/h4>\n<p>[\/vc_column_text][vc_empty_space height=&#8221;8px&#8221;][\/vc_column][\/vc_row][vc_row][vc_column width=&#8221;1\/2&#8243;][vc_empty_space][vc_column_text css=&#8221;&#8221;]<\/p>\n<h5><strong>Saras \u00e8 stata tra i fondatori e main sponsor della Cagliari Football Academy<\/strong>, l\u2019accademia del Cagliari Calcio che unisce 42 scuole di calcio in Sardegna, coniugando gioco, cooperazione, impegno e formazione. Un progetto con iniziative e percorsi di formazione che coinvolge oltre 4.000 giovani.<\/h5>\n<p>[\/vc_column_text][\/vc_column][vc_column width=&#8221;1\/2&#8243;][vc_single_image image=&#8221;546136&#8243; img_size=&#8221;full&#8221; css=&#8221;&#8221;][\/vc_column][\/vc_row][vc_row full_width=&#8221;stretch_row&#8221;][vc_column][vc_empty_space][vc_column_text css=&#8221;.vc_custom_1732208777540{border-bottom-width: 1px !important;padding-bottom: 4px !important;border-bottom-style: solid !important;border-color: #0056a6 !important;}&#8221;]<\/p>\n<h4>TORNEO SARAS CUP<\/h4>\n<p>[\/vc_column_text][vc_empty_space height=&#8221;8px&#8221;][\/vc_column][\/vc_row][vc_row][vc_column width=&#8221;1\/2&#8243;][vc_empty_space][vc_column_text css=&#8221;&#8221;]<\/p>\n<h5>La <strong>Saras Cup \u00e8 un torneo a tre che vede gareggiare le squadre giovanili<\/strong> del Cagliari calcio, del Sarroch e una selezione dei migliori giocatori di tutte le squadre dell\u2019Academy. Il torneo, portato avanti insieme alla pi\u00f9 grande societ\u00e0 sportiva in Sardegna, consente di realizzare quello in cui Saras si riconosce: creare valore.<\/h5>\n<p>[\/vc_column_text][\/vc_column][vc_column width=&#8221;1\/2&#8243;][vc_single_image image=&#8221;546620&#8243; img_size=&#8221;full&#8221; css=&#8221;&#8221;][\/vc_column][\/vc_row][vc_row full_width=&#8221;stretch_row&#8221;][vc_column][vc_empty_space][vc_column_text css=&#8221;.vc_custom_1732208844712{border-bottom-width: 1px !important;padding-bottom: 4px !important;border-bottom-style: solid !important;border-color: #0056a6 !important;}&#8221;]<\/p>\n<h4>COINVOLGIMENTO DELLA SCUOLA<\/h4>\n<p>[\/vc_column_text][vc_empty_space height=&#8221;8px&#8221;][\/vc_column][\/vc_row][vc_row][vc_column width=&#8221;1\/2&#8243;][vc_empty_space][vc_column_text css=&#8221;&#8221;]<\/p>\n<h5><strong>Iniziative dedicate agli studenti dell\u2019Istituto comprensivo di Sarroch<\/strong> che consentono, agli alunni della scuola secondaria di primo grado, di partecipare attivamente a una conferenza stampa dell\u2019allenatore del Cagliari e, ai bambini della scuola primaria, di assistere a un allenamento del Cagliari.<\/h5>\n<p>[\/vc_column_text][\/vc_column][vc_column width=&#8221;1\/2&#8243;][vc_single_image image=&#8221;546622&#8243; img_size=&#8221;full&#8221; css=&#8221;&#8221;][\/vc_column][\/vc_row][vc_row full_width=&#8221;stretch_row&#8221;][vc_column][vc_empty_space][vc_column_text css=&#8221;.vc_custom_1732208896627{border-bottom-width: 1px !important;padding-bottom: 4px !important;border-bottom-style: solid !important;border-color: #0056a6 !important;}&#8221;]<\/p>\n<h4>ASD GIOVENT\u00d9 SARROCH<\/h4>\n<p>[\/vc_column_text][vc_empty_space height=&#8221;8px&#8221;][\/vc_column][\/vc_row][vc_row][vc_column width=&#8221;1\/2&#8243;][vc_empty_space][vc_column_text css=&#8221;&#8221;]<\/p>\n<h5>Affiliata alla Cagliari Academy l\u2019ASD <strong>Giovent\u00f9 Sarroch \u00e8 una giovane realt\u00e0 calcistica<\/strong> che promuove il gioco del calcio e i suoi valori tra i giovani con l\u2019obiettivo di creare un settore giovanile d\u2019eccellenza. La ASD Giovent\u00f9 Sarroch <strong>\u00e8 iscritta al campionato di calcio di terza categoria e conta oltre cento tesserati<\/strong> alla FIGC LND.<\/h5>\n<p>[\/vc_column_text][\/vc_column][vc_column width=&#8221;1\/2&#8243;][vc_single_image image=&#8221;546624&#8243; img_size=&#8221;full&#8221; css=&#8221;&#8221;][\/vc_column][\/vc_row][vc_row full_width=&#8221;stretch_row&#8221;][vc_column][vc_empty_space][vc_icon icon_fontawesome=&#8221;fa fa-cog&#8221; size=&#8221;sm&#8221; align=&#8221;center&#8221;][vc_empty_space height=&#8221;36px&#8221;][\/vc_column][\/vc_row][vc_row full_width=&#8221;stretch_row&#8221;][vc_column][vc_empty_space][vc_column_text css=&#8221;.vc_custom_1732209245836{border-bottom-width: 1px !important;padding-top: 0px !important;padding-bottom: 4px !important;border-bottom-style: solid !important;border-color: #0056a6 !important;}&#8221;]<\/p>\n<h2 style=\"text-align: center;\">SPORT NEL TERRITORIO<\/h2>\n<p>[\/vc_column_text][vc_empty_space height=&#8221;8px&#8221;][vc_column_text css=&#8221;&#8221;]<\/p>\n<h4 style=\"text-align: center;\"><strong>Le associazioni sportive dilettantistiche sostenute da Saras e Sarlux si distinguono per l\u2019impegno profuso in iniziative di inclusione sociale e hanno conseguito importanti successi che hanno premiato il lavoro svolto con costanza e dedizione.<\/strong><\/h4>\n<p>[\/vc_column_text][vc_empty_space][vc_single_image image=&#8221;546605&#8243; img_size=&#8221;100X100&#8243; alignment=&#8221;center&#8221; css=&#8221;&#8221;][vc_empty_space][\/vc_column][\/vc_row][vc_row full_width=&#8221;stretch_row&#8221;][vc_column][vc_empty_space][vc_column_text css=&#8221;.vc_custom_1732209470206{border-bottom-width: 1px !important;padding-bottom: 4px !important;border-bottom-style: solid !important;border-color: #0056a6 !important;}&#8221;]<\/p>\n<h4>SARLUX SARROCH<\/h4>\n<p>[\/vc_column_text][vc_empty_space height=&#8221;8px&#8221;][\/vc_column][\/vc_row][vc_row][vc_column width=&#8221;1\/2&#8243;][vc_empty_space][vc_column_text css=&#8221;&#8221;]<\/p>\n<h5>Sarlux \u00e8 main sponsor della squadra della Sarroch Polisportiva Volley 2005, <strong>ribattezzata Sarlux Sarroch,<br \/>\nche compete nel campionato nazionale di serie A3 di pallavolo maschile<\/strong>. La societ\u00e0, inoltre, promuove il settore femminile le cui squadre Under 12 e Under 13 hanno vinto due titoli provinciali e conta su oltre 250 tesserati.<\/h5>\n<p>[\/vc_column_text][\/vc_column][vc_column width=&#8221;1\/2&#8243;][vc_single_image image=&#8221;545700&#8243; img_size=&#8221;full&#8221; css=&#8221;&#8221;][\/vc_column][\/vc_row][vc_row full_width=&#8221;stretch_row&#8221;][vc_column][vc_empty_space][vc_column_text css=&#8221;.vc_custom_1732209518617{border-bottom-width: 1px !important;padding-bottom: 4px !important;border-bottom-style: solid !important;border-color: #0056a6 !important;}&#8221;]<\/p>\n<h4>AMATORI RUGBY CAPOTERRA<\/h4>\n<p>[\/vc_column_text][vc_empty_space height=&#8221;8px&#8221;][\/vc_column][\/vc_row][vc_row][vc_column width=&#8221;1\/2&#8243;][vc_empty_space][vc_column_text css=&#8221;&#8221;]<\/p>\n<h5>La Amatori Rugby Capoterra, costituita nel 1972 con l\u2019obiettivo di diffondere la pratica del rugby in Sardegna, continua a essere tra le protagoniste di questo magnifico sport e <strong>si batte nel campionato di serie B nazionale<\/strong>.<\/h5>\n<p>[\/vc_column_text][\/vc_column][vc_column width=&#8221;1\/2&#8243;][vc_single_image image=&#8221;544577&#8243; img_size=&#8221;full&#8221; css=&#8221;&#8221;][\/vc_column][\/vc_row][vc_row full_width=&#8221;stretch_row&#8221;][vc_column][vc_empty_space][vc_column_text css=&#8221;.vc_custom_1732209586991{border-bottom-width: 1px !important;padding-bottom: 4px !important;border-bottom-style: solid !important;border-color: #0056a6 !important;}&#8221;]<\/p>\n<h4>ACCADEMIA PUGILISTICA SARROCH<\/h4>\n<p>[\/vc_column_text][vc_empty_space height=&#8221;8px&#8221;][\/vc_column][\/vc_row][vc_row][vc_column width=&#8221;1\/2&#8243;][vc_empty_space][vc_column_text css=&#8221;&#8221;]<\/p>\n<h5>L\u2019Accademia pugilistica di Sarroch \u00e8 tra le prime societ\u00e0 della Sardegna e <strong>si posiziona ai primi posti tra le 3200 societ\u00e0 presenti sul territorio nazionale.<\/strong> Organizza campionati regionali junior e i suoi atleti ottengono ottimi risultati nei campionati regionali e nazionali.<\/h5>\n<p>[\/vc_column_text][\/vc_column][vc_column width=&#8221;1\/2&#8243;][vc_single_image image=&#8221;546626&#8243; img_size=&#8221;full&#8221; css=&#8221;&#8221;][\/vc_column][\/vc_row][vc_row full_width=&#8221;stretch_row&#8221;][vc_column][vc_empty_space][vc_column_text css=&#8221;.vc_custom_1732209643791{border-bottom-width: 1px !important;padding-bottom: 4px !important;border-bottom-style: solid !important;border-color: #0056a6 !important;}&#8221;]<\/p>\n<h4>KAYAK, PODISMO, CICLISMO E TENNIS<\/h4>\n<p>[\/vc_column_text][vc_empty_space height=&#8221;8px&#8221;][\/vc_column][\/vc_row][vc_row][vc_column width=&#8221;1\/2&#8243;][vc_empty_space][vc_column_text css=&#8221;&#8221;]<\/p>\n<h5>L\u2019ASD Kayak, l\u2019ASD Podismo, l\u2019ASD Veloclub e il Tennis Club, associazioni sportive di Sarroch, intrattengono, soprattutto nella stagione estiva, i <strong>giovani dai 5 ai 14 anni in diverse attivit\u00e0 dedicate alla socializzazione, al divertimento, alla riscoperta del territorio e soprattutto allo sport<\/strong> creando veri e propri poli formativi per i giovani sportivi.<\/h5>\n<p>[\/vc_column_text][\/vc_column][vc_column width=&#8221;1\/2&#8243;][vc_single_image image=&#8221;546628&#8243; img_size=&#8221;full&#8221; css=&#8221;&#8221;][\/vc_column][\/vc_row][vc_row full_width=&#8221;stretch_row&#8221;][vc_column][vc_empty_space][vc_column_text css=&#8221;.vc_custom_1732209683820{border-bottom-width: 1px !important;padding-bottom: 4px !important;border-bottom-style: solid !important;border-color: #0056a6 !important;}&#8221;]<\/p>\n<h4>SPORT A SCUOLA<\/h4>\n<p>[\/vc_column_text][vc_empty_space height=&#8221;8px&#8221;][\/vc_column][\/vc_row][vc_row][vc_column width=&#8221;1\/2&#8243;][vc_empty_space][vc_column_text css=&#8221;&#8221;]<\/p>\n<h5>Ragazze e ragazzi dell\u2019Istituto comprensivo di Sarroch sono messi in condizione di acquisire <strong>nuove competenze motorie sperimentando le diverse discipline proposte da associazioni sportive del territorio<\/strong>: dal calcio<br \/>\nal ciclismo, dal tennis alla box, dalla pallavolo alle lezioni<br \/>\na terra di canoa e vela.<\/h5>\n<p>[\/vc_column_text][\/vc_column][vc_column width=&#8221;1\/2&#8243;][vc_single_image image=&#8221;546630&#8243; img_size=&#8221;full&#8221; css=&#8221;&#8221;][\/vc_column][\/vc_row][vc_row][vc_column][vc_empty_space][vc_empty_space][vc_single_image image=&#8221;544224&#8243; img_size=&#8221;full&#8221; alignment=&#8221;center&#8221;][\/vc_column][\/vc_row][vc_row bg_type=&#8221;grad&#8221; bg_grad=&#8221;background: -webkit-gradient(linear, left top, left bottom, color-stop(0%, #DBDBDB), color-stop(40%, #FFFFFF), color-stop(60%, #FFFFFF), color-stop(100%, #DBDBDB));background: -moz-linear-gradient(left,#DBDBDB 0%,#FFFFFF 40%,#FFFFFF 60%,#DBDBDB 100%);background: -webkit-linear-gradient(left,#DBDBDB 0%,#FFFFFF 40%,#FFFFFF 60%,#DBDBDB 100%);background: -o-linear-gradient(left,#DBDBDB 0%,#FFFFFF 40%,#FFFFFF 60%,#DBDBDB 100%);background: -ms-linear-gradient(left,#DBDBDB 0%,#FFFFFF 40%,#FFFFFF 60%,#DBDBDB 100%);background: linear-gradient(left,#DBDBDB 0%,#FFFFFF 40%,#FFFFFF 60%,#DBDBDB 100%);&#8221;][vc_column][vc_column_text css=&#8221;&#8221;]<\/p>\n<h4 style=\"text-align: center;\"><strong>A Saras piace il gioco di squadra.<\/strong><\/h4>\n<p>[\/vc_column_text][vc_empty_space height=&#8221;10px&#8221;][\/vc_column][\/vc_row][vc_row][vc_column][vc_empty_space height=&#8221;16px&#8221;][vc_icon icon_fontawesome=&#8221;fa fa-cog&#8221; size=&#8221;sm&#8221; align=&#8221;center&#8221;][vc_empty_space][vc_column_text css=&#8221;.vc_custom_1730048469361{border-bottom-width: 1px !important;padding-top: 0px !important;padding-bottom: 4px !important;border-bottom-style: solid !important;border-color: #0056a6 !important;}&#8221;]<\/p>\n<h4 style=\"text-align: center;\">Notizie correlate<\/h4>\n<p>[\/vc_column_text][vc_empty_space height=&#8221;8px&#8221;][\/vc_column][\/vc_row][vc_row][vc_column][vc_basic_grid post_type=&#8221;post&#8221; max_items=&#8221;3&#8243; item=&#8221;541661&#8243; grid_id=&#8221;vc_gid:1732696597251-39de1998-2aa1-10&#8243; taxonomies=&#8221;41&#8243;][\/vc_column][\/vc_row][vc_row][vc_column][vc_empty_space height=&#8221;16px&#8221;][\/vc_column][\/vc_row][vc_row][vc_column][vc_icon icon_fontawesome=&#8221;fa fa-cog&#8221; size=&#8221;sm&#8221; align=&#8221;center&#8221;][vc_empty_space height=&#8221;36px&#8221;][\/vc_column][\/vc_row][vc_row][vc_column][vc_column_text css=&#8221;.vc_custom_1730048483148{border-bottom-width: 1px !important;padding-top: 0px !important;padding-bottom: 4px !important;border-bottom-style: solid !important;border-color: #0056a6 !important;}&#8221;]<\/p>\n<h4 style=\"text-align: center;\">Pagine correlate<\/h4>\n<p>[\/vc_column_text][\/vc_column][\/vc_row][vc_row][vc_column width=&#8221;1\/4&#8243;][\/vc_column][vc_column width=&#8221;1\/4&#8243;]\n<div id=\"interactive-banner-1-wrap-5492\" class=\"ult-banner-block ult-adjust-bottom-margin ult-bb-box  banner-style11 \"   style=\"\">\n\t<img decoding=\"async\" src=\"https:\/\/www.sarlux.saras.it\/wp-content\/uploads\/2020\/01\/territorio-Sarlux-Saras-IB-378.jpg\" alt=\"null\">\n\t<h3  data-ultimate-target='#interactive-banner-1-wrap-5492 .bb-top-title '  data-responsive-json-new='{\"font-size\":\"\",\"line-height\":\"\"}'  class=\"title-center bb-top-title ult-responsive\" style=\"font-weight:normal;background:#0056a6;color:#ffffff;\">PROGETTI PER IL TERRITORIO<\/h3>\n\t<div class=\"mask opaque-background\" style=\"background:#0056a6;\">\n\t\t<div  data-ultimate-target='#interactive-banner-1-wrap-5492 .bb-description'  data-responsive-json-new='{\"font-size\":\"desktop:12px;\",\"line-height\":\"\"}'  class=\"bb-description ult-responsive\" style=\"font-weight:normal;color:#ffffff;\">Sarlux ha un dialogo costante con il territorio, si impegna per la salvaguardia dell\u2019ambiente e supporta iniziative per lo sviluppo sociale, economico e culturale della comunit\u00e0 intorno a Sarroch.<\/div>\n\t<\/div><a class=\"bb-link\" href=\"https:\/\/www.sarlux.saras.it\/it\/impegno-sociale\/territorio\/\" title=\"Educazione\" ><\/a>\n<\/div>[\/vc_column][vc_column width=&#8221;1\/4&#8243;]\n<div id=\"interactive-banner-1-wrap-4024\" class=\"ult-banner-block ult-adjust-bottom-margin ult-bb-box  banner-style11 \"   style=\"\">\n\t<img decoding=\"async\" src=\"https:\/\/www.sarlux.saras.it\/wp-content\/uploads\/2019\/10\/futuri-ingegneri-e-turbina-taglio-box.jpg\" alt=\"null\">\n\t<h3  data-ultimate-target='#interactive-banner-1-wrap-4024 .bb-top-title '  data-responsive-json-new='{\"font-size\":\"\",\"line-height\":\"\"}'  class=\"title-center bb-top-title ult-responsive\" style=\"font-weight:normal;background:#0056a6;color:#ffffff;\">PROGETTI PER LA SCUOLA<\/h3>\n\t<div class=\"mask opaque-background\" style=\"background:#0056a6;\">\n\t\t<div  data-ultimate-target='#interactive-banner-1-wrap-4024 .bb-description'  data-responsive-json-new='{\"font-size\":\"desktop:12px;\",\"line-height\":\"\"}'  class=\"bb-description ult-responsive\" style=\"font-weight:normal;color:#ffffff;\">Creare un ponte tra studenti e impresa, condividere con i giovani le competenze tecniche e manageriali del personale Sarlux, acquisite nel corso di oltre cinquant\u2019anni di storia industriale.<\/div>\n\t<\/div><a class=\"bb-link\" href=\"https:\/\/www.sarlux.saras.it\/it\/impegno-sociale\/scuola\/\" title=\"Educazione\" ><\/a>\n<\/div>[\/vc_column][vc_column width=&#8221;1\/4&#8243;][\/vc_column][\/vc_row][vc_row][vc_column][vc_empty_space][vc_icon icon_fontawesome=&#8221;fa fa-cog&#8221; align=&#8221;center&#8221;][vc_empty_space height=&#8221;64px&#8221;][\/vc_column][\/vc_row]<\/p>\n<\/div>","protected":false},"excerpt":{"rendered":"<p>Le associazioni sportive, sostenute da Saras, hanno conseguito importanti successi che hanno premiato il lavoro svolto con costanza e dedizione<\/p>\n","protected":false},"author":2,"featured_media":539581,"parent":546570,"menu_order":4,"comment_status":"closed","ping_status":"closed","template":"","meta":{"_acf_changed":false,"inline_featured_image":false,"footnotes":""},"class_list":["post-196","page","type-page","status-publish","has-post-thumbnail","hentry"],"acf":[],"yoast_head":"<!-- This site is optimized with the Yoast SEO plugin v27.3 - https:\/\/yoast.com\/product\/yoast-seo-wordpress\/ -->\n<title>Sport - Sarlux Saras | Refining &amp; Power<\/title>\n<meta name=\"description\" content=\"Le associazioni sportive, sostenute da Saras, hanno conseguito importanti successi che hanno premiato il lavoro svolto con costanza e dedizione\" \/>\n<meta name=\"robots\" content=\"index, follow, max-snippet:-1, max-image-preview:large, max-video-preview:-1\" \/>\n<link rel=\"canonical\" href=\"https:\/\/www.sarlux.saras.it\/it\/impegno-sociale\/sport\/\" \/>\n<meta property=\"og:locale\" content=\"it_IT\" \/>\n<meta property=\"og:type\" content=\"article\" \/>\n<meta property=\"og:title\" content=\"Sport - Sarlux Saras | Refining &amp; Power\" \/>\n<meta property=\"og:description\" content=\"Le associazioni sportive, sostenute da Saras, hanno conseguito importanti successi che hanno premiato il lavoro svolto con costanza e dedizione\" \/>\n<meta property=\"og:url\" content=\"https:\/\/www.sarlux.saras.it\/it\/impegno-sociale\/sport\/\" \/>\n<meta property=\"og:site_name\" content=\"Sarlux Saras | Refining &amp; Power\" \/>\n<meta property=\"article:modified_time\" content=\"2024-11-27T08:38:57+00:00\" \/>\n<meta property=\"og:image\" content=\"https:\/\/www.sarlux.saras.it\/wp-content\/uploads\/2019\/10\/sport-cagliari-football-academy-taglio-box.jpg\" \/>\n\t<meta property=\"og:image:width\" content=\"800\" \/>\n\t<meta property=\"og:image:height\" content=\"400\" \/>\n\t<meta property=\"og:image:type\" content=\"image\/jpeg\" \/>\n<meta name=\"twitter:card\" content=\"summary_large_image\" \/>\n<meta name=\"twitter:image\" content=\"https:\/\/www.sarlux.saras.it\/wp-content\/uploads\/2019\/10\/sport-cagliari-football-academy-taglio-box.jpg\" \/>\n<meta name=\"twitter:label1\" content=\"Tempo di lettura stimato\" \/>\n\t<meta name=\"twitter:data1\" content=\"10 minuti\" \/>\n<script type=\"application\/ld+json\" class=\"yoast-schema-graph\">{\"@context\":\"https:\\\/\\\/schema.org\",\"@graph\":[{\"@type\":\"WebPage\",\"@id\":\"https:\\\/\\\/www.sarlux.saras.it\\\/it\\\/impegno-sociale\\\/sport\\\/\",\"url\":\"https:\\\/\\\/www.sarlux.saras.it\\\/it\\\/impegno-sociale\\\/sport\\\/\",\"name\":\"Sport - Sarlux Saras | Refining & Power\",\"isPartOf\":{\"@id\":\"https:\\\/\\\/www.sarlux.saras.it\\\/it\\\/#website\"},\"primaryImageOfPage\":{\"@id\":\"https:\\\/\\\/www.sarlux.saras.it\\\/it\\\/impegno-sociale\\\/sport\\\/#primaryimage\"},\"image\":{\"@id\":\"https:\\\/\\\/www.sarlux.saras.it\\\/it\\\/impegno-sociale\\\/sport\\\/#primaryimage\"},\"thumbnailUrl\":\"https:\\\/\\\/www.sarlux.saras.it\\\/wp-content\\\/uploads\\\/2019\\\/10\\\/sport-cagliari-football-academy-taglio-box.jpg\",\"datePublished\":\"2017-07-24T16:30:07+00:00\",\"dateModified\":\"2024-11-27T08:38:57+00:00\",\"description\":\"Le associazioni sportive, sostenute da Saras, hanno conseguito importanti successi che hanno premiato il lavoro svolto con costanza e dedizione\",\"breadcrumb\":{\"@id\":\"https:\\\/\\\/www.sarlux.saras.it\\\/it\\\/impegno-sociale\\\/sport\\\/#breadcrumb\"},\"inLanguage\":\"it-IT\",\"potentialAction\":[{\"@type\":\"ReadAction\",\"target\":[\"https:\\\/\\\/www.sarlux.saras.it\\\/it\\\/impegno-sociale\\\/sport\\\/\"]}]},{\"@type\":\"ImageObject\",\"inLanguage\":\"it-IT\",\"@id\":\"https:\\\/\\\/www.sarlux.saras.it\\\/it\\\/impegno-sociale\\\/sport\\\/#primaryimage\",\"url\":\"https:\\\/\\\/www.sarlux.saras.it\\\/wp-content\\\/uploads\\\/2019\\\/10\\\/sport-cagliari-football-academy-taglio-box.jpg\",\"contentUrl\":\"https:\\\/\\\/www.sarlux.saras.it\\\/wp-content\\\/uploads\\\/2019\\\/10\\\/sport-cagliari-football-academy-taglio-box.jpg\",\"width\":800,\"height\":400},{\"@type\":\"BreadcrumbList\",\"@id\":\"https:\\\/\\\/www.sarlux.saras.it\\\/it\\\/impegno-sociale\\\/sport\\\/#breadcrumb\",\"itemListElement\":[{\"@type\":\"ListItem\",\"position\":1,\"name\":\"Home\",\"item\":\"https:\\\/\\\/www.sarlux.saras.it\\\/it\\\/\"},{\"@type\":\"ListItem\",\"position\":2,\"name\":\"Impegno sociale\",\"item\":\"https:\\\/\\\/www.sarlux.saras.it\\\/it\\\/impegno-sociale\\\/\"},{\"@type\":\"ListItem\",\"position\":3,\"name\":\"Sport\"}]},{\"@type\":\"WebSite\",\"@id\":\"https:\\\/\\\/www.sarlux.saras.it\\\/it\\\/#website\",\"url\":\"https:\\\/\\\/www.sarlux.saras.it\\\/it\\\/\",\"name\":\"Sarlux\",\"description\":\"\",\"publisher\":{\"@id\":\"https:\\\/\\\/www.sarlux.saras.it\\\/it\\\/#organization\"},\"potentialAction\":[{\"@type\":\"SearchAction\",\"target\":{\"@type\":\"EntryPoint\",\"urlTemplate\":\"https:\\\/\\\/www.sarlux.saras.it\\\/it\\\/?s={search_term_string}\"},\"query-input\":{\"@type\":\"PropertyValueSpecification\",\"valueRequired\":true,\"valueName\":\"search_term_string\"}}],\"inLanguage\":\"it-IT\"},{\"@type\":\"Organization\",\"@id\":\"https:\\\/\\\/www.sarlux.saras.it\\\/it\\\/#organization\",\"name\":\"Sarlux\",\"url\":\"https:\\\/\\\/www.sarlux.saras.it\\\/it\\\/\",\"logo\":{\"@type\":\"ImageObject\",\"inLanguage\":\"it-IT\",\"@id\":\"https:\\\/\\\/www.sarlux.saras.it\\\/it\\\/#\\\/schema\\\/logo\\\/image\\\/\",\"url\":\"https:\\\/\\\/www.sarlux.saras.it\\\/wp-content\\\/uploads\\\/2017\\\/12\\\/logo-pc-1.png\",\"contentUrl\":\"https:\\\/\\\/www.sarlux.saras.it\\\/wp-content\\\/uploads\\\/2017\\\/12\\\/logo-pc-1.png\",\"width\":184,\"height\":86,\"caption\":\"Sarlux\"},\"image\":{\"@id\":\"https:\\\/\\\/www.sarlux.saras.it\\\/it\\\/#\\\/schema\\\/logo\\\/image\\\/\"}}]}<\/script>\n<!-- \/ Yoast SEO plugin. -->","yoast_head_json":{"title":"Sport - Sarlux Saras | Refining & Power","description":"Le associazioni sportive, sostenute da Saras, hanno conseguito importanti successi che hanno premiato il lavoro svolto con costanza e dedizione","robots":{"index":"index","follow":"follow","max-snippet":"max-snippet:-1","max-image-preview":"max-image-preview:large","max-video-preview":"max-video-preview:-1"},"canonical":"https:\/\/www.sarlux.saras.it\/it\/impegno-sociale\/sport\/","og_locale":"it_IT","og_type":"article","og_title":"Sport - Sarlux Saras | Refining & Power","og_description":"Le associazioni sportive, sostenute da Saras, hanno conseguito importanti successi che hanno premiato il lavoro svolto con costanza e dedizione","og_url":"https:\/\/www.sarlux.saras.it\/it\/impegno-sociale\/sport\/","og_site_name":"Sarlux Saras | Refining & Power","article_modified_time":"2024-11-27T08:38:57+00:00","og_image":[{"width":800,"height":400,"url":"https:\/\/www.sarlux.saras.it\/wp-content\/uploads\/2019\/10\/sport-cagliari-football-academy-taglio-box.jpg","type":"image\/jpeg"}],"twitter_card":"summary_large_image","twitter_image":"https:\/\/www.sarlux.saras.it\/wp-content\/uploads\/2019\/10\/sport-cagliari-football-academy-taglio-box.jpg","twitter_misc":{"Tempo di lettura stimato":"10 minuti"},"schema":{"@context":"https:\/\/schema.org","@graph":[{"@type":"WebPage","@id":"https:\/\/www.sarlux.saras.it\/it\/impegno-sociale\/sport\/","url":"https:\/\/www.sarlux.saras.it\/it\/impegno-sociale\/sport\/","name":"Sport - Sarlux Saras | Refining & Power","isPartOf":{"@id":"https:\/\/www.sarlux.saras.it\/it\/#website"},"primaryImageOfPage":{"@id":"https:\/\/www.sarlux.saras.it\/it\/impegno-sociale\/sport\/#primaryimage"},"image":{"@id":"https:\/\/www.sarlux.saras.it\/it\/impegno-sociale\/sport\/#primaryimage"},"thumbnailUrl":"https:\/\/www.sarlux.saras.it\/wp-content\/uploads\/2019\/10\/sport-cagliari-football-academy-taglio-box.jpg","datePublished":"2017-07-24T16:30:07+00:00","dateModified":"2024-11-27T08:38:57+00:00","description":"Le associazioni sportive, sostenute da Saras, hanno conseguito importanti successi che hanno premiato il lavoro svolto con costanza e dedizione","breadcrumb":{"@id":"https:\/\/www.sarlux.saras.it\/it\/impegno-sociale\/sport\/#breadcrumb"},"inLanguage":"it-IT","potentialAction":[{"@type":"ReadAction","target":["https:\/\/www.sarlux.saras.it\/it\/impegno-sociale\/sport\/"]}]},{"@type":"ImageObject","inLanguage":"it-IT","@id":"https:\/\/www.sarlux.saras.it\/it\/impegno-sociale\/sport\/#primaryimage","url":"https:\/\/www.sarlux.saras.it\/wp-content\/uploads\/2019\/10\/sport-cagliari-football-academy-taglio-box.jpg","contentUrl":"https:\/\/www.sarlux.saras.it\/wp-content\/uploads\/2019\/10\/sport-cagliari-football-academy-taglio-box.jpg","width":800,"height":400},{"@type":"BreadcrumbList","@id":"https:\/\/www.sarlux.saras.it\/it\/impegno-sociale\/sport\/#breadcrumb","itemListElement":[{"@type":"ListItem","position":1,"name":"Home","item":"https:\/\/www.sarlux.saras.it\/it\/"},{"@type":"ListItem","position":2,"name":"Impegno sociale","item":"https:\/\/www.sarlux.saras.it\/it\/impegno-sociale\/"},{"@type":"ListItem","position":3,"name":"Sport"}]},{"@type":"WebSite","@id":"https:\/\/www.sarlux.saras.it\/it\/#website","url":"https:\/\/www.sarlux.saras.it\/it\/","name":"Sarlux","description":"","publisher":{"@id":"https:\/\/www.sarlux.saras.it\/it\/#organization"},"potentialAction":[{"@type":"SearchAction","target":{"@type":"EntryPoint","urlTemplate":"https:\/\/www.sarlux.saras.it\/it\/?s={search_term_string}"},"query-input":{"@type":"PropertyValueSpecification","valueRequired":true,"valueName":"search_term_string"}}],"inLanguage":"it-IT"},{"@type":"Organization","@id":"https:\/\/www.sarlux.saras.it\/it\/#organization","name":"Sarlux","url":"https:\/\/www.sarlux.saras.it\/it\/","logo":{"@type":"ImageObject","inLanguage":"it-IT","@id":"https:\/\/www.sarlux.saras.it\/it\/#\/schema\/logo\/image\/","url":"https:\/\/www.sarlux.saras.it\/wp-content\/uploads\/2017\/12\/logo-pc-1.png","contentUrl":"https:\/\/www.sarlux.saras.it\/wp-content\/uploads\/2017\/12\/logo-pc-1.png","width":184,"height":86,"caption":"Sarlux"},"image":{"@id":"https:\/\/www.sarlux.saras.it\/it\/#\/schema\/logo\/image\/"}}]}},"_links":{"self":[{"href":"https:\/\/www.sarlux.saras.it\/it\/wp-json\/wp\/v2\/pages\/196","targetHints":{"allow":["GET"]}}],"collection":[{"href":"https:\/\/www.sarlux.saras.it\/it\/wp-json\/wp\/v2\/pages"}],"about":[{"href":"https:\/\/www.sarlux.saras.it\/it\/wp-json\/wp\/v2\/types\/page"}],"author":[{"embeddable":true,"href":"https:\/\/www.sarlux.saras.it\/it\/wp-json\/wp\/v2\/users\/2"}],"replies":[{"embeddable":true,"href":"https:\/\/www.sarlux.saras.it\/it\/wp-json\/wp\/v2\/comments?post=196"}],"version-history":[{"count":164,"href":"https:\/\/www.sarlux.saras.it\/it\/wp-json\/wp\/v2\/pages\/196\/revisions"}],"predecessor-version":[{"id":546656,"href":"https:\/\/www.sarlux.saras.it\/it\/wp-json\/wp\/v2\/pages\/196\/revisions\/546656"}],"up":[{"embeddable":true,"href":"https:\/\/www.sarlux.saras.it\/it\/wp-json\/wp\/v2\/pages\/546570"}],"wp:featuredmedia":[{"embeddable":true,"href":"https:\/\/www.sarlux.saras.it\/it\/wp-json\/wp\/v2\/media\/539581"}],"wp:attachment":[{"href":"https:\/\/www.sarlux.saras.it\/it\/wp-json\/wp\/v2\/media?parent=196"}],"curies":[{"name":"wp","href":"https:\/\/api.w.org\/{rel}","templated":true}]}}