{"id":527038,"date":"2018-09-22T17:52:13","date_gmt":"2018-09-22T17:52:13","guid":{"rendered":"http:\/\/www.sarlux.saras.it\/?page_id=527038"},"modified":"2025-07-17T07:48:21","modified_gmt":"2025-07-17T07:48:21","slug":"ambiente-aria","status":"publish","type":"page","link":"https:\/\/www.sarlux.saras.it\/it\/ambiente-aria\/","title":{"rendered":"Aria"},"content":{"rendered":"<div class=\"wpb-content-wrapper\"><p>[vc_row full_width=&#8221;stretch_row_content_no_spaces&#8221; css_animation=&#8221;fadeIn&#8221; css=&#8221;.vc_custom_1539713898066{margin-top: 0px !important;padding-top: 0px !important;background-image: url(https:\/\/www.sarlux.saras.it\/wp-content\/uploads\/2018\/10\/01-ARIA-header-ritaglio-27847844_m.jpg?id=528142) !important;background-position: center !important;background-repeat: no-repeat !important;background-size: cover !important;}&#8221;][vc_column][vc_row_inner][vc_column_inner width=&#8221;1\/12&#8243;][\/vc_column_inner][vc_column_inner width=&#8221;1\/12&#8243;][\/vc_column_inner][vc_column_inner width=&#8221;8\/12&#8243;][vc_column_text css=&#8221;.vc_custom_1581507285145{margin-top: 0px !important;padding-top: 0px !important;padding-bottom: 10px !important;}&#8221;]<\/p>\n<h1 style=\"text-align: center;\"><span style=\"color: #f5f5f5;\"><strong>Aria<\/strong><\/span><\/h1>\n<p>[\/vc_column_text][\/vc_column_inner][vc_column_inner width=&#8221;2\/12&#8243;][\/vc_column_inner][\/vc_row_inner][vc_empty_space height=&#8221;200px&#8221;][vc_row_inner][vc_column_inner width=&#8221;1\/12&#8243;][\/vc_column_inner][vc_column_inner width=&#8221;1\/12&#8243;][vc_column_text css=&#8221;.vc_custom_1579684875860{padding-top: 10px !important;padding-bottom: 10px !important;background-color: #0056a6 !important;border-radius: 5px !important;}&#8221;]<\/p>\n<h6 style=\"text-align: center;\"><span style=\"color: #f5f5f5; font-size: 12px;\">AMBIENTE<\/span><\/h6>\n<p>[\/vc_column_text][\/vc_column_inner][vc_column_inner width=&#8221;8\/12&#8243;][\/vc_column_inner][vc_column_inner width=&#8221;2\/12&#8243;][\/vc_column_inner][\/vc_row_inner][\/vc_column][\/vc_row][vc_row][vc_column][vc_column_text css=&#8221;&#8221;]<\/p>\n<h4 style=\"text-align: left;\"><strong>L\u2019impegno per la qualit\u00e0 dell\u2019aria. L\u2019Autorizzazione Integrata Ambientale (<a href=\"https:\/\/www.sarlux.saras.it\/it\/ambiente-certificazioni\/\">AIA<\/a>) \u00e8 il \u201cpiano maestro\u201d di riferimento che impone limiti sempre pi\u00f9 sfidanti anche riguardo alle emissioni in atmosfera.<\/strong><\/h4>\n<p style=\"text-align: left;\">Nel 2009, il Ministero dell\u2019Ambiente ha rilasciato a <strong>Sarlux<\/strong> \u2013 <strong>prima raffineria a ottenerla in Italia<\/strong> \u2013 <a href=\"https:\/\/www.sarlux.saras.it\/it\/ambiente-certificazioni\/\">questa importante autorizzazione<\/a> che permette l\u2019esercizio dell\u2019impianto in virt\u00f9 del rispetto dei limiti di emissioni. Nel 2017 <strong>Sarlux, a seguito del riesame complessivo del sito,<\/strong> <strong>ha conseguito il rinnovo dell&#8217;AIA con validit\u00e0 fino al 2033.<\/strong><\/p>\n<p>[\/vc_column_text][vc_empty_space][vc_single_image image=&#8221;527763&#8243; img_size=&#8221;50&#215;50&#8243; alignment=&#8221;center&#8221;][vc_empty_space height=&#8221;36px&#8221;][\/vc_column][\/vc_row][vc_row full_width=&#8221;stretch_row&#8221;][vc_column][vc_row_inner][vc_column_inner][vc_column_text css=&#8221;.vc_custom_1578945507309{margin-top: 0px !important;border-bottom-width: 1px !important;padding-top: 0px !important;padding-bottom: 4px !important;border-bottom-color: #0056a6 !important;border-bottom-style: solid !important;}&#8221;]<\/p>\n<h3 style=\"text-align: left;\">IL MONITORAGGIO DELLA QUALIT\u00c0 DELL&#8217;ARIA<\/h3>\n<p>[\/vc_column_text][vc_column_text]<\/p>\n<p style=\"text-align: left;\"><strong>La qualit\u00e0 dell\u2019aria e la riduzione delle emissioni atmosferiche rappresentano un aspetto fondamentale per Sarlux <\/strong><strong>perch\u00e9 legato alla salute dei lavoratori e dei cittadini dei vicini centri abitati.<\/strong><\/p>\n<p>[\/vc_column_text][\/vc_column_inner][\/vc_row_inner][vc_empty_space height=&#8221;24px&#8221;][vc_row_inner][vc_column_inner width=&#8221;1\/2&#8243;][vc_column_text css=&#8221;.vc_custom_1579199187714{padding-bottom: 10px !important;}&#8221;]<\/p>\n<h5><strong>Centraline fisse<\/strong><\/h5>\n<p><strong>La qualit\u00e0 dell\u2019aria all\u2019esterno dello stabilimento \u00e8 controllata da due reti di monitoraggio. Sarlux gestisce quattro proprie centraline di monitoraggio e l\u2019ARPAS gestisce tre centraline di propriet\u00e0 della Regione Sardegna.<\/strong><\/p>\n<p><strong>La rete nel suo complesso fornisce indicazioni &#8211; quasi in tempo reale &#8211; sulle variazioni dei parametri significativi per la qualit\u00e0 dell\u2019aria, al fine di verificare che i valori di concentrazione di sostanze inquinanti siano sempre al di sotto dei valori limite fissati dalla legge. Questo controllo costante consente di intervenire con tempestivit\u00e0 qualora sia necessario.<br \/>\n<\/strong>I dati rilevati dalle centraline risentono dei contributi di tutte le sorgenti di emissione presenti nell\u2019area, sia di tipo industriale, sia di tipo urbano, sia di tipo extra urbano, come il traffico veicolare.<\/p>\n<p>Ciascuna delle quattro stazioni Sarlux (Villa d\u2019Orri, Sarroch, Porto Foxi e Deposito nazionale) e la rete dell\u2019ARPAS sono quindi attrezzate con analizzatori in grado di misurare in continuo la concentrazione nell\u2019aria di anidride solforosa (SO<sub>2<\/sub>), ossidi di azoto (NO<sub>x<\/sub>), polveri, PM10, monossido di carbonio (CO), anidride carbonica (CO<sub>2<\/sub>) e altri inquinanti come idrogeno solforato (H<sub>2<\/sub>S), benzene (idrocarburi) e ozono.<br \/>\nLa stazione situata nell\u2019area del Deposito nazionale \u00e8, inoltre, integrata con una stazione di rilevamento meteoclimatica.[\/vc_column_text][vc_single_image image=&#8221;543018&#8243; img_size=&#8221;full&#8221; onclick=&#8221;link_image&#8221;][vc_column_text]<\/p>\n<h6 style=\"text-align: left;\"><span style=\"font-size: 10px;\">Ubicazione delle stazioni di monitoraggio della qualit\u00e0 dell&#8217;aria ARPAS<\/span><\/h6>\n<p>[\/vc_column_text][\/vc_column_inner][vc_column_inner width=&#8221;1\/2&#8243;][vc_column_text css=&#8221;.vc_custom_1716543957994{padding-bottom: 10px !important;}&#8221;]<\/p>\n<h5><strong>Indicatori biologici<\/strong><\/h5>\n<p>Lo stato della qualit\u00e0 dell\u2019aria pu\u00f2 essere monitorato anche con indicatori di tipo biologico e attraverso studi sulla biodiversit\u00e0. I muschi epifiti, ossia i muschi che vivono sul tronco degli alberi, sono i bioindicatori pi\u00f9 utilizzati per questo tipo di analisi, perch\u00e9 <strong>la ricchezza di biodiversit\u00e0 corrisponde alla salubrit\u00e0 dell\u2019ambiente<\/strong>: la metodologia \u00e8 basata su una misura della biodiversit\u00e0, ossia dell\u2019abbondanza delle diverse specie muscinee.<\/p>\n<p>Da oltre vent\u2019anni, il dipartimento di Scienze della vita e dell\u2019ambiente dell\u2019Universit\u00e0 di Cagliari conduce, in una vasta area che interessa l\u2019entroterra di Sarroch, una campagna di controllo sullo stato di salute della vegetazione, adottando anche la metodologia dei muschi epifiti per il biomonitoraggio della qualit\u00e0 dell\u2019aria.<br \/>\nIl giudizio fa riferimento ai valori dell\u2019Indice di Purezza Atmosferica (IAP, Index of Atmospheric Purity) e l\u2019analisi conferma che nel 2023, cos\u00ec come nell\u2019ultimo quadriennio, la qualit\u00e0 dell\u2019aria rientra nella fascia intermedia rispetto agli estremi della scala di valutazione (classi da 1 a 7) dell\u2019indice IAP.<\/p>\n<p style=\"font-weight: 400;\">Nell\u2019area di indagine viene svolta anche una campagna di controllo visivo sullo stato di salute delle diverse specie vegetali e mediante verifica del bioaccumulo di sostanze inquinanti. <strong>Dai risultati delle rilevazioni sul campo emerge che il bioaccumulo di tali sostanze nell\u2019area d\u2019indagine si conferma inferiore alle medie annuali italiane ed europee<\/strong>.<\/p>\n<p>[\/vc_column_text][vc_single_image image=&#8221;543020&#8243; img_size=&#8221;full&#8221; alignment=&#8221;center&#8221; onclick=&#8221;link_image&#8221; css=&#8221;.vc_custom_1600354071761{padding-top: 4px !important;}&#8221;][vc_column_text]<\/p>\n<h6 style=\"text-align: left;\"><span style=\"font-size: 10px;\">Ubicazione delle stazioni di biomonitoraggio di qualit\u00e0 dell&#8217;aria gestite dall&#8217;Universit\u00e0 di Cagliari<\/span><\/h6>\n<p>[\/vc_column_text][\/vc_column_inner][\/vc_row_inner][vc_column_text css=&#8221;&#8221;]<\/p>\n<h6 style=\"text-align: left;\"><span style=\"text-decoration: underline; color: #007fff;\"><span style=\"font-size: 12px;\"><span style=\"color: #007fff; text-decoration: underline;\">Nella Dichiarazione Ambientale 2025 potete consultare i dati completi sul monitoraggio dell\u2019aria<\/span><\/span><\/span><\/h6>\n<p>[\/vc_column_text][vc_separator color=&#8221;custom&#8221; accent_color=&#8221;#0056a6&#8243;][vc_empty_space][vc_single_image image=&#8221;527763&#8243; img_size=&#8221;50&#215;50&#8243; alignment=&#8221;center&#8221;][vc_empty_space height=&#8221;36px&#8221;][\/vc_column][\/vc_row][vc_row full_width=&#8221;stretch_row&#8221;][vc_column][vc_column_text css=&#8221;.vc_custom_1578945567799{margin-top: 0px !important;border-bottom-width: 1px !important;padding-top: 0px !important;padding-bottom: 4px !important;border-bottom-color: #0056a6 !important;border-bottom-style: solid !important;}&#8221;]<\/p>\n<h3 style=\"text-align: left;\">IL CONTROLLO DELLE EMISSIONI ATMOSFERICHE<\/h3>\n<p>[\/vc_column_text][vc_column_text css=&#8221;&#8221;]<\/p>\n<p style=\"text-align: left;\">Sarlux ha adottato nel tempo <strong>importanti misure di miglioramento continuo<\/strong>: dalla scelta delle materie prime alla migliore qualit\u00e0 dei combustibili utilizzati, fino ai programmi di <a href=\"https:\/\/www.sarlux.saras.it\/it\/ambiente-efficienza-energetica\/\">efficienza energetica<\/a>, con conseguente riduzione del combustibile bruciato e quindi di minori\u00a0emissioni atmosferiche.<\/p>\n<p style=\"text-align: left;\">La particolare attenzione verso la qualit\u00e0 dell\u2019aria e la riduzione delle emissioni atmosferiche si concretizza anche in una serie di interventi di\u00a0miglioramento tecnologico degli impianti, anche andando ben oltre le disposizioni delle autorit\u00e0 di controllo.<br \/>\n<strong>Il parametro di riferimento \u00e8 quello delle migliori tecnologie disponibili (Best Available Technologies).<\/strong><br \/>\nInoltre, \u00e8 importante il ruolo delle <a href=\"https:\/\/www.sarlux.saras.it\/it\/ambiente-certificazioni\/\">procedure e dei sistemi di gestione<\/a>, che garantiscono una sempre maggiore compatibilit\u00e0 ambientale delle attivit\u00e0 svolte nel sito.<\/p>\n<p>[\/vc_column_text][vc_empty_space height=&#8221;16px&#8221;][\/vc_column][\/vc_row][vc_row full_width=&#8221;stretch_row&#8221; css=&#8221;.vc_custom_1540103131509{padding-bottom: 16px !important;}&#8221;][vc_column][vc_column_text]<\/p>\n<h4 style=\"text-align: left;\"><strong>I risultati premiano questo lavoro: le emissioni della raffineria, certificate da enti terzi, sono ampiamente al di sotto dei limiti di legge indicati dall\u2019AIA.<\/strong><\/h4>\n<p>[\/vc_column_text][vc_empty_space height=&#8221;10px&#8221;][vc_column_text css=&#8221;&#8221;]<\/p>\n<h6 style=\"text-align: left;\"><span style=\"text-decoration: underline;\"><span style=\"color: #993fff;\"><span style=\"font-size: 12px;\"><span style=\"color: #007fff;\">Nella Dichiarazione Ambientale 2025 potete consultare i<\/span><\/span><\/span><\/span><span style=\"text-decoration: underline;\"><span style=\"color: #993fff;\"><span style=\"font-size: 12px;\"><span style=\"color: #007fff;\"> dati completi sulle emissioni Sarlux<\/span><\/span><\/span><\/span><\/h6>\n<p>[\/vc_column_text][vc_empty_space height=&#8221;16px&#8221;][\/vc_column][\/vc_row][vc_row][vc_column][vc_separator color=&#8221;custom&#8221; accent_color=&#8221;#0056a6&#8243;][vc_column_text css=&#8221;&#8221;]<\/p>\n<h6><span style=\"font-size: 12px;\">Fonti: Dichiarazione Ambientale Sarlux 2025 e Saras Rapporto ESG 2024<\/span><\/h6>\n<p>[\/vc_column_text][vc_empty_space][vc_single_image image=&#8221;527763&#8243; img_size=&#8221;50&#215;50&#8243; alignment=&#8221;center&#8221;][vc_empty_space height=&#8221;64px&#8221;][\/vc_column][\/vc_row][vc_row][vc_column][vc_column_text css=&#8221;.vc_custom_1578943259094{margin-top: 0px !important;border-bottom-width: 1px !important;padding-top: 0px !important;padding-bottom: 4px !important;border-bottom-color: #0056a6 !important;border-bottom-style: solid !important;}&#8221;]<\/p>\n<h4 style=\"text-align: left;\">Pagine correlate<\/h4>\n<p>[\/vc_column_text][\/vc_column][\/vc_row][vc_row][vc_column width=&#8221;1\/4&#8243;]\n<div id=\"interactive-banner-1-wrap-2364\" class=\"ult-banner-block ult-adjust-bottom-margin ult-bb-box  banner-style11 \"   style=\"\">\n\t<img decoding=\"async\" src=\"https:\/\/www.sarlux.saras.it\/wp-content\/uploads\/2022\/02\/Saras-raffineria-Sarlux-sviluppo-sostenibile-Sarroch-123.jpg\" alt=\"null\">\n\t<h3  data-ultimate-target='#interactive-banner-1-wrap-2364 .bb-top-title '  data-responsive-json-new='{\"font-size\":\"\",\"line-height\":\"\"}'  class=\"title-center bb-top-title ult-responsive\" style=\"font-weight:normal;background:#0056a6;color:#ffffff;\">SVILUPPO SOSTENIBILE<\/h3>\n\t<div class=\"mask opaque-background\" style=\"background:#0056a6;\">\n\t\t<div  data-ultimate-target='#interactive-banner-1-wrap-2364 .bb-description'  data-responsive-json-new='{\"font-size\":\"desktop:12px;\",\"line-height\":\"\"}'  class=\"bb-description ult-responsive\" style=\"font-weight:normal;color:#ffffff;\">La strategia di sostenibilit\u00e0 del Gruppo, in virt\u00f9 dei valori del purpose, risulta coerente e allineata con i \u201cSustainable Development Goals\u201d<\/div>\n\t<\/div><a class=\"bb-link\" href=\"https:\/\/www.sarlux.saras.it\/it\/sviluppo-sostenibile\/\" ><\/a>\n<\/div>[\/vc_column][vc_column width=&#8221;1\/4&#8243;]\n<div id=\"interactive-banner-1-wrap-9367\" class=\"ult-banner-block ult-adjust-bottom-margin ult-bb-box  banner-style11 \"   style=\"\">\n\t<img decoding=\"async\" src=\"https:\/\/www.sarlux.saras.it\/wp-content\/uploads\/2022\/06\/sarlux-Saras-Sarroch-ESTI-mbox-h-400.jpg\" alt=\"null\">\n\t<h3  data-ultimate-target='#interactive-banner-1-wrap-9367 .bb-top-title '  data-responsive-json-new='{\"font-size\":\"\",\"line-height\":\"\"}'  class=\"title-center bb-top-title ult-responsive\" style=\"font-weight:normal;background:#0056a6;color:#ffffff;\">POLITICA DI SOSTENIBILIT\u00c0<\/h3>\n\t<div class=\"mask opaque-background\" style=\"background:#0056a6;\">\n\t\t<div  data-ultimate-target='#interactive-banner-1-wrap-9367 .bb-description'  data-responsive-json-new='{\"font-size\":\"desktop:12px;\",\"line-height\":\"\"}'  class=\"bb-description ult-responsive\" style=\"font-weight:normal;color:#ffffff;\">La politica di sostenibilit\u00e0 del Gruppo Saras definisce gli indirizzi e gli obiettivi che il Gruppo si impegna a perseguire.<\/div>\n\t<\/div><a class=\"bb-link\" href=\"https:\/\/www.sarlux.saras.it\/it\/politica-di-sostenibilita\/\" ><\/a>\n<\/div>[\/vc_column][vc_column width=&#8221;1\/4&#8243;]\n<div id=\"interactive-banner-1-wrap-2152\" class=\"ult-banner-block ult-adjust-bottom-margin ult-bb-box  banner-style11 \"   style=\"\">\n\t<img decoding=\"async\" src=\"https:\/\/www.sarlux.saras.it\/wp-content\/uploads\/2018\/10\/60890375_m-efficienza-ritaglio-box.jpg\" alt=\"null\">\n\t<h3  data-ultimate-target='#interactive-banner-1-wrap-2152 .bb-top-title '  data-responsive-json-new='{\"font-size\":\"desktop:14px;\",\"line-height\":\"desktop:20px;\"}'  class=\"title-center bb-top-title ult-responsive\" style=\"font-weight:normal;background:#0056a6;color:#ffffff;\">EFFICIENZA ENERGETICA<\/h3>\n\t<div class=\"mask opaque-background\" style=\"background:#0056a6;\">\n\t\t<div  data-ultimate-target='#interactive-banner-1-wrap-2152 .bb-description'  data-responsive-json-new='{\"font-size\":\"desktop:12px;\",\"line-height\":\"\"}'  class=\"bb-description ult-responsive\" style=\"font-weight:normal;color:#ffffff;\">La cultura del risparmio energetico<\/div>\n\t<\/div><a class=\"bb-link\" href=\"https:\/\/sarlux.saras.it\/it\/ambiente-efficienza-energetica\/\" ><\/a>\n<\/div>[\/vc_column][vc_column width=&#8221;1\/4&#8243;]\n<div id=\"interactive-banner-1-wrap-5530\" class=\"ult-banner-block ult-adjust-bottom-margin ult-bb-box  banner-style11 \"   style=\"\">\n\t<img decoding=\"async\" src=\"https:\/\/www.sarlux.saras.it\/wp-content\/uploads\/2018\/10\/60890375_m-aria-ritaglio-box.jpg\" alt=\"null\">\n\t<h3  data-ultimate-target='#interactive-banner-1-wrap-5530 .bb-top-title '  data-responsive-json-new='{\"font-size\":\"\",\"line-height\":\"\"}'  class=\"title-center bb-top-title ult-responsive\" style=\"font-weight:normal;background:#0056a6;color:#ffffff;\">ACQUA<\/h3>\n\t<div class=\"mask opaque-background\" style=\"background:#0056a6;\">\n\t\t<div  data-ultimate-target='#interactive-banner-1-wrap-5530 .bb-description'  data-responsive-json-new='{\"font-size\":\"desktop:12px;\",\"line-height\":\"\"}'  class=\"bb-description ult-responsive\" style=\"font-weight:normal;color:#ffffff;\">L\u2019acqua \u00e8 un bene prezioso<\/div>\n\t<\/div><a class=\"bb-link\" href=\"https:\/\/sarlux.saras.it\/it\/ambiente-acqua\/\" ><\/a>\n<\/div>[\/vc_column][\/vc_row][vc_row disable_element=&#8221;yes&#8221;][vc_column width=&#8221;1\/4&#8243;][\/vc_column][vc_column width=&#8221;1\/4&#8243;][\/vc_column][vc_column width=&#8221;1\/4&#8243;]\n<div id=\"interactive-banner-1-wrap-7554\" class=\"ult-banner-block ult-adjust-bottom-margin ult-bb-box  banner-style11 \"   style=\"\">\n\t<img decoding=\"async\" src=\"https:\/\/www.sarlux.saras.it\/wp-content\/uploads\/2023\/03\/ESTI-Sarlux-raffineria-Sarroch-Saras-sostenibilita\u0300-interactive-banner.jpg\" alt=\"null\">\n\t<h3  data-ultimate-target='#interactive-banner-1-wrap-7554 .bb-top-title '  data-responsive-json-new='{\"font-size\":\"\",\"line-height\":\"\"}'  class=\"title-center bb-top-title ult-responsive\" style=\"font-weight:normal;background:#0056a6;color:#ffffff;\">ESTI<\/h3>\n\t<div class=\"mask opaque-background\" style=\"background:#0056a6;\">\n\t\t<div  data-ultimate-target='#interactive-banner-1-wrap-7554 .bb-description'  data-responsive-json-new='{\"font-size\":\"desktop:12px;\",\"line-height\":\"\"}'  class=\"bb-description ult-responsive\" style=\"font-weight:normal;color:#ffffff;\">Un programma di trasformazione per migliorare l\u2019efficienza operativa e l\u2019affidabilit\u00e0 a medio termine dell\u2019asset industriale del Gruppo Saras.<\/div>\n\t<\/div><a class=\"bb-link\" href=\"https:\/\/www.sarlux.saras.it\/it\/esti\/\" ><\/a>\n<\/div>[\/vc_column][vc_column width=&#8221;1\/4&#8243;][\/vc_column][\/vc_row][vc_row][vc_column width=&#8221;1\/4&#8243;][\/vc_column][vc_column width=&#8221;1\/4&#8243;]\n<div id=\"interactive-banner-1-wrap-5645\" class=\"ult-banner-block ult-adjust-bottom-margin ult-bb-box  banner-style11 \"   style=\"\">\n\t<img decoding=\"async\" src=\"https:\/\/www.sarlux.saras.it\/wp-content\/uploads\/2018\/10\/60890375_m-suolo-ritaglio-box.jpg\" alt=\"null\">\n\t<h3  data-ultimate-target='#interactive-banner-1-wrap-5645 .bb-top-title '  data-responsive-json-new='{\"font-size\":\"\",\"line-height\":\"\"}'  class=\"title-center bb-top-title ult-responsive\" style=\"font-weight:normal;background:#0056a6;color:#ffffff;\">SUOLO<\/h3>\n\t<div class=\"mask opaque-background\" style=\"background:#0056a6;\">\n\t\t<div  data-ultimate-target='#interactive-banner-1-wrap-5645 .bb-description'  data-responsive-json-new='{\"font-size\":\"desktop:12px;\",\"line-height\":\"\"}'  class=\"bb-description ult-responsive\" style=\"font-weight:normal;color:#ffffff;\">Bonifica e tutele di suolo e sottosuolo<\/div>\n\t<\/div><a class=\"bb-link\" href=\"https:\/\/sarlux.saras.it\/it\/ambiente-suolo\/\" ><\/a>\n<\/div>[\/vc_column][vc_column width=&#8221;1\/4&#8243;]\n<div id=\"interactive-banner-1-wrap-6686\" class=\"ult-banner-block ult-adjust-bottom-margin ult-bb-box  banner-style11 \"   style=\"\">\n\t<img decoding=\"async\" src=\"https:\/\/www.sarlux.saras.it\/wp-content\/uploads\/2020\/01\/certificazioni-Saras-Sarlux-IB-365-1.jpg\" alt=\"null\">\n\t<h3  data-ultimate-target='#interactive-banner-1-wrap-6686 .bb-top-title '  data-responsive-json-new='{\"font-size\":\"\",\"line-height\":\"\"}'  class=\"title-center bb-top-title ult-responsive\" style=\"font-weight:normal;background:#0056a6;color:#ffffff;\">CERTIFICAZIONI<\/h3>\n\t<div class=\"mask opaque-background\" style=\"background:#0056a6;\">\n\t\t<div  data-ultimate-target='#interactive-banner-1-wrap-6686 .bb-description'  data-responsive-json-new='{\"font-size\":\"desktop:12px;\",\"line-height\":\"\"}'  class=\"bb-description ult-responsive\" style=\"font-weight:normal;color:#ffffff;\">Promuoviamo la tutela dell\u2019ambiente, della salute e della sicurezza sul lavoro, attraverso un solido sistema di politiche organizzative e gestionali certificate secondo i migliori standard internazionali.<\/div>\n\t<\/div><a class=\"bb-link\" href=\"https:\/\/sarlux.saras.it\/it\/ambiente-certificazioni\/\" ><\/a>\n<\/div>[\/vc_column][vc_column width=&#8221;1\/4&#8243;][\/vc_column][\/vc_row][vc_row][vc_column][vc_empty_space][vc_icon icon_fontawesome=&#8221;fa fa-cog&#8221; align=&#8221;center&#8221;][vc_empty_space height=&#8221;64px&#8221;][\/vc_column][\/vc_row]<\/p>\n<\/div>","protected":false},"excerpt":{"rendered":"<p>[vc_row full_width=&#8221;stretch_row_content_no_spaces&#8221; css_animation=&#8221;fadeIn&#8221; css=&#8221;.vc_custom_1539713898066{margin-top: 0px !important;padding-top: 0px !important;background-image: url(https:\/\/www.sarlux.saras.it\/wp-content\/uploads\/2018\/10\/01-ARIA-header-ritaglio-27847844_m.jpg?id=528142) !important;background-position: center !important;background-repeat: no-repeat !important;background-size: cover !important;}&#8221;][vc_column][vc_row_inner][vc_column_inner width=&#8221;1\/12&#8243;][\/vc_column_inner][vc_column_inner width=&#8221;1\/12&#8243;][\/vc_column_inner][vc_column_inner width=&#8221;8\/12&#8243;][vc_column_text css=&#8221;.vc_custom_1581507285145{margin-top: 0px !important;padding-top: 0px !important;padding-bottom: 10px !important;}&#8221;]<span class=\"excerpt-hellip\"> [\u2026]<\/span><\/p>\n","protected":false},"author":2,"featured_media":540706,"parent":0,"menu_order":1,"comment_status":"closed","ping_status":"closed","template":"","meta":{"_acf_changed":false,"inline_featured_image":false,"footnotes":""},"class_list":["post-527038","page","type-page","status-publish","has-post-thumbnail","hentry"],"acf":[],"yoast_head":"<!-- This site is optimized with the Yoast SEO plugin v27.3 - https:\/\/yoast.com\/product\/yoast-seo-wordpress\/ -->\n<title>Aria - Sarlux Saras | Refining &amp; Power<\/title>\n<meta name=\"description\" content=\"La qualit\u00e0 dell\u2019aria e la riduzione delle emissioni atmosferiche rappresentano un aspetto fondamentale per Sarlux perch\u00e9 legato alla salute dei lavoratori e dei cittadini dei vicini centri abitati.\" \/>\n<meta name=\"robots\" content=\"index, follow, max-snippet:-1, max-image-preview:large, max-video-preview:-1\" \/>\n<link rel=\"canonical\" href=\"https:\/\/www.sarlux.saras.it\/it\/ambiente-aria\/\" \/>\n<meta property=\"og:locale\" content=\"it_IT\" \/>\n<meta property=\"og:type\" content=\"article\" \/>\n<meta property=\"og:title\" content=\"Aria - Sarlux Saras | Refining &amp; Power\" \/>\n<meta property=\"og:description\" content=\"La qualit\u00e0 dell\u2019aria e la riduzione delle emissioni atmosferiche rappresentano un aspetto fondamentale per Sarlux perch\u00e9 legato alla salute dei lavoratori e dei cittadini dei vicini centri abitati.\" \/>\n<meta property=\"og:url\" content=\"https:\/\/www.sarlux.saras.it\/it\/ambiente-aria\/\" \/>\n<meta property=\"og:site_name\" content=\"Sarlux Saras | Refining &amp; Power\" \/>\n<meta property=\"article:modified_time\" content=\"2025-07-17T07:48:21+00:00\" \/>\n<meta property=\"og:image\" content=\"https:\/\/www.sarlux.saras.it\/wp-content\/uploads\/2019\/11\/27847844_m-box.jpg\" \/>\n\t<meta property=\"og:image:width\" content=\"800\" \/>\n\t<meta property=\"og:image:height\" content=\"600\" \/>\n\t<meta property=\"og:image:type\" content=\"image\/jpeg\" \/>\n<meta name=\"twitter:card\" content=\"summary_large_image\" \/>\n<meta name=\"twitter:image\" content=\"https:\/\/www.sarlux.saras.it\/wp-content\/uploads\/2019\/11\/27847844_m-box.jpg\" \/>\n<meta name=\"twitter:label1\" content=\"Tempo di lettura stimato\" \/>\n\t<meta name=\"twitter:data1\" content=\"8 minuti\" \/>\n<script type=\"application\/ld+json\" class=\"yoast-schema-graph\">{\"@context\":\"https:\\\/\\\/schema.org\",\"@graph\":[{\"@type\":\"WebPage\",\"@id\":\"https:\\\/\\\/www.sarlux.saras.it\\\/it\\\/ambiente-aria\\\/\",\"url\":\"https:\\\/\\\/www.sarlux.saras.it\\\/it\\\/ambiente-aria\\\/\",\"name\":\"Aria - Sarlux Saras | Refining & Power\",\"isPartOf\":{\"@id\":\"https:\\\/\\\/www.sarlux.saras.it\\\/it\\\/#website\"},\"primaryImageOfPage\":{\"@id\":\"https:\\\/\\\/www.sarlux.saras.it\\\/it\\\/ambiente-aria\\\/#primaryimage\"},\"image\":{\"@id\":\"https:\\\/\\\/www.sarlux.saras.it\\\/it\\\/ambiente-aria\\\/#primaryimage\"},\"thumbnailUrl\":\"https:\\\/\\\/www.sarlux.saras.it\\\/wp-content\\\/uploads\\\/2019\\\/11\\\/27847844_m-box.jpg\",\"datePublished\":\"2018-09-22T17:52:13+00:00\",\"dateModified\":\"2025-07-17T07:48:21+00:00\",\"description\":\"La qualit\u00e0 dell\u2019aria e la riduzione delle emissioni atmosferiche rappresentano un aspetto fondamentale per Sarlux perch\u00e9 legato alla salute dei lavoratori e dei cittadini dei vicini centri abitati.\",\"breadcrumb\":{\"@id\":\"https:\\\/\\\/www.sarlux.saras.it\\\/it\\\/ambiente-aria\\\/#breadcrumb\"},\"inLanguage\":\"it-IT\",\"potentialAction\":[{\"@type\":\"ReadAction\",\"target\":[\"https:\\\/\\\/www.sarlux.saras.it\\\/it\\\/ambiente-aria\\\/\"]}]},{\"@type\":\"ImageObject\",\"inLanguage\":\"it-IT\",\"@id\":\"https:\\\/\\\/www.sarlux.saras.it\\\/it\\\/ambiente-aria\\\/#primaryimage\",\"url\":\"https:\\\/\\\/www.sarlux.saras.it\\\/wp-content\\\/uploads\\\/2019\\\/11\\\/27847844_m-box.jpg\",\"contentUrl\":\"https:\\\/\\\/www.sarlux.saras.it\\\/wp-content\\\/uploads\\\/2019\\\/11\\\/27847844_m-box.jpg\",\"width\":800,\"height\":600},{\"@type\":\"BreadcrumbList\",\"@id\":\"https:\\\/\\\/www.sarlux.saras.it\\\/it\\\/ambiente-aria\\\/#breadcrumb\",\"itemListElement\":[{\"@type\":\"ListItem\",\"position\":1,\"name\":\"Home\",\"item\":\"https:\\\/\\\/www.sarlux.saras.it\\\/it\\\/\"},{\"@type\":\"ListItem\",\"position\":2,\"name\":\"Aria\"}]},{\"@type\":\"WebSite\",\"@id\":\"https:\\\/\\\/www.sarlux.saras.it\\\/it\\\/#website\",\"url\":\"https:\\\/\\\/www.sarlux.saras.it\\\/it\\\/\",\"name\":\"Sarlux\",\"description\":\"\",\"publisher\":{\"@id\":\"https:\\\/\\\/www.sarlux.saras.it\\\/it\\\/#organization\"},\"potentialAction\":[{\"@type\":\"SearchAction\",\"target\":{\"@type\":\"EntryPoint\",\"urlTemplate\":\"https:\\\/\\\/www.sarlux.saras.it\\\/it\\\/?s={search_term_string}\"},\"query-input\":{\"@type\":\"PropertyValueSpecification\",\"valueRequired\":true,\"valueName\":\"search_term_string\"}}],\"inLanguage\":\"it-IT\"},{\"@type\":\"Organization\",\"@id\":\"https:\\\/\\\/www.sarlux.saras.it\\\/it\\\/#organization\",\"name\":\"Sarlux\",\"url\":\"https:\\\/\\\/www.sarlux.saras.it\\\/it\\\/\",\"logo\":{\"@type\":\"ImageObject\",\"inLanguage\":\"it-IT\",\"@id\":\"https:\\\/\\\/www.sarlux.saras.it\\\/it\\\/#\\\/schema\\\/logo\\\/image\\\/\",\"url\":\"https:\\\/\\\/www.sarlux.saras.it\\\/wp-content\\\/uploads\\\/2017\\\/12\\\/logo-pc-1.png\",\"contentUrl\":\"https:\\\/\\\/www.sarlux.saras.it\\\/wp-content\\\/uploads\\\/2017\\\/12\\\/logo-pc-1.png\",\"width\":184,\"height\":86,\"caption\":\"Sarlux\"},\"image\":{\"@id\":\"https:\\\/\\\/www.sarlux.saras.it\\\/it\\\/#\\\/schema\\\/logo\\\/image\\\/\"}}]}<\/script>\n<!-- \/ Yoast SEO plugin. -->","yoast_head_json":{"title":"Aria - Sarlux Saras | Refining & Power","description":"La qualit\u00e0 dell\u2019aria e la riduzione delle emissioni atmosferiche rappresentano un aspetto fondamentale per Sarlux perch\u00e9 legato alla salute dei lavoratori e dei cittadini dei vicini centri abitati.","robots":{"index":"index","follow":"follow","max-snippet":"max-snippet:-1","max-image-preview":"max-image-preview:large","max-video-preview":"max-video-preview:-1"},"canonical":"https:\/\/www.sarlux.saras.it\/it\/ambiente-aria\/","og_locale":"it_IT","og_type":"article","og_title":"Aria - Sarlux Saras | Refining & Power","og_description":"La qualit\u00e0 dell\u2019aria e la riduzione delle emissioni atmosferiche rappresentano un aspetto fondamentale per Sarlux perch\u00e9 legato alla salute dei lavoratori e dei cittadini dei vicini centri abitati.","og_url":"https:\/\/www.sarlux.saras.it\/it\/ambiente-aria\/","og_site_name":"Sarlux Saras | Refining & Power","article_modified_time":"2025-07-17T07:48:21+00:00","og_image":[{"width":800,"height":600,"url":"https:\/\/www.sarlux.saras.it\/wp-content\/uploads\/2019\/11\/27847844_m-box.jpg","type":"image\/jpeg"}],"twitter_card":"summary_large_image","twitter_image":"https:\/\/www.sarlux.saras.it\/wp-content\/uploads\/2019\/11\/27847844_m-box.jpg","twitter_misc":{"Tempo di lettura stimato":"8 minuti"},"schema":{"@context":"https:\/\/schema.org","@graph":[{"@type":"WebPage","@id":"https:\/\/www.sarlux.saras.it\/it\/ambiente-aria\/","url":"https:\/\/www.sarlux.saras.it\/it\/ambiente-aria\/","name":"Aria - Sarlux Saras | Refining & Power","isPartOf":{"@id":"https:\/\/www.sarlux.saras.it\/it\/#website"},"primaryImageOfPage":{"@id":"https:\/\/www.sarlux.saras.it\/it\/ambiente-aria\/#primaryimage"},"image":{"@id":"https:\/\/www.sarlux.saras.it\/it\/ambiente-aria\/#primaryimage"},"thumbnailUrl":"https:\/\/www.sarlux.saras.it\/wp-content\/uploads\/2019\/11\/27847844_m-box.jpg","datePublished":"2018-09-22T17:52:13+00:00","dateModified":"2025-07-17T07:48:21+00:00","description":"La qualit\u00e0 dell\u2019aria e la riduzione delle emissioni atmosferiche rappresentano un aspetto fondamentale per Sarlux perch\u00e9 legato alla salute dei lavoratori e dei cittadini dei vicini centri abitati.","breadcrumb":{"@id":"https:\/\/www.sarlux.saras.it\/it\/ambiente-aria\/#breadcrumb"},"inLanguage":"it-IT","potentialAction":[{"@type":"ReadAction","target":["https:\/\/www.sarlux.saras.it\/it\/ambiente-aria\/"]}]},{"@type":"ImageObject","inLanguage":"it-IT","@id":"https:\/\/www.sarlux.saras.it\/it\/ambiente-aria\/#primaryimage","url":"https:\/\/www.sarlux.saras.it\/wp-content\/uploads\/2019\/11\/27847844_m-box.jpg","contentUrl":"https:\/\/www.sarlux.saras.it\/wp-content\/uploads\/2019\/11\/27847844_m-box.jpg","width":800,"height":600},{"@type":"BreadcrumbList","@id":"https:\/\/www.sarlux.saras.it\/it\/ambiente-aria\/#breadcrumb","itemListElement":[{"@type":"ListItem","position":1,"name":"Home","item":"https:\/\/www.sarlux.saras.it\/it\/"},{"@type":"ListItem","position":2,"name":"Aria"}]},{"@type":"WebSite","@id":"https:\/\/www.sarlux.saras.it\/it\/#website","url":"https:\/\/www.sarlux.saras.it\/it\/","name":"Sarlux","description":"","publisher":{"@id":"https:\/\/www.sarlux.saras.it\/it\/#organization"},"potentialAction":[{"@type":"SearchAction","target":{"@type":"EntryPoint","urlTemplate":"https:\/\/www.sarlux.saras.it\/it\/?s={search_term_string}"},"query-input":{"@type":"PropertyValueSpecification","valueRequired":true,"valueName":"search_term_string"}}],"inLanguage":"it-IT"},{"@type":"Organization","@id":"https:\/\/www.sarlux.saras.it\/it\/#organization","name":"Sarlux","url":"https:\/\/www.sarlux.saras.it\/it\/","logo":{"@type":"ImageObject","inLanguage":"it-IT","@id":"https:\/\/www.sarlux.saras.it\/it\/#\/schema\/logo\/image\/","url":"https:\/\/www.sarlux.saras.it\/wp-content\/uploads\/2017\/12\/logo-pc-1.png","contentUrl":"https:\/\/www.sarlux.saras.it\/wp-content\/uploads\/2017\/12\/logo-pc-1.png","width":184,"height":86,"caption":"Sarlux"},"image":{"@id":"https:\/\/www.sarlux.saras.it\/it\/#\/schema\/logo\/image\/"}}]}},"_links":{"self":[{"href":"https:\/\/www.sarlux.saras.it\/it\/wp-json\/wp\/v2\/pages\/527038","targetHints":{"allow":["GET"]}}],"collection":[{"href":"https:\/\/www.sarlux.saras.it\/it\/wp-json\/wp\/v2\/pages"}],"about":[{"href":"https:\/\/www.sarlux.saras.it\/it\/wp-json\/wp\/v2\/types\/page"}],"author":[{"embeddable":true,"href":"https:\/\/www.sarlux.saras.it\/it\/wp-json\/wp\/v2\/users\/2"}],"replies":[{"embeddable":true,"href":"https:\/\/www.sarlux.saras.it\/it\/wp-json\/wp\/v2\/comments?post=527038"}],"version-history":[{"count":259,"href":"https:\/\/www.sarlux.saras.it\/it\/wp-json\/wp\/v2\/pages\/527038\/revisions"}],"predecessor-version":[{"id":547113,"href":"https:\/\/www.sarlux.saras.it\/it\/wp-json\/wp\/v2\/pages\/527038\/revisions\/547113"}],"wp:featuredmedia":[{"embeddable":true,"href":"https:\/\/www.sarlux.saras.it\/it\/wp-json\/wp\/v2\/media\/540706"}],"wp:attachment":[{"href":"https:\/\/www.sarlux.saras.it\/it\/wp-json\/wp\/v2\/media?parent=527038"}],"curies":[{"name":"wp","href":"https:\/\/api.w.org\/{rel}","templated":true}]}}