{"id":527129,"date":"2018-09-22T19:08:56","date_gmt":"2018-09-22T19:08:56","guid":{"rendered":"http:\/\/www.sarlux.saras.it\/?page_id=527129"},"modified":"2025-07-17T07:25:21","modified_gmt":"2025-07-17T07:25:21","slug":"ambiente-efficienza-energetica","status":"publish","type":"page","link":"https:\/\/www.sarlux.saras.it\/it\/ambiente-efficienza-energetica\/","title":{"rendered":"Efficienza energetica"},"content":{"rendered":"<div class=\"wpb-content-wrapper\"><p>[vc_row full_width=&#8221;stretch_row_content_no_spaces&#8221; css=&#8221;.vc_custom_1542303783595{margin-top: 0px !important;padding-top: 0px !important;background-image: url(https:\/\/www.sarlux.saras.it\/wp-content\/uploads\/2018\/10\/04-eff-en-header-084-DPS_2626.jpg?id=528111) !important;background-position: center !important;background-repeat: no-repeat !important;background-size: cover !important;}&#8221;][vc_column][vc_row_inner][vc_column_inner width=&#8221;1\/12&#8243;][\/vc_column_inner][vc_column_inner width=&#8221;1\/12&#8243;][\/vc_column_inner][vc_column_inner width=&#8221;8\/12&#8243;][vc_column_text]<\/p>\n<h1 style=\"text-align: center;\"><span style=\"color: #f5f5f5;\"><strong>Efficienza energetica<\/strong><\/span><\/h1>\n<p>[\/vc_column_text][\/vc_column_inner][vc_column_inner width=&#8221;2\/12&#8243;][\/vc_column_inner][\/vc_row_inner][vc_empty_space height=&#8221;200px&#8221;][vc_row_inner][vc_column_inner width=&#8221;1\/12&#8243;][\/vc_column_inner][vc_column_inner width=&#8221;1\/12&#8243;][vc_column_text css=&#8221;.vc_custom_1579685178104{padding-top: 10px !important;padding-bottom: 10px !important;background-color: #0056a6 !important;border-radius: 5px !important;}&#8221;]<\/p>\n<h6 style=\"text-align: center;\"><span style=\"color: #f5f5f5; font-size: 12px;\">AMBIENTE<\/span><\/h6>\n<p>[\/vc_column_text][\/vc_column_inner][vc_column_inner width=&#8221;8\/12&#8243;][\/vc_column_inner][vc_column_inner width=&#8221;2\/12&#8243;][\/vc_column_inner][\/vc_row_inner][\/vc_column][\/vc_row][vc_row full_width=&#8221;stretch_row&#8221;][vc_column][vc_column_text css=&#8221;&#8221;]<\/p>\n<h4 style=\"text-align: left;\"><strong>La sfida del risparmio e dell\u2019efficienza energetica rappresentano per Sarlux un tema di grande sensibilit\u00e0 e uno degli elementi strategici pi\u00f9 rilevanti perch\u00e9 consente di coniugare<br \/>\nobiettivi di compatibilit\u00e0 ambientale con quelli della competitivit\u00e0.<\/strong><\/h4>\n<p style=\"text-align: left;\">I consumi interni di energia sono dovuti alla combustione di prodotti petroliferi e all\u2019utilizzo di energia elettrica e termica (vapore).<br \/>\nL\u2019impegno nel miglioramento dell\u2019efficienza energetica del sito \u00e8 iniziato gi\u00e0 tra la fine degli anni Settanta e l\u2019inizio degli anni Ottanta, <strong>con importanti investimenti per recuperare calore ed energia<\/strong>.<\/p>\n<p>[\/vc_column_text][vc_empty_space][vc_single_image image=&#8221;527763&#8243; img_size=&#8221;50&#215;50&#8243; alignment=&#8221;center&#8221;][\/vc_column][\/vc_row][vc_row full_width=&#8221;stretch_row&#8221;][vc_column][vc_single_image image=&#8221;530064&#8243; img_size=&#8221;full&#8221; alignment=&#8221;center&#8221;][vc_empty_space height=&#8221;16px&#8221;][\/vc_column][\/vc_row][vc_row][vc_column][vc_column_text]<\/p>\n<p style=\"text-align: left;\">Nel corso degli anni, sono stati realizzati importanti <strong>interventi di recupero termico<\/strong> che, unitamente alle attivit\u00e0 gestionali, hanno consentito di <strong>ridurre costantemente i consumi energetici<\/strong>, per una sempre maggior salvaguardia delle risorse ambientali e dell\u2019ecosistema di riferimento.<\/p>\n<p style=\"text-align: left;\">Un ulteriore passo per migliorare le performance in termini di efficienza energetica \u00e8 il conseguimento di una piena conoscenza dei consumi energetici dello stabilimento, al fine di identificare meglio le potenziali aree di miglioramento nel breve, medio e lungo periodo.<\/p>\n<p style=\"text-align: left;\">Per questa ragione Sarlux ha realizzato l\u2019<strong>Energy Management Dashboard<\/strong>, un sistema di monitoraggio dei consumi energetici che, usando dati provenienti direttamente dal campo ed elaborati secondo logiche legate alla tipologia di impianto e alla tipologia di vettore energetico, consente la realizzazione di analisi energetiche complessive e di dettaglio.<\/p>\n<p>[\/vc_column_text][vc_empty_space height=&#8221;16px&#8221;][vc_column_text]Inoltre, a testimonianza di un impegno continuo su questo fronte, <strong>Sarlux ha deciso di dotarsi di un <a href=\"https:\/\/www.sarlux.saras.it\/it\/ambiente-certificazioni\/\">Siste\u00adma di gestione dell\u2019energia<\/a> (SGE), conforme alla norma UNI EN ISO 50001:2018<\/strong>, allo scopo di migliorare le proprie prestazioni energetiche, riducendo consumi, emissioni e costi, e utilizzando in maniera pi\u00f9 efficiente gli im\u00adpianti ad alto consumo energetico.[\/vc_column_text][\/vc_column][\/vc_row][vc_row full_width=&#8221;stretch_row&#8221; bg_type=&#8221;image&#8221; parallax_style=&#8221;vcpb-vz-jquery&#8221; bg_image_new=&#8221;id^530076|url^https:\/\/www.sarlux.saras.it\/wp-content\/uploads\/2018\/12\/085-DPS_4240-taglio.jpg|caption^null|alt^null|title^085&#8212;-DPS_4240 taglio|description^null&#8221; bg_image_repeat=&#8221;no-repeat&#8221;][vc_column][vc_empty_space height=&#8221;300px&#8221;][vc_column_text css=&#8221;.vc_custom_1623339869459{padding-top: 20px !important;padding-right: 20px !important;padding-bottom: 20px !important;padding-left: 20px !important;background-position: center !important;background-repeat: no-repeat !important;background-size: cover !important;}&#8221;]<\/p>\n<h3 style=\"text-align: center;\"><span style=\"color: #f5f5f5;\"><strong>Il Sistema di gestione per l\u2019energia \u00e8 stato certificato da RINA e IQNET conforme alla norma ISO 50001:2018<\/strong><strong>.<\/strong><\/span><span style=\"color: #f5f5f5;\">\u00a0<\/span><\/h3>\n<p>[\/vc_column_text][vc_empty_space height=&#8221;50px&#8221;][\/vc_column][\/vc_row][vc_row][vc_column width=&#8221;1\/4&#8243;][vc_column_text css=&#8221;&#8221;]<\/p>\n<h6 style=\"text-align: left;\"><span style=\"text-decoration: underline; color: #007fff;\"><a href=\"https:\/\/www.sarlux.saras.it\/wp-content\/uploads\/2024\/06\/Certificato-IQNET-ISO-50001-2018_scadenza-2027.pdf\" target=\"_blank\" rel=\"noopener noreferrer\"><span style=\"font-size: 12px;\">\u2193 Download Certificato IQNET<\/span><\/a><\/span><\/h6>\n<p>[\/vc_column_text][\/vc_column][vc_column width=&#8221;1\/4&#8243;][vc_column_text css=&#8221;&#8221;]<\/p>\n<h6 style=\"text-align: left;\"><span style=\"text-decoration: underline; color: #007fff;\"><a href=\"https:\/\/www.sarlux.saras.it\/wp-content\/uploads\/2024\/06\/Certificato-RINA-ISO-50001-2018_scadenza-2027.pdf\" target=\"_blank\" rel=\"noopener noreferrer\"><span style=\"font-size: 12px;\">\u2193 Download Certificato RINA<\/span><\/a><\/span><\/h6>\n<p>[\/vc_column_text][\/vc_column][vc_column width=&#8221;1\/4&#8243;][\/vc_column][vc_column width=&#8221;1\/4&#8243;][\/vc_column][\/vc_row][vc_row][vc_column][vc_empty_space height=&#8221;10px&#8221;][vc_separator color=&#8221;custom&#8221; accent_color=&#8221;#0056a6&#8243;][vc_empty_space height=&#8221;16px&#8221;][vc_single_image image=&#8221;527763&#8243; img_size=&#8221;50&#215;50&#8243; alignment=&#8221;center&#8221;][vc_empty_space height=&#8221;36px&#8221;][\/vc_column][\/vc_row][vc_row][vc_column][vc_column_text css=&#8221;.vc_custom_1578952178284{margin-top: 0px !important;border-bottom-width: 1px !important;padding-top: 0px !important;padding-bottom: 4px !important;background-position: center !important;background-repeat: no-repeat !important;background-size: cover !important;border-bottom-color: #0056a6 !important;border-bottom-style: solid !important;}&#8221;]<\/p>\n<h3 style=\"text-align: left;\">L&#8217;EFFICIENZA ENERGETICA DEL CICLO INTEGRATO SARLUX<\/h3>\n<p>[\/vc_column_text][vc_column_text]<\/p>\n<p style=\"text-align: left;\">Il complesso costituito da Impianti Sud, IGCC e Impianti Nord, rappresenta <a href=\"https:\/\/www.sarlux.saras.it\/it\/cosa-facciamo-raffinazione\/\"><strong>un grande ciclo integrato<\/strong><\/a> di trasformazione degli idrocarburi in ingresso in prodotti petroliferi raffinati, prodotti petrolchimici e in energia.<\/p>\n<p>[\/vc_column_text][vc_empty_space height=&#8221;24px&#8221;][vc_single_image image=&#8221;541546&#8243; img_size=&#8221;full&#8221;][\/vc_column][\/vc_row][vc_row full_width=&#8221;stretch_row&#8221;][vc_column][vc_column_text]<\/p>\n<p style=\"text-align: left;\">L\u2019efficienza energetica del ciclo integrato \u00e8 data dal rapporto tra l\u2019energia in ingresso e l\u2019energia in uscita come somma del contenuto energetico dei prodotti petroliferi e dell\u2019energia venduti.<\/p>\n<p style=\"text-align: left;\">La differenza tra l\u2019energia in ingresso e quella in uscita \u00e8 dovuta principalmente al consumo interno di energia necessario all\u2019esercizio dei processi produttivi e all\u2019energia che viene utilizzata nello svolgimento delle attivit\u00e0.<\/p>\n<p>[\/vc_column_text][\/vc_column][\/vc_row][vc_row bg_type=&#8221;grad&#8221; bg_grad=&#8221;background: -webkit-gradient(linear, left top, left bottom, color-stop(0%, #DBDBDB), color-stop(40%, #FFFFFF), color-stop(60%, #FFFFFF), color-stop(100%, #DBDBDB));background: -moz-linear-gradient(left,#DBDBDB 0%,#FFFFFF 40%,#FFFFFF 60%,#DBDBDB 100%);background: -webkit-linear-gradient(left,#DBDBDB 0%,#FFFFFF 40%,#FFFFFF 60%,#DBDBDB 100%);background: -o-linear-gradient(left,#DBDBDB 0%,#FFFFFF 40%,#FFFFFF 60%,#DBDBDB 100%);background: -ms-linear-gradient(left,#DBDBDB 0%,#FFFFFF 40%,#FFFFFF 60%,#DBDBDB 100%);background: linear-gradient(left,#DBDBDB 0%,#FFFFFF 40%,#FFFFFF 60%,#DBDBDB 100%);&#8221;][vc_column][vc_column_text css=&#8221;.vc_custom_1752736704340{padding-top: 6px !important;}&#8221;]<\/p>\n<h4 style=\"text-align: center;\"><strong>Sarlux produce energia elettrica destinata alla rete nazionale,<br \/>\nnel 2024 ha soddisfatto il 47 per cento del fabbisogno della Sardegna<\/strong><\/h4>\n<p>[\/vc_column_text][vc_empty_space height=&#8221;10px&#8221;][\/vc_column][\/vc_row][vc_row][vc_column][vc_empty_space height=&#8221;16px&#8221;][vc_single_image image=&#8221;527763&#8243; img_size=&#8221;50&#215;50&#8243; alignment=&#8221;center&#8221;][vc_empty_space height=&#8221;36px&#8221;][\/vc_column][\/vc_row][vc_row full_width=&#8221;stretch_row&#8221;][vc_column css=&#8221;.vc_custom_1542997240034{margin-top: 0px !important;padding-top: 20px !important;}&#8221;][vc_column_text css=&#8221;.vc_custom_1578952237526{margin-top: 0px !important;border-bottom-width: 1px !important;padding-top: 0px !important;padding-bottom: 4px !important;background-position: center !important;background-repeat: no-repeat !important;background-size: cover !important;border-bottom-color: #0056a6 !important;border-bottom-style: solid !important;}&#8221;]<\/p>\n<h3 style=\"text-align: left;\">L&#8217;EFFICIENZA ENERGETICA DEL CICLO INTEGRATO IGCC<\/h3>\n<p>[\/vc_column_text][vc_column_text]<\/p>\n<p style=\"text-align: left;\">L\u2019impianto di gassificazione a ciclo combinato cogenerativo <a href=\"https:\/\/www.sarlux.saras.it\/it\/cosa-facciamo-produzione-energia\/\">IGCC (Integrated Gasification Combined Cycle)<\/a> di Sarlux produce energia elettrica destinata alla vendita, idrogeno e vapore destinati all\u2019utilizzo nel ciclo di raffinazione a partire dagli idrocarburi pesanti: una sostanza proveniente dagli impianti di raffinazione altrimenti utilizzata per produrre olio combustibile (tar).<br \/>\nQuesta sostanza viene poi gassificata, cio\u00e8 purificata e trasformata in\u00a0<em>syngas<\/em>, un gas di sintesi pulito,\u00a0simile\u00a0al\u00a0metano.<br \/>\n<strong>Il <em>syngas<\/em>\u00a0viene impiegato per attivare le turbine e produrre energia elettrica<\/strong>.<\/p>\n<p>[\/vc_column_text][vc_empty_space height=&#8221;10px&#8221;][vc_single_image image=&#8221;529621&#8243; img_size=&#8221;full&#8221; alignment=&#8221;center&#8221;][vc_empty_space height=&#8221;10px&#8221;][vc_column_text]<\/p>\n<p style=\"text-align: left;\"><strong>L\u2019IGCC \u00e8 un impianto di cogenerazione a ciclo combinato, in quanto consente di generare contemporaneamente elettricit\u00e0 da immettere nella rete, idrogeno e vapore per alimentare gli impianti della raffineria.<\/strong><\/p>\n<p>[\/vc_column_text][vc_row_inner][vc_column_inner][vc_column_text]<\/p>\n<p style=\"text-align: left;\">L\u2019efficienza energetica dell\u2019impianto IGCC \u00e8 data dal rapporto tra l\u2019energia in ingresso sotto forma di idrocarburi e di energia elet\u00adtrica consumata e l\u2019energia in uscita sotto forma di energia elettrica, vapore, idrogeno e zolfo.<\/p>\n<p style=\"text-align: left;\">I valori di efficienza dell\u2019impianto IGCC sono molto superiori a quelli ottenibili nelle centrali termoelettriche tradizionali.<\/p>\n<p>[\/vc_column_text][\/vc_column_inner][\/vc_row_inner][\/vc_column][\/vc_row][vc_row][vc_column][vc_empty_space height=&#8221;10px&#8221;][vc_column_text css=&#8221;&#8221;]<\/p>\n<h6 style=\"text-align: left;\"><span style=\"text-decoration: underline; color: #007fff;\"><span style=\"font-size: 12px;\">Nella Dichiarazione Ambientale 2025 potete consultare i dati completi sulla gestione dell&#8217;energia in Sarlux<\/span><\/span><\/h6>\n<p>[\/vc_column_text][vc_empty_space height=&#8221;16px&#8221;][vc_separator color=&#8221;custom&#8221; accent_color=&#8221;#0056a6&#8243;][vc_column_text css=&#8221;&#8221;]<\/p>\n<h6><span style=\"font-size: 12px;\">Fonti: Dichiarazione Ambientale Sarlux 2025 e Saras Rapporto ESG 2024<\/span><\/h6>\n<p>[\/vc_column_text][vc_empty_space][vc_single_image image=&#8221;527763&#8243; img_size=&#8221;50&#215;50&#8243; alignment=&#8221;center&#8221;][vc_empty_space height=&#8221;64px&#8221;][\/vc_column][\/vc_row][vc_row][vc_column][vc_column_text css=&#8221;.vc_custom_1578943259094{margin-top: 0px !important;border-bottom-width: 1px !important;padding-top: 0px !important;padding-bottom: 4px !important;border-bottom-color: #0056a6 !important;border-bottom-style: solid !important;}&#8221;]<\/p>\n<h4 style=\"text-align: left;\">Pagine correlate<\/h4>\n<p>[\/vc_column_text][\/vc_column][\/vc_row][vc_row][vc_column width=&#8221;1\/4&#8243;]\n<div id=\"interactive-banner-1-wrap-9108\" class=\"ult-banner-block ult-adjust-bottom-margin ult-bb-box  banner-style11 \"   style=\"\">\n\t<img decoding=\"async\" src=\"https:\/\/www.sarlux.saras.it\/wp-content\/uploads\/2022\/02\/Saras-raffineria-Sarlux-sviluppo-sostenibile-Sarroch-123.jpg\" alt=\"null\">\n\t<h3  data-ultimate-target='#interactive-banner-1-wrap-9108 .bb-top-title '  data-responsive-json-new='{\"font-size\":\"\",\"line-height\":\"\"}'  class=\"title-center bb-top-title ult-responsive\" style=\"font-weight:normal;background:#0056a6;color:#ffffff;\">SVILUPPO SOSTENIBILE<\/h3>\n\t<div class=\"mask opaque-background\" style=\"background:#0056a6;\">\n\t\t<div  data-ultimate-target='#interactive-banner-1-wrap-9108 .bb-description'  data-responsive-json-new='{\"font-size\":\"desktop:12px;\",\"line-height\":\"\"}'  class=\"bb-description ult-responsive\" style=\"font-weight:normal;color:#ffffff;\">La strategia di sostenibilit\u00e0 del Gruppo, in virt\u00f9 dei valori del purpose, risulta coerente e allineata con i \u201cSustainable Development Goals\u201d<\/div>\n\t<\/div><a class=\"bb-link\" href=\"https:\/\/www.sarlux.saras.it\/it\/sviluppo-sostenibile\/\" ><\/a>\n<\/div>[\/vc_column][vc_column width=&#8221;1\/4&#8243;]\n<div id=\"interactive-banner-1-wrap-3706\" class=\"ult-banner-block ult-adjust-bottom-margin ult-bb-box  banner-style11 \"   style=\"\">\n\t<img decoding=\"async\" src=\"https:\/\/www.sarlux.saras.it\/wp-content\/uploads\/2022\/06\/sarlux-Saras-Sarroch-ESTI-mbox-h-400.jpg\" alt=\"null\">\n\t<h3  data-ultimate-target='#interactive-banner-1-wrap-3706 .bb-top-title '  data-responsive-json-new='{\"font-size\":\"\",\"line-height\":\"\"}'  class=\"title-center bb-top-title ult-responsive\" style=\"font-weight:normal;background:#0056a6;color:#ffffff;\">POLITICA DI SOSTENIBILIT\u00c0<\/h3>\n\t<div class=\"mask opaque-background\" style=\"background:#0056a6;\">\n\t\t<div  data-ultimate-target='#interactive-banner-1-wrap-3706 .bb-description'  data-responsive-json-new='{\"font-size\":\"desktop:12px;\",\"line-height\":\"\"}'  class=\"bb-description ult-responsive\" style=\"font-weight:normal;color:#ffffff;\">La politica di sostenibilit\u00e0 del Gruppo Saras definisce gli indirizzi e gli obiettivi che il Gruppo si impegna a perseguire.<\/div>\n\t<\/div><a class=\"bb-link\" href=\"https:\/\/www.sarlux.saras.it\/it\/politica-di-sostenibilita\/\" ><\/a>\n<\/div>[\/vc_column][vc_column width=&#8221;1\/4&#8243;]\n<div id=\"interactive-banner-1-wrap-1538\" class=\"ult-banner-block ult-adjust-bottom-margin ult-bb-box  banner-style11 \"   style=\"\">\n\t<img decoding=\"async\" src=\"https:\/\/www.sarlux.saras.it\/wp-content\/uploads\/2018\/10\/60890375_m-acqua-ritaglio-box.jpg\" alt=\"null\">\n\t<h3  data-ultimate-target='#interactive-banner-1-wrap-1538 .bb-top-title '  data-responsive-json-new='{\"font-size\":\"\",\"line-height\":\"\"}'  class=\"title-center bb-top-title ult-responsive\" style=\"font-weight:normal;background:#0056a6;color:#ffffff;\">ARIA<\/h3>\n\t<div class=\"mask opaque-background\" style=\"background:#0056a6;\">\n\t\t<div  data-ultimate-target='#interactive-banner-1-wrap-1538 .bb-description'  data-responsive-json-new='{\"font-size\":\"desktop:12px;\",\"line-height\":\"\"}'  class=\"bb-description ult-responsive\" style=\"font-weight:normal;color:#ffffff;\">L\u2019impegno per la qualit\u00e0 dell\u2019aria<\/div>\n\t<\/div><a class=\"bb-link\" href=\"https:\/\/sarlux.saras.it\/it\/ambiente-aria\/\" ><\/a>\n<\/div>[\/vc_column][vc_column width=&#8221;1\/4&#8243;]\n<div id=\"interactive-banner-1-wrap-7448\" class=\"ult-banner-block ult-adjust-bottom-margin ult-bb-box  banner-style11 \"   style=\"\">\n\t<img decoding=\"async\" src=\"https:\/\/www.sarlux.saras.it\/wp-content\/uploads\/2018\/10\/60890375_m-aria-ritaglio-box.jpg\" alt=\"null\">\n\t<h3  data-ultimate-target='#interactive-banner-1-wrap-7448 .bb-top-title '  data-responsive-json-new='{\"font-size\":\"\",\"line-height\":\"\"}'  class=\"title-center bb-top-title ult-responsive\" style=\"font-weight:normal;background:#0056a6;color:#ffffff;\">ACQUA<\/h3>\n\t<div class=\"mask opaque-background\" style=\"background:#0056a6;\">\n\t\t<div  data-ultimate-target='#interactive-banner-1-wrap-7448 .bb-description'  data-responsive-json-new='{\"font-size\":\"desktop:12px;\",\"line-height\":\"\"}'  class=\"bb-description ult-responsive\" style=\"font-weight:normal;color:#ffffff;\">L\u2019acqua \u00e8 un bene prezioso<\/div>\n\t<\/div><a class=\"bb-link\" href=\"https:\/\/sarlux.saras.it\/it\/ambiente-acqua\/\" ><\/a>\n<\/div>[\/vc_column][\/vc_row][vc_row disable_element=&#8221;yes&#8221;][vc_column width=&#8221;1\/4&#8243;][\/vc_column][vc_column width=&#8221;1\/4&#8243;][\/vc_column][vc_column width=&#8221;1\/4&#8243;]\n<div id=\"interactive-banner-1-wrap-4925\" class=\"ult-banner-block ult-adjust-bottom-margin ult-bb-box  banner-style11 \"   style=\"\">\n\t<img decoding=\"async\" src=\"https:\/\/www.sarlux.saras.it\/wp-content\/uploads\/2023\/03\/ESTI-Sarlux-raffineria-Sarroch-Saras-sostenibilita\u0300-interactive-banner.jpg\" alt=\"null\">\n\t<h3  data-ultimate-target='#interactive-banner-1-wrap-4925 .bb-top-title '  data-responsive-json-new='{\"font-size\":\"\",\"line-height\":\"\"}'  class=\"title-center bb-top-title ult-responsive\" style=\"font-weight:normal;background:#0056a6;color:#ffffff;\">ESTI<\/h3>\n\t<div class=\"mask opaque-background\" style=\"background:#0056a6;\">\n\t\t<div  data-ultimate-target='#interactive-banner-1-wrap-4925 .bb-description'  data-responsive-json-new='{\"font-size\":\"desktop:12px;\",\"line-height\":\"\"}'  class=\"bb-description ult-responsive\" style=\"font-weight:normal;color:#ffffff;\">Un programma di trasformazione per migliorare l\u2019efficienza operativa e l\u2019affidabilit\u00e0 a medio termine dell\u2019asset industriale del Gruppo Saras.<\/div>\n\t<\/div><a class=\"bb-link\" href=\"https:\/\/www.sarlux.saras.it\/it\/esti\/\" ><\/a>\n<\/div>[\/vc_column][vc_column width=&#8221;1\/4&#8243;][\/vc_column][\/vc_row][vc_row][vc_column width=&#8221;1\/4&#8243;][\/vc_column][vc_column width=&#8221;1\/4&#8243;]\n<div id=\"interactive-banner-1-wrap-1651\" class=\"ult-banner-block ult-adjust-bottom-margin ult-bb-box  banner-style11 \"   style=\"\">\n\t<img decoding=\"async\" src=\"https:\/\/www.sarlux.saras.it\/wp-content\/uploads\/2018\/10\/60890375_m-suolo-ritaglio-box.jpg\" alt=\"null\">\n\t<h3  data-ultimate-target='#interactive-banner-1-wrap-1651 .bb-top-title '  data-responsive-json-new='{\"font-size\":\"\",\"line-height\":\"\"}'  class=\"title-center bb-top-title ult-responsive\" style=\"font-weight:normal;background:#0056a6;color:#ffffff;\">SUOLO<\/h3>\n\t<div class=\"mask opaque-background\" style=\"background:#0056a6;\">\n\t\t<div  data-ultimate-target='#interactive-banner-1-wrap-1651 .bb-description'  data-responsive-json-new='{\"font-size\":\"desktop:12px;\",\"line-height\":\"\"}'  class=\"bb-description ult-responsive\" style=\"font-weight:normal;color:#ffffff;\">Bonifica e tutele di suolo e sottosuolo<\/div>\n\t<\/div><a class=\"bb-link\" href=\"https:\/\/sarlux.saras.it\/it\/ambiente-suolo\/\" ><\/a>\n<\/div>[\/vc_column][vc_column width=&#8221;1\/4&#8243;]\n<div id=\"interactive-banner-1-wrap-5287\" class=\"ult-banner-block ult-adjust-bottom-margin ult-bb-box  banner-style11 \"   style=\"\">\n\t<img decoding=\"async\" src=\"https:\/\/www.sarlux.saras.it\/wp-content\/uploads\/2020\/01\/certificazioni-Saras-Sarlux-IB-365-1.jpg\" alt=\"null\">\n\t<h3  data-ultimate-target='#interactive-banner-1-wrap-5287 .bb-top-title '  data-responsive-json-new='{\"font-size\":\"\",\"line-height\":\"\"}'  class=\"title-center bb-top-title ult-responsive\" style=\"font-weight:normal;background:#0056a6;color:#ffffff;\">CERTIFICAZIONI<\/h3>\n\t<div class=\"mask opaque-background\" style=\"background:#0056a6;\">\n\t\t<div  data-ultimate-target='#interactive-banner-1-wrap-5287 .bb-description'  data-responsive-json-new='{\"font-size\":\"desktop:12px;\",\"line-height\":\"\"}'  class=\"bb-description ult-responsive\" style=\"font-weight:normal;color:#ffffff;\">Promuoviamo la tutela dell\u2019ambiente, della salute e della sicurezza sul lavoro, attraverso un solido sistema di politiche organizzative e gestionali certificate secondo i migliori standard internazionali.<\/div>\n\t<\/div><a class=\"bb-link\" href=\"https:\/\/sarlux.saras.it\/it\/ambiente-certificazioni\/\" ><\/a>\n<\/div>[\/vc_column][vc_column width=&#8221;1\/4&#8243;][\/vc_column][\/vc_row][vc_row][vc_column][vc_empty_space][vc_icon icon_fontawesome=&#8221;fa fa-cog&#8221; align=&#8221;center&#8221;][vc_empty_space height=&#8221;64px&#8221;][\/vc_column][\/vc_row]<\/p>\n<\/div>","protected":false},"excerpt":{"rendered":"<p>La cultura del risparmio energetico. La sfida del risparmio e dell\u2019efficienza energetica nella raffineria Sarlux.<\/p>\n","protected":false},"author":2,"featured_media":540711,"parent":0,"menu_order":5,"comment_status":"closed","ping_status":"closed","template":"","meta":{"_acf_changed":false,"inline_featured_image":false,"footnotes":""},"class_list":["post-527129","page","type-page","status-publish","has-post-thumbnail","hentry"],"acf":[],"yoast_head":"<!-- This site is optimized with the Yoast SEO plugin v27.3 - https:\/\/yoast.com\/product\/yoast-seo-wordpress\/ -->\n<title>Efficienza energetica - Sarlux Saras | Refining &amp; Power<\/title>\n<meta name=\"description\" content=\"La cultura del risparmio energetico. La sfida del risparmio e dell\u2019efficienza energetica nella raffineria Sarlux.\" \/>\n<meta name=\"robots\" content=\"index, follow, max-snippet:-1, max-image-preview:large, max-video-preview:-1\" \/>\n<link rel=\"canonical\" href=\"https:\/\/www.sarlux.saras.it\/it\/ambiente-efficienza-energetica\/\" \/>\n<meta property=\"og:locale\" content=\"it_IT\" \/>\n<meta property=\"og:type\" content=\"article\" \/>\n<meta property=\"og:title\" content=\"Efficienza energetica - Sarlux Saras | Refining &amp; Power\" \/>\n<meta property=\"og:description\" content=\"La cultura del risparmio energetico. La sfida del risparmio e dell\u2019efficienza energetica nella raffineria Sarlux.\" \/>\n<meta property=\"og:url\" content=\"https:\/\/www.sarlux.saras.it\/it\/ambiente-efficienza-energetica\/\" \/>\n<meta property=\"og:site_name\" content=\"Sarlux Saras | Refining &amp; Power\" \/>\n<meta property=\"article:modified_time\" content=\"2025-07-17T07:25:21+00:00\" \/>\n<meta property=\"og:image\" content=\"https:\/\/www.sarlux.saras.it\/wp-content\/uploads\/2019\/11\/084-DPS_2626-box.jpg\" \/>\n\t<meta property=\"og:image:width\" content=\"800\" \/>\n\t<meta property=\"og:image:height\" content=\"600\" \/>\n\t<meta property=\"og:image:type\" content=\"image\/jpeg\" \/>\n<meta name=\"twitter:card\" content=\"summary_large_image\" \/>\n<meta name=\"twitter:image\" content=\"https:\/\/www.sarlux.saras.it\/wp-content\/uploads\/2019\/11\/084-DPS_2626-box.jpg\" \/>\n<meta name=\"twitter:label1\" content=\"Tempo di lettura stimato\" \/>\n\t<meta name=\"twitter:data1\" content=\"8 minuti\" \/>\n<script type=\"application\/ld+json\" class=\"yoast-schema-graph\">{\"@context\":\"https:\\\/\\\/schema.org\",\"@graph\":[{\"@type\":\"WebPage\",\"@id\":\"https:\\\/\\\/www.sarlux.saras.it\\\/it\\\/ambiente-efficienza-energetica\\\/\",\"url\":\"https:\\\/\\\/www.sarlux.saras.it\\\/it\\\/ambiente-efficienza-energetica\\\/\",\"name\":\"Efficienza energetica - Sarlux Saras | Refining & Power\",\"isPartOf\":{\"@id\":\"https:\\\/\\\/www.sarlux.saras.it\\\/it\\\/#website\"},\"primaryImageOfPage\":{\"@id\":\"https:\\\/\\\/www.sarlux.saras.it\\\/it\\\/ambiente-efficienza-energetica\\\/#primaryimage\"},\"image\":{\"@id\":\"https:\\\/\\\/www.sarlux.saras.it\\\/it\\\/ambiente-efficienza-energetica\\\/#primaryimage\"},\"thumbnailUrl\":\"https:\\\/\\\/www.sarlux.saras.it\\\/wp-content\\\/uploads\\\/2019\\\/11\\\/084-DPS_2626-box.jpg\",\"datePublished\":\"2018-09-22T19:08:56+00:00\",\"dateModified\":\"2025-07-17T07:25:21+00:00\",\"description\":\"La cultura del risparmio energetico. La sfida del risparmio e dell\u2019efficienza energetica nella raffineria Sarlux.\",\"breadcrumb\":{\"@id\":\"https:\\\/\\\/www.sarlux.saras.it\\\/it\\\/ambiente-efficienza-energetica\\\/#breadcrumb\"},\"inLanguage\":\"it-IT\",\"potentialAction\":[{\"@type\":\"ReadAction\",\"target\":[\"https:\\\/\\\/www.sarlux.saras.it\\\/it\\\/ambiente-efficienza-energetica\\\/\"]}]},{\"@type\":\"ImageObject\",\"inLanguage\":\"it-IT\",\"@id\":\"https:\\\/\\\/www.sarlux.saras.it\\\/it\\\/ambiente-efficienza-energetica\\\/#primaryimage\",\"url\":\"https:\\\/\\\/www.sarlux.saras.it\\\/wp-content\\\/uploads\\\/2019\\\/11\\\/084-DPS_2626-box.jpg\",\"contentUrl\":\"https:\\\/\\\/www.sarlux.saras.it\\\/wp-content\\\/uploads\\\/2019\\\/11\\\/084-DPS_2626-box.jpg\",\"width\":800,\"height\":600},{\"@type\":\"BreadcrumbList\",\"@id\":\"https:\\\/\\\/www.sarlux.saras.it\\\/it\\\/ambiente-efficienza-energetica\\\/#breadcrumb\",\"itemListElement\":[{\"@type\":\"ListItem\",\"position\":1,\"name\":\"Home\",\"item\":\"https:\\\/\\\/www.sarlux.saras.it\\\/it\\\/\"},{\"@type\":\"ListItem\",\"position\":2,\"name\":\"Efficienza energetica\"}]},{\"@type\":\"WebSite\",\"@id\":\"https:\\\/\\\/www.sarlux.saras.it\\\/it\\\/#website\",\"url\":\"https:\\\/\\\/www.sarlux.saras.it\\\/it\\\/\",\"name\":\"Sarlux\",\"description\":\"\",\"publisher\":{\"@id\":\"https:\\\/\\\/www.sarlux.saras.it\\\/it\\\/#organization\"},\"potentialAction\":[{\"@type\":\"SearchAction\",\"target\":{\"@type\":\"EntryPoint\",\"urlTemplate\":\"https:\\\/\\\/www.sarlux.saras.it\\\/it\\\/?s={search_term_string}\"},\"query-input\":{\"@type\":\"PropertyValueSpecification\",\"valueRequired\":true,\"valueName\":\"search_term_string\"}}],\"inLanguage\":\"it-IT\"},{\"@type\":\"Organization\",\"@id\":\"https:\\\/\\\/www.sarlux.saras.it\\\/it\\\/#organization\",\"name\":\"Sarlux\",\"url\":\"https:\\\/\\\/www.sarlux.saras.it\\\/it\\\/\",\"logo\":{\"@type\":\"ImageObject\",\"inLanguage\":\"it-IT\",\"@id\":\"https:\\\/\\\/www.sarlux.saras.it\\\/it\\\/#\\\/schema\\\/logo\\\/image\\\/\",\"url\":\"https:\\\/\\\/www.sarlux.saras.it\\\/wp-content\\\/uploads\\\/2017\\\/12\\\/logo-pc-1.png\",\"contentUrl\":\"https:\\\/\\\/www.sarlux.saras.it\\\/wp-content\\\/uploads\\\/2017\\\/12\\\/logo-pc-1.png\",\"width\":184,\"height\":86,\"caption\":\"Sarlux\"},\"image\":{\"@id\":\"https:\\\/\\\/www.sarlux.saras.it\\\/it\\\/#\\\/schema\\\/logo\\\/image\\\/\"}}]}<\/script>\n<!-- \/ Yoast SEO plugin. -->","yoast_head_json":{"title":"Efficienza energetica - Sarlux Saras | Refining & Power","description":"La cultura del risparmio energetico. La sfida del risparmio e dell\u2019efficienza energetica nella raffineria Sarlux.","robots":{"index":"index","follow":"follow","max-snippet":"max-snippet:-1","max-image-preview":"max-image-preview:large","max-video-preview":"max-video-preview:-1"},"canonical":"https:\/\/www.sarlux.saras.it\/it\/ambiente-efficienza-energetica\/","og_locale":"it_IT","og_type":"article","og_title":"Efficienza energetica - Sarlux Saras | Refining & Power","og_description":"La cultura del risparmio energetico. La sfida del risparmio e dell\u2019efficienza energetica nella raffineria Sarlux.","og_url":"https:\/\/www.sarlux.saras.it\/it\/ambiente-efficienza-energetica\/","og_site_name":"Sarlux Saras | Refining & Power","article_modified_time":"2025-07-17T07:25:21+00:00","og_image":[{"width":800,"height":600,"url":"https:\/\/www.sarlux.saras.it\/wp-content\/uploads\/2019\/11\/084-DPS_2626-box.jpg","type":"image\/jpeg"}],"twitter_card":"summary_large_image","twitter_image":"https:\/\/www.sarlux.saras.it\/wp-content\/uploads\/2019\/11\/084-DPS_2626-box.jpg","twitter_misc":{"Tempo di lettura stimato":"8 minuti"},"schema":{"@context":"https:\/\/schema.org","@graph":[{"@type":"WebPage","@id":"https:\/\/www.sarlux.saras.it\/it\/ambiente-efficienza-energetica\/","url":"https:\/\/www.sarlux.saras.it\/it\/ambiente-efficienza-energetica\/","name":"Efficienza energetica - Sarlux Saras | Refining & Power","isPartOf":{"@id":"https:\/\/www.sarlux.saras.it\/it\/#website"},"primaryImageOfPage":{"@id":"https:\/\/www.sarlux.saras.it\/it\/ambiente-efficienza-energetica\/#primaryimage"},"image":{"@id":"https:\/\/www.sarlux.saras.it\/it\/ambiente-efficienza-energetica\/#primaryimage"},"thumbnailUrl":"https:\/\/www.sarlux.saras.it\/wp-content\/uploads\/2019\/11\/084-DPS_2626-box.jpg","datePublished":"2018-09-22T19:08:56+00:00","dateModified":"2025-07-17T07:25:21+00:00","description":"La cultura del risparmio energetico. La sfida del risparmio e dell\u2019efficienza energetica nella raffineria Sarlux.","breadcrumb":{"@id":"https:\/\/www.sarlux.saras.it\/it\/ambiente-efficienza-energetica\/#breadcrumb"},"inLanguage":"it-IT","potentialAction":[{"@type":"ReadAction","target":["https:\/\/www.sarlux.saras.it\/it\/ambiente-efficienza-energetica\/"]}]},{"@type":"ImageObject","inLanguage":"it-IT","@id":"https:\/\/www.sarlux.saras.it\/it\/ambiente-efficienza-energetica\/#primaryimage","url":"https:\/\/www.sarlux.saras.it\/wp-content\/uploads\/2019\/11\/084-DPS_2626-box.jpg","contentUrl":"https:\/\/www.sarlux.saras.it\/wp-content\/uploads\/2019\/11\/084-DPS_2626-box.jpg","width":800,"height":600},{"@type":"BreadcrumbList","@id":"https:\/\/www.sarlux.saras.it\/it\/ambiente-efficienza-energetica\/#breadcrumb","itemListElement":[{"@type":"ListItem","position":1,"name":"Home","item":"https:\/\/www.sarlux.saras.it\/it\/"},{"@type":"ListItem","position":2,"name":"Efficienza energetica"}]},{"@type":"WebSite","@id":"https:\/\/www.sarlux.saras.it\/it\/#website","url":"https:\/\/www.sarlux.saras.it\/it\/","name":"Sarlux","description":"","publisher":{"@id":"https:\/\/www.sarlux.saras.it\/it\/#organization"},"potentialAction":[{"@type":"SearchAction","target":{"@type":"EntryPoint","urlTemplate":"https:\/\/www.sarlux.saras.it\/it\/?s={search_term_string}"},"query-input":{"@type":"PropertyValueSpecification","valueRequired":true,"valueName":"search_term_string"}}],"inLanguage":"it-IT"},{"@type":"Organization","@id":"https:\/\/www.sarlux.saras.it\/it\/#organization","name":"Sarlux","url":"https:\/\/www.sarlux.saras.it\/it\/","logo":{"@type":"ImageObject","inLanguage":"it-IT","@id":"https:\/\/www.sarlux.saras.it\/it\/#\/schema\/logo\/image\/","url":"https:\/\/www.sarlux.saras.it\/wp-content\/uploads\/2017\/12\/logo-pc-1.png","contentUrl":"https:\/\/www.sarlux.saras.it\/wp-content\/uploads\/2017\/12\/logo-pc-1.png","width":184,"height":86,"caption":"Sarlux"},"image":{"@id":"https:\/\/www.sarlux.saras.it\/it\/#\/schema\/logo\/image\/"}}]}},"_links":{"self":[{"href":"https:\/\/www.sarlux.saras.it\/it\/wp-json\/wp\/v2\/pages\/527129","targetHints":{"allow":["GET"]}}],"collection":[{"href":"https:\/\/www.sarlux.saras.it\/it\/wp-json\/wp\/v2\/pages"}],"about":[{"href":"https:\/\/www.sarlux.saras.it\/it\/wp-json\/wp\/v2\/types\/page"}],"author":[{"embeddable":true,"href":"https:\/\/www.sarlux.saras.it\/it\/wp-json\/wp\/v2\/users\/2"}],"replies":[{"embeddable":true,"href":"https:\/\/www.sarlux.saras.it\/it\/wp-json\/wp\/v2\/comments?post=527129"}],"version-history":[{"count":174,"href":"https:\/\/www.sarlux.saras.it\/it\/wp-json\/wp\/v2\/pages\/527129\/revisions"}],"predecessor-version":[{"id":547101,"href":"https:\/\/www.sarlux.saras.it\/it\/wp-json\/wp\/v2\/pages\/527129\/revisions\/547101"}],"wp:featuredmedia":[{"embeddable":true,"href":"https:\/\/www.sarlux.saras.it\/it\/wp-json\/wp\/v2\/media\/540711"}],"wp:attachment":[{"href":"https:\/\/www.sarlux.saras.it\/it\/wp-json\/wp\/v2\/media?parent=527129"}],"curies":[{"name":"wp","href":"https:\/\/api.w.org\/{rel}","templated":true}]}}