{"id":532691,"date":"2019-03-05T15:27:52","date_gmt":"2019-03-05T15:27:52","guid":{"rendered":"http:\/\/www.sarlux.saras.it\/?page_id=532691"},"modified":"2024-04-18T06:47:07","modified_gmt":"2024-04-18T06:47:07","slug":"impegno-sociale-valore-per-territorio","status":"publish","type":"page","link":"https:\/\/www.sarlux.saras.it\/it\/impegno-sociale-valore-per-territorio\/","title":{"rendered":"Il valore per il territorio"},"content":{"rendered":"<div class=\"wpb-content-wrapper\"><p>[vc_row full_width=&#8221;stretch_row_content_no_spaces&#8221; css=&#8221;.vc_custom_1551117245884{margin-top: 0px !important;padding-top: 0px !important;background-image: url(https:\/\/www.sarlux.saras.it\/wp-content\/uploads\/2019\/02\/header-valore-Saras-PANORAMICA-SARROCH.jpg?id=533080) !important;background-position: center !important;background-repeat: no-repeat !important;background-size: cover !important;}&#8221;][vc_column][vc_empty_space height=&#8221;90px&#8221;][vc_row_inner][vc_column_inner width=&#8221;1\/12&#8243;][\/vc_column_inner][vc_column_inner width=&#8221;1\/12&#8243;][\/vc_column_inner][vc_column_inner width=&#8221;8\/12&#8243;][vc_column_text css=&#8221;.vc_custom_1576256319379{margin-top: 0px !important;padding-top: 0px !important;padding-bottom: 10px !important;}&#8221;]<\/p>\n<h1 style=\"text-align: center;\"><span style=\"color: #f5f5f5;\"><strong>Il valore per il territorio<\/strong><\/span><\/h1>\n<p>[\/vc_column_text][\/vc_column_inner][vc_column_inner width=&#8221;2\/12&#8243;][\/vc_column_inner][\/vc_row_inner][vc_empty_space height=&#8221;100px&#8221;][vc_row_inner][vc_column_inner width=&#8221;1\/12&#8243;][\/vc_column_inner][vc_column_inner width=&#8221;1\/12&#8243;][vc_column_text css=&#8221;.vc_custom_1579685408317{padding-top: 10px !important;padding-bottom: 10px !important;background-color: #0056a6 !important;border-radius: 5px !important;}&#8221;]<\/p>\n<h6 style=\"text-align: center;\"><span style=\"color: #f5f5f5; font-size: 12px;\">IMPEGNO SOCIALE<\/span><\/h6>\n<p>[\/vc_column_text][\/vc_column_inner][vc_column_inner width=&#8221;8\/12&#8243;][\/vc_column_inner][vc_column_inner width=&#8221;2\/12&#8243;][\/vc_column_inner][\/vc_row_inner][\/vc_column][\/vc_row][vc_row][vc_column][vc_column_text]<\/p>\n<h4><strong>Dal momento della sua fondazione, negli anni Sessanta, il Gruppo Saras \u00e8 stato protagonista di un percorso di crescita, internazionalizzazione e trasformazione costante, accompagnato da un forte radicamento al territorio nazionale e in particolare sardo.<\/strong><\/h4>\n<p>[\/vc_column_text][vc_empty_space height=&#8221;10px&#8221;][\/vc_column][\/vc_row][vc_row][vc_column][vc_column_text]\u00c8 importante cogliere le ricadute economiche che caratterizzano l&#8217;attivit\u00e0 del Gruppo, sia con riferimento alla dimensione nazionale, sia in relazione alla collettivit\u00e0 e ai territori di riferimento che, tra i diversi stakeholder, Saras riconosce come suoi interlocutori di importanza strategica in quanto hanno maggior influenza sul Gruppo e a loro volta ne sono maggiormente condizionati e influenzati.[\/vc_column_text][vc_empty_space][\/vc_column][\/vc_row][vc_row bg_type=&#8221;image&#8221; parallax_style=&#8221;vcpb-vz-jquery&#8221; bg_image_new=&#8221;id^531458|url^https:\/\/www.sarlux.saras.it\/wp-content\/uploads\/2019\/01\/Saras-e-il-territorio-124-.jpg|caption^null|alt^null|title^Saras e il territorio -124-|description^null&#8221; bg_image_repeat=&#8221;no-repeat&#8221;][vc_column][vc_empty_space][vc_column_text]<\/p>\n<h4 style=\"text-align: center;\"><strong><span style=\"color: #f5f5f5;\">La relazione che Saras ha instaurato fin dal principio con il territorio che ha accolto il Gruppo ha caratterizzato lo sviluppo <\/span><\/strong><strong><span style=\"color: #f5f5f5;\">non solo dell\u2019impresa, ma del territorio stesso.<\/span><\/strong><\/h4>\n<p>[\/vc_column_text][vc_empty_space height=&#8221;300px&#8221;][\/vc_column][\/vc_row][vc_row][vc_column][vc_empty_space height=&#8221;16px&#8221;][vc_column_text]<\/p>\n<p class=\"p1\">La ricerca <em>Il valore di Saras per la crescita del territorio<\/em> condotta da The European House \u2013 Ambrosetti si \u00e8 inserita proprio in questo contesto: valutare e misurare il valore creato dal Gruppo Saras in Sardegna e in Italia e comunicarlo in maniera trasparente guardando oltre ai risultati puramente economici.<\/p>\n<p>Lo studio si \u00e8 basato sull\u2019applicazione del modello dei \u201c4 capitali\u201d e delinea <strong>il contributo del Gruppo Saras alla crescita del capitale territoriale, secondo un approccio multidimensionale che tiene conto dell\u2019aspetto economico, sociale e culturale, ambientale e cognitivo \u2013 i quattro capitali appunto \u2013 che contribuiscono a determinare la crescita del capitale territoriale.<\/strong>[\/vc_column_text][\/vc_column][\/vc_row][vc_row disable_element=&#8221;yes&#8221;][vc_column][vc_empty_space][vc_column_text]<\/p>\n<h4 style=\"text-align: left;\"><span style=\"color: #0056a6;\"><strong>Essere innovativi, sostenibili e punto di riferimento tra fornitori di energia.<br \/>\n<\/strong><\/span>Il desiderio e l\u2019esigenza di valorizzare il lavoro che il Gruppo Saras e le sue aziende portano avanti per la crescita del territorio hanno comportato un impegno maggiore nell\u2019attivare un processo di cambiamento del modo di comunicare e di essere percepiti.<\/h4>\n<p>[\/vc_column_text][\/vc_column][\/vc_row][vc_row css=&#8221;.vc_custom_1543504764120{padding-top: 10px !important;}&#8221;][vc_column width=&#8221;1\/4&#8243;][vc_single_image image=&#8221;529967&#8243; img_size=&#8221;full&#8221; alignment=&#8221;center&#8221;]<div id=\"modal-trg-txt-wrap-9563\" class=\"ult-modal-input-wrapper ult-adjust-bottom-margin    \" data-keypress-control=\"keypress-control-enable\" data-overlay-control=\"overlay-control-enable\"><style>\n\t\t\t\t\t.btn-modal.btn-id-69f48abce7a255-30375560:hover {\n\t\t\t\t\t\tbackground-color: #81d742 !important;\n\t\t\t\t\t}\n\t\t\t\t\t<\/style><button  data-ultimate-target='#modal-trg-txt-wrap-9563 .btn-modal'  data-responsive-json-new='{\"font-size\":\"\",\"line-height\":\"\"}'  style=\"background:#fffada;border-color:#fffada;color:#0056a6; \" data-class-id=\"content-69f48abce7a255-30375560\" class=\"btn-modal ult-responsive btn-primary btn-modal-block overlay-show-cornershape ult-align-center btn-id-69f48abce7a255-30375560\" >CAPITALE ECONOMICO<\/button><\/div>\n<div class=\"ult-overlay overlay-cornershape content-69f48abce7a255-30375560 \" style=\"display:none\" data-class=\"content-69f48abce7a255-30375560\" data-path-to=\"m 0,0 1439.999975,0 0,805.99999 -1439.999975,0 z\">\n\t<svg xmlns=\"http:\/\/www.w3.org\/2000\/svg\" width=\"100%\" height=\"100%\" viewBox=\"0 0 1440 806\" preserveAspectRatio=\"none\">\n                \t\t\t\t\t<path class=\"overlay-path\" d=\"m 0,0 1439.999975,0 0,805.99999 0,-805.99999 z\" style=\"fill:rgba(245,245,245,0.8);\"\/>\n            \t\t\t\t\t<\/svg>\n\t<div class=\"ult_modal ult-fade ult-medium\">\n\t\t<div id=\"ult-modal-wrap-1453\" class=\"ult_modal-content ult-hide\" style=\"border-style:dashed;border-width:1px;border-radius:0px;border-color:#0056a6;\">\n\t\t\t<div class=\"ult_modal-header\" style=\"background:#0056a6;color:#ffffff;font-weight:bold;border-color:#0056a6;\">\n\t\t\t\t<h3  data-ultimate-target='#ult-modal-wrap-1453 .ult_modal-title'  data-responsive-json-new='{\"font-size\":\"desktop:24px;\",\"line-height\":\"\"}'  class=\"ult_modal-title ult-responsive\">Capitale economico<\/h3>\n\t\t\t<\/div>\n\t\t\t<div  data-ultimate-target='#ult-modal-wrap-1453 .ult_modal-body'  data-responsive-json-new='{\"font-size\":\"\",\"line-height\":\"\"}'  class=\"ult_modal-body ult-responsive ult-html\" style=\"background:#ffffff;color:#0056a6;\">\n\t\t\tContributo alla generazione di valore economico e finanziario (impatto diretto), allo sviluppo dell\u2019attivit\u00e0 di impresa nelle filiere coinvolte (impatto indiretto) e ai consumi stimolati (impatto indotto) sui territori di riferimento; alla realizzazione e attrazione di investimenti; ad incrementi di produttivit\u00e0; alle esportazioni; al gettito erariale e alle finanze pubbliche.\n\t\t\t<\/div>\n\t<\/div>\n\t<\/div>\n\t<div class=\"ult-overlay-close top-right\" style=\"width:20px;height:20px; background-color: #0056a6;border-radius: 50%;padding:10px;box-sizing: content-box;\"><div class=\"ult-overlay-close-inside\">Close<\/div><\/div>\n<\/div>[\/vc_column][vc_column width=&#8221;1\/4&#8243;][vc_single_image image=&#8221;529957&#8243; img_size=&#8221;full&#8221; alignment=&#8221;center&#8221;]<div id=\"modal-trg-txt-wrap-3859\" class=\"ult-modal-input-wrapper ult-adjust-bottom-margin    \" data-keypress-control=\"keypress-control-enable\" data-overlay-control=\"overlay-control-enable\"><style>\n\t\t\t\t\t.btn-modal.btn-id-69f48abce7aa73-20786052:hover {\n\t\t\t\t\t\tbackground-color: #81d742 !important;\n\t\t\t\t\t}\n\t\t\t\t\t<\/style><button  data-ultimate-target='#modal-trg-txt-wrap-3859 .btn-modal'  data-responsive-json-new='{\"font-size\":\"\",\"line-height\":\"\"}'  style=\"background:#fce0bb;border-color:#fce0bb;color:#0056a6; \" data-class-id=\"content-69f48abce7aa73-20786052\" class=\"btn-modal ult-responsive btn-primary btn-modal-block overlay-show-cornershape ult-align-center btn-id-69f48abce7aa73-20786052\" >CAPITALE SOCIALE<\/button><\/div>\n<div class=\"ult-overlay overlay-cornershape content-69f48abce7aa73-20786052 \" style=\"display:none\" data-class=\"content-69f48abce7aa73-20786052\" data-path-to=\"m 0,0 1439.999975,0 0,805.99999 -1439.999975,0 z\">\n\t<svg xmlns=\"http:\/\/www.w3.org\/2000\/svg\" width=\"100%\" height=\"100%\" viewBox=\"0 0 1440 806\" preserveAspectRatio=\"none\">\n                \t\t\t\t\t<path class=\"overlay-path\" d=\"m 0,0 1439.999975,0 0,805.99999 0,-805.99999 z\" style=\"fill:rgba(245,245,245,0.8);\"\/>\n            \t\t\t\t\t<\/svg>\n\t<div class=\"ult_modal ult-fade ult-medium\">\n\t\t<div id=\"ult-modal-wrap-2046\" class=\"ult_modal-content ult-hide\" style=\"border-style:dashed;border-width:1px;border-radius:0px;border-color:#0056a6;\">\n\t\t\t<div class=\"ult_modal-header\" style=\"background:#0056a6;color:#ffffff;font-weight:bold;border-color:#0056a6;\">\n\t\t\t\t<div class=\"modal-icon\"><i class=\"Defaults-arrow-down\"><\/i><\/div><h3  data-ultimate-target='#ult-modal-wrap-2046 .ult_modal-title'  data-responsive-json-new='{\"font-size\":\"desktop:24px;\",\"line-height\":\"\"}'  class=\"ult_modal-title ult-responsive\">Capitale sociale e culturale<\/h3>\n\t\t\t<\/div>\n\t\t\t<div  data-ultimate-target='#ult-modal-wrap-2046 .ult_modal-body'  data-responsive-json-new='{\"font-size\":\"\",\"line-height\":\"\"}'  class=\"ult_modal-body ult-responsive ult-html\" style=\"background:#ffffff;color:#0056a6;\">\n\t\t\tContributo all\u2019occupazione (direttamente e indirettamente), alla qualit\u00e0 dell\u2019occupazione, alla conciliazione tra vita e lavoro, al benessere delle persone impiegate e delle loro famiglie; alla qualit\u00e0 della vita, inclusione e integrazione sociale; alla partecipazione e condivisione di valori collettivi.\n\t\t\t<\/div>\n\t<\/div>\n\t<\/div>\n\t<div class=\"ult-overlay-close top-right\" style=\"width:20px;height:20px; background-color: #0056a6;border-radius: 50%;padding:10px;box-sizing: content-box;\"><div class=\"ult-overlay-close-inside\">Close<\/div><\/div>\n<\/div>[\/vc_column][vc_column width=&#8221;1\/4&#8243;][vc_single_image image=&#8221;529963&#8243; img_size=&#8221;full&#8221; alignment=&#8221;center&#8221;]<div id=\"modal-trg-txt-wrap-8476\" class=\"ult-modal-input-wrapper ult-adjust-bottom-margin    \" data-keypress-control=\"keypress-control-enable\" data-overlay-control=\"overlay-control-enable\"><style>\n\t\t\t\t\t.btn-modal.btn-id-69f48abce7b0f9-91866252:hover {\n\t\t\t\t\t\tbackground-color: #81d742 !important;\n\t\t\t\t\t}\n\t\t\t\t\t<\/style><button  data-ultimate-target='#modal-trg-txt-wrap-8476 .btn-modal'  data-responsive-json-new='{\"font-size\":\"\",\"line-height\":\"\"}'  style=\"background:#c9e6e7;border-color:#c9e6e7;color:#0056a6; \" data-class-id=\"content-69f48abce7b0f9-91866252\" class=\"btn-modal ult-responsive btn-primary btn-modal-block overlay-show-cornershape ult-align-center btn-id-69f48abce7b0f9-91866252\" >CAPITALE AMBIENTALE<\/button><\/div>\n<div class=\"ult-overlay overlay-cornershape content-69f48abce7b0f9-91866252 \" style=\"display:none\" data-class=\"content-69f48abce7b0f9-91866252\" data-path-to=\"m 0,0 1439.999975,0 0,805.99999 -1439.999975,0 z\">\n\t<svg xmlns=\"http:\/\/www.w3.org\/2000\/svg\" width=\"100%\" height=\"100%\" viewBox=\"0 0 1440 806\" preserveAspectRatio=\"none\">\n                \t\t\t\t\t<path class=\"overlay-path\" d=\"m 0,0 1439.999975,0 0,805.99999 0,-805.99999 z\" style=\"fill:rgba(245,245,245,0.8);\"\/>\n            \t\t\t\t\t<\/svg>\n\t<div class=\"ult_modal ult-fade ult-medium\">\n\t\t<div id=\"ult-modal-wrap-3097\" class=\"ult_modal-content ult-hide\" style=\"border-style:dashed;border-width:1px;border-radius:0px;border-color:#0056a6;\">\n\t\t\t<div class=\"ult_modal-header\" style=\"background:#0056a6;color:#ffffff;font-weight:bold;border-color:#0056a6;\">\n\t\t\t\t<h3  data-ultimate-target='#ult-modal-wrap-3097 .ult_modal-title'  data-responsive-json-new='{\"font-size\":\"desktop:24px;\",\"line-height\":\"\"}'  class=\"ult_modal-title ult-responsive\">Capitale ambientale<\/h3>\n\t\t\t<\/div>\n\t\t\t<div  data-ultimate-target='#ult-modal-wrap-3097 .ult_modal-body'  data-responsive-json-new='{\"font-size\":\"\",\"line-height\":\"\"}'  class=\"ult_modal-body ult-responsive ult-html\" style=\"background:#ffffff;color:#0056a6;\">\n\t\t\tContributo al mantenimento dell\u2019integrit\u00e0 del territorio e dell\u2019ecosistema; alla capacit\u00e0 di ridurre i consumi di acqua ed energia; alla riduzione delle emissioni inquinanti e di gas clima-alteranti; alla gestione ottimizzata dei rifiuti.\n\t\t\t<\/div>\n\t<\/div>\n\t<\/div>\n\t<div class=\"ult-overlay-close top-right\" style=\"width:20px;height:20px; background-color: #0056a6;border-radius: 50%;padding:10px;box-sizing: content-box;\"><div class=\"ult-overlay-close-inside\">Close<\/div><\/div>\n<\/div>[\/vc_column][vc_column width=&#8221;1\/4&#8243;][vc_single_image image=&#8221;529952&#8243; img_size=&#8221;full&#8221; alignment=&#8221;center&#8221;]<div id=\"modal-trg-txt-wrap-6121\" class=\"ult-modal-input-wrapper ult-adjust-bottom-margin    \" data-keypress-control=\"keypress-control-enable\" data-overlay-control=\"overlay-control-enable\"><style>\n\t\t\t\t\t.btn-modal.btn-id-69f48abce7b6e1-15714926:hover {\n\t\t\t\t\t\tbackground-color: #81d742 !important;\n\t\t\t\t\t}\n\t\t\t\t\t<\/style><button  data-ultimate-target='#modal-trg-txt-wrap-6121 .btn-modal'  data-responsive-json-new='{\"font-size\":\"\",\"line-height\":\"\"}'  style=\"background:#cedcee;border-color:#cedcee;color:#0056a6; \" data-class-id=\"content-69f48abce7b6e1-15714926\" class=\"btn-modal ult-responsive btn-primary btn-modal-block overlay-show-cornershape ult-align-center btn-id-69f48abce7b6e1-15714926\" >CAPITALE COGNITIVO<\/button><\/div>\n<div class=\"ult-overlay overlay-cornershape content-69f48abce7b6e1-15714926 \" style=\"display:none\" data-class=\"content-69f48abce7b6e1-15714926\" data-path-to=\"m 0,0 1439.999975,0 0,805.99999 -1439.999975,0 z\">\n\t<svg xmlns=\"http:\/\/www.w3.org\/2000\/svg\" width=\"100%\" height=\"100%\" viewBox=\"0 0 1440 806\" preserveAspectRatio=\"none\">\n                \t\t\t\t\t<path class=\"overlay-path\" d=\"m 0,0 1439.999975,0 0,805.99999 0,-805.99999 z\" style=\"fill:rgba(245,245,245,0.8);\"\/>\n            \t\t\t\t\t<\/svg>\n\t<div class=\"ult_modal ult-fade ult-medium\">\n\t\t<div id=\"ult-modal-wrap-3909\" class=\"ult_modal-content ult-hide\" style=\"border-style:dashed;border-width:1px;border-radius:0px;border-color:#0056a6;\">\n\t\t\t<div class=\"ult_modal-header\" style=\"background:#0056a6;color:#ffffff;font-weight:bold;border-color:#0056a6;\">\n\t\t\t\t<h3  data-ultimate-target='#ult-modal-wrap-3909 .ult_modal-title'  data-responsive-json-new='{\"font-size\":\"desktop:24px;\",\"line-height\":\"\"}'  class=\"ult_modal-title ult-responsive\">Capitale cognitivo<\/h3>\n\t\t\t<\/div>\n\t\t\t<div  data-ultimate-target='#ult-modal-wrap-3909 .ult_modal-body'  data-responsive-json-new='{\"font-size\":\"\",\"line-height\":\"\"}'  class=\"ult_modal-body ult-responsive ult-html\" style=\"background:#ffffff;color:#0056a6;\">\n\t\t\tContributo al sistema dell\u2019istruzione e della formazione e all\u2019attrazione e mantenimento di conoscenze e competenze; al sistema della ricerca e allo sviluppo e applicazione di innovazione e nuove tecnologie; allo sviluppo dell\u2019Open Innovation e collaborazioni tra sistema pubblico e privato.\n\t\t\t<\/div>\n\t<\/div>\n\t<\/div>\n\t<div class=\"ult-overlay-close top-right\" style=\"width:20px;height:20px; background-color: #0056a6;border-radius: 50%;padding:10px;box-sizing: content-box;\"><div class=\"ult-overlay-close-inside\">Close<\/div><\/div>\n<\/div>[\/vc_column][\/vc_row][vc_row css=&#8221;.vc_custom_1543496442988{padding-top: 36px !important;}&#8221;][vc_column][vc_empty_space height=&#8221;36px&#8221;][vc_column_text css=&#8221;.vc_custom_1580912752407{border-bottom-width: 1px !important;padding-bottom: 5px !important;border-bottom-color: #0056a6 !important;border-bottom-style: solid !important;}&#8221;]<\/p>\n<h3 style=\"text-align: left;\">CAPACIT\u00c0 DI RESILIENZA E DI VISIONE<\/h3>\n<p>[\/vc_column_text][vc_column_text]Negli anni pi\u00f9 difficili per la raffinazione europea (2009-2014) Saras ha mostrato non solo capacit\u00e0 di resilienza ma anche di visione investendo per mantenere il proprio ruolo primario nel panorama della raffinazione.[\/vc_column_text][vc_empty_space height=&#8221;10px&#8221;][\/vc_column][\/vc_row][vc_row css=&#8221;.vc_custom_1543496886177{padding-top: 10px !important;}&#8221;][vc_column width=&#8221;1\/2&#8243;][vc_column_text]<\/p>\n<p style=\"text-align: center;\"><iframe loading=\"lazy\" src=\"https:\/\/www.youtube-nocookie.com\/embed\/zJZB5SvbhHU?rel=0\" width=\"560\" height=\"315\" frameborder=\"0\" allowfullscreen=\"allowfullscreen\"><\/iframe><\/p>\n<p>[\/vc_column_text][\/vc_column][vc_column width=&#8221;1\/2&#8243;][vc_column_text]Saras \u00e8 una delle aziende pi\u00f9 grandi d\u2019Italia per fatturato e <strong>la pi\u00f9 grande azienda della Sardegna<\/strong>, la seconda per numero di occupati: <strong>il 90 per cento della forza lavoro di Saras lavora in Sardegna<\/strong>.<\/p>\n<p>Le esportazioni di Saras rappresentano in media <strong>l\u201982 per cento delle esportazioni di tutta la Sardegna.<\/strong><\/p>\n<p><strong>Saras paga le tasse in Sardegna<\/strong> e, nel 2018, ha contribuito alle finanze pubbliche regionali con <strong>456 milioni\u00a0di euro<\/strong>, il <strong>5 per cento<\/strong> del bilancio della Regione Sardegna.<\/p>\n<p>Ogni scenario alternativo al business della raffinazione operato dall\u2019azienda comporterebbe un rilevante impoverimento per il territorio sardo.[\/vc_column_text][\/vc_column][\/vc_row][vc_row disable_element=&#8221;yes&#8221; css=&#8221;.vc_custom_1611159304546{padding-top: 10px !important;}&#8221;][vc_column][vc_column_text]In un contesto nazionale di investimenti in calo, sia pubblici sia privati, l\u2019azienda si \u00e8 distinta in maniera virtuosa contribuendo in misura rilevante alla crescita dell\u2019economia locale e nazionale: oltre 2 miliardi di euro in 12 anni e <strong>oltre 820 milioni previsti nel periodo 2019-22<\/strong> (+40%) concentrati soprattutto <strong>sulla sicurezza, l\u2019ambiente e la digitalizzazione dei processi<\/strong>.<\/p>\n<p>Nella sola provincia di Cagliari, Saras ha realizzato un valore aggiunto pari a quasi <strong>700 milioni di euro<\/strong> nel 2015 (il 77 per cento del valore aggiunto dell\u2019intero comparto manifatturiero di Cagliari).<\/p>\n<p>Saras, inoltre, contribuisce al <strong>sostegno di diverse filiere economiche della Sardegna<\/strong>: il valore delle forniture di beni e servizi in Sardegna \u00e8 pari a <strong>237 milioni di euro<\/strong>, di cui il 98% nella sola provincia di Cagliari.[\/vc_column_text][\/vc_column][\/vc_row][vc_row][vc_column][vc_empty_space][\/vc_column][\/vc_row][vc_row bg_type=&#8221;grad&#8221; bg_grad=&#8221;background: -webkit-gradient(linear, left top, left bottom, color-stop(0%, #DBDBDB), color-stop(40%, #FFFFFF), color-stop(60%, #FFFFFF), color-stop(100%, #DBDBDB));background: -moz-linear-gradient(left,#DBDBDB 0%,#FFFFFF 40%,#FFFFFF 60%,#DBDBDB 100%);background: -webkit-linear-gradient(left,#DBDBDB 0%,#FFFFFF 40%,#FFFFFF 60%,#DBDBDB 100%);background: -o-linear-gradient(left,#DBDBDB 0%,#FFFFFF 40%,#FFFFFF 60%,#DBDBDB 100%);background: -ms-linear-gradient(left,#DBDBDB 0%,#FFFFFF 40%,#FFFFFF 60%,#DBDBDB 100%);background: linear-gradient(left,#DBDBDB 0%,#FFFFFF 40%,#FFFFFF 60%,#DBDBDB 100%);&#8221;][vc_column][vc_column_text]<\/p>\n<h5 style=\"text-align: center;\"><strong>Sommando ai contributi diretti la componente indiretta e quella indotta,<\/strong><br \/>\n<strong>il contributo di Saras all\u2019attivazione dell\u2019economia sarda supera i 456 milioni di euro.<\/strong><\/h5>\n<p>[\/vc_column_text][vc_empty_space height=&#8221;10px&#8221;][\/vc_column][\/vc_row][vc_row][vc_column][vc_separator color=&#8221;custom&#8221; accent_color=&#8221;#0056a6&#8243;][vc_column_text]<\/p>\n<h6><span style=\"font-size: 12px;\">Fonte: <\/span><span style=\"font-size: 12px;\">Sapersi trasformare per rimanere vincenti, 2018, The European House \u2013 Ambrosetti (TEH-A)<\/span><\/h6>\n<p>[\/vc_column_text][vc_empty_space][\/vc_column][\/vc_row][vc_row][vc_column][vc_icon icon_fontawesome=&#8221;fa fa-cog&#8221; size=&#8221;sm&#8221; align=&#8221;center&#8221;][vc_empty_space height=&#8221;16px&#8221;][vc_single_image image=&#8221;529994&#8243; img_size=&#8221;full&#8221; alignment=&#8221;center&#8221;][vc_empty_space height=&#8221;64px&#8221;][\/vc_column][\/vc_row][vc_row][vc_column][vc_column_text css=&#8221;.vc_custom_1578960566441{border-bottom-width: 1px !important;padding-top: 0px !important;padding-bottom: 4px !important;border-bottom-color: #0056a6 !important;border-bottom-style: solid !important;}&#8221;]<\/p>\n<h4 style=\"text-align: left;\">Pagine correlate<\/h4>\n<p>[\/vc_column_text][\/vc_column][\/vc_row][vc_row][vc_column width=&#8221;1\/4&#8243;]\n<div id=\"interactive-banner-1-wrap-1753\" class=\"ult-banner-block ult-adjust-bottom-margin ult-bb-box  banner-style11 \"   style=\"\">\n\t<img decoding=\"async\" src=\"https:\/\/www.sarlux.saras.it\/wp-content\/uploads\/2020\/01\/territorio-Sarlux-Saras-IB-378.jpg\" alt=\"null\">\n\t<h3  data-ultimate-target='#interactive-banner-1-wrap-1753 .bb-top-title '  data-responsive-json-new='{\"font-size\":\"\",\"line-height\":\"\"}'  class=\"title-center bb-top-title ult-responsive\" style=\"font-weight:normal;background:#0056a6;color:#ffffff;\">PROGETTI PER IL TERRITORIO<\/h3>\n\t<div class=\"mask opaque-background\" style=\"background:#0056a6;\">\n\t\t<div  data-ultimate-target='#interactive-banner-1-wrap-1753 .bb-description'  data-responsive-json-new='{\"font-size\":\"desktop:12px;\",\"line-height\":\"\"}'  class=\"bb-description ult-responsive\" style=\"font-weight:normal;color:#ffffff;\">Sarlux ha un dialogo costante con il territorio, si impegna per la salvaguardia dell\u2019ambiente e supporta iniziative per lo sviluppo sociale, economico e culturale della comunit\u00e0 intorno a Sarroch.<\/div>\n\t<\/div><a class=\"bb-link\" href=\"https:\/\/www.sarlux.saras.it\/it\/impegno-sociale-territorio\/\" title=\"Educazione\" ><\/a>\n<\/div>[\/vc_column][vc_column width=&#8221;1\/4&#8243;]\n<div id=\"interactive-banner-1-wrap-6164\" class=\"ult-banner-block ult-adjust-bottom-margin ult-bb-box  banner-style11 \"   style=\"\">\n\t<img decoding=\"async\" src=\"https:\/\/www.sarlux.saras.it\/wp-content\/uploads\/2019\/10\/futuri-ingegneri-e-turbina-taglio-box.jpg\" alt=\"null\">\n\t<h3  data-ultimate-target='#interactive-banner-1-wrap-6164 .bb-top-title '  data-responsive-json-new='{\"font-size\":\"\",\"line-height\":\"\"}'  class=\"title-center bb-top-title ult-responsive\" style=\"font-weight:normal;background:#0056a6;color:#ffffff;\">PROGETTI PER LA SCUOLA<\/h3>\n\t<div class=\"mask opaque-background\" style=\"background:#0056a6;\">\n\t\t<div  data-ultimate-target='#interactive-banner-1-wrap-6164 .bb-description'  data-responsive-json-new='{\"font-size\":\"desktop:12px;\",\"line-height\":\"\"}'  class=\"bb-description ult-responsive\" style=\"font-weight:normal;color:#ffffff;\">Creare un ponte tra studenti e impresa, condividere con i giovani le competenze tecniche e manageriali del personale Sarlux, acquisite nel corso di oltre cinquant\u2019anni di storia industriale.<\/div>\n\t<\/div><a class=\"bb-link\" href=\"https:\/\/www.sarlux.saras.it\/it\/impegno-sociale-scuola\/\" title=\"Educazione\" ><\/a>\n<\/div>[\/vc_column][vc_column width=&#8221;1\/4&#8243;]\n<div id=\"interactive-banner-1-wrap-7282\" class=\"ult-banner-block ult-adjust-bottom-margin ult-bb-box  banner-style11 \"   style=\"\">\n\t<img decoding=\"async\" src=\"https:\/\/www.sarlux.saras.it\/wp-content\/uploads\/2019\/10\/sport-cagliari-football-academy-taglio-box.jpg\" alt=\"null\">\n\t<h3  data-ultimate-target='#interactive-banner-1-wrap-7282 .bb-top-title '  data-responsive-json-new='{\"font-size\":\"\",\"line-height\":\"\"}'  class=\"title-center bb-top-title ult-responsive\" style=\"font-weight:normal;background:#0056a6;color:#ffffff;\">PROGETTI PER LO SPORT<\/h3>\n\t<div class=\"mask opaque-background\" style=\"background:#0056a6;\">\n\t\t<div  data-ultimate-target='#interactive-banner-1-wrap-7282 .bb-description'  data-responsive-json-new='{\"font-size\":\"desktop:12px;\",\"line-height\":\"\"}'  class=\"bb-description ult-responsive\" style=\"font-weight:normal;color:#ffffff;\">Lealt\u00e0, rispetto, inclusivit\u00e0 e sicurezza, Saras promuove la cultura dello sport.<\/div>\n\t<\/div><a class=\"bb-link\" href=\"https:\/\/www.sarlux.saras.it\/it\/impegno-sociale-sport\/\" title=\"Sport\" ><\/a>\n<\/div>[\/vc_column][vc_column width=&#8221;1\/4&#8243;]\n<div id=\"interactive-banner-1-wrap-5428\" class=\"ult-banner-block ult-adjust-bottom-margin ult-bb-box  banner-style11 \"   style=\"\">\n\t<img decoding=\"async\" src=\"https:\/\/www.sarlux.saras.it\/wp-content\/uploads\/2021\/02\/Sarlux-territorio-covid-IB-199.jpg\" alt=\"null\">\n\t<h3  data-ultimate-target='#interactive-banner-1-wrap-5428 .bb-top-title '  data-responsive-json-new='{\"font-size\":\"\",\"line-height\":\"\"}'  class=\"title-center bb-top-title ult-responsive\" style=\"font-weight:normal;background:#0056a6;color:#ffffff;\">DURANTE IL COVID19<\/h3>\n\t<div class=\"mask opaque-background\" style=\"background:#0056a6;\">\n\t\t<div  data-ultimate-target='#interactive-banner-1-wrap-5428 .bb-description'  data-responsive-json-new='{\"font-size\":\"desktop:12px;\",\"line-height\":\"\"}'  class=\"bb-description ult-responsive\" style=\"font-weight:normal;color:#ffffff;\">L\u2019impegno e la responsabilit\u00e0 sociale di Sarlux durante l\u2019emergenza coronavirus si sono focalizzati su tre aspetti principali: la tutela della salute delle proprie persone, la garanzia di servizi essenziali alla collettivit\u00e0, le iniziative di solidariet\u00e0.<\/div>\n\t<\/div><a class=\"bb-link\" href=\"https:\/\/www.sarlux.saras.it\/it\/sarlux-e-il-territorio-durante-il-covid19\/\" title=\"Impegno sociale\" ><\/a>\n<\/div>[\/vc_column][\/vc_row][vc_row][vc_column][vc_empty_space][vc_icon icon_fontawesome=&#8221;fa fa-cog&#8221; align=&#8221;center&#8221;][vc_empty_space height=&#8221;64px&#8221;][\/vc_column][\/vc_row]<\/p>\n<\/div>","protected":false},"excerpt":{"rendered":"<p>[vc_row full_width=&#8221;stretch_row_content_no_spaces&#8221; css=&#8221;.vc_custom_1551117245884{margin-top: 0px !important;padding-top: 0px !important;background-image: url(https:\/\/www.sarlux.saras.it\/wp-content\/uploads\/2019\/02\/header-valore-Saras-PANORAMICA-SARROCH.jpg?id=533080) !important;background-position: center !important;background-repeat: no-repeat !important;background-size: cover !important;}&#8221;][vc_column][vc_empty_space height=&#8221;90px&#8221;][vc_row_inner][vc_column_inner width=&#8221;1\/12&#8243;][\/vc_column_inner][vc_column_inner width=&#8221;1\/12&#8243;][\/vc_column_inner][vc_column_inner width=&#8221;8\/12&#8243;][vc_column_text css=&#8221;.vc_custom_1576256319379{margin-top: 0px !important;padding-top: 0px !important;padding-bottom: 10px !important;}&#8221;]<span class=\"excerpt-hellip\"> [\u2026]<\/span><\/p>\n","protected":false},"author":2,"featured_media":533383,"parent":0,"menu_order":0,"comment_status":"closed","ping_status":"closed","template":"","meta":{"_acf_changed":false,"inline_featured_image":false,"footnotes":""},"class_list":["post-532691","page","type-page","status-publish","has-post-thumbnail","hentry"],"acf":[],"yoast_head":"<!-- This site is optimized with the Yoast SEO plugin v27.3 - https:\/\/yoast.com\/product\/yoast-seo-wordpress\/ -->\n<title>Il valore per il territorio - Sarlux Saras | Refining &amp; Power<\/title>\n<meta name=\"description\" content=\"Il Gruppo Saras \u00e8 protagonista di un percorso di crescita e internazionalizzazione unito al forte radicamento al territorio nazionale e in particolare sardo.\" \/>\n<meta name=\"robots\" content=\"index, follow, max-snippet:-1, max-image-preview:large, max-video-preview:-1\" \/>\n<link rel=\"canonical\" href=\"https:\/\/www.sarlux.saras.it\/it\/impegno-sociale-valore-per-territorio\/\" \/>\n<meta property=\"og:locale\" content=\"it_IT\" \/>\n<meta property=\"og:type\" content=\"article\" \/>\n<meta property=\"og:title\" content=\"Il valore per il territorio - Sarlux Saras | Refining &amp; Power\" \/>\n<meta property=\"og:description\" content=\"Il Gruppo Saras \u00e8 protagonista di un percorso di crescita e internazionalizzazione unito al forte radicamento al territorio nazionale e in particolare sardo.\" \/>\n<meta property=\"og:url\" content=\"https:\/\/www.sarlux.saras.it\/it\/impegno-sociale-valore-per-territorio\/\" \/>\n<meta property=\"og:site_name\" content=\"Sarlux Saras | Refining &amp; Power\" \/>\n<meta property=\"article:modified_time\" content=\"2024-04-18T06:47:07+00:00\" \/>\n<meta property=\"og:image\" content=\"https:\/\/www.sarlux.saras.it\/wp-content\/uploads\/2018\/06\/impegno-sociale.jpg\" \/>\n\t<meta property=\"og:image:width\" content=\"2046\" \/>\n\t<meta property=\"og:image:height\" content=\"700\" \/>\n\t<meta property=\"og:image:type\" content=\"image\/jpeg\" \/>\n<meta name=\"twitter:card\" content=\"summary_large_image\" \/>\n<meta name=\"twitter:image\" content=\"https:\/\/www.sarlux.saras.it\/wp-content\/uploads\/2018\/06\/impegno-sociale.jpg\" \/>\n<meta name=\"twitter:label1\" content=\"Tempo di lettura stimato\" \/>\n\t<meta name=\"twitter:data1\" content=\"7 minuti\" \/>\n<script type=\"application\/ld+json\" class=\"yoast-schema-graph\">{\"@context\":\"https:\\\/\\\/schema.org\",\"@graph\":[{\"@type\":\"WebPage\",\"@id\":\"https:\\\/\\\/www.sarlux.saras.it\\\/it\\\/impegno-sociale-valore-per-territorio\\\/\",\"url\":\"https:\\\/\\\/www.sarlux.saras.it\\\/it\\\/impegno-sociale-valore-per-territorio\\\/\",\"name\":\"Il valore per il territorio - Sarlux Saras | Refining & Power\",\"isPartOf\":{\"@id\":\"https:\\\/\\\/www.sarlux.saras.it\\\/it\\\/#website\"},\"primaryImageOfPage\":{\"@id\":\"https:\\\/\\\/www.sarlux.saras.it\\\/it\\\/impegno-sociale-valore-per-territorio\\\/#primaryimage\"},\"image\":{\"@id\":\"https:\\\/\\\/www.sarlux.saras.it\\\/it\\\/impegno-sociale-valore-per-territorio\\\/#primaryimage\"},\"thumbnailUrl\":\"https:\\\/\\\/www.sarlux.saras.it\\\/wp-content\\\/uploads\\\/2019\\\/03\\\/valore-di-Saras-Sarlux.jpg\",\"datePublished\":\"2019-03-05T15:27:52+00:00\",\"dateModified\":\"2024-04-18T06:47:07+00:00\",\"description\":\"Il Gruppo Saras \u00e8 protagonista di un percorso di crescita e internazionalizzazione unito al forte radicamento al territorio nazionale e in particolare sardo.\",\"breadcrumb\":{\"@id\":\"https:\\\/\\\/www.sarlux.saras.it\\\/it\\\/impegno-sociale-valore-per-territorio\\\/#breadcrumb\"},\"inLanguage\":\"it-IT\",\"potentialAction\":[{\"@type\":\"ReadAction\",\"target\":[\"https:\\\/\\\/www.sarlux.saras.it\\\/it\\\/impegno-sociale-valore-per-territorio\\\/\"]}]},{\"@type\":\"ImageObject\",\"inLanguage\":\"it-IT\",\"@id\":\"https:\\\/\\\/www.sarlux.saras.it\\\/it\\\/impegno-sociale-valore-per-territorio\\\/#primaryimage\",\"url\":\"https:\\\/\\\/www.sarlux.saras.it\\\/wp-content\\\/uploads\\\/2019\\\/03\\\/valore-di-Saras-Sarlux.jpg\",\"contentUrl\":\"https:\\\/\\\/www.sarlux.saras.it\\\/wp-content\\\/uploads\\\/2019\\\/03\\\/valore-di-Saras-Sarlux.jpg\",\"width\":800,\"height\":400},{\"@type\":\"BreadcrumbList\",\"@id\":\"https:\\\/\\\/www.sarlux.saras.it\\\/it\\\/impegno-sociale-valore-per-territorio\\\/#breadcrumb\",\"itemListElement\":[{\"@type\":\"ListItem\",\"position\":1,\"name\":\"Home\",\"item\":\"https:\\\/\\\/www.sarlux.saras.it\\\/it\\\/\"},{\"@type\":\"ListItem\",\"position\":2,\"name\":\"Il valore per il territorio\"}]},{\"@type\":\"WebSite\",\"@id\":\"https:\\\/\\\/www.sarlux.saras.it\\\/it\\\/#website\",\"url\":\"https:\\\/\\\/www.sarlux.saras.it\\\/it\\\/\",\"name\":\"Sarlux\",\"description\":\"\",\"publisher\":{\"@id\":\"https:\\\/\\\/www.sarlux.saras.it\\\/it\\\/#organization\"},\"potentialAction\":[{\"@type\":\"SearchAction\",\"target\":{\"@type\":\"EntryPoint\",\"urlTemplate\":\"https:\\\/\\\/www.sarlux.saras.it\\\/it\\\/?s={search_term_string}\"},\"query-input\":{\"@type\":\"PropertyValueSpecification\",\"valueRequired\":true,\"valueName\":\"search_term_string\"}}],\"inLanguage\":\"it-IT\"},{\"@type\":\"Organization\",\"@id\":\"https:\\\/\\\/www.sarlux.saras.it\\\/it\\\/#organization\",\"name\":\"Sarlux\",\"url\":\"https:\\\/\\\/www.sarlux.saras.it\\\/it\\\/\",\"logo\":{\"@type\":\"ImageObject\",\"inLanguage\":\"it-IT\",\"@id\":\"https:\\\/\\\/www.sarlux.saras.it\\\/it\\\/#\\\/schema\\\/logo\\\/image\\\/\",\"url\":\"https:\\\/\\\/www.sarlux.saras.it\\\/wp-content\\\/uploads\\\/2017\\\/12\\\/logo-pc-1.png\",\"contentUrl\":\"https:\\\/\\\/www.sarlux.saras.it\\\/wp-content\\\/uploads\\\/2017\\\/12\\\/logo-pc-1.png\",\"width\":184,\"height\":86,\"caption\":\"Sarlux\"},\"image\":{\"@id\":\"https:\\\/\\\/www.sarlux.saras.it\\\/it\\\/#\\\/schema\\\/logo\\\/image\\\/\"}}]}<\/script>\n<!-- \/ Yoast SEO plugin. -->","yoast_head_json":{"title":"Il valore per il territorio - Sarlux Saras | Refining & Power","description":"Il Gruppo Saras \u00e8 protagonista di un percorso di crescita e internazionalizzazione unito al forte radicamento al territorio nazionale e in particolare sardo.","robots":{"index":"index","follow":"follow","max-snippet":"max-snippet:-1","max-image-preview":"max-image-preview:large","max-video-preview":"max-video-preview:-1"},"canonical":"https:\/\/www.sarlux.saras.it\/it\/impegno-sociale-valore-per-territorio\/","og_locale":"it_IT","og_type":"article","og_title":"Il valore per il territorio - Sarlux Saras | Refining & Power","og_description":"Il Gruppo Saras \u00e8 protagonista di un percorso di crescita e internazionalizzazione unito al forte radicamento al territorio nazionale e in particolare sardo.","og_url":"https:\/\/www.sarlux.saras.it\/it\/impegno-sociale-valore-per-territorio\/","og_site_name":"Sarlux Saras | Refining & Power","article_modified_time":"2024-04-18T06:47:07+00:00","og_image":[{"width":2046,"height":700,"url":"https:\/\/www.sarlux.saras.it\/wp-content\/uploads\/2018\/06\/impegno-sociale.jpg","type":"image\/jpeg"}],"twitter_card":"summary_large_image","twitter_image":"https:\/\/www.sarlux.saras.it\/wp-content\/uploads\/2018\/06\/impegno-sociale.jpg","twitter_misc":{"Tempo di lettura stimato":"7 minuti"},"schema":{"@context":"https:\/\/schema.org","@graph":[{"@type":"WebPage","@id":"https:\/\/www.sarlux.saras.it\/it\/impegno-sociale-valore-per-territorio\/","url":"https:\/\/www.sarlux.saras.it\/it\/impegno-sociale-valore-per-territorio\/","name":"Il valore per il territorio - Sarlux Saras | Refining & Power","isPartOf":{"@id":"https:\/\/www.sarlux.saras.it\/it\/#website"},"primaryImageOfPage":{"@id":"https:\/\/www.sarlux.saras.it\/it\/impegno-sociale-valore-per-territorio\/#primaryimage"},"image":{"@id":"https:\/\/www.sarlux.saras.it\/it\/impegno-sociale-valore-per-territorio\/#primaryimage"},"thumbnailUrl":"https:\/\/www.sarlux.saras.it\/wp-content\/uploads\/2019\/03\/valore-di-Saras-Sarlux.jpg","datePublished":"2019-03-05T15:27:52+00:00","dateModified":"2024-04-18T06:47:07+00:00","description":"Il Gruppo Saras \u00e8 protagonista di un percorso di crescita e internazionalizzazione unito al forte radicamento al territorio nazionale e in particolare sardo.","breadcrumb":{"@id":"https:\/\/www.sarlux.saras.it\/it\/impegno-sociale-valore-per-territorio\/#breadcrumb"},"inLanguage":"it-IT","potentialAction":[{"@type":"ReadAction","target":["https:\/\/www.sarlux.saras.it\/it\/impegno-sociale-valore-per-territorio\/"]}]},{"@type":"ImageObject","inLanguage":"it-IT","@id":"https:\/\/www.sarlux.saras.it\/it\/impegno-sociale-valore-per-territorio\/#primaryimage","url":"https:\/\/www.sarlux.saras.it\/wp-content\/uploads\/2019\/03\/valore-di-Saras-Sarlux.jpg","contentUrl":"https:\/\/www.sarlux.saras.it\/wp-content\/uploads\/2019\/03\/valore-di-Saras-Sarlux.jpg","width":800,"height":400},{"@type":"BreadcrumbList","@id":"https:\/\/www.sarlux.saras.it\/it\/impegno-sociale-valore-per-territorio\/#breadcrumb","itemListElement":[{"@type":"ListItem","position":1,"name":"Home","item":"https:\/\/www.sarlux.saras.it\/it\/"},{"@type":"ListItem","position":2,"name":"Il valore per il territorio"}]},{"@type":"WebSite","@id":"https:\/\/www.sarlux.saras.it\/it\/#website","url":"https:\/\/www.sarlux.saras.it\/it\/","name":"Sarlux","description":"","publisher":{"@id":"https:\/\/www.sarlux.saras.it\/it\/#organization"},"potentialAction":[{"@type":"SearchAction","target":{"@type":"EntryPoint","urlTemplate":"https:\/\/www.sarlux.saras.it\/it\/?s={search_term_string}"},"query-input":{"@type":"PropertyValueSpecification","valueRequired":true,"valueName":"search_term_string"}}],"inLanguage":"it-IT"},{"@type":"Organization","@id":"https:\/\/www.sarlux.saras.it\/it\/#organization","name":"Sarlux","url":"https:\/\/www.sarlux.saras.it\/it\/","logo":{"@type":"ImageObject","inLanguage":"it-IT","@id":"https:\/\/www.sarlux.saras.it\/it\/#\/schema\/logo\/image\/","url":"https:\/\/www.sarlux.saras.it\/wp-content\/uploads\/2017\/12\/logo-pc-1.png","contentUrl":"https:\/\/www.sarlux.saras.it\/wp-content\/uploads\/2017\/12\/logo-pc-1.png","width":184,"height":86,"caption":"Sarlux"},"image":{"@id":"https:\/\/www.sarlux.saras.it\/it\/#\/schema\/logo\/image\/"}}]}},"_links":{"self":[{"href":"https:\/\/www.sarlux.saras.it\/it\/wp-json\/wp\/v2\/pages\/532691","targetHints":{"allow":["GET"]}}],"collection":[{"href":"https:\/\/www.sarlux.saras.it\/it\/wp-json\/wp\/v2\/pages"}],"about":[{"href":"https:\/\/www.sarlux.saras.it\/it\/wp-json\/wp\/v2\/types\/page"}],"author":[{"embeddable":true,"href":"https:\/\/www.sarlux.saras.it\/it\/wp-json\/wp\/v2\/users\/2"}],"replies":[{"embeddable":true,"href":"https:\/\/www.sarlux.saras.it\/it\/wp-json\/wp\/v2\/comments?post=532691"}],"version-history":[{"count":47,"href":"https:\/\/www.sarlux.saras.it\/it\/wp-json\/wp\/v2\/pages\/532691\/revisions"}],"predecessor-version":[{"id":545899,"href":"https:\/\/www.sarlux.saras.it\/it\/wp-json\/wp\/v2\/pages\/532691\/revisions\/545899"}],"wp:featuredmedia":[{"embeddable":true,"href":"https:\/\/www.sarlux.saras.it\/it\/wp-json\/wp\/v2\/media\/533383"}],"wp:attachment":[{"href":"https:\/\/www.sarlux.saras.it\/it\/wp-json\/wp\/v2\/media?parent=532691"}],"curies":[{"name":"wp","href":"https:\/\/api.w.org\/{rel}","templated":true}]}}