{"id":539521,"date":"2019-09-30T15:06:51","date_gmt":"2019-09-30T15:06:51","guid":{"rendered":"https:\/\/www.sarlux.saras.it\/?page_id=539521"},"modified":"2025-07-14T09:57:03","modified_gmt":"2025-07-14T09:57:03","slug":"chi-siamo-raffineria-sarlux","status":"publish","type":"page","link":"https:\/\/www.sarlux.saras.it\/it\/chi-siamo-raffineria-sarlux\/","title":{"rendered":"La raffineria Sarlux"},"content":{"rendered":"<div class=\"wpb-content-wrapper\"><p>[vc_row full_width=&#8221;stretch_row_content_no_spaces&#8221; css=&#8221;.vc_custom_1551105778263{margin-top: 0px !important;padding-top: 0px !important;background-image: url(https:\/\/www.sarlux.saras.it\/wp-content\/uploads\/2019\/02\/header-gruppo-082-DPS_4236.jpg?id=532957) !important;background-position: center !important;background-repeat: no-repeat !important;background-size: cover !important;}&#8221;][vc_column][vc_row_inner][vc_column_inner width=&#8221;1\/12&#8243;][\/vc_column_inner][vc_column_inner width=&#8221;1\/12&#8243;][\/vc_column_inner][vc_column_inner width=&#8221;8\/12&#8243;][vc_column_text css=&#8221;.vc_custom_1569854258513{margin-top: 0px !important;padding-top: 0px !important;padding-bottom: 10px !important;}&#8221;]<\/p>\n<h1 style=\"text-align: center;\"><span style=\"color: #f5f5f5;\"><strong>La raffineria Sarlux<\/strong><\/span><\/h1>\n<p>[\/vc_column_text][\/vc_column_inner][vc_column_inner width=&#8221;2\/12&#8243;][\/vc_column_inner][\/vc_row_inner][vc_empty_space height=&#8221;190px&#8221;][vc_row_inner][vc_column_inner width=&#8221;1\/12&#8243;][\/vc_column_inner][vc_column_inner width=&#8221;1\/12&#8243;][vc_column_text css=&#8221;.vc_custom_1579203852319{padding-top: 10px !important;padding-bottom: 10px !important;background-color: #0056a6 !important;border-radius: 5px !important;}&#8221;]<\/p>\n<h6 style=\"text-align: center;\"><span style=\"color: #f5f5f5; font-size: 12px;\">CHI SIAMO<\/span><\/h6>\n<p>[\/vc_column_text][\/vc_column_inner][vc_column_inner width=&#8221;8\/12&#8243;][\/vc_column_inner][vc_column_inner width=&#8221;2\/12&#8243;][\/vc_column_inner][\/vc_row_inner][\/vc_column][\/vc_row][vc_row][vc_column][vc_column_text css=&#8221;&#8221;]<\/p>\n<h4 style=\"text-align: left;\"><strong>Sarlux \u00e8 proprietaria degli impianti di raffinazione, di petrolchimica e della centrale elettrica Integrated Gasification Combined Cycle (IGCC) ed \u00e8 uno dei principali operatori europei nella raffinazione di petrolio.<\/strong><\/h4>\n<p style=\"text-align: left;\">Il sito produttivo di Sarroch rappresenta <strong>la pi\u00f9 importante realt\u00e0 industriale della Sardegna, nel cuore del Mediterraneo<\/strong>, posizione ideale e strategica per gli scambi tra Europa, Africa e Medio Oriente.\u00a0Ogni nostra azione \u00e8 guidata <strong>dall&#8217;impegno per un <a href=\"https:\/\/www.sarlux.saras.it\/it\/ambiente-efficienza-energetica\/\"><span style=\"color: #007fff;\">modello di sviluppo sostenibile<\/span><\/a>,<\/strong> nel pieno rispetto delle norme ambientali e delle persone, in un dialogo aperto e un confronto costante con la comunit\u00e0.<\/p>\n<p style=\"text-align: left;\">La raffineria Sarlux, all\u2019interno del sito industriale di Sarroch sulla costa a sud-ovest di Cagliari, \u00e8 una delle pi\u00f9 grandi del Mediterraneo per capacit\u00e0 produttiva e per complessit\u00e0 degli impianti.<strong><br \/>\n<\/strong><\/p>\n<p style=\"text-align: left;\">Con una capacit\u00e0 di lavorazione di 15 milioni di tonnellate all\u2019anno &#8211; 300 mila barili al giorno &#8211; la raffineria contribuisce per <strong>circa il 21 per cento alla capacit\u00e0 di raffinazione italiana<\/strong>.<\/p>\n<p style=\"text-align: left;\">La <strong>centrale<\/strong> <strong>elettrica<\/strong> <strong>a ciclo combinato IGCC \u00e8 perfettamente integrata con gli impianti di raffinazione <\/strong>e ha una potenza installata di 575 MW.<br \/>\nNel 2024 ha prodotto oltre 3,9 miliardi di kWh di energia elettrica e ha contribuito per circa il<strong> 47 per cento al fabbisogno energetico dell\u2019isola.<br \/>\n<\/strong><\/p>\n<p>[\/vc_column_text][\/vc_column][\/vc_row][vc_row full_width=&#8221;stretch_row&#8221;][vc_column][vc_icon icon_fontawesome=&#8221;fa fa-cog&#8221; size=&#8221;sm&#8221; align=&#8221;center&#8221;][vc_empty_space height=&#8221;36px&#8221;][\/vc_column][\/vc_row][vc_row][vc_column width=&#8221;1\/4&#8243;][\/vc_column][vc_column width=&#8221;1\/2&#8243;]\n\t\t\t<!-- START la raffineria sarlux REVOLUTION SLIDER 6.6.14 --><p class=\"rs-p-wp-fix\"><\/p>\n\t\t\t<rs-module-wrap id=\"rev_slider_87_1_wrapper\" data-source=\"gallery\" style=\"visibility:hidden;background:transparent;padding:0;margin:0px auto;margin-top:0;margin-bottom:0;\">\n\t\t\t\t<rs-module id=\"rev_slider_87_1\" style=\"\" data-version=\"6.6.14\">\n\t\t\t\t\t<rs-slides style=\"overflow: hidden; position: absolute;\">\n\t\t\t\t\t\t<rs-slide style=\"position: absolute;\" data-key=\"rs-1214\" data-title=\"Slide\" data-thumb=\"\/\/www.sarlux.saras.it\/wp-content\/uploads\/2019\/04\/02d-terminali-img-evidenza-1200x630-075-DRONE001.jpg\" data-anim=\"adpr:false;\">\n\t\t\t\t\t\t\t<img decoding=\"async\" src=\"\/\/www.sarlux.saras.it\/wp-content\/plugins\/revslider\/public\/assets\/assets\/dummy.png\" alt=\"\" title=\"La raffineria Sarlux\" class=\"rev-slidebg tp-rs-img rs-lazyload\" data-lazyload=\"\/\/www.sarlux.saras.it\/wp-content\/uploads\/2019\/04\/02d-terminali-img-evidenza-1200x630-075-DRONE001.jpg\" data-bg=\"p:center bottom;\" data-panzoom=\"d:10000;ss:100;se:120;\" data-no-retina>\n<!---->\t\t\t\t\t\t<\/rs-slide>\n\t\t\t\t\t\t<rs-slide style=\"position: absolute;\" data-key=\"rs-1215\" data-title=\"Slide\" data-thumb=\"\/\/www.sarlux.saras.it\/wp-content\/uploads\/2019\/04\/02c-produzione-img-evidenza-1200x630-083-DPS_2578.jpg\" data-anim=\"adpr:false;\">\n\t\t\t\t\t\t\t<img decoding=\"async\" src=\"\/\/www.sarlux.saras.it\/wp-content\/plugins\/revslider\/public\/assets\/assets\/dummy.png\" alt=\"\" title=\"La raffineria Sarlux\" class=\"rev-slidebg tp-rs-img rs-lazyload\" data-lazyload=\"\/\/www.sarlux.saras.it\/wp-content\/uploads\/2019\/04\/02c-produzione-img-evidenza-1200x630-083-DPS_2578.jpg\" data-bg=\"p:center top;\" data-panzoom=\"d:10000;ss:100;se:120;\" data-no-retina>\n<!---->\t\t\t\t\t\t<\/rs-slide>\n\t\t\t\t\t\t<rs-slide style=\"position: absolute;\" data-key=\"rs-1213\" data-title=\"Slide\" data-thumb=\"\/\/www.sarlux.saras.it\/wp-content\/uploads\/2019\/04\/02e-prodotti-img-evidenza-1200x630-vasca-ingresso.jpg\" data-anim=\"adpr:false;\">\n\t\t\t\t\t\t\t<img decoding=\"async\" src=\"\/\/www.sarlux.saras.it\/wp-content\/plugins\/revslider\/public\/assets\/assets\/dummy.png\" alt=\"\" title=\"La raffineria Sarlux\" class=\"rev-slidebg tp-rs-img rs-lazyload\" data-lazyload=\"\/\/www.sarlux.saras.it\/wp-content\/uploads\/2019\/04\/02e-prodotti-img-evidenza-1200x630-vasca-ingresso.jpg\" data-panzoom=\"d:10000;ss:100;se:120;\" data-no-retina>\n<!---->\t\t\t\t\t\t<\/rs-slide>\n\t\t\t\t\t\t<rs-slide style=\"position: absolute;\" data-key=\"rs-1219\" data-title=\"Slide\" data-thumb=\"\/\/www.sarlux.saras.it\/wp-content\/uploads\/2019\/04\/02a-raffinazione-img-evidenza-1200x630-364-PAN00616.jpg\" data-anim=\"adpr:false;\">\n\t\t\t\t\t\t\t<img decoding=\"async\" src=\"\/\/www.sarlux.saras.it\/wp-content\/plugins\/revslider\/public\/assets\/assets\/dummy.png\" alt=\"\" title=\"La raffineria Sarlux\" class=\"rev-slidebg tp-rs-img rs-lazyload\" data-lazyload=\"\/\/www.sarlux.saras.it\/wp-content\/uploads\/2019\/04\/02a-raffinazione-img-evidenza-1200x630-364-PAN00616.jpg\" data-panzoom=\"d:10000;ss:100;se:120;\" data-no-retina>\n<!---->\t\t\t\t\t\t<\/rs-slide>\n\t\t\t\t\t\t<rs-slide style=\"position: absolute;\" data-key=\"rs-1216\" data-title=\"Slide\" data-thumb=\"\/\/www.sarlux.saras.it\/wp-content\/uploads\/2019\/04\/02-cosa-facciamo-img-evidenza-1200x630-366-PAN001.jpg\" data-anim=\"adpr:false;\">\n\t\t\t\t\t\t\t<img decoding=\"async\" src=\"\/\/www.sarlux.saras.it\/wp-content\/plugins\/revslider\/public\/assets\/assets\/dummy.png\" alt=\"\" title=\"La raffineria Sarlux\" class=\"rev-slidebg tp-rs-img rs-lazyload\" data-lazyload=\"\/\/www.sarlux.saras.it\/wp-content\/uploads\/2019\/04\/02-cosa-facciamo-img-evidenza-1200x630-366-PAN001.jpg\" data-panzoom=\"d:10000;ss:100;se:120;\" data-no-retina>\n<!---->\t\t\t\t\t\t<\/rs-slide>\n\t\t\t\t\t\t<rs-slide style=\"position: absolute;\" data-key=\"rs-1211\" data-title=\"Slide\" data-thumb=\"\/\/www.sarlux.saras.it\/wp-content\/uploads\/2019\/04\/02f-manutenzione-img-evidenza-1200x630-notturna.jpg\" data-anim=\"adpr:false;\">\n\t\t\t\t\t\t\t<img decoding=\"async\" src=\"\/\/www.sarlux.saras.it\/wp-content\/plugins\/revslider\/public\/assets\/assets\/dummy.png\" alt=\"\" title=\"La raffineria Sarlux\" class=\"rev-slidebg tp-rs-img rs-lazyload\" data-lazyload=\"\/\/www.sarlux.saras.it\/wp-content\/uploads\/2019\/04\/02f-manutenzione-img-evidenza-1200x630-notturna.jpg\" data-bg=\"p:center top;\" data-panzoom=\"d:10000;ss:100;se:120;\" data-no-retina>\n<!---->\t\t\t\t\t\t<\/rs-slide>\n\t\t\t\t\t\t<rs-slide style=\"position: absolute;\" data-key=\"rs-1209\" data-title=\"Slide\" data-thumb=\"\/\/www.sarlux.saras.it\/wp-content\/uploads\/impegno-sociale-veduta-stabilimento-Sarlux-alba.jpg\" data-anim=\"adpr:false;\">\n\t\t\t\t\t\t\t<img decoding=\"async\" src=\"\/\/www.sarlux.saras.it\/wp-content\/plugins\/revslider\/public\/assets\/assets\/dummy.png\" alt=\"\" title=\"La raffineria Sarlux\" class=\"rev-slidebg tp-rs-img rs-lazyload\" data-lazyload=\"\/\/www.sarlux.saras.it\/wp-content\/uploads\/impegno-sociale-veduta-stabilimento-Sarlux-alba.jpg\" data-bg=\"p:center top;\" data-panzoom=\"d:10000;e:circ.in;ss:100;se:120;\" data-no-retina>\n<!---->\t\t\t\t\t\t<\/rs-slide>\n\t\t\t\t\t<\/rs-slides>\n\t\t\t\t<\/rs-module>\n\t\t\t\t<script>\n\t\t\t\t\tsetREVStartSize({c: 'rev_slider_87_1',rl:[1240,1024,778,480],el:[],gw:[1200],gh:[630],type:'standard',justify:'',layout:'fullwidth',mh:\"0\"});if (window.RS_MODULES!==undefined && window.RS_MODULES.modules!==undefined && window.RS_MODULES.modules[\"revslider871\"]!==undefined) {window.RS_MODULES.modules[\"revslider871\"].once = false;window.revapi87 = undefined;if (window.RS_MODULES.checkMinimal!==undefined) window.RS_MODULES.checkMinimal()}\n\t\t\t\t<\/script>\n\t\t\t<\/rs-module-wrap>\n\t\t\t<!-- END REVOLUTION SLIDER -->\n[\/vc_column][vc_column width=&#8221;1\/4&#8243;][\/vc_column][\/vc_row][vc_row full_width=&#8221;stretch_row&#8221;][vc_column][vc_icon icon_fontawesome=&#8221;fa fa-cog&#8221; size=&#8221;sm&#8221; align=&#8221;center&#8221;][vc_empty_space height=&#8221;36px&#8221;][\/vc_column][\/vc_row][vc_row full_width=&#8221;stretch_row&#8221;][vc_column width=&#8221;1\/4&#8243;][vc_single_image image=&#8221;532883&#8243; img_size=&#8221;full&#8221; alignment=&#8221;center&#8221;][vc_column_text css=&#8221;&#8221;]<\/p>\n<h5 style=\"text-align: center;\">300 mila barili raffinati al giorno, 21% della capacit\u00e0 italiana<\/h5>\n<p>[\/vc_column_text][\/vc_column][vc_column width=&#8221;1\/4&#8243;][vc_single_image image=&#8221;532874&#8243; img_size=&#8221;full&#8221; alignment=&#8221;center&#8221;][vc_column_text css=&#8221;&#8221;]<\/p>\n<h5 style=\"text-align: center;\">30 tipi di greggio provenienti da circa 30 paesi del mondo<\/h5>\n<p>[\/vc_column_text][\/vc_column][vc_column width=&#8221;1\/4&#8243;][vc_single_image image=&#8221;532887&#8243; img_size=&#8221;full&#8221; alignment=&#8221;center&#8221;][vc_column_text]<\/p>\n<h5 style=\"text-align: center;\">202 serbatoi<br \/>\ncapacit\u00e0 di stoccaggio<br \/>\n3,8 milioni di metri cubi<\/h5>\n<p>[\/vc_column_text][\/vc_column][vc_column width=&#8221;1\/4&#8243;][vc_single_image image=&#8221;532879&#8243; img_size=&#8221;full&#8221; alignment=&#8221;center&#8221;][vc_column_text css=&#8221;&#8221;]<\/p>\n<h5 style=\"text-align: center;\">oltre 3,9 miliardi di kWh di energia elettrica<\/h5>\n<p>[\/vc_column_text][\/vc_column][\/vc_row][vc_row full_width=&#8221;stretch_row&#8221;][vc_column][vc_icon icon_fontawesome=&#8221;fa fa-cog&#8221; size=&#8221;sm&#8221; align=&#8221;center&#8221;][vc_empty_space height=&#8221;36px&#8221;][\/vc_column][\/vc_row][vc_row full_width=&#8221;stretch_row&#8221; bg_type=&#8221;image&#8221; parallax_style=&#8221;vcpb-vz-jquery&#8221; bg_image_new=&#8221;id^529294|url^https:\/\/www.sarlux.saras.it\/wp-content\/uploads\/2018\/11\/087-DPS_4257-ritaglio-2.jpg|caption^null|alt^null|title^087&#8212;-DPS_4257 ritaglio|description^null&#8221;][vc_column][vc_column_text]<\/p>\n<h4 style=\"text-align: center;\"><span style=\"color: #f5f5f5;\"><strong>Nelle aree dedicate dei terminali marittimi Sarlux e del porto di Cagliari \u00e8 attivo il primo hub di bunkeraggio sostenibile del Mediterraneo.<\/strong><\/span><\/h4>\n<p>[\/vc_column_text][vc_empty_space height=&#8221;250px&#8221;][\/vc_column][\/vc_row][vc_row full_width=&#8221;stretch_row&#8221;][vc_column][vc_column_text css=&#8221;&#8221;]<\/p>\n<h6><span style=\"font-size: 12px;\">Fonte: <\/span><span style=\"font-size: 12px;\">Dichiarazione Ambientale Sarlux 2025 e Saras Rapporto ESG 2024<\/span><\/h6>\n<p>[\/vc_column_text][\/vc_column][\/vc_row][vc_row full_width=&#8221;stretch_row&#8221; disable_element=&#8221;yes&#8221;][vc_column][vc_empty_space height=&#8221;36px&#8221;][vc_column_text css=&#8221;.vc_custom_1578918002606{margin-top: 0px !important;border-bottom-width: 1px !important;padding-top: 0px !important;padding-bottom: 4px !important;border-bottom-color: #0056a6 !important;border-bottom-style: solid !important;}&#8221;]<\/p>\n<h4 style=\"text-align: left;\">GOVERNANCE SARLUX<\/h4>\n<p>[\/vc_column_text][\/vc_column][\/vc_row][vc_row full_width=&#8221;stretch_row&#8221; disable_element=&#8221;yes&#8221;][vc_column][vc_column_text]<\/p>\n<p style=\"text-align: left;\"><strong>In conformit\u00e0 al Codice civile, Sarlux \u00e8 strutturata secondo il modello tradizionale di amministrazione e controllo<\/strong>:<br \/>\nl\u2019amministrazione \u00e8 affidata a un consiglio di amministrazione incaricato di provvedere alla gestione aziendale, mentre l\u2019organo di controllo \u00e8 costituito da un collegio sindacale, composto da tre sindaci effettivi e due supplenti, chiamato, tra l\u2019altro, a vigilare circa l\u2019osservanza della legge e dello statuto e a controllare l\u2019adeguatezza della struttura organizzativa e del sistema amministrativo contabile della societ\u00e0.<\/p>\n<p style=\"text-align: left;\">Sarlux ha affidato l\u2019incarico di revisione contabile del proprio bilancio di esercizio alla societ\u00e0 di revisione\u00a0Ernst&amp;Young.<\/p>\n<p>[\/vc_column_text][vc_empty_space height=&#8221;24px&#8221;][\/vc_column][\/vc_row][vc_row disable_element=&#8221;yes&#8221;][vc_column][vc_column_text css=&#8221;.vc_custom_1578918063075{margin-top: 0px !important;border-bottom-width: 1px !important;padding-top: 0px !important;padding-bottom: 4px !important;border-bottom-color: #0056a6 !important;border-bottom-style: solid !important;}&#8221;]<\/p>\n<h4 style=\"text-align: left;\">Consiglio d&#8217;amministrazione<\/h4>\n<p>[\/vc_column_text][vc_row_inner css=&#8221;.vc_custom_1548791506232{padding-top: 40px !important;}&#8221;][vc_column_inner width=&#8221;1\/5&#8243;]<div class=\"team team_vertical\"><div class=\"image_frame photo no_link scale-with-grid\"><div class=\"image_wrapper\"><img loading=\"lazy\" decoding=\"async\" class=\"scale-with-grid\" src=\"https:\/\/www.sarlux.saras.it\/wp-content\/uploads\/2020\/02\/Guarrata-icon.jpg\" alt=\"Guarrata-icon\" width=\"531\" height=\"531\"\/><\/div><\/div><div class=\"desc_wrapper clearfix\"><hr class=\"hr_color\" \/><div class=\"desc\"><\/div><\/div><\/div>\n[vc_column_text]<\/p>\n<h6 style=\"text-align: left;\">Settimio Carlo Guarrata<br \/>\n<em>presidente e<br \/>\namministratore delegato<\/em><\/h6>\n<p>[\/vc_column_text][\/vc_column_inner][vc_column_inner width=&#8221;1\/5&#8243;]<div class=\"team team_vertical\"><div class=\"image_frame photo no_link scale-with-grid\"><div class=\"image_wrapper\"><img loading=\"lazy\" decoding=\"async\" class=\"scale-with-grid\" src=\"https:\/\/www.sarlux.saras.it\/wp-content\/uploads\/2020\/02\/Berri-icon.jpg\" alt=\"Berri-icon\" width=\"531\" height=\"531\"\/><\/div><\/div><div class=\"desc_wrapper clearfix\"><hr class=\"hr_color\" \/><div class=\"desc\"><\/div><\/div><\/div>\n[vc_column_text]<\/p>\n<h6 style=\"text-align: left;\">Simona Berri<br \/>\n<em>amministratore<\/em><\/h6>\n<p>[\/vc_column_text][\/vc_column_inner][vc_column_inner width=&#8221;1\/5&#8243;]<div class=\"team team_vertical\"><div class=\"image_frame photo no_link scale-with-grid\"><div class=\"image_wrapper\"><img loading=\"lazy\" decoding=\"async\" class=\"scale-with-grid\" src=\"https:\/\/www.sarlux.saras.it\/wp-content\/uploads\/2020\/02\/Citterio-icon.jpg\" alt=\"Citterio-icon\" width=\"531\" height=\"531\"\/><\/div><\/div><div class=\"desc_wrapper clearfix\"><hr class=\"hr_color\" \/><div class=\"desc\"><\/div><\/div><\/div>\n[vc_column_text]<\/p>\n<h6 style=\"text-align: left;\">Giuseppe Citterio<br \/>\n<em>amministratore<\/em><\/h6>\n<p>[\/vc_column_text][\/vc_column_inner][vc_column_inner width=&#8221;1\/5&#8243;]<div class=\"team team_vertical\"><div class=\"image_frame photo no_link scale-with-grid\"><div class=\"image_wrapper\"><img loading=\"lazy\" decoding=\"async\" class=\"scale-with-grid\" src=\"https:\/\/www.sarlux.saras.it\/wp-content\/uploads\/2020\/02\/Greco-icon.jpg\" alt=\"Greco-icon\" width=\"531\" height=\"531\"\/><\/div><\/div><div class=\"desc_wrapper clearfix\"><hr class=\"hr_color\" \/><div class=\"desc\"><\/div><\/div><\/div>\n[vc_column_text]<\/p>\n<h6 style=\"text-align: left;\">Vincenzo Greco<br \/>\n<em>amministratore<\/em><\/h6>\n<p>[\/vc_column_text][\/vc_column_inner][vc_column_inner width=&#8221;1\/5&#8243;]<div class=\"team team_vertical\"><div class=\"image_frame photo no_link scale-with-grid\"><div class=\"image_wrapper\"><img loading=\"lazy\" decoding=\"async\" class=\"scale-with-grid\" src=\"https:\/\/www.sarlux.saras.it\/wp-content\/uploads\/2020\/02\/Radice-icon.jpg\" alt=\"Radice-icon\" width=\"531\" height=\"531\"\/><\/div><\/div><div class=\"desc_wrapper clearfix\"><hr class=\"hr_color\" \/><div class=\"desc\"><\/div><\/div><\/div>\n[vc_column_text]<\/p>\n<h6 style=\"text-align: left;\">Patrizia Radice<br \/>\n<em>amministratore<\/em><\/h6>\n<p>[\/vc_column_text][\/vc_column_inner][\/vc_row_inner][vc_empty_space height=&#8221;24px&#8221;][\/vc_column][\/vc_row][vc_row disable_element=&#8221;yes&#8221;][vc_column][vc_column_text css=&#8221;.vc_custom_1578918071705{margin-top: 0px !important;border-bottom-width: 1px !important;padding-top: 0px !important;padding-bottom: 4px !important;border-bottom-color: #0056a6 !important;border-bottom-style: solid !important;}&#8221;]<\/p>\n<h4 style=\"text-align: left;\">Collegio sindacale<\/h4>\n<p>[\/vc_column_text][vc_row_inner css=&#8221;.vc_custom_1581096254602{padding-top: 10px !important;}&#8221;][vc_column_inner width=&#8221;1\/5&#8243;][vc_column_text]<\/p>\n<h6 style=\"text-align: left;\">Fabrizio Colombo<br \/>\n<em>presidente<\/em><\/h6>\n<p>[\/vc_column_text][\/vc_column_inner][vc_column_inner width=&#8221;1\/5&#8243;][vc_column_text]<\/p>\n<h6 style=\"text-align: left;\">Monica Pilloni<br \/>\n<em>sindaco effettivo<\/em><\/h6>\n<p>[\/vc_column_text][\/vc_column_inner][vc_column_inner width=&#8221;1\/5&#8243;][vc_column_text]<\/p>\n<h6 style=\"text-align: left;\">Paola Simonelli<br \/>\n<em>sindaco effettivo<\/em><\/h6>\n<p>[\/vc_column_text][\/vc_column_inner][vc_column_inner width=&#8221;1\/5&#8243;][vc_column_text]<\/p>\n<h6 style=\"text-align: left;\">Flavia Daunia Minutillo<br \/>\n<em>sindaco supplente<\/em><\/h6>\n<p>[\/vc_column_text][\/vc_column_inner][vc_column_inner width=&#8221;1\/5&#8243;][vc_column_text]<\/p>\n<h6 style=\"text-align: left;\">Carlo Alberto Nicchio<br \/>\n<em>sindaco supplente<\/em><\/h6>\n<p>[\/vc_column_text][\/vc_column_inner][\/vc_row_inner][\/vc_column][\/vc_row][vc_row][vc_column][vc_empty_space][vc_single_image image=&#8221;529994&#8243; img_size=&#8221;full&#8221; alignment=&#8221;center&#8221;][vc_empty_space height=&#8221;64px&#8221;][\/vc_column][\/vc_row][vc_row][vc_column][vc_column_text css=&#8221;.vc_custom_1732007074740{margin-top: 0px !important;border-bottom-width: 1px !important;padding-top: 0px !important;padding-bottom: 4px !important;border-bottom-style: solid !important;border-color: #0056a6 !important;}&#8221;]<\/p>\n<h4 style=\"text-align: center;\">Pagine correlate<\/h4>\n<p>[\/vc_column_text][\/vc_column][\/vc_row][vc_row][vc_column width=&#8221;1\/4&#8243;][\/vc_column][vc_column width=&#8221;1\/4&#8243;]\n<div id=\"interactive-banner-1-wrap-4048\" class=\"ult-banner-block ult-adjust-bottom-margin ult-bb-box  banner-style11 \"   style=\"\">\n\t<img decoding=\"async\" src=\"https:\/\/www.sarlux.saras.it\/wp-content\/uploads\/2019\/02\/Sarlux-i-nostri-valori-05_30.jpg\" alt=\"null\">\n\t<h3  data-ultimate-target='#interactive-banner-1-wrap-4048 .bb-top-title '  data-responsive-json-new='{\"font-size\":\"\",\"line-height\":\"\"}'  class=\"title-center bb-top-title ult-responsive\" style=\"font-weight:normal;background:#0056a6;color:#ffffff;\">I NOSTRI VALORI<\/h3>\n\t<div class=\"mask opaque-background\" style=\"background:#0056a6;\">\n\t\t<div  data-ultimate-target='#interactive-banner-1-wrap-4048 .bb-description'  data-responsive-json-new='{\"font-size\":\"desktop:12px;\",\"line-height\":\"\"}'  class=\"bb-description ult-responsive\" style=\"font-weight:normal;color:#ffffff;\">Il valore fondante che guida tutte le attivit\u00e0 di Sarlux \u00e8 la massima attenzione ai temi della salute, della sicurezza e della tutela dell\u2019ambiente.<\/div>\n\t<\/div><a class=\"bb-link\" href=\"https:\/\/sarlux.saras.it\/it\/chi-siamo-valori\/\" ><\/a>\n<\/div>[\/vc_column][vc_column width=&#8221;1\/4&#8243;]\n<div id=\"interactive-banner-1-wrap-5304\" class=\"ult-banner-block ult-adjust-bottom-margin ult-bb-box  banner-style11 \"   style=\"\">\n\t<img decoding=\"async\" src=\"https:\/\/www.sarlux.saras.it\/wp-content\/uploads\/2019\/02\/storia.jpg\" alt=\"null\">\n\t<h3  data-ultimate-target='#interactive-banner-1-wrap-5304 .bb-top-title '  data-responsive-json-new='{\"font-size\":\"\",\"line-height\":\"\"}'  class=\"title-center bb-top-title ult-responsive\" style=\"font-weight:normal;background:#0056a6;color:#ffffff;\">LA NOSTRA STORIA<\/h3>\n\t<div class=\"mask opaque-background\" style=\"background:#0056a6;\">\n\t\t<div  data-ultimate-target='#interactive-banner-1-wrap-5304 .bb-description'  data-responsive-json-new='{\"font-size\":\"desktop:12px;\",\"line-height\":\"\"}'  class=\"bb-description ult-responsive\" style=\"font-weight:normal;color:#ffffff;\">Ricordare il passato, rappresentare in modo chiaro e diretto il presente, programmare il futuro.<\/div>\n\t<\/div><a class=\"bb-link\" href=\"https:\/\/sarlux.saras.it\/it\/chi-siamo-storia\/\" ><\/a>\n<\/div>[\/vc_column][vc_column width=&#8221;1\/4&#8243;][\/vc_column][\/vc_row][vc_row][vc_column][vc_empty_space][vc_icon icon_fontawesome=&#8221;fa fa-cog&#8221; align=&#8221;center&#8221;][\/vc_column][\/vc_row][vc_row][vc_column][vc_empty_space height=&#8221;64px&#8221;][\/vc_column][\/vc_row]<\/p>\n<\/div>","protected":false},"excerpt":{"rendered":"<p>La raffineria di Sarroch \u00e8 tra le pi\u00f9 grandi del Mediterraneo per capacit\u00e0 produttiva e una delle pi\u00f9 avanzate in termini di complessit\u00e0 degli impianti.<\/p>\n","protected":false},"author":2,"featured_media":533373,"parent":0,"menu_order":2,"comment_status":"closed","ping_status":"closed","template":"","meta":{"_acf_changed":false,"inline_featured_image":false,"footnotes":""},"class_list":["post-539521","page","type-page","status-publish","has-post-thumbnail","hentry"],"acf":[],"yoast_head":"<!-- This site is optimized with the Yoast SEO plugin v27.3 - https:\/\/yoast.com\/product\/yoast-seo-wordpress\/ -->\n<title>La raffineria Sarlux - Sarlux Saras | Refining &amp; Power<\/title>\n<meta name=\"description\" content=\"La raffineria di Sarroch \u00e8 tra le pi\u00f9 grandi del Mediterraneo per capacit\u00e0 produttiva e una delle pi\u00f9 avanzate in termini di complessit\u00e0 degli impianti.\" \/>\n<meta name=\"robots\" content=\"index, follow, max-snippet:-1, max-image-preview:large, max-video-preview:-1\" \/>\n<link rel=\"canonical\" href=\"https:\/\/www.sarlux.saras.it\/it\/chi-siamo-raffineria-sarlux\/\" \/>\n<meta property=\"og:locale\" content=\"it_IT\" \/>\n<meta property=\"og:type\" content=\"article\" \/>\n<meta property=\"og:title\" content=\"La raffineria Sarlux - Sarlux Saras | Refining &amp; Power\" \/>\n<meta property=\"og:description\" content=\"La raffineria di Sarroch \u00e8 tra le pi\u00f9 grandi del Mediterraneo per capacit\u00e0 produttiva e una delle pi\u00f9 avanzate in termini di complessit\u00e0 degli impianti.\" \/>\n<meta property=\"og:url\" content=\"https:\/\/www.sarlux.saras.it\/it\/chi-siamo-raffineria-sarlux\/\" \/>\n<meta property=\"og:site_name\" content=\"Sarlux Saras | Refining &amp; Power\" \/>\n<meta property=\"article:modified_time\" content=\"2025-07-14T09:57:03+00:00\" \/>\n<meta property=\"og:image\" content=\"https:\/\/www.sarlux.saras.it\/wp-content\/uploads\/2019\/03\/Gruppo-Saras.jpg\" \/>\n\t<meta property=\"og:image:width\" content=\"800\" \/>\n\t<meta property=\"og:image:height\" content=\"400\" \/>\n\t<meta property=\"og:image:type\" content=\"image\/jpeg\" \/>\n<meta name=\"twitter:card\" content=\"summary_large_image\" \/>\n<meta name=\"twitter:image\" content=\"https:\/\/www.sarlux.saras.it\/wp-content\/uploads\/2019\/03\/Gruppo-Saras.jpg\" \/>\n<meta name=\"twitter:label1\" content=\"Tempo di lettura stimato\" \/>\n\t<meta name=\"twitter:data1\" content=\"6 minuti\" \/>\n<script type=\"application\/ld+json\" class=\"yoast-schema-graph\">{\"@context\":\"https:\\\/\\\/schema.org\",\"@graph\":[{\"@type\":\"WebPage\",\"@id\":\"https:\\\/\\\/www.sarlux.saras.it\\\/it\\\/chi-siamo-raffineria-sarlux\\\/\",\"url\":\"https:\\\/\\\/www.sarlux.saras.it\\\/it\\\/chi-siamo-raffineria-sarlux\\\/\",\"name\":\"La raffineria Sarlux - Sarlux Saras | Refining & Power\",\"isPartOf\":{\"@id\":\"https:\\\/\\\/www.sarlux.saras.it\\\/it\\\/#website\"},\"primaryImageOfPage\":{\"@id\":\"https:\\\/\\\/www.sarlux.saras.it\\\/it\\\/chi-siamo-raffineria-sarlux\\\/#primaryimage\"},\"image\":{\"@id\":\"https:\\\/\\\/www.sarlux.saras.it\\\/it\\\/chi-siamo-raffineria-sarlux\\\/#primaryimage\"},\"thumbnailUrl\":\"https:\\\/\\\/www.sarlux.saras.it\\\/wp-content\\\/uploads\\\/2019\\\/03\\\/Gruppo-Saras.jpg\",\"datePublished\":\"2019-09-30T15:06:51+00:00\",\"dateModified\":\"2025-07-14T09:57:03+00:00\",\"description\":\"La raffineria di Sarroch \u00e8 tra le pi\u00f9 grandi del Mediterraneo per capacit\u00e0 produttiva e una delle pi\u00f9 avanzate in termini di complessit\u00e0 degli impianti.\",\"breadcrumb\":{\"@id\":\"https:\\\/\\\/www.sarlux.saras.it\\\/it\\\/chi-siamo-raffineria-sarlux\\\/#breadcrumb\"},\"inLanguage\":\"it-IT\",\"potentialAction\":[{\"@type\":\"ReadAction\",\"target\":[\"https:\\\/\\\/www.sarlux.saras.it\\\/it\\\/chi-siamo-raffineria-sarlux\\\/\"]}]},{\"@type\":\"ImageObject\",\"inLanguage\":\"it-IT\",\"@id\":\"https:\\\/\\\/www.sarlux.saras.it\\\/it\\\/chi-siamo-raffineria-sarlux\\\/#primaryimage\",\"url\":\"https:\\\/\\\/www.sarlux.saras.it\\\/wp-content\\\/uploads\\\/2019\\\/03\\\/Gruppo-Saras.jpg\",\"contentUrl\":\"https:\\\/\\\/www.sarlux.saras.it\\\/wp-content\\\/uploads\\\/2019\\\/03\\\/Gruppo-Saras.jpg\",\"width\":800,\"height\":400},{\"@type\":\"BreadcrumbList\",\"@id\":\"https:\\\/\\\/www.sarlux.saras.it\\\/it\\\/chi-siamo-raffineria-sarlux\\\/#breadcrumb\",\"itemListElement\":[{\"@type\":\"ListItem\",\"position\":1,\"name\":\"Home\",\"item\":\"https:\\\/\\\/www.sarlux.saras.it\\\/it\\\/\"},{\"@type\":\"ListItem\",\"position\":2,\"name\":\"La raffineria Sarlux\"}]},{\"@type\":\"WebSite\",\"@id\":\"https:\\\/\\\/www.sarlux.saras.it\\\/it\\\/#website\",\"url\":\"https:\\\/\\\/www.sarlux.saras.it\\\/it\\\/\",\"name\":\"Sarlux\",\"description\":\"\",\"publisher\":{\"@id\":\"https:\\\/\\\/www.sarlux.saras.it\\\/it\\\/#organization\"},\"potentialAction\":[{\"@type\":\"SearchAction\",\"target\":{\"@type\":\"EntryPoint\",\"urlTemplate\":\"https:\\\/\\\/www.sarlux.saras.it\\\/it\\\/?s={search_term_string}\"},\"query-input\":{\"@type\":\"PropertyValueSpecification\",\"valueRequired\":true,\"valueName\":\"search_term_string\"}}],\"inLanguage\":\"it-IT\"},{\"@type\":\"Organization\",\"@id\":\"https:\\\/\\\/www.sarlux.saras.it\\\/it\\\/#organization\",\"name\":\"Sarlux\",\"url\":\"https:\\\/\\\/www.sarlux.saras.it\\\/it\\\/\",\"logo\":{\"@type\":\"ImageObject\",\"inLanguage\":\"it-IT\",\"@id\":\"https:\\\/\\\/www.sarlux.saras.it\\\/it\\\/#\\\/schema\\\/logo\\\/image\\\/\",\"url\":\"https:\\\/\\\/www.sarlux.saras.it\\\/wp-content\\\/uploads\\\/2017\\\/12\\\/logo-pc-1.png\",\"contentUrl\":\"https:\\\/\\\/www.sarlux.saras.it\\\/wp-content\\\/uploads\\\/2017\\\/12\\\/logo-pc-1.png\",\"width\":184,\"height\":86,\"caption\":\"Sarlux\"},\"image\":{\"@id\":\"https:\\\/\\\/www.sarlux.saras.it\\\/it\\\/#\\\/schema\\\/logo\\\/image\\\/\"}}]}<\/script>\n<!-- \/ Yoast SEO plugin. -->","yoast_head_json":{"title":"La raffineria Sarlux - Sarlux Saras | Refining & Power","description":"La raffineria di Sarroch \u00e8 tra le pi\u00f9 grandi del Mediterraneo per capacit\u00e0 produttiva e una delle pi\u00f9 avanzate in termini di complessit\u00e0 degli impianti.","robots":{"index":"index","follow":"follow","max-snippet":"max-snippet:-1","max-image-preview":"max-image-preview:large","max-video-preview":"max-video-preview:-1"},"canonical":"https:\/\/www.sarlux.saras.it\/it\/chi-siamo-raffineria-sarlux\/","og_locale":"it_IT","og_type":"article","og_title":"La raffineria Sarlux - Sarlux Saras | Refining & Power","og_description":"La raffineria di Sarroch \u00e8 tra le pi\u00f9 grandi del Mediterraneo per capacit\u00e0 produttiva e una delle pi\u00f9 avanzate in termini di complessit\u00e0 degli impianti.","og_url":"https:\/\/www.sarlux.saras.it\/it\/chi-siamo-raffineria-sarlux\/","og_site_name":"Sarlux Saras | Refining & Power","article_modified_time":"2025-07-14T09:57:03+00:00","og_image":[{"width":800,"height":400,"url":"https:\/\/www.sarlux.saras.it\/wp-content\/uploads\/2019\/03\/Gruppo-Saras.jpg","type":"image\/jpeg"}],"twitter_card":"summary_large_image","twitter_image":"https:\/\/www.sarlux.saras.it\/wp-content\/uploads\/2019\/03\/Gruppo-Saras.jpg","twitter_misc":{"Tempo di lettura stimato":"6 minuti"},"schema":{"@context":"https:\/\/schema.org","@graph":[{"@type":"WebPage","@id":"https:\/\/www.sarlux.saras.it\/it\/chi-siamo-raffineria-sarlux\/","url":"https:\/\/www.sarlux.saras.it\/it\/chi-siamo-raffineria-sarlux\/","name":"La raffineria Sarlux - Sarlux Saras | Refining & Power","isPartOf":{"@id":"https:\/\/www.sarlux.saras.it\/it\/#website"},"primaryImageOfPage":{"@id":"https:\/\/www.sarlux.saras.it\/it\/chi-siamo-raffineria-sarlux\/#primaryimage"},"image":{"@id":"https:\/\/www.sarlux.saras.it\/it\/chi-siamo-raffineria-sarlux\/#primaryimage"},"thumbnailUrl":"https:\/\/www.sarlux.saras.it\/wp-content\/uploads\/2019\/03\/Gruppo-Saras.jpg","datePublished":"2019-09-30T15:06:51+00:00","dateModified":"2025-07-14T09:57:03+00:00","description":"La raffineria di Sarroch \u00e8 tra le pi\u00f9 grandi del Mediterraneo per capacit\u00e0 produttiva e una delle pi\u00f9 avanzate in termini di complessit\u00e0 degli impianti.","breadcrumb":{"@id":"https:\/\/www.sarlux.saras.it\/it\/chi-siamo-raffineria-sarlux\/#breadcrumb"},"inLanguage":"it-IT","potentialAction":[{"@type":"ReadAction","target":["https:\/\/www.sarlux.saras.it\/it\/chi-siamo-raffineria-sarlux\/"]}]},{"@type":"ImageObject","inLanguage":"it-IT","@id":"https:\/\/www.sarlux.saras.it\/it\/chi-siamo-raffineria-sarlux\/#primaryimage","url":"https:\/\/www.sarlux.saras.it\/wp-content\/uploads\/2019\/03\/Gruppo-Saras.jpg","contentUrl":"https:\/\/www.sarlux.saras.it\/wp-content\/uploads\/2019\/03\/Gruppo-Saras.jpg","width":800,"height":400},{"@type":"BreadcrumbList","@id":"https:\/\/www.sarlux.saras.it\/it\/chi-siamo-raffineria-sarlux\/#breadcrumb","itemListElement":[{"@type":"ListItem","position":1,"name":"Home","item":"https:\/\/www.sarlux.saras.it\/it\/"},{"@type":"ListItem","position":2,"name":"La raffineria Sarlux"}]},{"@type":"WebSite","@id":"https:\/\/www.sarlux.saras.it\/it\/#website","url":"https:\/\/www.sarlux.saras.it\/it\/","name":"Sarlux","description":"","publisher":{"@id":"https:\/\/www.sarlux.saras.it\/it\/#organization"},"potentialAction":[{"@type":"SearchAction","target":{"@type":"EntryPoint","urlTemplate":"https:\/\/www.sarlux.saras.it\/it\/?s={search_term_string}"},"query-input":{"@type":"PropertyValueSpecification","valueRequired":true,"valueName":"search_term_string"}}],"inLanguage":"it-IT"},{"@type":"Organization","@id":"https:\/\/www.sarlux.saras.it\/it\/#organization","name":"Sarlux","url":"https:\/\/www.sarlux.saras.it\/it\/","logo":{"@type":"ImageObject","inLanguage":"it-IT","@id":"https:\/\/www.sarlux.saras.it\/it\/#\/schema\/logo\/image\/","url":"https:\/\/www.sarlux.saras.it\/wp-content\/uploads\/2017\/12\/logo-pc-1.png","contentUrl":"https:\/\/www.sarlux.saras.it\/wp-content\/uploads\/2017\/12\/logo-pc-1.png","width":184,"height":86,"caption":"Sarlux"},"image":{"@id":"https:\/\/www.sarlux.saras.it\/it\/#\/schema\/logo\/image\/"}}]}},"_links":{"self":[{"href":"https:\/\/www.sarlux.saras.it\/it\/wp-json\/wp\/v2\/pages\/539521","targetHints":{"allow":["GET"]}}],"collection":[{"href":"https:\/\/www.sarlux.saras.it\/it\/wp-json\/wp\/v2\/pages"}],"about":[{"href":"https:\/\/www.sarlux.saras.it\/it\/wp-json\/wp\/v2\/types\/page"}],"author":[{"embeddable":true,"href":"https:\/\/www.sarlux.saras.it\/it\/wp-json\/wp\/v2\/users\/2"}],"replies":[{"embeddable":true,"href":"https:\/\/www.sarlux.saras.it\/it\/wp-json\/wp\/v2\/comments?post=539521"}],"version-history":[{"count":75,"href":"https:\/\/www.sarlux.saras.it\/it\/wp-json\/wp\/v2\/pages\/539521\/revisions"}],"predecessor-version":[{"id":547060,"href":"https:\/\/www.sarlux.saras.it\/it\/wp-json\/wp\/v2\/pages\/539521\/revisions\/547060"}],"wp:featuredmedia":[{"embeddable":true,"href":"https:\/\/www.sarlux.saras.it\/it\/wp-json\/wp\/v2\/media\/533373"}],"wp:attachment":[{"href":"https:\/\/www.sarlux.saras.it\/it\/wp-json\/wp\/v2\/media?parent=539521"}],"curies":[{"name":"wp","href":"https:\/\/api.w.org\/{rel}","templated":true}]}}