{"id":539554,"date":"2019-09-30T15:20:42","date_gmt":"2019-09-30T15:20:42","guid":{"rendered":"https:\/\/www.sarlux.saras.it\/?page_id=539554"},"modified":"2024-11-19T09:08:11","modified_gmt":"2024-11-19T09:08:11","slug":"chi-siamo-valori","status":"publish","type":"page","link":"https:\/\/www.sarlux.saras.it\/it\/chi-siamo-valori\/","title":{"rendered":"I nostri valori"},"content":{"rendered":"<div class=\"wpb-content-wrapper\"><p>[vc_row full_width=&#8221;stretch_row_content_no_spaces&#8221; css=&#8221;.vc_custom_1569601419905{margin-top: 0px !important;padding-top: 0px !important;background-image: url(https:\/\/www.sarlux.saras.it\/wp-content\/uploads\/2019\/09\/05_30-1440_300.jpg?id=539421) !important;background-position: center !important;background-repeat: no-repeat !important;background-size: cover !important;}&#8221;][vc_column][vc_row_inner][vc_column_inner width=&#8221;1\/12&#8243;][\/vc_column_inner][vc_column_inner width=&#8221;1\/12&#8243;][\/vc_column_inner][vc_column_inner width=&#8221;8\/12&#8243;][vc_column_text css=&#8221;.vc_custom_1551095838010{margin-top: 0px !important;padding-top: 0px !important;padding-bottom: 10px !important;}&#8221;]<\/p>\n<h1 style=\"text-align: center;\"><span style=\"color: #f5f5f5;\"><strong>I nostri valori<\/strong><\/span><\/h1>\n<p>[\/vc_column_text][\/vc_column_inner][vc_column_inner width=&#8221;2\/12&#8243;][\/vc_column_inner][\/vc_row_inner][vc_empty_space height=&#8221;190px&#8221;][vc_row_inner][vc_column_inner width=&#8221;1\/12&#8243;][\/vc_column_inner][vc_column_inner width=&#8221;1\/12&#8243;][vc_column_text css=&#8221;.vc_custom_1579204569727{padding-top: 10px !important;padding-bottom: 10px !important;background-color: #0056a6 !important;border-radius: 5px !important;}&#8221;]<\/p>\n<h6 style=\"text-align: center;\"><span style=\"color: #f5f5f5; font-size: 12px;\">CHI SIAMO<\/span><\/h6>\n<p>[\/vc_column_text][\/vc_column_inner][vc_column_inner width=&#8221;8\/12&#8243;][\/vc_column_inner][vc_column_inner width=&#8221;2\/12&#8243;][\/vc_column_inner][\/vc_row_inner][\/vc_column][\/vc_row][vc_row full_width=&#8221;stretch_row&#8221;][vc_column][vc_column_text css=&#8221;.vc_custom_1579204614009{margin-top: 0px !important;border-bottom-width: 1px !important;padding-top: 0px !important;padding-bottom: 4px !important;border-bottom-style: none !important;}&#8221;]<\/p>\n<h4 style=\"text-align: left;\"><span style=\"color: #0056a6;\"><strong>Essere innovativi, sostenibili e punto di riferimento tra i fornitori di energia.<br \/>\n<\/strong><\/span>Sarlux vuole essere un punto di riferimento innovativo come fornitore di energia sostenibile.<br \/>\nIl valore fondante che guida tutte le attivit\u00e0 di Sarlux \u00e8 la massima attenzione ai temi della salute, della sicurezza e della tutela dell\u2019ambiente.<\/h4>\n<p>[\/vc_column_text][\/vc_column][\/vc_row][vc_row full_width=&#8221;stretch_row&#8221;][vc_column][vc_icon icon_fontawesome=&#8221;fa fa-cog&#8221; size=&#8221;sm&#8221; align=&#8221;center&#8221;][vc_empty_space height=&#8221;36px&#8221;][vc_column_text css=&#8221;.vc_custom_1578918643359{margin-top: 0px !important;border-bottom-width: 1px !important;padding-top: 0px !important;padding-bottom: 4px !important;border-bottom-color: #0056a6 !important;border-bottom-style: solid !important;}&#8221;]<\/p>\n<h3 style=\"text-align: left;\">I VALORI<\/h3>\n<p>[\/vc_column_text][\/vc_column][\/vc_row][vc_row full_width=&#8221;stretch_row&#8221;][vc_column width=&#8221;1\/2&#8243;][vc_column_text css=&#8221;&#8221;]<\/p>\n<div class=\"tmp-2col\">\n<ul>\n<li><strong>Sicurezza e rispetto dell&#8217;ambiente<\/strong><\/li>\n<li><strong><span class=\"medium-text\">Creare valore sostenibile<\/span><\/strong><\/li>\n<li><strong><span class=\"medium-text\">Essere parte integrante e riferimento nella comunit\u00e0<\/span><\/strong><\/li>\n<li><strong><span class=\"medium-text\">Sviluppare il potenziale delle persone favorendo la crescita professionale<\/span><\/strong><\/li>\n<li><strong><span class=\"medium-text\">The place to be<\/span><\/strong><\/li>\n<li><strong><span class=\"medium-text\">Conoscenze e competenze sono il nostro patrimonio<\/span><\/strong><\/li>\n<li><strong><span class=\"medium-text\">Sviluppare innovazione<\/span><\/strong><\/li>\n<\/ul>\n<\/div>\n<p>[\/vc_column_text][vc_empty_space height=&#8221;24px&#8221;][\/vc_column][vc_column width=&#8221;1\/2&#8243;][vc_column_text]<\/p>\n<div>I valori guidano tutte le nostre decisioni e le azioni che mettiamo in campo per\u00a0generare benefici per le nostre persone,<br \/>\ni nostri clienti, i nostri azionisti e l\u2019intero territorio in cui operiamo.<\/div>\n<p>[\/vc_column_text][\/vc_column][\/vc_row][vc_row full_width=&#8221;stretch_row&#8221;][vc_column][vc_icon icon_fontawesome=&#8221;fa fa-cog&#8221; size=&#8221;sm&#8221; align=&#8221;center&#8221;][vc_empty_space height=&#8221;24px&#8221;][vc_column_text css=&#8221;.vc_custom_1578918683253{margin-top: 0px !important;border-bottom-width: 1px !important;padding-top: 0px !important;padding-bottom: 4px !important;border-bottom-color: #0056a6 !important;border-bottom-style: solid !important;}&#8221;]<\/p>\n<h3 style=\"text-align: left;\">LA CREAZIONE DEL VALORE<\/h3>\n<p>[\/vc_column_text][vc_column_text]<\/p>\n<p style=\"text-align: left;\">Le nostre aree di attivit\u00e0 sono la produzione di prodotti petroliferi e la produzione e la vendita di energia elettrica.<br \/>\nIl nostro sito produttivo \u00e8 ancora oggi uno dei pi\u00f9 importanti d\u2019Europa per complessit\u00e0, capacit\u00e0 e qualit\u00e0 produttiva e rappresenta un modello di efficienza e sostenibilit\u00e0 ambientale, grazie al <strong>patrimonio di conoscenze e competenze e\u00a0al patrimonio tecnologico<\/strong> maturato in<span style=\"color: #0056a6;\">\u00a0<span style=\"color: #007fff;\"><a style=\"color: #007fff;\" href=\"https:\/\/www.sarlux.saras.it\/it\/chi-siamo-storia\/\">cinquant\u2019anni di attivit\u00e0<\/a><\/span><\/span><span style=\"color: #007fff;\">.<\/span><\/p>\n<p style=\"text-align: left;\"><strong>Siamo ambiziosi, orgogliosi, appassionati, aperti al confronto, trasparenti e responsabili.<\/strong><\/p>\n<p style=\"text-align: left;\">La sfida \u00e8 lavorare ogni giorno per la <strong>creazione di valore<\/strong>, per stare sempre un passo avanti ai competitor.<br \/>\nPer questo <strong>sviluppiamo soluzioni innovative<\/strong>, anticipando la richiesta di garanzie di sicurezza ambientale affinch\u00e9 il sito produttivo sia sempre pi\u00f9 compatibile con il territorio.<br \/>\nL\u2019impegno costante, gli investimenti nell\u2019innovazione tecnologica e per l\u2019<span style=\"color: #007fff;\"><a style=\"color: #007fff;\" href=\"https:\/\/www.sarlux.saras.it\/it\/ambiente-efficienza-energetica\/\">efficienza\u00a0energetica<\/a><\/span>, l\u2019aggiornamento continuo e la<span style=\"color: #0056a6;\">\u00a0<span style=\"color: #007fff;\"><a style=\"color: #007fff;\" href=\"https:\/\/www.sarlux.saras.it\/it\/impegno-sociale-territorio\/\">responsabilit\u00e0 verso il territorio <\/a><\/span><\/span>sono fondamentali per la stessa produttivit\u00e0 e competitivit\u00e0 dell\u2019azienda.<\/p>\n<p>[\/vc_column_text][vc_icon icon_fontawesome=&#8221;fa fa-cog&#8221; size=&#8221;sm&#8221; align=&#8221;center&#8221;][vc_empty_space height=&#8221;24px&#8221;][\/vc_column][\/vc_row][vc_row][vc_column][vc_column_text css=&#8221;.vc_custom_1578918726578{margin-top: 0px !important;border-bottom-width: 1px !important;padding-top: 0px !important;padding-bottom: 4px !important;border-bottom-color: #0056a6 !important;border-bottom-style: solid !important;}&#8221;]<\/p>\n<h3 style=\"text-align: left;\">LA CULTURA DELL&#8217;ENERGIA<\/h3>\n<p>[\/vc_column_text][vc_column_text]<\/p>\n<p style=\"text-align: left;\"><strong>Siamo consapevoli dell\u2019importanza che l\u2019energia riveste nella vita quotidiana di ciascuno di noi, ma anche dell\u2019impatto che la sua produzione pu\u00f2 generare sull\u2019ambiente e sul territorio.<\/strong><\/p>\n<p>[\/vc_column_text][\/vc_column][\/vc_row][vc_row][vc_column][vc_column_text css=&#8221;&#8221;]<\/p>\n<p style=\"text-align: left;\">Per questo il nostro impegno \u00e8 rivolto costantemente alla creazione di una cultura responsabile dell\u2019energia.<br \/>\nLa formazione,\u00a0<span style=\"color: #007fff;\"><a style=\"color: #007fff;\" href=\"https:\/\/www.sarlux.saras.it\/it\/impegno-sociale-scuola\/\">dalla scuola all\u2019universit\u00e0<\/a><\/span>, dal mondo della ricerca al singolo individuo, \u00e8 fondamentale per la costruzione di un futuro sostenibile.<\/p>\n<p style=\"text-align: left;\">Il Codice etico racchiude i valori, i principi e le norme di comportamento consolidati nel tempo, ai quali Sarlux e Saras conformano la conduzione delle proprie attivit\u00e0 di impresa. Riconosciamo l\u2019importanza della responsabilit\u00e0 etico-sociale e prestiamo massima attenzione agli aspetti relativi alla salute e alla sicurezza sul lavoro e alla tutela dell\u2019ambiente.<\/p>\n<p style=\"text-align: left;\">Ci impegniamo per mantenere e sviluppare rapporti di fiducia con soci, azionisti, dipendenti, collaboratori e interlocutori: fornitori, clienti, istituzioni, parti sociali, partner industriali, la collettivit\u00e0 e tutte le organizzazioni che sono influenzate dagli effetti diretti e indiretti delle nostre attivit\u00e0.<\/p>\n<p>[\/vc_column_text][vc_column_text css=&#8221;&#8221;]<\/p>\n<h6 style=\"text-align: left;\"><img loading=\"lazy\" decoding=\"async\" class=\"size-full wp-image-527645 alignleft\" src=\"https:\/\/www.sarlux.saras.it\/wp-content\/uploads\/2018\/10\/download_Sarlux.png\" alt=\"\" width=\"33\" height=\"50\" \/><br \/>\n<a href=\"https:\/\/www.sarlux.saras.it\/wp-content\/uploads\/2017\/03\/Codice-Etico-Gruppo-Saras-2016.pdf\" target=\"_blank\" rel=\"noopener noreferrer\"><span style=\"color: #007fff;\">Scarica il Codice etico Saras<\/span><\/a><\/h6>\n<p>[\/vc_column_text][vc_icon icon_fontawesome=&#8221;fa fa-cog&#8221; size=&#8221;sm&#8221; align=&#8221;center&#8221;][\/vc_column][\/vc_row][vc_row full_width=&#8221;stretch_row&#8221;][vc_column][vc_empty_space height=&#8221;24px&#8221;][vc_column_text css=&#8221;.vc_custom_1578918630670{margin-top: 0px !important;border-bottom-width: 1px !important;padding-top: 0px !important;padding-bottom: 4px !important;border-bottom-color: #0056a6 !important;border-bottom-style: solid !important;}&#8221;]<\/p>\n<h3 style=\"text-align: left;\">IL PURPOSE<\/h3>\n<p>[\/vc_column_text][\/vc_column][\/vc_row][vc_row full_width=&#8221;stretch_row&#8221;][vc_column width=&#8221;1\/2&#8243;][vc_column_text]<\/p>\n<p style=\"text-align: left;\">Il\u00a0<span style=\"color: #0056a6;\"><em>purpose<\/em>\u00a0aziendale<\/span> racchiude il sogno, i valori, lo spirito, il motto e le qualit\u00e0 che permeano la nostra sfida: intraprendere insieme un percorso di trasformazione continua che accresca il nostro valore.<br \/>\nPer fare questo tutti sono chiamati a contribuire con le proprie risorse e con il proprio lavoro.<br \/>\nOgni dipendente\u00a0\u00e8 incluso nella\u00a0\u201csfida\u201d\u00a0ed \u00e8 essenziale per vincerla.<br \/>\nQuesto \u00e8 il modo che Sarlux ha per generare profitto e creare valore\u00a0per\u00a0la comunit\u00e0,\u00a0di cui \u00e8\u00a0parte integrante.<\/p>\n<p>[\/vc_column_text][\/vc_column][vc_column width=&#8221;1\/2&#8243;][vc_column_text]<\/p>\n<p style=\"text-align: center;\"><iframe loading=\"lazy\" src=\"https:\/\/www.youtube-nocookie.com\/embed\/mmMOM0nV7AI?rel=0&amp;autoplay=0&amp;hl=it&amp;loop=1\" width=\"560\" height=\"315\" frameborder=\"0\" allowfullscreen=\"allowfullscreen\"><\/iframe><\/p>\n<p>[\/vc_column_text][\/vc_column][\/vc_row][vc_row][vc_column][vc_separator color=&#8221;custom&#8221; accent_color=&#8221;#0056a6&#8243;][vc_empty_space][vc_icon icon_fontawesome=&#8221;fa fa-cog&#8221; size=&#8221;sm&#8221; align=&#8221;center&#8221;][\/vc_column][\/vc_row][vc_row][vc_column][vc_empty_space height=&#8221;16px&#8221;][vc_single_image image=&#8221;529994&#8243; img_size=&#8221;full&#8221; alignment=&#8221;center&#8221;][vc_empty_space height=&#8221;64px&#8221;][\/vc_column][\/vc_row][vc_row][vc_column width=&#8221;1\/2&#8243;][vc_column_text css=&#8221;.vc_custom_1578919525016{margin-top: 0px !important;border-bottom-width: 1px !important;padding-top: 0px !important;padding-bottom: 4px !important;border-bottom-color: #0056a6 !important;border-bottom-style: solid !important;}&#8221;]<\/p>\n<h4 style=\"text-align: left;\">Pagine correlate<\/h4>\n<p>[\/vc_column_text][\/vc_column][vc_column width=&#8221;1\/2&#8243;][\/vc_column][\/vc_row][vc_row][vc_column width=&#8221;1\/4&#8243;]\n<div id=\"interactive-banner-1-wrap-7034\" class=\"ult-banner-block ult-adjust-bottom-margin ult-bb-box  banner-style11 \"   style=\"\">\n\t<img decoding=\"async\" src=\"https:\/\/www.sarlux.saras.it\/wp-content\/uploads\/2019\/02\/gruppo-Saras-082-DPS_4236.jpg\" alt=\"null\">\n\t<h3  data-ultimate-target='#interactive-banner-1-wrap-7034 .bb-top-title '  data-responsive-json-new='{\"font-size\":\"\",\"line-height\":\"\"}'  class=\"title-center bb-top-title ult-responsive\" style=\"font-weight:normal;background:#0056a6;color:#ffffff;\">LA RAFFINERIA SARLUX<\/h3>\n\t<div class=\"mask opaque-background\" style=\"background:#0056a6;\">\n\t\t<div  data-ultimate-target='#interactive-banner-1-wrap-7034 .bb-description'  data-responsive-json-new='{\"font-size\":\"desktop:12px;\",\"line-height\":\"\"}'  class=\"bb-description ult-responsive\" style=\"font-weight:normal;color:#ffffff;\">Sarlux, societ\u00e0 del Gruppo Saras, \u00e8 proprietaria degli impianti di raffinazione, di petrolchimica e della centrale elettrica Integrated Gasification Combined Cycle (IGCC).<\/div>\n\t<\/div><a class=\"bb-link\" href=\"https:\/\/sarlux.saras.it\/it\/chi-siamo-raffineria-sarlux\/\" ><\/a>\n<\/div>[\/vc_column][vc_column width=&#8221;1\/4&#8243;]\n<div id=\"interactive-banner-1-wrap-2076\" class=\"ult-banner-block ult-adjust-bottom-margin ult-bb-box  banner-style11 \"   style=\"\">\n\t<img decoding=\"async\" src=\"https:\/\/www.sarlux.saras.it\/wp-content\/uploads\/2019\/02\/storia.jpg\" alt=\"null\">\n\t<h3  data-ultimate-target='#interactive-banner-1-wrap-2076 .bb-top-title '  data-responsive-json-new='{\"font-size\":\"\",\"line-height\":\"\"}'  class=\"title-center bb-top-title ult-responsive\" style=\"font-weight:normal;background:#0056a6;color:#ffffff;\">LA NOSTRA STORIA<\/h3>\n\t<div class=\"mask opaque-background\" style=\"background:#0056a6;\">\n\t\t<div  data-ultimate-target='#interactive-banner-1-wrap-2076 .bb-description'  data-responsive-json-new='{\"font-size\":\"desktop:12px;\",\"line-height\":\"\"}'  class=\"bb-description ult-responsive\" style=\"font-weight:normal;color:#ffffff;\">Ricordare il passato, rappresentare in modo chiaro e diretto il presente, programmare il futuro.<\/div>\n\t<\/div><a class=\"bb-link\" href=\"https:\/\/sarlux.saras.it\/it\/chi-siamo-storia\/\" ><\/a>\n<\/div>[\/vc_column][vc_column width=&#8221;1\/4&#8243;][\/vc_column][vc_column width=&#8221;1\/4&#8243;][\/vc_column][\/vc_row][vc_row][vc_column][vc_empty_space][vc_icon icon_fontawesome=&#8221;fa fa-cog&#8221; align=&#8221;center&#8221;][\/vc_column][\/vc_row][vc_row][vc_column][vc_empty_space height=&#8221;64px&#8221;][\/vc_column][\/vc_row]<\/p>\n<\/div>","protected":false},"excerpt":{"rendered":"<p>[vc_row full_width=&#8221;stretch_row_content_no_spaces&#8221; css=&#8221;.vc_custom_1569601419905{margin-top: 0px !important;padding-top: 0px !important;background-image: url(https:\/\/www.sarlux.saras.it\/wp-content\/uploads\/2019\/09\/05_30-1440_300.jpg?id=539421) !important;background-position: center !important;background-repeat: no-repeat !important;background-size: cover !important;}&#8221;][vc_column][vc_row_inner][vc_column_inner width=&#8221;1\/12&#8243;][\/vc_column_inner][vc_column_inner width=&#8221;1\/12&#8243;][\/vc_column_inner][vc_column_inner width=&#8221;8\/12&#8243;][vc_column_text css=&#8221;.vc_custom_1551095838010{margin-top: 0px !important;padding-top: 0px !important;padding-bottom: 10px !important;}&#8221;] I<span class=\"excerpt-hellip\"> [\u2026]<\/span><\/p>\n","protected":false},"author":2,"featured_media":533365,"parent":0,"menu_order":1,"comment_status":"closed","ping_status":"closed","template":"","meta":{"_acf_changed":false,"inline_featured_image":false,"footnotes":""},"class_list":["post-539554","page","type-page","status-publish","has-post-thumbnail","hentry"],"acf":[],"yoast_head":"<!-- This site is optimized with the Yoast SEO plugin v27.3 - https:\/\/yoast.com\/product\/yoast-seo-wordpress\/ -->\n<title>I nostri valori - Sarlux Saras | Refining &amp; Power<\/title>\n<meta name=\"description\" content=\"Il valore fondante che guida tutte le attivit\u00e0 di Sarlux \u00e8 la massima attenzione ai temi della salute, della sicurezza e della tutela dell\u2019ambiente.\" \/>\n<meta name=\"robots\" content=\"index, follow, max-snippet:-1, max-image-preview:large, max-video-preview:-1\" \/>\n<link rel=\"canonical\" href=\"https:\/\/www.sarlux.saras.it\/it\/chi-siamo-valori\/\" \/>\n<meta property=\"og:locale\" content=\"it_IT\" \/>\n<meta property=\"og:type\" content=\"article\" \/>\n<meta property=\"og:title\" content=\"I nostri valori - Sarlux Saras | Refining &amp; Power\" \/>\n<meta property=\"og:description\" content=\"Il valore fondante che guida tutte le attivit\u00e0 di Sarlux \u00e8 la massima attenzione ai temi della salute, della sicurezza e della tutela dell\u2019ambiente.\" \/>\n<meta property=\"og:url\" content=\"https:\/\/www.sarlux.saras.it\/it\/chi-siamo-valori\/\" \/>\n<meta property=\"og:site_name\" content=\"Sarlux Saras | Refining &amp; Power\" \/>\n<meta property=\"article:modified_time\" content=\"2024-11-19T09:08:11+00:00\" \/>\n<meta property=\"og:image\" content=\"https:\/\/www.sarlux.saras.it\/wp-content\/uploads\/2019\/03\/valori-Saras-Sarlux.jpg\" \/>\n\t<meta property=\"og:image:width\" content=\"800\" \/>\n\t<meta property=\"og:image:height\" content=\"400\" \/>\n\t<meta property=\"og:image:type\" content=\"image\/jpeg\" \/>\n<meta name=\"twitter:card\" content=\"summary_large_image\" \/>\n<meta name=\"twitter:image\" content=\"https:\/\/www.sarlux.saras.it\/wp-content\/uploads\/2019\/03\/valori-Saras-Sarlux.jpg\" \/>\n<meta name=\"twitter:label1\" content=\"Tempo di lettura stimato\" \/>\n\t<meta name=\"twitter:data1\" content=\"5 minuti\" \/>\n<script type=\"application\/ld+json\" class=\"yoast-schema-graph\">{\"@context\":\"https:\\\/\\\/schema.org\",\"@graph\":[{\"@type\":\"WebPage\",\"@id\":\"https:\\\/\\\/www.sarlux.saras.it\\\/it\\\/chi-siamo-valori\\\/\",\"url\":\"https:\\\/\\\/www.sarlux.saras.it\\\/it\\\/chi-siamo-valori\\\/\",\"name\":\"I nostri valori - Sarlux Saras | Refining & Power\",\"isPartOf\":{\"@id\":\"https:\\\/\\\/www.sarlux.saras.it\\\/it\\\/#website\"},\"primaryImageOfPage\":{\"@id\":\"https:\\\/\\\/www.sarlux.saras.it\\\/it\\\/chi-siamo-valori\\\/#primaryimage\"},\"image\":{\"@id\":\"https:\\\/\\\/www.sarlux.saras.it\\\/it\\\/chi-siamo-valori\\\/#primaryimage\"},\"thumbnailUrl\":\"https:\\\/\\\/www.sarlux.saras.it\\\/wp-content\\\/uploads\\\/2019\\\/03\\\/valori-Saras-Sarlux.jpg\",\"datePublished\":\"2019-09-30T15:20:42+00:00\",\"dateModified\":\"2024-11-19T09:08:11+00:00\",\"description\":\"Il valore fondante che guida tutte le attivit\u00e0 di Sarlux \u00e8 la massima attenzione ai temi della salute, della sicurezza e della tutela dell\u2019ambiente.\",\"breadcrumb\":{\"@id\":\"https:\\\/\\\/www.sarlux.saras.it\\\/it\\\/chi-siamo-valori\\\/#breadcrumb\"},\"inLanguage\":\"it-IT\",\"potentialAction\":[{\"@type\":\"ReadAction\",\"target\":[\"https:\\\/\\\/www.sarlux.saras.it\\\/it\\\/chi-siamo-valori\\\/\"]}]},{\"@type\":\"ImageObject\",\"inLanguage\":\"it-IT\",\"@id\":\"https:\\\/\\\/www.sarlux.saras.it\\\/it\\\/chi-siamo-valori\\\/#primaryimage\",\"url\":\"https:\\\/\\\/www.sarlux.saras.it\\\/wp-content\\\/uploads\\\/2019\\\/03\\\/valori-Saras-Sarlux.jpg\",\"contentUrl\":\"https:\\\/\\\/www.sarlux.saras.it\\\/wp-content\\\/uploads\\\/2019\\\/03\\\/valori-Saras-Sarlux.jpg\",\"width\":800,\"height\":400},{\"@type\":\"BreadcrumbList\",\"@id\":\"https:\\\/\\\/www.sarlux.saras.it\\\/it\\\/chi-siamo-valori\\\/#breadcrumb\",\"itemListElement\":[{\"@type\":\"ListItem\",\"position\":1,\"name\":\"Home\",\"item\":\"https:\\\/\\\/www.sarlux.saras.it\\\/it\\\/\"},{\"@type\":\"ListItem\",\"position\":2,\"name\":\"I nostri valori\"}]},{\"@type\":\"WebSite\",\"@id\":\"https:\\\/\\\/www.sarlux.saras.it\\\/it\\\/#website\",\"url\":\"https:\\\/\\\/www.sarlux.saras.it\\\/it\\\/\",\"name\":\"Sarlux\",\"description\":\"\",\"publisher\":{\"@id\":\"https:\\\/\\\/www.sarlux.saras.it\\\/it\\\/#organization\"},\"potentialAction\":[{\"@type\":\"SearchAction\",\"target\":{\"@type\":\"EntryPoint\",\"urlTemplate\":\"https:\\\/\\\/www.sarlux.saras.it\\\/it\\\/?s={search_term_string}\"},\"query-input\":{\"@type\":\"PropertyValueSpecification\",\"valueRequired\":true,\"valueName\":\"search_term_string\"}}],\"inLanguage\":\"it-IT\"},{\"@type\":\"Organization\",\"@id\":\"https:\\\/\\\/www.sarlux.saras.it\\\/it\\\/#organization\",\"name\":\"Sarlux\",\"url\":\"https:\\\/\\\/www.sarlux.saras.it\\\/it\\\/\",\"logo\":{\"@type\":\"ImageObject\",\"inLanguage\":\"it-IT\",\"@id\":\"https:\\\/\\\/www.sarlux.saras.it\\\/it\\\/#\\\/schema\\\/logo\\\/image\\\/\",\"url\":\"https:\\\/\\\/www.sarlux.saras.it\\\/wp-content\\\/uploads\\\/2017\\\/12\\\/logo-pc-1.png\",\"contentUrl\":\"https:\\\/\\\/www.sarlux.saras.it\\\/wp-content\\\/uploads\\\/2017\\\/12\\\/logo-pc-1.png\",\"width\":184,\"height\":86,\"caption\":\"Sarlux\"},\"image\":{\"@id\":\"https:\\\/\\\/www.sarlux.saras.it\\\/it\\\/#\\\/schema\\\/logo\\\/image\\\/\"}}]}<\/script>\n<!-- \/ Yoast SEO plugin. -->","yoast_head_json":{"title":"I nostri valori - Sarlux Saras | Refining & Power","description":"Il valore fondante che guida tutte le attivit\u00e0 di Sarlux \u00e8 la massima attenzione ai temi della salute, della sicurezza e della tutela dell\u2019ambiente.","robots":{"index":"index","follow":"follow","max-snippet":"max-snippet:-1","max-image-preview":"max-image-preview:large","max-video-preview":"max-video-preview:-1"},"canonical":"https:\/\/www.sarlux.saras.it\/it\/chi-siamo-valori\/","og_locale":"it_IT","og_type":"article","og_title":"I nostri valori - Sarlux Saras | Refining & Power","og_description":"Il valore fondante che guida tutte le attivit\u00e0 di Sarlux \u00e8 la massima attenzione ai temi della salute, della sicurezza e della tutela dell\u2019ambiente.","og_url":"https:\/\/www.sarlux.saras.it\/it\/chi-siamo-valori\/","og_site_name":"Sarlux Saras | Refining & Power","article_modified_time":"2024-11-19T09:08:11+00:00","og_image":[{"width":800,"height":400,"url":"https:\/\/www.sarlux.saras.it\/wp-content\/uploads\/2019\/03\/valori-Saras-Sarlux.jpg","type":"image\/jpeg"}],"twitter_card":"summary_large_image","twitter_image":"https:\/\/www.sarlux.saras.it\/wp-content\/uploads\/2019\/03\/valori-Saras-Sarlux.jpg","twitter_misc":{"Tempo di lettura stimato":"5 minuti"},"schema":{"@context":"https:\/\/schema.org","@graph":[{"@type":"WebPage","@id":"https:\/\/www.sarlux.saras.it\/it\/chi-siamo-valori\/","url":"https:\/\/www.sarlux.saras.it\/it\/chi-siamo-valori\/","name":"I nostri valori - Sarlux Saras | Refining & Power","isPartOf":{"@id":"https:\/\/www.sarlux.saras.it\/it\/#website"},"primaryImageOfPage":{"@id":"https:\/\/www.sarlux.saras.it\/it\/chi-siamo-valori\/#primaryimage"},"image":{"@id":"https:\/\/www.sarlux.saras.it\/it\/chi-siamo-valori\/#primaryimage"},"thumbnailUrl":"https:\/\/www.sarlux.saras.it\/wp-content\/uploads\/2019\/03\/valori-Saras-Sarlux.jpg","datePublished":"2019-09-30T15:20:42+00:00","dateModified":"2024-11-19T09:08:11+00:00","description":"Il valore fondante che guida tutte le attivit\u00e0 di Sarlux \u00e8 la massima attenzione ai temi della salute, della sicurezza e della tutela dell\u2019ambiente.","breadcrumb":{"@id":"https:\/\/www.sarlux.saras.it\/it\/chi-siamo-valori\/#breadcrumb"},"inLanguage":"it-IT","potentialAction":[{"@type":"ReadAction","target":["https:\/\/www.sarlux.saras.it\/it\/chi-siamo-valori\/"]}]},{"@type":"ImageObject","inLanguage":"it-IT","@id":"https:\/\/www.sarlux.saras.it\/it\/chi-siamo-valori\/#primaryimage","url":"https:\/\/www.sarlux.saras.it\/wp-content\/uploads\/2019\/03\/valori-Saras-Sarlux.jpg","contentUrl":"https:\/\/www.sarlux.saras.it\/wp-content\/uploads\/2019\/03\/valori-Saras-Sarlux.jpg","width":800,"height":400},{"@type":"BreadcrumbList","@id":"https:\/\/www.sarlux.saras.it\/it\/chi-siamo-valori\/#breadcrumb","itemListElement":[{"@type":"ListItem","position":1,"name":"Home","item":"https:\/\/www.sarlux.saras.it\/it\/"},{"@type":"ListItem","position":2,"name":"I nostri valori"}]},{"@type":"WebSite","@id":"https:\/\/www.sarlux.saras.it\/it\/#website","url":"https:\/\/www.sarlux.saras.it\/it\/","name":"Sarlux","description":"","publisher":{"@id":"https:\/\/www.sarlux.saras.it\/it\/#organization"},"potentialAction":[{"@type":"SearchAction","target":{"@type":"EntryPoint","urlTemplate":"https:\/\/www.sarlux.saras.it\/it\/?s={search_term_string}"},"query-input":{"@type":"PropertyValueSpecification","valueRequired":true,"valueName":"search_term_string"}}],"inLanguage":"it-IT"},{"@type":"Organization","@id":"https:\/\/www.sarlux.saras.it\/it\/#organization","name":"Sarlux","url":"https:\/\/www.sarlux.saras.it\/it\/","logo":{"@type":"ImageObject","inLanguage":"it-IT","@id":"https:\/\/www.sarlux.saras.it\/it\/#\/schema\/logo\/image\/","url":"https:\/\/www.sarlux.saras.it\/wp-content\/uploads\/2017\/12\/logo-pc-1.png","contentUrl":"https:\/\/www.sarlux.saras.it\/wp-content\/uploads\/2017\/12\/logo-pc-1.png","width":184,"height":86,"caption":"Sarlux"},"image":{"@id":"https:\/\/www.sarlux.saras.it\/it\/#\/schema\/logo\/image\/"}}]}},"_links":{"self":[{"href":"https:\/\/www.sarlux.saras.it\/it\/wp-json\/wp\/v2\/pages\/539554","targetHints":{"allow":["GET"]}}],"collection":[{"href":"https:\/\/www.sarlux.saras.it\/it\/wp-json\/wp\/v2\/pages"}],"about":[{"href":"https:\/\/www.sarlux.saras.it\/it\/wp-json\/wp\/v2\/types\/page"}],"author":[{"embeddable":true,"href":"https:\/\/www.sarlux.saras.it\/it\/wp-json\/wp\/v2\/users\/2"}],"replies":[{"embeddable":true,"href":"https:\/\/www.sarlux.saras.it\/it\/wp-json\/wp\/v2\/comments?post=539554"}],"version-history":[{"count":40,"href":"https:\/\/www.sarlux.saras.it\/it\/wp-json\/wp\/v2\/pages\/539554\/revisions"}],"predecessor-version":[{"id":546548,"href":"https:\/\/www.sarlux.saras.it\/it\/wp-json\/wp\/v2\/pages\/539554\/revisions\/546548"}],"wp:featuredmedia":[{"embeddable":true,"href":"https:\/\/www.sarlux.saras.it\/it\/wp-json\/wp\/v2\/media\/533365"}],"wp:attachment":[{"href":"https:\/\/www.sarlux.saras.it\/it\/wp-json\/wp\/v2\/media?parent=539554"}],"curies":[{"name":"wp","href":"https:\/\/api.w.org\/{rel}","templated":true}]}}