{"id":541225,"date":"2019-12-09T19:47:43","date_gmt":"2019-12-09T19:47:43","guid":{"rendered":"https:\/\/www.sarlux.saras.it\/?page_id=541225"},"modified":"2025-07-17T10:49:18","modified_gmt":"2025-07-17T10:49:18","slug":"ambiente-certificazioni","status":"publish","type":"page","link":"https:\/\/www.sarlux.saras.it\/it\/ambiente-certificazioni\/","title":{"rendered":"Certificazioni"},"content":{"rendered":"<div class=\"wpb-content-wrapper\"><p>[vc_row full_width=&#8221;stretch_row_content_no_spaces&#8221; css=&#8221;.vc_custom_1576089925199{margin-top: 0px !important;padding-top: 0px !important;background-image: url(https:\/\/www.sarlux.saras.it\/wp-content\/uploads\/2019\/12\/certificazioni-Saras-Sarlux-365.jpg?id=541315) !important;background-position: center !important;background-repeat: no-repeat !important;background-size: cover !important;}&#8221;][vc_column][vc_row_inner][vc_column_inner width=&#8221;1\/12&#8243;][\/vc_column_inner][vc_column_inner width=&#8221;1\/12&#8243;][\/vc_column_inner][vc_column_inner width=&#8221;8\/12&#8243;][vc_column_text css=&#8221;.vc_custom_1579683173126{margin-top: 0px !important;padding-top: 0px !important;padding-bottom: 10px !important;}&#8221;]<\/p>\n<h1 style=\"text-align: center;\"><span style=\"color: #f5f5f5;\"><strong>Certificazioni<\/strong><\/span><\/h1>\n<p>[\/vc_column_text][\/vc_column_inner][vc_column_inner width=&#8221;2\/12&#8243;][\/vc_column_inner][\/vc_row_inner][vc_empty_space height=&#8221;190px&#8221;][vc_row_inner][vc_column_inner width=&#8221;1\/12&#8243;][\/vc_column_inner][vc_column_inner width=&#8221;1\/12&#8243;][vc_column_text css=&#8221;.vc_custom_1579685030302{padding-top: 10px !important;padding-bottom: 10px !important;background-color: #0056a6 !important;border-radius: 5px !important;}&#8221;]<\/p>\n<h6 style=\"text-align: center;\"><span style=\"color: #f5f5f5; font-size: 12px;\">AMBIENTE<\/span><\/h6>\n<p>[\/vc_column_text][\/vc_column_inner][vc_column_inner width=&#8221;8\/12&#8243;][\/vc_column_inner][vc_column_inner width=&#8221;2\/12&#8243;][\/vc_column_inner][\/vc_row_inner][\/vc_column][\/vc_row][vc_row][vc_column][vc_column_text]<\/p>\n<h4 class=\"hightlights text-align-justify\" style=\"text-align: left;\"><span style=\"color: #0056a6;\"><strong>Un solido sistema di politiche organizzative e gestionali.<br \/>\n<\/strong><\/span>Sarlux promuove la tutela dell\u2019ambiente, della salute e della sicurezza sul lavoro, con investimenti dedicati e attraverso un solido sistema di politiche organizzative e gestionali, che stabiliscono i cardini fondamentali del suo agire sostenibile, e sono certificati secondo i migliori standard internazionali.<\/h4>\n<p>[\/vc_column_text][vc_empty_space][vc_single_image image=&#8221;527763&#8243; img_size=&#8221;50&#215;50&#8243; alignment=&#8221;center&#8221;][vc_empty_space][\/vc_column][\/vc_row][vc_row][vc_column][vc_column_text css=&#8221;.vc_custom_1578953662136{border-bottom-width: 1px !important;padding-top: 0px !important;padding-bottom: 4px !important;border-bottom-color: #0056a6 !important;border-bottom-style: solid !important;}&#8221;]<\/p>\n<h3>HEALTH, SAFETY AND ENVIRONMENT<\/h3>\n<p>[\/vc_column_text][vc_empty_space height=&#8221;8px&#8221;][\/vc_column][\/vc_row][vc_row][vc_column][vc_column_text]<strong>Sarlux \u00e8 una realt\u00e0 industriale fatta di persone che vivono e diffondono la cultura della sicurezza nell\u2019agire quotidiano.<\/strong><\/p>\n<p>Sarlux usa il sistema HSE\u00a0(Health, Safety and Environment): il principale strumento gestionale\u00a0per la prevenzione di incidenti rilevanti, la salute, la sicurezza sul lavoro e la tutela ambientale.[\/vc_column_text][\/vc_column][\/vc_row][vc_row][vc_column width=&#8221;1\/2&#8243;][vc_single_image image=&#8221;541619&#8243; img_size=&#8221;full&#8221;][\/vc_column][vc_column width=&#8221;1\/2&#8243;][vc_column_text css=&#8221;&#8221;]<strong>Sistema di gestione ambientale (SGA)<br \/>\n<\/strong>Il sistema HSE (Health, Safety and Environment) \u00e8 il risultato di un percorso complesso che, nel 2004, ha portato Sarlux a ottenere la <strong>certificazione del Sistema di gestione ambientale (SGA) dello stabilimento<\/strong>, secondo lo standard internazionale\u00a0<strong>ISO 14001<\/strong>.<\/p>\n<p><strong>Sistema di gestione della sicurezza (SGS)<\/strong><br \/>\nSeguendo un percorso analogo a quanto intrapreso per il SGA, gi\u00e0 nel dicembre 2007, Sarlux, ha adottato la certificazione OHSAS 18001 <strong>per il Sistema di gestione della sicurezza (SGS) <\/strong>per la <strong>tutela della salute e sicurezza dei lavoratori<\/strong> che, per far fronte in maniera strutturata e tempestiva all\u2019evolversi della normativa, nel corso del 2020 \u00e8 stata sostituita dal nuovo standard\u00a0<strong>ISO 45001.<\/strong><\/p>\n<p>Ogni anno l\u2019ente certificatore Lloyd\u2019s Register Quality Assurance (LRQA Italy) verifica l\u2019aderenza della societ\u00e0 ai requisiti richiesti dalle certificazioni.<\/p>\n<p><strong>Un importante traguardo per Sarlux che sottolinea, ancora una volta,\u00a0l\u2019impegno e la sensibilit\u00e0 dell\u2019azienda sul tema della salute e della sicurezza sul lavoro<\/strong>.[\/vc_column_text][\/vc_column][\/vc_row][vc_row][vc_column][vc_column_text css=&#8221;&#8221;]<strong>Nel corso degli anni i due sistemi di gestione ambientale e della sicurezza sono stati integrati nel sistema unico di gestione HSE (Health, Safety and Environment) e sono state introdotte la misura delle prestazioni e la pianificazione di obiettivi e traguardi di miglioramento continuo dello stabilimento.<\/strong><\/p>\n<h6><span style=\"color: #993fff;\"><a style=\"color: #993fff;\" href=\"https:\/\/www.sarlux.saras.it\/wp-content\/uploads\/2024\/06\/0029429-EMS-ITAIT-UKAS-1.pdf\" target=\"_blank\" rel=\"noopener noreferrer\"><strong>\u2193<\/strong> Certificazione Sistema Gestione Ambientale ISO 14001 LRQA<\/a><\/span><\/h6>\n<h6><span style=\"color: #993fff;\"><a style=\"color: #993fff;\" href=\"https:\/\/www.sarlux.saras.it\/wp-content\/uploads\/2024\/06\/0029430-OHSAS-ITAIT-UKAS-1.pdf\" target=\"_blank\" rel=\"noopener noreferrer\"><strong>\u2193<\/strong> Certificazione ISO 45001 LRQA 2024-2026<\/a><\/span><\/h6>\n<h6><span style=\"color: #993fff;\"><a style=\"color: #993fff;\" href=\"https:\/\/www.sarlux.saras.it\/wp-content\/uploads\/2024\/05\/POLITICA-PIR-SSA-SARLUX-22.12.2023.pdf\" target=\"_blank\" rel=\"noopener noreferrer\"><strong>\u2193<\/strong> Politica per la prevenzione degli incidenti rilevanti, la tutela della salute e la sicurezza dei lavoratori e dell\u2019ambiente<\/a><\/span><\/h6>\n<p>[\/vc_column_text][vc_separator color=&#8221;custom&#8221; accent_color=&#8221;#0056a6&#8243;][vc_empty_space][vc_single_image image=&#8221;527763&#8243; img_size=&#8221;50&#215;50&#8243; alignment=&#8221;center&#8221;][vc_empty_space][\/vc_column][\/vc_row][vc_row][vc_column][vc_column_text css=&#8221;.vc_custom_1578953996717{border-bottom-width: 1px !important;padding-top: 0px !important;padding-bottom: 4px !important;border-bottom-color: #0056a6 !important;border-bottom-style: solid !important;}&#8221;]<\/p>\n<h3>PROTOCOLLO EMAS (Eco-management and Audit Scheme)<\/h3>\n<p>[\/vc_column_text][vc_empty_space height=&#8221;8px&#8221;][\/vc_column][\/vc_row][vc_row][vc_column width=&#8221;1\/2&#8243;][vc_single_image image=&#8221;546266&#8243; img_size=&#8221;full&#8221; onclick=&#8221;custom_link&#8221; img_link_target=&#8221;_blank&#8221; css=&#8221;&#8221; link=&#8221;https:\/\/www.sarlux.saras.it\/it\/sviluppo-sostenibile\/dichiarazione-ambientale-edizione-2024\/&#8221;][\/vc_column][vc_column width=&#8221;1\/2&#8243;][vc_column_text css=&#8221;&#8221;]In linea con la crescente sensibilit\u00e0 ambientale,\u00a0<strong>Sarlux aderisce dal 2008 al Sistema comunitario di ecogestione e audit<\/strong>\u00a0(EMAS \u2013 Eco-Management and Audit Scheme) uno\u00a0<strong>strumento volontario creato dalla Comunit\u00e0 europea<\/strong>\u00a0<strong>per le aziende<\/strong>, per valutare, migliorare e comunicare le proprie performance ambientali. Scopo principale dell\u2019EMAS \u00e8 contribuire alla\u00a0<strong>realizzazione di uno<\/strong>\u00a0<strong>sviluppo economico sostenibile<\/strong>, ponendo in rilievo il ruolo e la responsabilit\u00e0 delle imprese.<\/p>\n<h6><span style=\"color: #993fff;\"><a style=\"color: #993fff;\" href=\"https:\/\/www.sarlux.saras.it\/wp-content\/uploads\/2023\/07\/Certificato-di-registrazione-EMAS-IT00095-2.pdf\" target=\"_blank\" rel=\"noopener noreferrer\"><strong>\u2193<\/strong> Registrazione EMAS \u2013 Eco-Management and Audit Scheme<\/a><\/span><\/h6>\n<p>La registrazione comporta anche l\u2019obbligo di stilare, ogni anno, la\u00a0<span style=\"color: #0056a6;\"><a style=\"color: #0056a6;\" href=\"https:\/\/www.sarlux.saras.it\/wp-content\/uploads\/2024\/08\/Saras-Sarlux-Dichiarazione-Ambientale-2024.pdf\" target=\"_blank\" rel=\"noopener noreferrer\"><strong>Dichiarazione ambientale<\/strong><\/a>,<\/span> un documento pensato per\u00a0condividere con la comunit\u00e0 i dati sulle prestazioni ambientali degli impianti in modo chiaro e trasparente.<\/p>\n<p>E questo avviene perch\u00e9 Sarlux crede che un\u2019ampia comunicazione aiuti il cittadino a essere consapevole delle\u00a0<strong>misure di sicurezza, salute e tutela dell\u2019ambiente<\/strong>\u00a0che rendono il sito industriale di Sarroch\u00a0<strong>una fonte di ricchezza per la comunit\u00e0<\/strong>, della quale \u00e8 parte integrante, perfettamente sostenibile.<strong>\u00a0<\/strong>[\/vc_column_text][\/vc_column][\/vc_row][vc_row][vc_column][vc_empty_space height=&#8221;8px&#8221;][vc_column_text css=&#8221;&#8221;]<span class=\"x_x_x_ContentPasted1\">Come previsto dal Regolamento EMAS, ogni emissione e\/o aggiornamento della Dichiarazione Ambientale viene resa disponibile al pubblico a<\/span>lla conclusione dell\u2019<strong>iter di convalida dei dati contenuti nella Dichiarazione Ambientale eseguito per Sarlux da LRQA Italy<\/strong>, verificatore ambientale accreditato e indipendente, \u00a0e del successivo esame del documento a cura degli Enti competenti.<\/p>\n<p><strong>Nel 2024 \u00e8 stata approvata la Dichiarazione ambientale con i dati prestazionali aggiornati al 31 dicembre 2023<\/strong>. Per facilitare un rapporto trasparente con la popolazione, le autorit\u00e0 locali e con i lavoratori l\u2019edizione 2024 \u00e8 stata significativamente modificata rendendo pi\u00f9 immediata e chiara la lettura, la fruizione e la comprensione dei dati.<\/p>\n<h6><span style=\"color: #9900ff;\"><a style=\"color: #9900ff;\" href=\"https:\/\/www.sarlux.saras.it\/wp-content\/uploads\/2024\/08\/Saras-Sarlux-Dichiarazione-Ambientale-2024.pdf\" target=\"_blank\" rel=\"noopener\"><strong>\u2193<\/strong> Edizione 2024: <em>Dichiarazione ambientale \u2013 triennio 2022- 2024, aggiornamento dati 2023<\/em><\/a><\/span><\/h6>\n<p>[\/vc_column_text][\/vc_column][\/vc_row][vc_row][vc_column][vc_separator color=&#8221;custom&#8221; accent_color=&#8221;#0056a6&#8243;][\/vc_column][\/vc_row][vc_row][vc_column][vc_empty_space][vc_single_image image=&#8221;527763&#8243; img_size=&#8221;50&#215;50&#8243; alignment=&#8221;center&#8221;][vc_empty_space][vc_column_text css=&#8221;.vc_custom_1578954061429{border-bottom-width: 1px !important;padding-top: 0px !important;padding-bottom: 4px !important;border-bottom-color: #0056a6 !important;border-bottom-style: solid !important;}&#8221;]<\/p>\n<h3>AUTORIZZAZIONE INTEGRATA AMBIENTALE (AIA)<\/h3>\n<p>[\/vc_column_text][vc_empty_space height=&#8221;8px&#8221;][\/vc_column][\/vc_row][vc_row][vc_column][vc_column_text]<strong>SARLUX \u00e8 stata la prima raffineria italiana a ottenere l\u2019AIA, un premio per la qualit\u00e0 dei processi, delle competenze delle persone e, ovviamente, della dotazione degli impianti.<\/strong><\/p>\n<p>Il decreto AIA (Autorizzazione Integrata Ambientale) autorizza l\u2019esercizio dell\u2019impianto solo se rispetta determinati limiti di emissioni, fissati proprio per garantire la protezione di aria, acqua e suolo. \u00c8 un\u2019autorizzazione quadro che deriva da un decreto del Ministero dell\u2019Ambiente, entrata in vigore il 9 aprile 2009, e che sostituisce tutte le altre autorizzazioni. L\u2019AIA ha una validit\u00e0 di 16 anni in quanto lo stabilimento Sarlux possiede la certificazione ISO 14001 e la registrazione EMAS.[\/vc_column_text][vc_empty_space height=&#8221;16px&#8221;][\/vc_column][\/vc_row][vc_row bg_type=&#8221;grad&#8221; bg_grad=&#8221;background: -webkit-gradient(linear, left top, left bottom, color-stop(0%, #DBDBDB), color-stop(40%, #FFFFFF), color-stop(60%, #FFFFFF), color-stop(100%, #DBDBDB));background: -moz-linear-gradient(left,#DBDBDB 0%,#FFFFFF 40%,#FFFFFF 60%,#DBDBDB 100%);background: -webkit-linear-gradient(left,#DBDBDB 0%,#FFFFFF 40%,#FFFFFF 60%,#DBDBDB 100%);background: -o-linear-gradient(left,#DBDBDB 0%,#FFFFFF 40%,#FFFFFF 60%,#DBDBDB 100%);background: -ms-linear-gradient(left,#DBDBDB 0%,#FFFFFF 40%,#FFFFFF 60%,#DBDBDB 100%);background: linear-gradient(left,#DBDBDB 0%,#FFFFFF 40%,#FFFFFF 60%,#DBDBDB 100%);&#8221;][vc_column][vc_column_text css=&#8221;&#8221;]<\/p>\n<h4 style=\"text-align: center;\"><strong>Costanti sono gli investimenti per migliorare di anno in anno le performance ambientali: nel 2024 sono stati investiti circa 11,5 milioni di euro per ulteriori presidi a tutela del territorio circostante.<\/strong><\/h4>\n<p>[\/vc_column_text][vc_empty_space height=&#8221;10px&#8221;][\/vc_column][\/vc_row][vc_row][vc_column width=&#8221;1\/2&#8243;][vc_single_image image=&#8221;541147&#8243; img_size=&#8221;full&#8221;][vc_empty_space height=&#8221;8px&#8221;][\/vc_column][vc_column width=&#8221;1\/2&#8243;][vc_column_text]<strong>L\u2019AIA ha profondamente cambiato le modalit\u00e0 di gestione delle tematiche ambientali.<\/strong><br \/>\nIl decreto di Autorizzazione integrata ha recepito, infatti, la Direttiva IPPC, sulla prevenzione e riduzione dell\u2019inquinamento: <strong>l\u2019Integrated Pollution Prevention and Control (IPPC) \u00e8 una nuova strategia, comune a tutta l\u2019Unione Europea<\/strong>, per aumentare le \u201cprestazioni ambientali\u201d dei complessi industriali soggetti ad autorizzazione.<\/p>\n<p>L\u2019aspetto fondamentale della Direttiva \u00e8 la valutazione comparata dei vari settori ambientali e l\u2019unificazione delle procedure di autorizzazione, evitando cos\u00ec che approcci distinti nel controllo delle emissioni nell\u2019aria, nell\u2019acqua e nel suolo favoriscano il trasferimento dell\u2019inquinamento da un elemento ambientale all\u2019altro, anzich\u00e9 proteggere l\u2019ambiente nel suo complesso.<br \/>\nCon ci\u00f2 si introduce la necessit\u00e0 di valutare le diverse soluzioni per evitare che il miglioramento su una matrice ambientale non costituisca un inaccettabile peggioramento dell\u2019altra.<\/p>\n<p>Le misure previste dall\u2019AIA implicano, inoltre, che l\u2019azienda utilizzi come <strong>riferimento i Best Available Techniques Reference Documents (BREFs) dell\u2019Unione Europea<\/strong>, ovvero i documenti sulle migliori procedure, tecniche, tecnologie, standard operativi, efficienza e consumi, con applicazioni industriali.[\/vc_column_text][\/vc_column][\/vc_row][vc_row][vc_column][vc_separator color=&#8221;custom&#8221; accent_color=&#8221;#0056a6&#8243;][vc_column_text css=&#8221;&#8221;]<\/p>\n<h6><span style=\"font-size: 12px;\">Fonti: Dichiarazione Ambientale Sarlux 2025 e Saras Rapporto ESG 2024<\/span><\/h6>\n<p>[\/vc_column_text][vc_empty_space][vc_single_image image=&#8221;527763&#8243; img_size=&#8221;50&#215;50&#8243; alignment=&#8221;center&#8221;][vc_empty_space][vc_column_text css=&#8221;.vc_custom_1578954107969{border-bottom-width: 1px !important;padding-top: 0px !important;padding-bottom: 4px !important;border-bottom-color: #0056a6 !important;border-bottom-style: solid !important;}&#8221;]<\/p>\n<h3>SISTEMA DI GESTIONE DELL&#8217;ENERGIA (SGE)<\/h3>\n<p>[\/vc_column_text][vc_empty_space height=&#8221;8px&#8221;][vc_column_text]<strong>La sfida del\u00a0risparmio\u00a0e dell\u2019efficienza energetica\u00a0rappresentano per Sarlux un tema di grande sensibilit\u00e0 e uno degli elementi strategici pi\u00f9 rilevanti perch\u00e9 consente di coniugare obiettivi di compatibilit\u00e0 ambientale con quelli della competitivit\u00e0.<\/strong>[\/vc_column_text][vc_empty_space height=&#8221;8px&#8221;][\/vc_column][\/vc_row][vc_row][vc_column width=&#8221;1\/2&#8243;][vc_single_image image=&#8221;540674&#8243; img_size=&#8221;full&#8221;][\/vc_column][vc_column width=&#8221;1\/2&#8243;][vc_column_text css=&#8221;&#8221;]A testimonianza di un impegno continuo su questo fronte, Sarlux ha deciso di dotarsi di un\u00a0<strong>Siste\u00adma di gestione dell\u2019energia (SGE), conforme alla norma UNI EN ISO 50001:2018<\/strong>, allo scopo di migliorare le proprie prestazioni energetiche, riducendo consumi, emissioni e costi, e utilizzando in maniera pi\u00f9 efficiente gli im\u00adpianti ad alto consumo energetico.<\/p>\n<p>La rispondenza a tale schema garantisce anche la<strong>\u00a0crescita della consapevolezza e la sensibilit\u00e0<\/strong>\u00a0di tutte le parti interessate, in relazione ai\u00a0<strong>temi della sostenibilit\u00e0<\/strong>, permettendo di definire obiettivi, finalizzati al\u00a0<strong>miglioramento<\/strong>\u00a0continuo delle\u00a0<strong>prestazioni energetiche<\/strong>, coerenti con le prescrizioni legali e la politica energetica di un\u2019organizzazione.<\/p>\n<p><strong>Nel 2018, il Sistema di gestione per l\u2019energia \u00e8 stato certificato da RINA e IQNET conforme alla norma ISO 50001:2018.<\/strong><\/p>\n<p><strong>Con la certificazione ISO 50001:2018 Sarlux sancisce, assumendo l\u2019impegno di una gestione responsabile ed efficiente dell\u2019energia,<br \/>\nla propria propensione all\u2019utilizzo delle Best Pratics come strumento fondamentale per il business.<\/strong>[\/vc_column_text][vc_column_text css=&#8221;&#8221;]<\/p>\n<h6><span style=\"color: #993fff;\"><a style=\"color: #993fff;\" href=\"https:\/\/www.sarlux.saras.it\/wp-content\/uploads\/2024\/06\/Certificato-RINA-ISO-50001-2018_scadenza-2027.pdf\" target=\"_blank\" rel=\"noopener noreferrer\"><strong>\u2193<\/strong> Certificato RINA<\/a><\/span><\/h6>\n<h6><span style=\"color: #993fff;\"><a style=\"color: #993fff;\" href=\"https:\/\/www.sarlux.saras.it\/wp-content\/uploads\/2024\/06\/Certificato-IQNET-ISO-50001-2018_scadenza-2027.pdf\" target=\"_blank\" rel=\"noopener noreferrer\"><strong>\u2193<\/strong> Certificato IQNET<\/a><\/span><\/h6>\n<p>[\/vc_column_text][\/vc_column][\/vc_row][vc_row][vc_column][vc_separator color=&#8221;custom&#8221; accent_color=&#8221;#0056a6&#8243;][vc_empty_space][vc_single_image image=&#8221;527763&#8243; img_size=&#8221;50&#215;50&#8243; alignment=&#8221;center&#8221;][vc_empty_space][vc_column_text css=&#8221;.vc_custom_1649062101227{border-bottom-width: 1px !important;padding-top: 0px !important;padding-bottom: 4px !important;border-bottom-color: #0056a6 !important;border-bottom-style: solid !important;}&#8221;]<\/p>\n<h3>ACCREDITAMENTO LABORATORIO CHIMICO<\/h3>\n<p>[\/vc_column_text][vc_empty_space height=&#8221;8px&#8221;][vc_column_text]<strong>ACCREDIA \u00e8 l\u2019unico ente designato dal governo italiano ad attestare la competenza, l\u2019indipendenza e l\u2019imparzialit\u00e0 degli organismi e dei laboratori che verificano la conformit\u00e0 dei beni e servizi alle norme. <\/strong>[\/vc_column_text][vc_empty_space height=&#8221;8px&#8221;][\/vc_column][\/vc_row][vc_row][vc_column width=&#8221;1\/2&#8243;][vc_single_image image=&#8221;544016&#8243; img_size=&#8221;full&#8221;][\/vc_column][vc_column width=&#8221;1\/2&#8243;][vc_column_text css=&#8221;&#8221;]<strong>Il Laboratorio chimico Sarlux, sede Sarroch, \u00e8 accreditato da maggio 2008 in conformit\u00e0 ai requisiti della norma UNI CEI EN ISO \/ IEC 17025: 2018<\/strong> per le prove di oil e gas dei combustibili di raffineria come da elenco prove allegato al certificato Accredia. Il numero di accreditamento del laboratorio Sarlux \u00e8: 00647 Testing consultabile dal sito <a href=\"http:\/\/www.accredia.it\" target=\"_blank\" rel=\"noopener\">www.accredia.it.<\/a><br \/>\nL\u2019accreditamento \u00e8 stato rinnovato fino al 2028.<\/p>\n<p><strong>L\u2019accreditamento \u00e8 l\u2019attestazione, da parte di un ente che agisce quale garante \u201csuper partes\u201d, della competenza, indipendenza e imparzialit\u00e0 del laboratorio di prova.<\/strong><\/p>\n<p>L\u2019accreditamento assicura che il laboratorio di prova svolga tutte le attivit\u00e0 in conformit\u00e0 ai requisiti richiesti dalle norme. Infatti, attraverso il meccanismo della sorveglianza periodica, l\u2019accreditamento permette al laboratorio di monitorare la propria competenza e la propria conformit\u00e0 alle norme, offre un benchmark per continuare a migliorare le proprie prestazioni e dimostrare l\u2019elevata qualit\u00e0 del proprio lavoro.[\/vc_column_text][vc_column_text css=&#8221;&#8221;]<\/p>\n<h6><a href=\"https:\/\/www.sarlux.saras.it\/wp-content\/uploads\/2025\/01\/2028-05-02-Laboratorio-chimico-Sarlux-Accredia-Certificato-di-Accreditamento.pdf\" target=\"_blank\" rel=\"noopener\"><span style=\"color: #993fff;\"><strong>\u2193<\/strong> Certificato di accreditamento<\/span><\/a><\/h6>\n<h6><span style=\"color: #993fff;\"><a style=\"color: #993fff;\" href=\"https:\/\/www.sarlux.saras.it\/wp-content\/uploads\/2025\/01\/2025-01-23-Laboratorio-chimico-Sarlux-Accredia-Elenco-prove-accreditate.pdf\" target=\"_blank\" rel=\"noopener noreferrer\"><strong>\u2193<\/strong> Elenco prove accreditate<\/a><\/span><\/h6>\n<p>[\/vc_column_text][\/vc_column][\/vc_row][vc_row][vc_column][vc_separator color=&#8221;custom&#8221; accent_color=&#8221;#0056a6&#8243;][vc_empty_space][vc_single_image image=&#8221;527763&#8243; img_size=&#8221;50&#215;50&#8243; alignment=&#8221;center&#8221;][vc_empty_space height=&#8221;64px&#8221;][\/vc_column][\/vc_row][vc_row][vc_column][vc_column_text css=&#8221;.vc_custom_1578943259094{margin-top: 0px !important;border-bottom-width: 1px !important;padding-top: 0px !important;padding-bottom: 4px !important;border-bottom-color: #0056a6 !important;border-bottom-style: solid !important;}&#8221;]<\/p>\n<h4 style=\"text-align: left;\">Pagine correlate<\/h4>\n<p>[\/vc_column_text][\/vc_column][\/vc_row][vc_row][vc_column width=&#8221;1\/4&#8243;]\n<div id=\"interactive-banner-1-wrap-7738\" class=\"ult-banner-block ult-adjust-bottom-margin ult-bb-box  banner-style11 \"   style=\"\">\n\t<img decoding=\"async\" src=\"https:\/\/www.sarlux.saras.it\/wp-content\/uploads\/2022\/02\/Saras-raffineria-Sarlux-sviluppo-sostenibile-Sarroch-123.jpg\" alt=\"null\">\n\t<h3  data-ultimate-target='#interactive-banner-1-wrap-7738 .bb-top-title '  data-responsive-json-new='{\"font-size\":\"\",\"line-height\":\"\"}'  class=\"title-center bb-top-title ult-responsive\" style=\"font-weight:normal;background:#0056a6;color:#ffffff;\">SVILUPPO SOSTENIBILE<\/h3>\n\t<div class=\"mask opaque-background\" style=\"background:#0056a6;\">\n\t\t<div  data-ultimate-target='#interactive-banner-1-wrap-7738 .bb-description'  data-responsive-json-new='{\"font-size\":\"desktop:12px;\",\"line-height\":\"\"}'  class=\"bb-description ult-responsive\" style=\"font-weight:normal;color:#ffffff;\">La strategia di sostenibilit\u00e0 del Gruppo, in virt\u00f9 dei valori del purpose, risulta coerente e allineata con i \u201cSustainable Development Goals\u201d<\/div>\n\t<\/div><a class=\"bb-link\" href=\"https:\/\/www.sarlux.saras.it\/it\/sviluppo-sostenibile\/\" ><\/a>\n<\/div>[\/vc_column][vc_column width=&#8221;1\/4&#8243;]\n<div id=\"interactive-banner-1-wrap-7644\" class=\"ult-banner-block ult-adjust-bottom-margin ult-bb-box  banner-style11 \"   style=\"\">\n\t<img decoding=\"async\" src=\"https:\/\/www.sarlux.saras.it\/wp-content\/uploads\/2022\/06\/sarlux-Saras-Sarroch-ESTI-mbox-h-400.jpg\" alt=\"null\">\n\t<h3  data-ultimate-target='#interactive-banner-1-wrap-7644 .bb-top-title '  data-responsive-json-new='{\"font-size\":\"\",\"line-height\":\"\"}'  class=\"title-center bb-top-title ult-responsive\" style=\"font-weight:normal;background:#0056a6;color:#ffffff;\">POLITICA DI SOSTENIBILIT\u00c0<\/h3>\n\t<div class=\"mask opaque-background\" style=\"background:#0056a6;\">\n\t\t<div  data-ultimate-target='#interactive-banner-1-wrap-7644 .bb-description'  data-responsive-json-new='{\"font-size\":\"desktop:12px;\",\"line-height\":\"\"}'  class=\"bb-description ult-responsive\" style=\"font-weight:normal;color:#ffffff;\">La politica di sostenibilit\u00e0 del Gruppo Saras definisce gli indirizzi e gli obiettivi che il Gruppo si impegna a perseguire.<\/div>\n\t<\/div><a class=\"bb-link\" href=\"https:\/\/www.sarlux.saras.it\/it\/politica-di-sostenibilita\/\" ><\/a>\n<\/div>[\/vc_column][vc_column width=&#8221;1\/4&#8243;]\n<div id=\"interactive-banner-1-wrap-7511\" class=\"ult-banner-block ult-adjust-bottom-margin ult-bb-box  banner-style11 \"   style=\"\">\n\t<img decoding=\"async\" src=\"https:\/\/www.sarlux.saras.it\/wp-content\/uploads\/2018\/10\/60890375_m-efficienza-ritaglio-box.jpg\" alt=\"null\">\n\t<h3  data-ultimate-target='#interactive-banner-1-wrap-7511 .bb-top-title '  data-responsive-json-new='{\"font-size\":\"desktop:14px;\",\"line-height\":\"desktop:20px;\"}'  class=\"title-center bb-top-title ult-responsive\" style=\"font-weight:normal;background:#0056a6;color:#ffffff;\">EFFICIENZA ENERGETICA<\/h3>\n\t<div class=\"mask opaque-background\" style=\"background:#0056a6;\">\n\t\t<div  data-ultimate-target='#interactive-banner-1-wrap-7511 .bb-description'  data-responsive-json-new='{\"font-size\":\"desktop:12px;\",\"line-height\":\"\"}'  class=\"bb-description ult-responsive\" style=\"font-weight:normal;color:#ffffff;\">La cultura del risparmio energetico<\/div>\n\t<\/div><a class=\"bb-link\" href=\"https:\/\/sarlux.saras.it\/it\/ambiente-efficienza-energetica\/\" ><\/a>\n<\/div>[\/vc_column][vc_column width=&#8221;1\/4&#8243;]\n<div id=\"interactive-banner-1-wrap-4668\" class=\"ult-banner-block ult-adjust-bottom-margin ult-bb-box  banner-style11 \"   style=\"\">\n\t<img decoding=\"async\" src=\"https:\/\/www.sarlux.saras.it\/wp-content\/uploads\/2018\/10\/60890375_m-acqua-ritaglio-box.jpg\" alt=\"null\">\n\t<h3  data-ultimate-target='#interactive-banner-1-wrap-4668 .bb-top-title '  data-responsive-json-new='{\"font-size\":\"\",\"line-height\":\"\"}'  class=\"title-center bb-top-title ult-responsive\" style=\"font-weight:normal;background:#0056a6;color:#ffffff;\">ARIA<\/h3>\n\t<div class=\"mask opaque-background\" style=\"background:#0056a6;\">\n\t\t<div  data-ultimate-target='#interactive-banner-1-wrap-4668 .bb-description'  data-responsive-json-new='{\"font-size\":\"desktop:12px;\",\"line-height\":\"\"}'  class=\"bb-description ult-responsive\" style=\"font-weight:normal;color:#ffffff;\">L\u2019impegno per la qualit\u00e0 dell\u2019aria<\/div>\n\t<\/div><a class=\"bb-link\" href=\"https:\/\/sarlux.saras.it\/it\/ambiente-aria\/\" ><\/a>\n<\/div>[\/vc_column][\/vc_row][vc_row disable_element=&#8221;yes&#8221;][vc_column width=&#8221;1\/4&#8243;][\/vc_column][vc_column width=&#8221;1\/4&#8243;][\/vc_column][vc_column width=&#8221;1\/4&#8243;]\n<div id=\"interactive-banner-1-wrap-4097\" class=\"ult-banner-block ult-adjust-bottom-margin ult-bb-box  banner-style11 \"   style=\"\">\n\t<img decoding=\"async\" src=\"https:\/\/www.sarlux.saras.it\/wp-content\/uploads\/2023\/03\/ESTI-Sarlux-raffineria-Sarroch-Saras-sostenibilita\u0300-interactive-banner.jpg\" alt=\"null\">\n\t<h3  data-ultimate-target='#interactive-banner-1-wrap-4097 .bb-top-title '  data-responsive-json-new='{\"font-size\":\"\",\"line-height\":\"\"}'  class=\"title-center bb-top-title ult-responsive\" style=\"font-weight:normal;background:#0056a6;color:#ffffff;\">ESTI<\/h3>\n\t<div class=\"mask opaque-background\" style=\"background:#0056a6;\">\n\t\t<div  data-ultimate-target='#interactive-banner-1-wrap-4097 .bb-description'  data-responsive-json-new='{\"font-size\":\"desktop:12px;\",\"line-height\":\"\"}'  class=\"bb-description ult-responsive\" style=\"font-weight:normal;color:#ffffff;\">Un programma di trasformazione per migliorare l\u2019efficienza operativa e l\u2019affidabilit\u00e0 a medio termine dell\u2019asset industriale del Gruppo Saras.<\/div>\n\t<\/div><a class=\"bb-link\" href=\"https:\/\/www.sarlux.saras.it\/it\/esti\/\" ><\/a>\n<\/div>[\/vc_column][vc_column width=&#8221;1\/4&#8243;][\/vc_column][\/vc_row][vc_row][vc_column width=&#8221;1\/4&#8243;][\/vc_column][vc_column width=&#8221;1\/4&#8243;]\n<div id=\"interactive-banner-1-wrap-1916\" class=\"ult-banner-block ult-adjust-bottom-margin ult-bb-box  banner-style11 \"   style=\"\">\n\t<img decoding=\"async\" src=\"https:\/\/www.sarlux.saras.it\/wp-content\/uploads\/2018\/10\/60890375_m-aria-ritaglio-box.jpg\" alt=\"null\">\n\t<h3  data-ultimate-target='#interactive-banner-1-wrap-1916 .bb-top-title '  data-responsive-json-new='{\"font-size\":\"\",\"line-height\":\"\"}'  class=\"title-center bb-top-title ult-responsive\" style=\"font-weight:normal;background:#0056a6;color:#ffffff;\">ACQUA<\/h3>\n\t<div class=\"mask opaque-background\" style=\"background:#0056a6;\">\n\t\t<div  data-ultimate-target='#interactive-banner-1-wrap-1916 .bb-description'  data-responsive-json-new='{\"font-size\":\"desktop:12px;\",\"line-height\":\"\"}'  class=\"bb-description ult-responsive\" style=\"font-weight:normal;color:#ffffff;\">L\u2019acqua \u00e8 un bene prezioso<\/div>\n\t<\/div><a class=\"bb-link\" href=\"https:\/\/sarlux.saras.it\/it\/ambiente-acqua\/\" ><\/a>\n<\/div>[\/vc_column][vc_column width=&#8221;1\/4&#8243;]\n<div id=\"interactive-banner-1-wrap-4766\" class=\"ult-banner-block ult-adjust-bottom-margin ult-bb-box  banner-style11 \"   style=\"\">\n\t<img decoding=\"async\" src=\"https:\/\/www.sarlux.saras.it\/wp-content\/uploads\/2018\/10\/60890375_m-suolo-ritaglio-box.jpg\" alt=\"null\">\n\t<h3  data-ultimate-target='#interactive-banner-1-wrap-4766 .bb-top-title '  data-responsive-json-new='{\"font-size\":\"\",\"line-height\":\"\"}'  class=\"title-center bb-top-title ult-responsive\" style=\"font-weight:normal;background:#0056a6;color:#ffffff;\">SUOLO<\/h3>\n\t<div class=\"mask opaque-background\" style=\"background:#0056a6;\">\n\t\t<div  data-ultimate-target='#interactive-banner-1-wrap-4766 .bb-description'  data-responsive-json-new='{\"font-size\":\"desktop:12px;\",\"line-height\":\"\"}'  class=\"bb-description ult-responsive\" style=\"font-weight:normal;color:#ffffff;\">Bonifica e tutele di suolo e sottosuolo<\/div>\n\t<\/div><a class=\"bb-link\" href=\"https:\/\/sarlux.saras.it\/it\/ambiente-suolo\/\" ><\/a>\n<\/div>[\/vc_column][vc_column width=&#8221;1\/4&#8243;][\/vc_column][\/vc_row][vc_row][vc_column][vc_empty_space][vc_icon icon_fontawesome=&#8221;fa fa-cog&#8221; align=&#8221;center&#8221;][vc_empty_space height=&#8221;64px&#8221;][\/vc_column][\/vc_row]<\/p>\n<\/div>","protected":false},"excerpt":{"rendered":"<p>Promuoviamo la tutela dell\u2019ambiente, della salute e della sicurezza secondo i migliori standard internazionali.<\/p>\n","protected":false},"author":2,"featured_media":541474,"parent":0,"menu_order":7,"comment_status":"closed","ping_status":"closed","template":"","meta":{"_acf_changed":false,"inline_featured_image":false,"footnotes":""},"class_list":["post-541225","page","type-page","status-publish","has-post-thumbnail","hentry"],"acf":[],"yoast_head":"<!-- This site is optimized with the Yoast SEO plugin v27.3 - https:\/\/yoast.com\/product\/yoast-seo-wordpress\/ -->\n<title>Certificazioni - Sarlux Saras | Refining &amp; Power<\/title>\n<meta name=\"description\" content=\"Promuoviamo la tutela dell\u2019ambiente, della salute e della sicurezza secondo i migliori standard internazionali.\" \/>\n<meta name=\"robots\" content=\"index, follow, max-snippet:-1, max-image-preview:large, max-video-preview:-1\" \/>\n<link rel=\"canonical\" href=\"https:\/\/www.sarlux.saras.it\/it\/ambiente-certificazioni\/\" \/>\n<meta property=\"og:locale\" content=\"it_IT\" \/>\n<meta property=\"og:type\" content=\"article\" \/>\n<meta property=\"og:title\" content=\"Certificazioni - Sarlux Saras | Refining &amp; Power\" \/>\n<meta property=\"og:description\" content=\"Promuoviamo la tutela dell\u2019ambiente, della salute e della sicurezza secondo i migliori standard internazionali.\" \/>\n<meta property=\"og:url\" content=\"https:\/\/www.sarlux.saras.it\/it\/ambiente-certificazioni\/\" \/>\n<meta property=\"og:site_name\" content=\"Sarlux Saras | Refining &amp; Power\" \/>\n<meta property=\"article:modified_time\" content=\"2025-07-17T10:49:18+00:00\" \/>\n<meta property=\"og:image\" content=\"https:\/\/www.sarlux.saras.it\/wp-content\/uploads\/2020\/01\/certificazioni-Saras-Sarlux-IB-365-1.jpg\" \/>\n\t<meta property=\"og:image:width\" content=\"800\" \/>\n\t<meta property=\"og:image:height\" content=\"400\" \/>\n\t<meta property=\"og:image:type\" content=\"image\/jpeg\" \/>\n<meta name=\"twitter:card\" content=\"summary_large_image\" \/>\n<meta name=\"twitter:image\" content=\"https:\/\/www.sarlux.saras.it\/wp-content\/uploads\/2020\/01\/certificazioni-Saras-Sarlux-IB-365-1.jpg\" \/>\n<meta name=\"twitter:label1\" content=\"Tempo di lettura stimato\" \/>\n\t<meta name=\"twitter:data1\" content=\"12 minuti\" \/>\n<script type=\"application\/ld+json\" class=\"yoast-schema-graph\">{\"@context\":\"https:\\\/\\\/schema.org\",\"@graph\":[{\"@type\":\"WebPage\",\"@id\":\"https:\\\/\\\/www.sarlux.saras.it\\\/it\\\/ambiente-certificazioni\\\/\",\"url\":\"https:\\\/\\\/www.sarlux.saras.it\\\/it\\\/ambiente-certificazioni\\\/\",\"name\":\"Certificazioni - Sarlux Saras | Refining & Power\",\"isPartOf\":{\"@id\":\"https:\\\/\\\/www.sarlux.saras.it\\\/it\\\/#website\"},\"primaryImageOfPage\":{\"@id\":\"https:\\\/\\\/www.sarlux.saras.it\\\/it\\\/ambiente-certificazioni\\\/#primaryimage\"},\"image\":{\"@id\":\"https:\\\/\\\/www.sarlux.saras.it\\\/it\\\/ambiente-certificazioni\\\/#primaryimage\"},\"thumbnailUrl\":\"https:\\\/\\\/www.sarlux.saras.it\\\/wp-content\\\/uploads\\\/2020\\\/01\\\/certificazioni-Saras-Sarlux-IB-365-1.jpg\",\"datePublished\":\"2019-12-09T19:47:43+00:00\",\"dateModified\":\"2025-07-17T10:49:18+00:00\",\"description\":\"Promuoviamo la tutela dell\u2019ambiente, della salute e della sicurezza secondo i migliori standard internazionali.\",\"breadcrumb\":{\"@id\":\"https:\\\/\\\/www.sarlux.saras.it\\\/it\\\/ambiente-certificazioni\\\/#breadcrumb\"},\"inLanguage\":\"it-IT\",\"potentialAction\":[{\"@type\":\"ReadAction\",\"target\":[\"https:\\\/\\\/www.sarlux.saras.it\\\/it\\\/ambiente-certificazioni\\\/\"]}]},{\"@type\":\"ImageObject\",\"inLanguage\":\"it-IT\",\"@id\":\"https:\\\/\\\/www.sarlux.saras.it\\\/it\\\/ambiente-certificazioni\\\/#primaryimage\",\"url\":\"https:\\\/\\\/www.sarlux.saras.it\\\/wp-content\\\/uploads\\\/2020\\\/01\\\/certificazioni-Saras-Sarlux-IB-365-1.jpg\",\"contentUrl\":\"https:\\\/\\\/www.sarlux.saras.it\\\/wp-content\\\/uploads\\\/2020\\\/01\\\/certificazioni-Saras-Sarlux-IB-365-1.jpg\",\"width\":800,\"height\":400},{\"@type\":\"BreadcrumbList\",\"@id\":\"https:\\\/\\\/www.sarlux.saras.it\\\/it\\\/ambiente-certificazioni\\\/#breadcrumb\",\"itemListElement\":[{\"@type\":\"ListItem\",\"position\":1,\"name\":\"Home\",\"item\":\"https:\\\/\\\/www.sarlux.saras.it\\\/it\\\/\"},{\"@type\":\"ListItem\",\"position\":2,\"name\":\"Certificazioni\"}]},{\"@type\":\"WebSite\",\"@id\":\"https:\\\/\\\/www.sarlux.saras.it\\\/it\\\/#website\",\"url\":\"https:\\\/\\\/www.sarlux.saras.it\\\/it\\\/\",\"name\":\"Sarlux\",\"description\":\"\",\"publisher\":{\"@id\":\"https:\\\/\\\/www.sarlux.saras.it\\\/it\\\/#organization\"},\"potentialAction\":[{\"@type\":\"SearchAction\",\"target\":{\"@type\":\"EntryPoint\",\"urlTemplate\":\"https:\\\/\\\/www.sarlux.saras.it\\\/it\\\/?s={search_term_string}\"},\"query-input\":{\"@type\":\"PropertyValueSpecification\",\"valueRequired\":true,\"valueName\":\"search_term_string\"}}],\"inLanguage\":\"it-IT\"},{\"@type\":\"Organization\",\"@id\":\"https:\\\/\\\/www.sarlux.saras.it\\\/it\\\/#organization\",\"name\":\"Sarlux\",\"url\":\"https:\\\/\\\/www.sarlux.saras.it\\\/it\\\/\",\"logo\":{\"@type\":\"ImageObject\",\"inLanguage\":\"it-IT\",\"@id\":\"https:\\\/\\\/www.sarlux.saras.it\\\/it\\\/#\\\/schema\\\/logo\\\/image\\\/\",\"url\":\"https:\\\/\\\/www.sarlux.saras.it\\\/wp-content\\\/uploads\\\/2017\\\/12\\\/logo-pc-1.png\",\"contentUrl\":\"https:\\\/\\\/www.sarlux.saras.it\\\/wp-content\\\/uploads\\\/2017\\\/12\\\/logo-pc-1.png\",\"width\":184,\"height\":86,\"caption\":\"Sarlux\"},\"image\":{\"@id\":\"https:\\\/\\\/www.sarlux.saras.it\\\/it\\\/#\\\/schema\\\/logo\\\/image\\\/\"}}]}<\/script>\n<!-- \/ Yoast SEO plugin. -->","yoast_head_json":{"title":"Certificazioni - Sarlux Saras | Refining & Power","description":"Promuoviamo la tutela dell\u2019ambiente, della salute e della sicurezza secondo i migliori standard internazionali.","robots":{"index":"index","follow":"follow","max-snippet":"max-snippet:-1","max-image-preview":"max-image-preview:large","max-video-preview":"max-video-preview:-1"},"canonical":"https:\/\/www.sarlux.saras.it\/it\/ambiente-certificazioni\/","og_locale":"it_IT","og_type":"article","og_title":"Certificazioni - Sarlux Saras | Refining & Power","og_description":"Promuoviamo la tutela dell\u2019ambiente, della salute e della sicurezza secondo i migliori standard internazionali.","og_url":"https:\/\/www.sarlux.saras.it\/it\/ambiente-certificazioni\/","og_site_name":"Sarlux Saras | Refining & Power","article_modified_time":"2025-07-17T10:49:18+00:00","og_image":[{"width":800,"height":400,"url":"https:\/\/www.sarlux.saras.it\/wp-content\/uploads\/2020\/01\/certificazioni-Saras-Sarlux-IB-365-1.jpg","type":"image\/jpeg"}],"twitter_card":"summary_large_image","twitter_image":"https:\/\/www.sarlux.saras.it\/wp-content\/uploads\/2020\/01\/certificazioni-Saras-Sarlux-IB-365-1.jpg","twitter_misc":{"Tempo di lettura stimato":"12 minuti"},"schema":{"@context":"https:\/\/schema.org","@graph":[{"@type":"WebPage","@id":"https:\/\/www.sarlux.saras.it\/it\/ambiente-certificazioni\/","url":"https:\/\/www.sarlux.saras.it\/it\/ambiente-certificazioni\/","name":"Certificazioni - Sarlux Saras | Refining & Power","isPartOf":{"@id":"https:\/\/www.sarlux.saras.it\/it\/#website"},"primaryImageOfPage":{"@id":"https:\/\/www.sarlux.saras.it\/it\/ambiente-certificazioni\/#primaryimage"},"image":{"@id":"https:\/\/www.sarlux.saras.it\/it\/ambiente-certificazioni\/#primaryimage"},"thumbnailUrl":"https:\/\/www.sarlux.saras.it\/wp-content\/uploads\/2020\/01\/certificazioni-Saras-Sarlux-IB-365-1.jpg","datePublished":"2019-12-09T19:47:43+00:00","dateModified":"2025-07-17T10:49:18+00:00","description":"Promuoviamo la tutela dell\u2019ambiente, della salute e della sicurezza secondo i migliori standard internazionali.","breadcrumb":{"@id":"https:\/\/www.sarlux.saras.it\/it\/ambiente-certificazioni\/#breadcrumb"},"inLanguage":"it-IT","potentialAction":[{"@type":"ReadAction","target":["https:\/\/www.sarlux.saras.it\/it\/ambiente-certificazioni\/"]}]},{"@type":"ImageObject","inLanguage":"it-IT","@id":"https:\/\/www.sarlux.saras.it\/it\/ambiente-certificazioni\/#primaryimage","url":"https:\/\/www.sarlux.saras.it\/wp-content\/uploads\/2020\/01\/certificazioni-Saras-Sarlux-IB-365-1.jpg","contentUrl":"https:\/\/www.sarlux.saras.it\/wp-content\/uploads\/2020\/01\/certificazioni-Saras-Sarlux-IB-365-1.jpg","width":800,"height":400},{"@type":"BreadcrumbList","@id":"https:\/\/www.sarlux.saras.it\/it\/ambiente-certificazioni\/#breadcrumb","itemListElement":[{"@type":"ListItem","position":1,"name":"Home","item":"https:\/\/www.sarlux.saras.it\/it\/"},{"@type":"ListItem","position":2,"name":"Certificazioni"}]},{"@type":"WebSite","@id":"https:\/\/www.sarlux.saras.it\/it\/#website","url":"https:\/\/www.sarlux.saras.it\/it\/","name":"Sarlux","description":"","publisher":{"@id":"https:\/\/www.sarlux.saras.it\/it\/#organization"},"potentialAction":[{"@type":"SearchAction","target":{"@type":"EntryPoint","urlTemplate":"https:\/\/www.sarlux.saras.it\/it\/?s={search_term_string}"},"query-input":{"@type":"PropertyValueSpecification","valueRequired":true,"valueName":"search_term_string"}}],"inLanguage":"it-IT"},{"@type":"Organization","@id":"https:\/\/www.sarlux.saras.it\/it\/#organization","name":"Sarlux","url":"https:\/\/www.sarlux.saras.it\/it\/","logo":{"@type":"ImageObject","inLanguage":"it-IT","@id":"https:\/\/www.sarlux.saras.it\/it\/#\/schema\/logo\/image\/","url":"https:\/\/www.sarlux.saras.it\/wp-content\/uploads\/2017\/12\/logo-pc-1.png","contentUrl":"https:\/\/www.sarlux.saras.it\/wp-content\/uploads\/2017\/12\/logo-pc-1.png","width":184,"height":86,"caption":"Sarlux"},"image":{"@id":"https:\/\/www.sarlux.saras.it\/it\/#\/schema\/logo\/image\/"}}]}},"_links":{"self":[{"href":"https:\/\/www.sarlux.saras.it\/it\/wp-json\/wp\/v2\/pages\/541225","targetHints":{"allow":["GET"]}}],"collection":[{"href":"https:\/\/www.sarlux.saras.it\/it\/wp-json\/wp\/v2\/pages"}],"about":[{"href":"https:\/\/www.sarlux.saras.it\/it\/wp-json\/wp\/v2\/types\/page"}],"author":[{"embeddable":true,"href":"https:\/\/www.sarlux.saras.it\/it\/wp-json\/wp\/v2\/users\/2"}],"replies":[{"embeddable":true,"href":"https:\/\/www.sarlux.saras.it\/it\/wp-json\/wp\/v2\/comments?post=541225"}],"version-history":[{"count":103,"href":"https:\/\/www.sarlux.saras.it\/it\/wp-json\/wp\/v2\/pages\/541225\/revisions"}],"predecessor-version":[{"id":547134,"href":"https:\/\/www.sarlux.saras.it\/it\/wp-json\/wp\/v2\/pages\/541225\/revisions\/547134"}],"wp:featuredmedia":[{"embeddable":true,"href":"https:\/\/www.sarlux.saras.it\/it\/wp-json\/wp\/v2\/media\/541474"}],"wp:attachment":[{"href":"https:\/\/www.sarlux.saras.it\/it\/wp-json\/wp\/v2\/media?parent=541225"}],"curies":[{"name":"wp","href":"https:\/\/api.w.org\/{rel}","templated":true}]}}