{"id":543094,"date":"2021-02-16T17:23:25","date_gmt":"2021-02-16T17:23:25","guid":{"rendered":"https:\/\/www.sarlux.saras.it\/?page_id=543094"},"modified":"2024-04-18T06:48:05","modified_gmt":"2024-04-18T06:48:05","slug":"sarlux-e-il-territorio-durante-il-covid19","status":"publish","type":"page","link":"https:\/\/www.sarlux.saras.it\/it\/sarlux-e-il-territorio-durante-il-covid19\/","title":{"rendered":"Sarlux e il territorio durante il Covid19"},"content":{"rendered":"<div class=\"wpb-content-wrapper\"><p>[vc_row full_width=&#8221;stretch_row_content_no_spaces&#8221; css=&#8221;.vc_custom_1613473121545{margin-top: 0px !important;padding-top: 0px !important;background-image: url(https:\/\/www.sarlux.saras.it\/wp-content\/uploads\/2021\/02\/Sarlux-territorio-covid-199.jpg?id=543096) !important;background-position: center !important;background-repeat: no-repeat !important;background-size: cover !important;}&#8221;][vc_column][vc_row_inner][vc_column_inner width=&#8221;1\/12&#8243;][\/vc_column_inner][vc_column_inner width=&#8221;1\/12&#8243;][\/vc_column_inner][vc_column_inner width=&#8221;8\/12&#8243;][vc_column_text]<\/p>\n<h1 style=\"text-align: center;\"><span style=\"color: #f5f5f5;\"><strong>Sarlux e il territorio durante il Covid19<\/strong><\/span><\/h1>\n<p>[\/vc_column_text][\/vc_column_inner][vc_column_inner width=&#8221;2\/12&#8243;][\/vc_column_inner][\/vc_row_inner][vc_empty_space height=&#8221;200px&#8221;][vc_row_inner][vc_column_inner width=&#8221;1\/12&#8243;][\/vc_column_inner][vc_column_inner width=&#8221;1\/12&#8243;][vc_column_text css=&#8221;.vc_custom_1579685734403{padding-top: 10px !important;padding-bottom: 10px !important;background-color: #0056a6 !important;border-radius: 5px !important;}&#8221;]<\/p>\n<h6 style=\"text-align: center;\"><span style=\"color: #f5f5f5; font-size: 12px;\">IMPEGNO SOCIALE<\/span><\/h6>\n<p>[\/vc_column_text][\/vc_column_inner][vc_column_inner width=&#8221;8\/12&#8243;][\/vc_column_inner][vc_column_inner width=&#8221;2\/12&#8243;][\/vc_column_inner][\/vc_row_inner][\/vc_column][\/vc_row][vc_row][vc_column][vc_column_text]<\/p>\n<h4><strong>Durante l\u2019emergenza coronavirus l<\/strong><strong>\u2019impegno e la responsabilit\u00e0 sociale della raffineria Sarlux e delle societ\u00e0 del Gruppo Saras si sono focalizzati su tre aspetti principali:<\/strong><\/h4>\n<p>[\/vc_column_text][vc_row_inner][vc_column_inner width=&#8221;1\/2&#8243;][vc_empty_space][vc_column_text]<\/p>\n<ul>\n<li>\n<h4>la tutela della salute delle proprie persone<\/h4>\n<\/li>\n<li>\n<h4>la garanzia di servizi essenziali alla collettivit\u00e0<\/h4>\n<\/li>\n<li>\n<h4>le iniziative di solidariet\u00e0<\/h4>\n<\/li>\n<\/ul>\n<p>[\/vc_column_text][\/vc_column_inner][vc_column_inner width=&#8221;1\/2&#8243;][vc_column_text]<iframe loading=\"lazy\" src=\"https:\/\/www.youtube-nocookie.com\/embed\/drUR96RpjDw?rel=0&amp;autoplay=0&amp;hl=it&amp;loop=1\" width=\"600\" height=\"338\" frameborder=\"0\" allowfullscreen=\"allowfullscreen\"><\/iframe>[\/vc_column_text][vc_empty_space][\/vc_column_inner][\/vc_row_inner][\/vc_column][\/vc_row][vc_row bg_type=&#8221;image&#8221; parallax_style=&#8221;vcpb-vz-jquery&#8221; bg_image_new=&#8221;id^543099|url^https:\/\/www.sarlux.saras.it\/wp-content\/uploads\/2021\/02\/Saras-territorio-covid-19-083-scaled.jpg|caption^Sarroch (Cagliari), 16-07-2018.Sarlux- Gruppo Saras.Vista degli impianti.|alt^null|title^Sarroch (Cagliari), 16-07-2018.Sarlux- Gruppo Saras.Vista degli impianti.|description^null&#8221;][vc_column][vc_row_inner][vc_column_inner width=&#8221;2\/3&#8243;][vc_column_text]<\/p>\n<h3 style=\"text-align: right;\"><span style=\"color: #f5f5f5;\"><strong>Le azioni del Gruppo Saras durante il Covid19<\/strong><\/span><\/h3>\n<p>[\/vc_column_text][\/vc_column_inner][vc_column_inner width=&#8221;1\/6&#8243;][vc_btn title=&#8221;SCOPRI DI PI\u00d9&#8221; style=&#8221;flat&#8221; color=&#8221;blue&#8221; align=&#8221;left&#8221; i_align=&#8221;right&#8221; i_icon_fontawesome=&#8221;fa fa-arrow-right&#8221; add_icon=&#8221;true&#8221; link=&#8221;url:https%3A%2F%2Fwww.saras.it%2Fit%2Fle-azioni-del-gruppo-saras-durante-il-covid19||target:%20_blank|&#8221;][\/vc_column_inner][vc_column_inner width=&#8221;1\/6&#8243;][\/vc_column_inner][\/vc_row_inner][\/vc_column][\/vc_row][vc_row][vc_column][vc_empty_space height=&#8221;16px&#8221;][vc_empty_space][vc_column_text css=&#8221;.vc_custom_1610642068986{border-bottom-width: 1px !important;padding-top: 0px !important;padding-bottom: 4px !important;border-bottom-color: #0056a6 !important;border-bottom-style: solid !important;}&#8221;]<\/p>\n<h3 style=\"text-align: left;\">TUTELA E SICUREZZA DELLE PERSONE<\/h3>\n<p>[\/vc_column_text][vc_empty_space height=&#8221;16px&#8221;][\/vc_column][\/vc_row][vc_row][vc_column width=&#8221;1\/2&#8243;][vc_single_image image=&#8221;543104&#8243; img_size=&#8221;full&#8221;][vc_empty_space][\/vc_column][vc_column width=&#8221;1\/2&#8243;][vc_column_text]Sarlux, per garantire l\u2019operativit\u00e0, ha affrontato con tempestivit\u00e0 ed efficacia la crisi pandemica introducendo azioni e procedure per la gestione dell\u2019emergenza; dove possibile si \u00e8 introdotto lo <strong>smart-working,\u00a0<\/strong>per le figure di staff\u00a0 riunioni e attivit\u00e0 di formazione si sono svolte mediante strumenti di comunicazione e piattaforme digitali, limitando in questo modo i rischi di contatto negli uffici.<\/p>\n<p>Sarlux ha ulteriormente potenziato le dotazioni informatiche per i dipendenti e ora la piattaforma ICT permette di interagire contemporaneamente a oltre 250 persone[\/vc_column_text][vc_empty_space height=&#8221;8px&#8221;][\/vc_column][\/vc_row][vc_row][vc_column][vc_single_image image=&#8221;525974&#8243; img_size=&#8221;full&#8221; alignment=&#8221;center&#8221;][vc_column_text css=&#8221;.vc_custom_1611142799492{border-bottom-width: 1px !important;padding-top: 0px !important;padding-bottom: 4px !important;border-bottom-color: #0056a6 !important;border-bottom-style: solid !important;}&#8221;]<\/p>\n<h3>SERVIZI ESSENZIALI ALLA COLLETTIVIT\u00c0<\/h3>\n<p>[\/vc_column_text][vc_empty_space height=&#8221;16px&#8221;][\/vc_column][\/vc_row][vc_row][vc_column width=&#8221;1\/2&#8243;][vc_single_image image=&#8221;543102&#8243; img_size=&#8221;full&#8221;][vc_empty_space][\/vc_column][vc_column width=&#8221;1\/2&#8243;][vc_column_text]Sarlux, in quanto industria essenziale per la vita del paese che fornisce una parte rilevante del carburante e dell\u2019energia elettrica necessaria alla Sardegna, <strong>ha mantenuto la piena continuit\u00e0 nelle attivit\u00e0 degli impianti della raffineria<\/strong> e nelle importanti manutenzioni pianificate, nel rispetto di tutti i protocolli di sicurezza predisposti dalle autorit\u00e0 nazionali e regionali in materia di prevenzione e contenimento del rischio di contagio da covid-19.<\/p>\n<p><strong>Questo ha consentito di dare un contributo tangibile alla tenuta economica del territorio<\/strong>.[\/vc_column_text][vc_empty_space height=&#8221;8px&#8221;][vc_column_text]Sono stati introdotti tutti gli strumenti tecnologici necessari al\u00a0<strong>monitoraggio preventivo<\/strong>, alla\u00a0<strong>sanificazione <\/strong>degli ambienti e dei mezzi, si \u00e8 regolamentato il distanziamento tra le persone. Sono stati rimodulati i turni di lavoro per favorire una maggiore sicurezza della distribuzione delle presenze.[\/vc_column_text][\/vc_column][\/vc_row][vc_row][vc_column][vc_empty_space][\/vc_column][\/vc_row][vc_row][vc_column][vc_single_image image=&#8221;525264&#8243; img_size=&#8221;full&#8221; alignment=&#8221;center&#8221;][vc_column_text css=&#8221;.vc_custom_1610642292898{border-bottom-width: 1px !important;padding-top: 0px !important;padding-bottom: 4px !important;border-bottom-color: #0056a6 !important;border-bottom-style: solid !important;}&#8221;]<\/p>\n<h3 style=\"text-align: left;\">LA SOLIDARIET\u00c0<\/h3>\n<p>[\/vc_column_text][vc_empty_space height=&#8221;16px&#8221;][\/vc_column][\/vc_row][vc_row][vc_column width=&#8221;1\/2&#8243;][vc_single_image image=&#8221;543107&#8243; img_size=&#8221;full&#8221;][\/vc_column][vc_column width=&#8221;1\/2&#8243;][vc_column_text]Il Gruppo Saras, pur essendo oggi una solida realt\u00e0 internazionale, \u00e8 nato e si \u00e8 sviluppato in Sardegna, un\u2019isola che possiede una forte identit\u00e0 e nei confronti della quale nutre un profondo rispetto.<\/p>\n<p>Sono state intraprese varie iniziative a supporto delle comunit\u00e0 pi\u00f9 colpite.<\/p>\n<p>Il Gruppo, in Sardegna, ha supportato l\u2019<strong>Azienda ospedaliera Giuseppe Brotzu<\/strong>\u00a0 di Cagliari con una donazione per l\u2019acquisto di attrezzature sanitarie e ha dato il suo <strong>contributo tecnologico al mondo della scuola<\/strong>, donando<strong><em>\u00a0personal computer<\/em>\u00a0<\/strong>per la didattica on line ad alcune scuole medie di Sarroch e Milano.[\/vc_column_text][vc_column_text]Sarlux, ha messo a disposizione la\u00a0<strong>fornitura gratuita di carburante<\/strong> necessaria a garantire la sicurezza e fronteggiare l\u2019emergenza della Citt\u00e0 metropolitana di Cagliari e, nel periodo in cui c\u2019era poca disponibilit\u00e0 sul mercato, ha donato un <strong>numero ingente di mascherine <\/strong>ai comuni dell\u2019area industriale di Sarroch, alle Forze dell\u2019ordine e alla Protezione civile.[\/vc_column_text][vc_column_text]I lavoratori hanno, inoltre, destinato all&#8217;<strong>Ospedale SS. Trinit\u00e0 di Cagliari<\/strong> le proprie giornate lavorative raggiungendo una cospicua cifra.[\/vc_column_text][vc_empty_space][\/vc_column][\/vc_row][vc_row][vc_column][vc_empty_space][vc_icon icon_fontawesome=&#8221;fa fa-cog&#8221; size=&#8221;sm&#8221; align=&#8221;center&#8221;][\/vc_column][\/vc_row][vc_row css=&#8221;.vc_custom_1623514759065{background-color: #f5f5f5 !important;}&#8221;][vc_column][vc_column_text]<\/p>\n<h2><strong>Hanno detto:<\/strong><\/h2>\n<blockquote>\n<p><em>Sentiti ringraziamenti per mio tramite, dei Ragazzi e delle Famiglie del Comune di Sarroch per la Vostra generosa iniziativa, che trover\u00e0 immediata applicazione e impiego nella didattica a distanza, in atto da diverse settimane nel nostro istituto.\u00a0<\/em><\/p>\n<\/blockquote>\n<p>Dirigente Scolastico dell&#8217;IC Statale di Sarroch<\/p>\n<p>&nbsp;<\/p>\n<blockquote>\n<p><em>In questo momento di grave emergenza igienico sanitaria siamo grati al Gruppo Saras per il sostegno che sta offrendo ai nostri ospedali.<\/em><\/p>\n<\/blockquote>\n        <div class=\"rmwr-wrapper\" \n             data-id=\"rmwr-69f48c9e61e31\"\n             data-mode=\"normal\"\n             data-animation=\"fade\"\n             data-duration=\"300\"\n             data-smooth-scroll=\"true\"\n             data-scroll-offset=\"0\">\n            <button \n                type=\"button\"\n                class=\"read-link\" \n                id=\"readlinkrmwr-69f48c9e61e31\"\n                data-open-text=\"leggi di pi\u00f9\"\n                data-close-text=\"chiudi\"\n                aria-expanded=\"false\"\n                aria-controls=\"readrmwr-69f48c9e61e31\"\n                aria-label=\"leggi di pi\u00f9\"\n            >\n                <span class=\"rmwr-text\">leggi di pi\u00f9<\/span>\n            <\/button>\n            <div \n                class=\"read_div\" \n                id=\"readrmwr-69f48c9e61e31\"\n                aria-hidden=\"true\"\n                data-animation=\"fade\"\n                data-duration=\"300\"\n                style=\"display: none;\"\n            >\n                <\/p>\n<blockquote>\n<p><strong><em>Emergenza Coronavirus: la solidariet\u00e0 per vincere la fida.<\/em><\/strong><\/p>\n<p><em>Il Gruppo Saras, che con la sua presenza produttiva coinvolge direttamente circa 2000 famiglie in Sardegna, ha deciso di donare all\u2019Azienda Ospedaliera G. Brotzu 200.000 \u20ac, che saranno utilizzati per l\u2019acquisto di attrezzature per l\u2019emergenza covid-19 necessarie ad allestire un\u2019area critica.<\/em><\/p>\n<p><em>In questo momento di grave emergenza igienico sanitaria siamo grati al Gruppo Saras per il sostegno che sta offrendo ai nostri ospedali.<\/em><\/p>\n<p><em>Con la solidariet\u00e0, l\u2019impegno di tutti e un grande senso di responsabilit\u00e0 vinceremo questa sfida.<\/em><\/p>\n<p><em>Grazie<\/em><\/p>\n<\/blockquote>\n<p>Azienda ospedaliera Brotzu \/ Facebook 12-03-2020<\/p>\n<p>            <\/div>\n        <\/div>\n        \n<p>&nbsp;<\/p>\n<blockquote>\n<p><em>I Sanitari dell\u2019UO Otorino e dell\u2019intero presidio ospedaliero Santissima Trinit\u00e0 di Cagliari, Ospedale in prima linea contro l\u2019epidemia da Covid-19, ringraziano tutti i lavoratori e le loro famiglie della ditta Saras, Sarlux e Sardeolica\u00a0 in accordo con le associazioni sindacali Cgil, Cisl e Uil per aver fortemente voluto questa generosa donazione.<\/em><\/p>\n<\/blockquote>\n        <div class=\"rmwr-wrapper\" \n             data-id=\"rmwr-69f48c9e61f66\"\n             data-mode=\"normal\"\n             data-animation=\"fade\"\n             data-duration=\"300\"\n             data-smooth-scroll=\"true\"\n             data-scroll-offset=\"0\">\n            <button \n                type=\"button\"\n                class=\"read-link\" \n                id=\"readlinkrmwr-69f48c9e61f66\"\n                data-open-text=\"leggi di pi\u00f9\"\n                data-close-text=\"chiudi\"\n                aria-expanded=\"false\"\n                aria-controls=\"readrmwr-69f48c9e61f66\"\n                aria-label=\"leggi di pi\u00f9\"\n            >\n                <span class=\"rmwr-text\">leggi di pi\u00f9<\/span>\n            <\/button>\n            <div \n                class=\"read_div\" \n                id=\"readrmwr-69f48c9e61f66\"\n                aria-hidden=\"true\"\n                data-animation=\"fade\"\n                data-duration=\"300\"\n                style=\"display: none;\"\n            >\n                \n<blockquote>\n<p><em>I lavoratori hanno destinato le loro giornate lavorative a questa nobile causa raggiungendo la cospicua cifra di 70mila euro.<\/em><\/p>\n<p><em>In questo momento di grande emergenza e di sacrificio per tutti i lavoratori, il vostro gesto testimonia come\u00a0siate al nostro fianco in questa difficile battaglia. La Vostra donazione\u00a0 \u00e8 per noi motivo di grande conforto e di profondo apprezzamento e, oltre a possedere un utilit\u00e0 immediata in questa difficile fase di contenimento dell\u2019epidemia, rappresenter\u00e0 un insostituibile investimento anche sulla qualit\u00e0 futura del nostro lavoro.<\/em><\/p>\n<p><em>Un altro grazie ai lavoratori per aver garantito a tutta la popolazione sarda l\u2019approvvigionamento energetico e il carburante per tutte le attivit\u00e0 essenziali durante questo periodo emergenziale. Tutto ci\u00f2 \u00e8 stato possibile realizzarlo grazie al Commissario Ats Sardegna dottor Giorgio Steri, al Direttore Sanitario POU Dott Sergio Marracini e dopo l\u2019esperta ricognizione dell\u2019Ingegneria Clinica dell\u2019ATS,\u00a0 tenuto conto delle esigenze del nostro Ospedale, abbiamo destinato la cospicua donazione da Voi raccolta all\u2019acquisto di un microscopio operatorio ad alta tecnologia.<\/em><\/p>\n<p><em>Il Vostro prezioso contributo non solo migliorer\u00e0 nell\u2019immediato la qualit\u00e0 della gestione clinica e terapeutica dei pazienti (sia che essi siano pazienti Covid positivi, o solo sospetti tali) ma permetter\u00e0 un suo proficuo impiego anche in un futuro auspicabilmente libero dall\u2019epidemia, quando\u00a0 tali esigenze si moltiplicheranno in quella che sar\u00e0 la fase successiva di graduale ripristino della normale vita sociale e lavorativa. Tale strumento verr\u00e0 infatti a costituire elemento determinante della nostra attivit\u00e0 diagnostica e terapeutica, specie nell\u2019ambito della cura dei tumori delle alte vie respiratorie e digestive, cos\u00ec frequenti nel nostro territorio a causa di molteplici fattori patogenetici.<\/em><\/p>\n<p><em>La solidit\u00e0 del nostro sistema Sanitario\u00a0 e la salute di tantissime persone dipendono dal singolo gesto di ognuno di noi, a dimostrazione che\u00a0l\u2019impegno del singolo individuo \u00e8\u00a0 fondamentale per garantire il benessere dell\u2019intera collettivit\u00e0, specie quando, come in questo caso, pu\u00f2 fornire gli strumenti necessari\u00a0 a dare una migliore possibilit\u00e0 di guarigione a chi \u00e8 malato.\u00a0 Per tale motivo saremo orgogliosi di impiegare proficuamente il frutto del Vostro nobile atto di sensibilit\u00e0 sociale, verso cui esprimiamo ancora infinita gratitudine.<\/em><\/p>\n<\/blockquote>\n<p>I Sanitari dell\u2019UO Otorino e dell\u2019intero presidio ospedaliero Santissima Trinit\u00e0 di Cagliari<br \/>\n            <\/div>\n        <\/div>\n        [\/vc_column_text][\/vc_column][\/vc_row][vc_row][vc_column][vc_empty_space][\/vc_column][\/vc_row][vc_row][vc_column][vc_icon icon_fontawesome=&#8221;fa fa-cog&#8221; size=&#8221;sm&#8221; align=&#8221;center&#8221;][vc_empty_space height=&#8221;16px&#8221;][vc_single_image image=&#8221;541210&#8243; img_size=&#8221;full&#8221; alignment=&#8221;center&#8221;][vc_empty_space height=&#8221;64px&#8221;][\/vc_column][\/vc_row][vc_row][vc_column][vc_empty_space height=&#8221;16px&#8221;][vc_icon icon_fontawesome=&#8221;fa fa-cog&#8221; size=&#8221;sm&#8221; align=&#8221;center&#8221;][vc_empty_space][vc_column_text css=&#8221;.vc_custom_1578919694927{border-bottom-width: 1px !important;padding-top: 0px !important;padding-bottom: 4px !important;border-bottom-color: #0056a6 !important;border-bottom-style: solid !important;}&#8221;]<\/p>\n<h4 style=\"text-align: left;\">Notizie correlate<\/h4>\n<p>[\/vc_column_text][vc_empty_space height=&#8221;8px&#8221;][\/vc_column][\/vc_row][vc_row][vc_column][vc_basic_grid post_type=&#8221;post&#8221; max_items=&#8221;3&#8243; item=&#8221;541661&#8243; grid_id=&#8221;vc_gid:1652868583709-3fb954cf-30f0-5&#8243; taxonomies=&#8221;465&#8243;][\/vc_column][\/vc_row][vc_row][vc_column][vc_empty_space height=&#8221;16px&#8221;][vc_icon icon_fontawesome=&#8221;fa fa-cog&#8221; size=&#8221;sm&#8221; align=&#8221;center&#8221;][vc_empty_space height=&#8221;36px&#8221;][\/vc_column][\/vc_row][vc_row][vc_column][vc_column_text css=&#8221;.vc_custom_1578960566441{border-bottom-width: 1px !important;padding-top: 0px !important;padding-bottom: 4px !important;border-bottom-color: #0056a6 !important;border-bottom-style: solid !important;}&#8221;]<\/p>\n<h4 style=\"text-align: left;\">Pagine correlate<\/h4>\n<p>[\/vc_column_text][\/vc_column][\/vc_row][vc_row][vc_column width=&#8221;1\/4&#8243;]\n<div id=\"interactive-banner-1-wrap-8523\" class=\"ult-banner-block ult-adjust-bottom-margin ult-bb-box  banner-style11 \"   style=\"\">\n\t<img decoding=\"async\" src=\"https:\/\/www.sarlux.saras.it\/wp-content\/uploads\/2020\/01\/territorio-Sarlux-Saras-IB-378.jpg\" alt=\"null\">\n\t<h3  data-ultimate-target='#interactive-banner-1-wrap-8523 .bb-top-title '  data-responsive-json-new='{\"font-size\":\"\",\"line-height\":\"\"}'  class=\"title-center bb-top-title ult-responsive\" style=\"font-weight:normal;background:#0056a6;color:#ffffff;\">PROGETTI PER IL TERRITORIO<\/h3>\n\t<div class=\"mask opaque-background\" style=\"background:#0056a6;\">\n\t\t<div  data-ultimate-target='#interactive-banner-1-wrap-8523 .bb-description'  data-responsive-json-new='{\"font-size\":\"desktop:12px;\",\"line-height\":\"\"}'  class=\"bb-description ult-responsive\" style=\"font-weight:normal;color:#ffffff;\">Sarlux ha un dialogo costante con il territorio, si impegna per la salvaguardia dell\u2019ambiente e supporta iniziative per lo sviluppo sociale, economico e culturale della comunit\u00e0 intorno a Sarroch.<\/div>\n\t<\/div><a class=\"bb-link\" href=\"https:\/\/www.sarlux.saras.it\/it\/impegno-sociale-territorio\/\" title=\"Educazione\" ><\/a>\n<\/div>[\/vc_column][vc_column width=&#8221;1\/4&#8243;]\n<div id=\"interactive-banner-1-wrap-8905\" class=\"ult-banner-block ult-adjust-bottom-margin ult-bb-box  banner-style11 \"   style=\"\">\n\t<img decoding=\"async\" src=\"https:\/\/www.sarlux.saras.it\/wp-content\/uploads\/2019\/10\/futuri-ingegneri-e-turbina-taglio-box.jpg\" alt=\"null\">\n\t<h3  data-ultimate-target='#interactive-banner-1-wrap-8905 .bb-top-title '  data-responsive-json-new='{\"font-size\":\"\",\"line-height\":\"\"}'  class=\"title-center bb-top-title ult-responsive\" style=\"font-weight:normal;background:#0056a6;color:#ffffff;\">PROGETTI PER LA SCUOLA<\/h3>\n\t<div class=\"mask opaque-background\" style=\"background:#0056a6;\">\n\t\t<div  data-ultimate-target='#interactive-banner-1-wrap-8905 .bb-description'  data-responsive-json-new='{\"font-size\":\"desktop:12px;\",\"line-height\":\"\"}'  class=\"bb-description ult-responsive\" style=\"font-weight:normal;color:#ffffff;\">Creare un ponte tra studenti e impresa, condividere con i giovani le competenze tecniche e manageriali del personale Sarlux, acquisite nel corso di oltre cinquant\u2019anni di storia industriale.<\/div>\n\t<\/div><a class=\"bb-link\" href=\"https:\/\/www.sarlux.saras.it\/it\/impegno-sociale-scuola\/\" title=\"Educazione\" ><\/a>\n<\/div>[\/vc_column][vc_column width=&#8221;1\/4&#8243;]\n<div id=\"interactive-banner-1-wrap-1491\" class=\"ult-banner-block ult-adjust-bottom-margin ult-bb-box  banner-style11 \"   style=\"\">\n\t<img decoding=\"async\" src=\"https:\/\/www.sarlux.saras.it\/wp-content\/uploads\/2019\/10\/sport-cagliari-football-academy-taglio-box.jpg\" alt=\"null\">\n\t<h3  data-ultimate-target='#interactive-banner-1-wrap-1491 .bb-top-title '  data-responsive-json-new='{\"font-size\":\"\",\"line-height\":\"\"}'  class=\"title-center bb-top-title ult-responsive\" style=\"font-weight:normal;background:#0056a6;color:#ffffff;\">PROGETTI PER LO SPORT<\/h3>\n\t<div class=\"mask opaque-background\" style=\"background:#0056a6;\">\n\t\t<div  data-ultimate-target='#interactive-banner-1-wrap-1491 .bb-description'  data-responsive-json-new='{\"font-size\":\"desktop:12px;\",\"line-height\":\"\"}'  class=\"bb-description ult-responsive\" style=\"font-weight:normal;color:#ffffff;\">Lealt\u00e0, rispetto, inclusivit\u00e0 e sicurezza, Saras promuove la cultura dello sport.<\/div>\n\t<\/div><a class=\"bb-link\" href=\"https:\/\/www.sarlux.saras.it\/it\/impegno-sociale-sport\/\" title=\"Sport\" ><\/a>\n<\/div>[\/vc_column][vc_column width=&#8221;1\/4&#8243;]\n<div id=\"interactive-banner-1-wrap-3608\" class=\"ult-banner-block ult-adjust-bottom-margin ult-bb-box  banner-style11 \"   style=\"\">\n\t<img decoding=\"async\" src=\"https:\/\/www.sarlux.saras.it\/wp-content\/uploads\/2019\/02\/valore-Saras-PANORAMICA-SARROCH.jpg\" alt=\"null\">\n\t<h3  data-ultimate-target='#interactive-banner-1-wrap-3608 .bb-top-title '  data-responsive-json-new='{\"font-size\":\"\",\"line-height\":\"\"}'  class=\"title-center bb-top-title ult-responsive\" style=\"font-weight:normal;background:#0056a6;color:#ffffff;\">IL VALORE PER IL TERRITORIO<\/h3>\n\t<div class=\"mask opaque-background\" style=\"background:#0056a6;\">\n\t\t<div  data-ultimate-target='#interactive-banner-1-wrap-3608 .bb-description'  data-responsive-json-new='{\"font-size\":\"desktop:12px;\",\"line-height\":\"\"}'  class=\"bb-description ult-responsive\" style=\"font-weight:normal;color:#ffffff;\">Il Gruppo Saras \u00e8 stato protagonista di un percorso di crescita, internazionalizzazione e trasformazione costante, accompagnato da un forte radicamento al territorio nazionale e in particolare sardo.<\/div>\n\t<\/div><a class=\"bb-link\" href=\"https:\/\/www.sarlux.saras.it\/it\/impegno-sociale-valore-per-territorio\/\" ><\/a>\n<\/div>[\/vc_column][\/vc_row][vc_row][vc_column][vc_empty_space][vc_icon icon_fontawesome=&#8221;fa fa-cog&#8221; align=&#8221;center&#8221;][vc_empty_space height=&#8221;64px&#8221;][\/vc_column][\/vc_row]<\/p>\n<\/div>","protected":false},"excerpt":{"rendered":"<p>L\u2019impegno e la responsabilit\u00e0 sociale di Sarlux durante l\u2019emergenza coronavirus si sono focalizzati su tre aspetti principali: la tutela della salute delle proprie persone, la garanzia di servizi essenziali alla collettivit\u00e0, le iniziative di solidariet\u00e0.<\/p>\n","protected":false},"author":2,"featured_media":543114,"parent":0,"menu_order":0,"comment_status":"closed","ping_status":"closed","template":"","meta":{"_acf_changed":false,"inline_featured_image":false,"footnotes":""},"class_list":["post-543094","page","type-page","status-publish","has-post-thumbnail","hentry"],"acf":[],"yoast_head":"<!-- This site is optimized with the Yoast SEO plugin v27.3 - https:\/\/yoast.com\/product\/yoast-seo-wordpress\/ -->\n<title>Sarlux e il territorio durante il Covid19 - Sarlux Saras | Refining &amp; Power<\/title>\n<meta name=\"description\" content=\"La responsabilit\u00e0 sociale di Sarlux durante l\u2019emergenza coronavirus si \u00e8 focalizzata sulla tutela della salute delle proprie persone, sulla garanzia di servizi essenziali alla collettivit\u00e0, sulle iniziative di solidariet\u00e0.\" \/>\n<meta name=\"robots\" content=\"index, follow, max-snippet:-1, max-image-preview:large, max-video-preview:-1\" \/>\n<link rel=\"canonical\" href=\"https:\/\/www.sarlux.saras.it\/it\/sarlux-e-il-territorio-durante-il-covid19\/\" \/>\n<meta property=\"og:locale\" content=\"it_IT\" \/>\n<meta property=\"og:type\" content=\"article\" \/>\n<meta property=\"og:title\" content=\"Sarlux e il territorio durante il Covid19 - Sarlux Saras | Refining &amp; Power\" \/>\n<meta property=\"og:description\" content=\"La responsabilit\u00e0 sociale di Sarlux durante l\u2019emergenza coronavirus si \u00e8 focalizzata sulla tutela della salute delle proprie persone, sulla garanzia di servizi essenziali alla collettivit\u00e0, sulle iniziative di solidariet\u00e0.\" \/>\n<meta property=\"og:url\" content=\"https:\/\/www.sarlux.saras.it\/it\/sarlux-e-il-territorio-durante-il-covid19\/\" \/>\n<meta property=\"og:site_name\" content=\"Sarlux Saras | Refining &amp; Power\" \/>\n<meta property=\"article:modified_time\" content=\"2024-04-18T06:48:05+00:00\" \/>\n<meta property=\"og:image\" content=\"https:\/\/www.sarlux.saras.it\/wp-content\/uploads\/2021\/02\/Sarlux-territorio-covid-IB-199.jpg\" \/>\n\t<meta property=\"og:image:width\" content=\"800\" \/>\n\t<meta property=\"og:image:height\" content=\"400\" \/>\n\t<meta property=\"og:image:type\" content=\"image\/jpeg\" \/>\n<meta name=\"twitter:card\" content=\"summary_large_image\" \/>\n<meta name=\"twitter:label1\" content=\"Tempo di lettura stimato\" \/>\n\t<meta name=\"twitter:data1\" content=\"6 minuti\" \/>\n<script type=\"application\/ld+json\" class=\"yoast-schema-graph\">{\"@context\":\"https:\\\/\\\/schema.org\",\"@graph\":[{\"@type\":\"WebPage\",\"@id\":\"https:\\\/\\\/www.sarlux.saras.it\\\/it\\\/sarlux-e-il-territorio-durante-il-covid19\\\/\",\"url\":\"https:\\\/\\\/www.sarlux.saras.it\\\/it\\\/sarlux-e-il-territorio-durante-il-covid19\\\/\",\"name\":\"Sarlux e il territorio durante il Covid19 - Sarlux Saras | Refining & Power\",\"isPartOf\":{\"@id\":\"https:\\\/\\\/www.sarlux.saras.it\\\/it\\\/#website\"},\"primaryImageOfPage\":{\"@id\":\"https:\\\/\\\/www.sarlux.saras.it\\\/it\\\/sarlux-e-il-territorio-durante-il-covid19\\\/#primaryimage\"},\"image\":{\"@id\":\"https:\\\/\\\/www.sarlux.saras.it\\\/it\\\/sarlux-e-il-territorio-durante-il-covid19\\\/#primaryimage\"},\"thumbnailUrl\":\"https:\\\/\\\/www.sarlux.saras.it\\\/wp-content\\\/uploads\\\/2021\\\/02\\\/Sarlux-territorio-covid-IB-199.jpg\",\"datePublished\":\"2021-02-16T17:23:25+00:00\",\"dateModified\":\"2024-04-18T06:48:05+00:00\",\"description\":\"La responsabilit\u00e0 sociale di Sarlux durante l\u2019emergenza coronavirus si \u00e8 focalizzata sulla tutela della salute delle proprie persone, sulla garanzia di servizi essenziali alla collettivit\u00e0, sulle iniziative di solidariet\u00e0.\",\"breadcrumb\":{\"@id\":\"https:\\\/\\\/www.sarlux.saras.it\\\/it\\\/sarlux-e-il-territorio-durante-il-covid19\\\/#breadcrumb\"},\"inLanguage\":\"it-IT\",\"potentialAction\":[{\"@type\":\"ReadAction\",\"target\":[\"https:\\\/\\\/www.sarlux.saras.it\\\/it\\\/sarlux-e-il-territorio-durante-il-covid19\\\/\"]}]},{\"@type\":\"ImageObject\",\"inLanguage\":\"it-IT\",\"@id\":\"https:\\\/\\\/www.sarlux.saras.it\\\/it\\\/sarlux-e-il-territorio-durante-il-covid19\\\/#primaryimage\",\"url\":\"https:\\\/\\\/www.sarlux.saras.it\\\/wp-content\\\/uploads\\\/2021\\\/02\\\/Sarlux-territorio-covid-IB-199.jpg\",\"contentUrl\":\"https:\\\/\\\/www.sarlux.saras.it\\\/wp-content\\\/uploads\\\/2021\\\/02\\\/Sarlux-territorio-covid-IB-199.jpg\",\"width\":800,\"height\":400},{\"@type\":\"BreadcrumbList\",\"@id\":\"https:\\\/\\\/www.sarlux.saras.it\\\/it\\\/sarlux-e-il-territorio-durante-il-covid19\\\/#breadcrumb\",\"itemListElement\":[{\"@type\":\"ListItem\",\"position\":1,\"name\":\"Home\",\"item\":\"https:\\\/\\\/www.sarlux.saras.it\\\/it\\\/\"},{\"@type\":\"ListItem\",\"position\":2,\"name\":\"Sarlux e il territorio durante il Covid19\"}]},{\"@type\":\"WebSite\",\"@id\":\"https:\\\/\\\/www.sarlux.saras.it\\\/it\\\/#website\",\"url\":\"https:\\\/\\\/www.sarlux.saras.it\\\/it\\\/\",\"name\":\"Sarlux\",\"description\":\"\",\"publisher\":{\"@id\":\"https:\\\/\\\/www.sarlux.saras.it\\\/it\\\/#organization\"},\"potentialAction\":[{\"@type\":\"SearchAction\",\"target\":{\"@type\":\"EntryPoint\",\"urlTemplate\":\"https:\\\/\\\/www.sarlux.saras.it\\\/it\\\/?s={search_term_string}\"},\"query-input\":{\"@type\":\"PropertyValueSpecification\",\"valueRequired\":true,\"valueName\":\"search_term_string\"}}],\"inLanguage\":\"it-IT\"},{\"@type\":\"Organization\",\"@id\":\"https:\\\/\\\/www.sarlux.saras.it\\\/it\\\/#organization\",\"name\":\"Sarlux\",\"url\":\"https:\\\/\\\/www.sarlux.saras.it\\\/it\\\/\",\"logo\":{\"@type\":\"ImageObject\",\"inLanguage\":\"it-IT\",\"@id\":\"https:\\\/\\\/www.sarlux.saras.it\\\/it\\\/#\\\/schema\\\/logo\\\/image\\\/\",\"url\":\"https:\\\/\\\/www.sarlux.saras.it\\\/wp-content\\\/uploads\\\/2017\\\/12\\\/logo-pc-1.png\",\"contentUrl\":\"https:\\\/\\\/www.sarlux.saras.it\\\/wp-content\\\/uploads\\\/2017\\\/12\\\/logo-pc-1.png\",\"width\":184,\"height\":86,\"caption\":\"Sarlux\"},\"image\":{\"@id\":\"https:\\\/\\\/www.sarlux.saras.it\\\/it\\\/#\\\/schema\\\/logo\\\/image\\\/\"}}]}<\/script>\n<!-- \/ Yoast SEO plugin. -->","yoast_head_json":{"title":"Sarlux e il territorio durante il Covid19 - Sarlux Saras | Refining & Power","description":"La responsabilit\u00e0 sociale di Sarlux durante l\u2019emergenza coronavirus si \u00e8 focalizzata sulla tutela della salute delle proprie persone, sulla garanzia di servizi essenziali alla collettivit\u00e0, sulle iniziative di solidariet\u00e0.","robots":{"index":"index","follow":"follow","max-snippet":"max-snippet:-1","max-image-preview":"max-image-preview:large","max-video-preview":"max-video-preview:-1"},"canonical":"https:\/\/www.sarlux.saras.it\/it\/sarlux-e-il-territorio-durante-il-covid19\/","og_locale":"it_IT","og_type":"article","og_title":"Sarlux e il territorio durante il Covid19 - Sarlux Saras | Refining & Power","og_description":"La responsabilit\u00e0 sociale di Sarlux durante l\u2019emergenza coronavirus si \u00e8 focalizzata sulla tutela della salute delle proprie persone, sulla garanzia di servizi essenziali alla collettivit\u00e0, sulle iniziative di solidariet\u00e0.","og_url":"https:\/\/www.sarlux.saras.it\/it\/sarlux-e-il-territorio-durante-il-covid19\/","og_site_name":"Sarlux Saras | Refining & Power","article_modified_time":"2024-04-18T06:48:05+00:00","og_image":[{"width":800,"height":400,"url":"https:\/\/www.sarlux.saras.it\/wp-content\/uploads\/2021\/02\/Sarlux-territorio-covid-IB-199.jpg","type":"image\/jpeg"}],"twitter_card":"summary_large_image","twitter_misc":{"Tempo di lettura stimato":"6 minuti"},"schema":{"@context":"https:\/\/schema.org","@graph":[{"@type":"WebPage","@id":"https:\/\/www.sarlux.saras.it\/it\/sarlux-e-il-territorio-durante-il-covid19\/","url":"https:\/\/www.sarlux.saras.it\/it\/sarlux-e-il-territorio-durante-il-covid19\/","name":"Sarlux e il territorio durante il Covid19 - Sarlux Saras | Refining & Power","isPartOf":{"@id":"https:\/\/www.sarlux.saras.it\/it\/#website"},"primaryImageOfPage":{"@id":"https:\/\/www.sarlux.saras.it\/it\/sarlux-e-il-territorio-durante-il-covid19\/#primaryimage"},"image":{"@id":"https:\/\/www.sarlux.saras.it\/it\/sarlux-e-il-territorio-durante-il-covid19\/#primaryimage"},"thumbnailUrl":"https:\/\/www.sarlux.saras.it\/wp-content\/uploads\/2021\/02\/Sarlux-territorio-covid-IB-199.jpg","datePublished":"2021-02-16T17:23:25+00:00","dateModified":"2024-04-18T06:48:05+00:00","description":"La responsabilit\u00e0 sociale di Sarlux durante l\u2019emergenza coronavirus si \u00e8 focalizzata sulla tutela della salute delle proprie persone, sulla garanzia di servizi essenziali alla collettivit\u00e0, sulle iniziative di solidariet\u00e0.","breadcrumb":{"@id":"https:\/\/www.sarlux.saras.it\/it\/sarlux-e-il-territorio-durante-il-covid19\/#breadcrumb"},"inLanguage":"it-IT","potentialAction":[{"@type":"ReadAction","target":["https:\/\/www.sarlux.saras.it\/it\/sarlux-e-il-territorio-durante-il-covid19\/"]}]},{"@type":"ImageObject","inLanguage":"it-IT","@id":"https:\/\/www.sarlux.saras.it\/it\/sarlux-e-il-territorio-durante-il-covid19\/#primaryimage","url":"https:\/\/www.sarlux.saras.it\/wp-content\/uploads\/2021\/02\/Sarlux-territorio-covid-IB-199.jpg","contentUrl":"https:\/\/www.sarlux.saras.it\/wp-content\/uploads\/2021\/02\/Sarlux-territorio-covid-IB-199.jpg","width":800,"height":400},{"@type":"BreadcrumbList","@id":"https:\/\/www.sarlux.saras.it\/it\/sarlux-e-il-territorio-durante-il-covid19\/#breadcrumb","itemListElement":[{"@type":"ListItem","position":1,"name":"Home","item":"https:\/\/www.sarlux.saras.it\/it\/"},{"@type":"ListItem","position":2,"name":"Sarlux e il territorio durante il Covid19"}]},{"@type":"WebSite","@id":"https:\/\/www.sarlux.saras.it\/it\/#website","url":"https:\/\/www.sarlux.saras.it\/it\/","name":"Sarlux","description":"","publisher":{"@id":"https:\/\/www.sarlux.saras.it\/it\/#organization"},"potentialAction":[{"@type":"SearchAction","target":{"@type":"EntryPoint","urlTemplate":"https:\/\/www.sarlux.saras.it\/it\/?s={search_term_string}"},"query-input":{"@type":"PropertyValueSpecification","valueRequired":true,"valueName":"search_term_string"}}],"inLanguage":"it-IT"},{"@type":"Organization","@id":"https:\/\/www.sarlux.saras.it\/it\/#organization","name":"Sarlux","url":"https:\/\/www.sarlux.saras.it\/it\/","logo":{"@type":"ImageObject","inLanguage":"it-IT","@id":"https:\/\/www.sarlux.saras.it\/it\/#\/schema\/logo\/image\/","url":"https:\/\/www.sarlux.saras.it\/wp-content\/uploads\/2017\/12\/logo-pc-1.png","contentUrl":"https:\/\/www.sarlux.saras.it\/wp-content\/uploads\/2017\/12\/logo-pc-1.png","width":184,"height":86,"caption":"Sarlux"},"image":{"@id":"https:\/\/www.sarlux.saras.it\/it\/#\/schema\/logo\/image\/"}}]}},"_links":{"self":[{"href":"https:\/\/www.sarlux.saras.it\/it\/wp-json\/wp\/v2\/pages\/543094","targetHints":{"allow":["GET"]}}],"collection":[{"href":"https:\/\/www.sarlux.saras.it\/it\/wp-json\/wp\/v2\/pages"}],"about":[{"href":"https:\/\/www.sarlux.saras.it\/it\/wp-json\/wp\/v2\/types\/page"}],"author":[{"embeddable":true,"href":"https:\/\/www.sarlux.saras.it\/it\/wp-json\/wp\/v2\/users\/2"}],"replies":[{"embeddable":true,"href":"https:\/\/www.sarlux.saras.it\/it\/wp-json\/wp\/v2\/comments?post=543094"}],"version-history":[{"count":20,"href":"https:\/\/www.sarlux.saras.it\/it\/wp-json\/wp\/v2\/pages\/543094\/revisions"}],"predecessor-version":[{"id":545900,"href":"https:\/\/www.sarlux.saras.it\/it\/wp-json\/wp\/v2\/pages\/543094\/revisions\/545900"}],"wp:featuredmedia":[{"embeddable":true,"href":"https:\/\/www.sarlux.saras.it\/it\/wp-json\/wp\/v2\/media\/543114"}],"wp:attachment":[{"href":"https:\/\/www.sarlux.saras.it\/it\/wp-json\/wp\/v2\/media?parent=543094"}],"curies":[{"name":"wp","href":"https:\/\/api.w.org\/{rel}","templated":true}]}}