{"id":543254,"date":"2021-05-28T12:31:24","date_gmt":"2021-05-28T12:31:24","guid":{"rendered":"https:\/\/www.sarlux.saras.it\/?page_id=543254"},"modified":"2026-03-09T09:25:28","modified_gmt":"2026-03-09T09:25:28","slug":"sviluppo-sostenibile","status":"publish","type":"page","link":"https:\/\/www.sarlux.saras.it\/it\/sviluppo-sostenibile\/","title":{"rendered":"Sviluppo sostenibile"},"content":{"rendered":"<div class=\"wpb-content-wrapper\"><p>[vc_row full_width=&#8221;stretch_row_content_no_spaces&#8221; css_animation=&#8221;fadeIn&#8221; css=&#8221;.vc_custom_1618816645108{margin-top: 0px !important;padding-top: 0px !important;background-image: url(https:\/\/sarlux.saras.it\/wp-content\/uploads\/2021\/04\/sviluppo-sostenibile-Saras-Sarlux-123.jpg?id=542786) !important;background-position: center !important;background-repeat: no-repeat !important;background-size: cover !important;}&#8221;][vc_column][vc_row_inner][vc_column_inner width=&#8221;1\/12&#8243;][\/vc_column_inner][vc_column_inner width=&#8221;1\/12&#8243;][\/vc_column_inner][vc_column_inner width=&#8221;8\/12&#8243;][vc_column_text css=&#8221;.vc_custom_1617866746081{margin-top: 0px !important;padding-top: 0px !important;padding-bottom: 10px !important;}&#8221;]<\/p>\n<h1 style=\"text-align: center;\"><span style=\"color: #f5f5f5;\"><strong>SVILUPPO SOSTENIBILE<\/strong><\/span><\/h1>\n<p>[\/vc_column_text][\/vc_column_inner][vc_column_inner width=&#8221;2\/12&#8243;][\/vc_column_inner][\/vc_row_inner][vc_empty_space height=&#8221;200px&#8221;][vc_row_inner][vc_column_inner width=&#8221;1\/12&#8243;][\/vc_column_inner][vc_column_inner width=&#8221;1\/12&#8243;][vc_column_text css=&#8221;.vc_custom_1579684875860{padding-top: 10px !important;padding-bottom: 10px !important;background-color: #0056a6 !important;border-radius: 5px !important;}&#8221;]<\/p>\n<h6 style=\"text-align: center;\"><span style=\"color: #f5f5f5; font-size: 12px;\">AMBIENTE<\/span><\/h6>\n<p>[\/vc_column_text][\/vc_column_inner][vc_column_inner width=&#8221;8\/12&#8243;][\/vc_column_inner][vc_column_inner width=&#8221;2\/12&#8243;][\/vc_column_inner][\/vc_row_inner][\/vc_column][\/vc_row][vc_row][vc_column][vc_column_text css=&#8221;&#8221;]<\/p>\n<h4><strong>Nel corso degli anni, abbiamo messo in atto molte iniziative concrete per gestire il nostro business in maniera sostenibile, limitandone l\u2019impronta ambientale, e tutelando sempre la salute e sicurezza delle nostre persone, e delle comunit\u00e0 che ci accolgono e si sviluppano insieme a noi.<\/strong><\/h4>\n<p>[\/vc_column_text][vc_empty_space height=&#8221;18px&#8221;][vc_single_image image=&#8221;543242&#8243; img_size=&#8221;full&#8221; alignment=&#8221;center&#8221;][vc_empty_space height=&#8221;18px&#8221;][vc_column_text css=&#8221;&#8221;]<strong>La strategia di sostenibilit\u00e0<\/strong>, in virt\u00f9 dei valori del codice etico e del purpose aziendale da cui discende, <strong>risulta coerente ed allineata con i \u201cSustainable Development Goals\u201d<\/strong> (SDGs), ovvero gli Obiettivi di Sviluppo Sostenibile, lanciati dalle Nazioni Unite nel 2015 per esplicitare il cuore dell\u2019<a href=\"https:\/\/unric.org\/it\/agenda-2030\/\" target=\"_blank\" rel=\"noopener noreferrer\"><strong>Agenda 2030 per lo sviluppo sostenibile<\/strong><\/a><strong>. <\/strong>Saras punta alla creazione di valore condiviso, migliorando ogni giorno le performance operative, economiche e sociali.[\/vc_column_text][vc_empty_space height=&#8221;18px&#8221;][\/vc_column][\/vc_row][vc_row disable_element=&#8221;yes&#8221;][vc_column][vc_column_text]Il modello di sostenibilit\u00e0 del Gruppo, riassunto nel documento <strong><em>Politica di sostenibilit\u00e0 del Gruppo Saras<\/em><\/strong> <a href=\"https:\/\/www.sarlux.saras.it\/wp-content\/uploads\/2022\/03\/saras-politica-sostenibilita-2022.pdf\" target=\"_blank\" rel=\"noopener\">disponibile qui in download<\/a>, si applica a tutte le societ\u00e0 facenti parte del Gruppo e definisce gli indirizzi e gli obiettivi che il Gruppo Saras si impegna a perseguire con riferimento a:<\/p>\n<ul>\n<li>promozione di comportamenti etici e corretti e prevenzione della corruzione<\/li>\n<li>temi attinenti alle persone, tutela dei diritti umani, diversit\u00e0 e inclusione<\/li>\n<li>temi sociali, attenzione verso le comunit\u00e0 locali e dialogo con gli stakeholder<\/li>\n<li>tutela dell\u2019ambiente<\/li>\n<li>temi della transizione ecologica<\/li>\n<li>rapporti con fornitori di beni e servizi.<\/li>\n<\/ul>\n<p>[\/vc_column_text][\/vc_column][\/vc_row][vc_row][vc_column][vc_empty_space height=&#8221;36px&#8221;][vc_single_image image=&#8221;543244&#8243; img_size=&#8221;50&#215;50&#8243; alignment=&#8221;center&#8221;][vc_empty_space height=&#8221;36px&#8221;][\/vc_column][\/vc_row][vc_row full_width=&#8221;stretch_row&#8221;][vc_column][vc_column_text css=&#8221;.vc_custom_1618847842068{margin-top: 0px !important;border-bottom-width: 1px !important;padding-top: 0px !important;padding-bottom: 4px !important;border-bottom-color: #0056a6 !important;border-bottom-style: solid !important;}&#8221;]<\/p>\n<h3 style=\"text-align: left;\">IL DIALOGO CON LE COMUNIT\u00c0<\/h3>\n<p>[\/vc_column_text][vc_column_text css=&#8221;&#8221;]<strong>La consapevolezza di operare in una terra, la Sardegna, dotata di un prezioso e delicato ecosistema, e in un settore industriale dove \u00e8 fondamentale prestare la massima attenzione alle tematiche della sostenibilit\u00e0, fa s\u00ec che l&#8217;agire quotidiano di Saras sia sempre improntato alla tutela della salute e sicurezza delle persone \u2013 che lavorano nel sito e che abitano nei territori limitrofi \u2013 e alla protezione dell\u2019ambiente e delle risorse naturali.<\/strong><\/p>\n<p>Tutte le politiche di sostenibilit\u00e0 della Saras e della raffineria Sarlux sono chiaramente riassunte, con il supporto di dati oggettivi e certificati, nelle edizioni aggiornate annualmente del <strong><em>Rapporto ESG <\/em><\/strong><em>(Environmental, Social and Governance)<\/em> e nella <strong><em>Dichiarazione ambientale<\/em><\/strong>.[\/vc_column_text][vc_empty_space height=&#8221;16px&#8221;][vc_column_text css=&#8221;&#8221;]<\/p>\n<h4><strong>Rapporto ESG 2024\u00a0<\/strong><\/h4>\n<p>[\/vc_column_text][vc_empty_space height=&#8221;8px&#8221;][\/vc_column][\/vc_row][vc_row full_width=&#8221;stretch_row&#8221;][vc_column width=&#8221;2\/3&#8243;]\n<div id=\"interactive-banner-1-wrap-9761\" class=\"ult-banner-block ult-adjust-bottom-margin ult-bb-box  banner-style11 \"   style=\"\">\n\t<img decoding=\"async\" src=\"https:\/\/www.sarlux.saras.it\/wp-content\/uploads\/2025\/07\/SARAS-Rapporto-ESG-2024-scaled.jpg\" alt=\"null\">\n\t<h3  data-ultimate-target='#interactive-banner-1-wrap-9761 .bb-top-title '  data-responsive-json-new='{\"font-size\":\"\",\"line-height\":\"\"}'  class=\"title-center bb-top-title ult-responsive\" style=\"font-weight:normal;background:#0056A6;color:#ffffff;\">Rapporto ESG 2024<\/h3>\n\t<div class=\"mask opaque-background\" style=\"background:#0056A6;\">\n\t\t<div  data-ultimate-target='#interactive-banner-1-wrap-9761 .bb-description'  data-responsive-json-new='{\"font-size\":\"\",\"line-height\":\"\"}'  class=\"bb-description ult-responsive\" style=\"font-weight:normal;color:#ffffff;\">LEGGETE<\/div>\n\t<\/div><a class=\"bb-link\" href=\"https:\/\/www.sarlux.saras.it\/wp-content\/uploads\/2025\/07\/SARAS-Rapporto-ESG-2024.pdf\" target=\"_blank\" rel=\"noopener\" ><\/a>\n<\/div>[\/vc_column][vc_column width=&#8221;1\/3&#8243;][vc_column_text css=&#8221;&#8221;]<a href=\"https:\/\/www.sarlux.saras.it\/wp-content\/uploads\/2025\/07\/SARAS-Rapporto-ESG-2024.pdf\" target=\"_blank\" rel=\"noopener\"><strong>Il Rapporto ESG 2024 Saras<\/strong> \u00e8\u00a0qui disponibile in download.<\/a>[\/vc_column_text][\/vc_column][\/vc_row][vc_row full_width=&#8221;stretch_row&#8221;][vc_column][vc_empty_space][\/vc_column][\/vc_row][vc_row full_width=&#8221;stretch_row&#8221;][vc_column][vc_empty_space][vc_column_text]<\/p>\n<h4><strong>Dichiarazione ambientale<\/strong><\/h4>\n<p>[\/vc_column_text][vc_empty_space height=&#8221;8px&#8221;][\/vc_column][\/vc_row][vc_row full_width=&#8221;stretch_row&#8221;][vc_column width=&#8221;2\/3&#8243;]\n<div id=\"interactive-banner-1-wrap-4728\" class=\"ult-banner-block ult-adjust-bottom-margin ult-bb-box  banner-style11 \"   style=\"\">\n\t<img decoding=\"async\" src=\"https:\/\/www.sarlux.saras.it\/wp-content\/uploads\/2026\/03\/Sarlux-Dichiarazione-Ambientale-2025-dati-2024-scaled.jpg\" alt=\"null\">\n\t<h3  data-ultimate-target='#interactive-banner-1-wrap-4728 .bb-top-title '  data-responsive-json-new='{\"font-size\":\"desktop:16px;\",\"line-height\":\"\"}'  class=\"title-center bb-top-title ult-responsive\" style=\"font-weight:normal;background:#0056a6;color:#ffffff;\">Dichiarazione Ambientale 2025<\/h3>\n\t<div class=\"mask opaque-background\" style=\"background:#0056a6;\">\n\t\t<div  data-ultimate-target='#interactive-banner-1-wrap-4728 .bb-description'  data-responsive-json-new='{\"font-size\":\"desktop:16px;\",\"line-height\":\"\"}'  class=\"bb-description ult-responsive\" style=\"font-weight:normal;color:#ffffff;\">Leggete la nuova edizione della Dichiarazione Ambientale Sarlux<\/div>\n\t<\/div><a class=\"bb-link\" href=\"https:\/\/www.sarlux.saras.it\/wp-content\/uploads\/2026\/03\/Sarlux-Dichiarazione-Ambientale-2025-dati-2024.pdf\" target=\"_blank\" rel=\"noopener\" ><\/a>\n<\/div>[\/vc_column][vc_column width=&#8221;1\/3&#8243;][vc_column_text css=&#8221;&#8221;]<\/p>\n<p style=\"font-weight: 400;\"><strong>Dal 2008 Sarlux aderisce volontariamente al sistema comunitario di eco-gestione e audit EMAS<\/strong> (Eco-Management and Audit Scheme), uno strumento creato dalla Comunit\u00e0 europea per contribuire alla realizzazione di uno sviluppo economico sostenibile, ponendo in rilievo il ruolo e la responsabilit\u00e0 delle imprese. La registrazione comporta anche l\u2019obbligo di stilare, ogni anno, la Dichiarazione Ambientale, un documento pensato per condividere con la comunit\u00e0 i dati sulle prestazioni ambientali degli impianti in modo chiaro e trasparente.<\/p>\n<p style=\"font-weight: 400;\"><a href=\"https:\/\/www.sarlux.saras.it\/wp-content\/uploads\/2026\/03\/Sarlux-registrazione-EMAS-2026-28.pdf\" target=\"_blank\" rel=\"noopener\"><em>Registrazione EMAS \u2013 Eco-Management and Audit Scheme<\/em><\/a><\/p>\n<p style=\"font-weight: 400;\"><strong><img loading=\"lazy\" decoding=\"async\" class=\"alignnone wp-image-541186\" src=\"https:\/\/www.sarlux.saras.it\/wp-content\/uploads\/2019\/12\/EMAS-Sarlux.png\" alt=\"\" width=\"90\" height=\"152\" srcset=\"https:\/\/www.sarlux.saras.it\/wp-content\/uploads\/2019\/12\/EMAS-Sarlux.png 181w, https:\/\/www.sarlux.saras.it\/wp-content\/uploads\/2019\/12\/EMAS-Sarlux-86x146.png 86w, https:\/\/www.sarlux.saras.it\/wp-content\/uploads\/2019\/12\/EMAS-Sarlux-30x50.png 30w, https:\/\/www.sarlux.saras.it\/wp-content\/uploads\/2019\/12\/EMAS-Sarlux-44x75.png 44w\" sizes=\"auto, (max-width:767px) 90px, 90px\" \/><\/strong><\/p>\n<p>[\/vc_column_text][\/vc_column][\/vc_row][vc_row full_width=&#8221;stretch_row&#8221;][vc_column][vc_empty_space height=&#8221;16px&#8221;][vc_column_text]<span class=\"x_x_x_ContentPasted1\">Come previsto dal Regolamento EMAS, ogni emissione e\/o aggiornamento della Dichiarazione Ambientale viene resa disponibile al pubblico a<\/span>lla conclusione dell\u2019<strong>iter di convalida dei dati contenuti nella Dichiarazione Ambientale eseguito per Sarlux da LRQA Italy<\/strong>, verificatore ambientale accreditato e indipendente, \u00a0e del successivo esame del documento a cura degli Enti competenti.<strong><br \/>\n<\/strong><strong>La Dichiarazione Ambientale<\/strong> <strong>certifica tutte le energie che la raffineria Sarlux dedica alla creazione di valore sostenibile <\/strong>con l\u2019applicazione di tecnologie avanzate che consentono di massimizzare la performance di raffinazione garantendo al contempo sostenibilit\u00e0 e rispetto dell\u2019ambiente.[\/vc_column_text][vc_column_text css=&#8221;&#8221;]<\/p>\n<p style=\"font-weight: 400;\"><a href=\"https:\/\/www.sarlux.saras.it\/wp-content\/uploads\/2026\/03\/Sarlux-Dichiarazione-Ambientale-2025-dati-2024.pdf\" target=\"_blank\" rel=\"noopener\">Da questo link<\/a> vi \u00e8 possibile <strong>fare il download oppure <\/strong><strong>leggere direttamente sul sito<\/strong> una versione sfogliabile e interattiva della Dichiarazione Ambientale 2025 con i <strong>dati aggiornati al 2024.<\/strong><\/p>\n<p>[\/vc_column_text][vc_empty_space][\/vc_column][\/vc_row][vc_row][vc_column][vc_empty_space][vc_single_image image=&#8221;543244&#8243; img_size=&#8221;50&#215;50&#8243; alignment=&#8221;center&#8221;][vc_empty_space height=&#8221;64px&#8221;][\/vc_column][\/vc_row][vc_row full_width=&#8221;stretch_row&#8221;][vc_column][vc_row_inner][vc_column_inner][vc_column_text css=&#8221;.vc_custom_1731928783524{margin-top: 0px !important;border-bottom-width: 1px !important;padding-top: 0px !important;padding-bottom: 4px !important;border-bottom-style: solid !important;border-color: #0056a6 !important;}&#8221;]<\/p>\n<h3 style=\"text-align: left;\">LE PRIORIT\u00c0 DI SARAS<\/h3>\n<p>[\/vc_column_text][vc_column_text css=&#8221;&#8221;]<strong>L\u2019attenzione dedicata alla responsabilit\u00e0 sociale e ambientale \u00e8 una costante della nostra storia e trova immediata conferma nella lunga lista di investimenti compiuti negli anni e nel percorso di ottenimento di numerose certificazioni ambientali e sociali.<\/strong>[\/vc_column_text][\/vc_column_inner][\/vc_row_inner][vc_row_inner][vc_column_inner][vc_column_text css=&#8221;.vc_custom_1618820515964{padding-bottom: 10px !important;}&#8221;]<strong>Le nostre priorit\u00e0 sono:<\/strong>[\/vc_column_text][\/vc_column_inner][\/vc_row_inner][vc_row_inner][vc_column_inner width=&#8221;1\/4&#8243;][vc_single_image image=&#8221;543248&#8243; img_size=&#8221;full&#8221; onclick=&#8221;custom_link&#8221; link=&#8221;https:\/\/www.sarlux.saras.it\/it\/sicurezza-sistema-hse\/&#8221;][\/vc_column_inner][vc_column_inner width=&#8221;3\/4&#8243;][vc_column_text css=&#8221;.vc_custom_1623845255767{padding-bottom: 10px !important;}&#8221;]<strong>la tutela della salute e sicurezza di tutti coloro che operano quotidianamente nelle nostre strutture<\/strong> &#8211; dipendenti e ditte appaltatrici &#8211; per conseguire l\u2019obiettivo di \u201czero eventi incidentali\u201d, diffondendo in maniera capillare la cultura della sicurezza con molteplici attivit\u00e0 tra cui oltre 20.000 ore di formazione in ambito salute e sicurezza all\u2019anno, ed oltre 100 milioni di euro nell\u2019ultimo triennio in ambito HSE (\u2018Health, Safety &amp; Environment)<\/p>\n<p><em><a href=\"https:\/\/www.sarlux.saras.it\/it\/sicurezza-sistema-hse\/\">leggi di pi\u00f9<\/a><\/em>[\/vc_column_text][\/vc_column_inner][\/vc_row_inner][vc_row_inner][vc_column_inner width=&#8221;1\/4&#8243;][vc_single_image image=&#8221;543252&#8243; img_size=&#8221;full&#8221; onclick=&#8221;custom_link&#8221; link=&#8221;https:\/\/www.sarlux.saras.it\/it\/impegno-sociale-territorio\/&#8221;][\/vc_column_inner][vc_column_inner width=&#8221;3\/4&#8243;][vc_column_text css=&#8221;.vc_custom_1623845282700{padding-bottom: 10px !important;}&#8221;]<strong>la tutela dell\u2019ambiente<\/strong>, che concretizziamo con numerose iniziative e investimenti per minimizzare il ricorso a fonti idriche primarie, la gestione efficace di rifiuti e scarichi, e la riduzione delle emissioni in aria. Stiamo attuando un piano di investimenti pluriennali mirati a incrementare ulteriormente l\u2019efficienza energetica degli impianti e dei processi, e intendiamo aumentare la produzione di energia da fonti rinnovabili.<\/p>\n<p><em><a href=\"https:\/\/www.sarlux.saras.it\/it\/ambiente-efficienza-energetica\/\">leggi di pi\u00f9<\/a><\/em>[\/vc_column_text][\/vc_column_inner][\/vc_row_inner][vc_row_inner][vc_column_inner width=&#8221;1\/4&#8243;][vc_single_image image=&#8221;543257&#8243; img_size=&#8221;full&#8221; onclick=&#8221;custom_link&#8221; link=&#8221;https:\/\/www.sarlux.saras.it\/it\/chi-siamo-valori\/&#8221;][\/vc_column_inner][vc_column_inner width=&#8221;3\/4&#8243;][vc_column_text css=&#8221;.vc_custom_1618820708646{padding-bottom: 10px !important;}&#8221;]<strong>la valorizzazione delle persone<\/strong>, attraverso lo sviluppo continuo delle competenze, il riconoscimento dell\u2019impegno e la creazione di un forte spirito di appartenenza all\u2019organizzazione. Crediamo infatti che le nostre persone siano la risorsa pi\u00f9 preziosa, e che il \u201cknow-how\u201d acquisito in quasi 60 anni di attivit\u00e0, insieme all\u2019impegno quotidiano, siano gli elementi di differenziazione che ci consentono di affrontare efficacemente le sfide del mercato globale.<\/p>\n<p><em><a href=\"https:\/\/www.sarlux.saras.it\/it\/chi-siamo-valori\/\">leggi di pi\u00f9<\/a><\/em>[\/vc_column_text][\/vc_column_inner][\/vc_row_inner][vc_row_inner][vc_column_inner width=&#8221;1\/4&#8243;][vc_single_image image=&#8221;543250&#8243; img_size=&#8221;full&#8221; onclick=&#8221;custom_link&#8221; link=&#8221;https:\/\/www.sarlux.saras.it\/it\/ambiente-efficienza-energetica\/&#8221;][\/vc_column_inner][vc_column_inner width=&#8221;3\/4&#8243;][vc_column_text css=&#8221;.vc_custom_1623845308273{padding-bottom: 10px !important;}&#8221;]<strong>l\u2019attenzione verso la comunit\u00e0 e il sociale<\/strong>, attraverso azioni per consolidare l\u2019occupazione e incrementare la creazione di valore locale. Crediamo in un modello d\u2019azienda che cresce in simbiosi con il territorio, come dimostra l\u2019ecosistema di piccole e medie imprese che abbiamo creato intorno al nostro sito industriale, che a loro volta crescono e creano valore in sinergia con noi, sviluppando competenze spendibili anche su altre geografie e settori industriali in un continuo dialogo col Gruppo.<\/p>\n<p><em><a href=\"https:\/\/www.sarlux.saras.it\/it\/impegno-sociale-territorio\/\">leggi di pi\u00f9<\/a><\/em>[\/vc_column_text][\/vc_column_inner][\/vc_row_inner][\/vc_column][\/vc_row][vc_row full_width=&#8221;stretch_row&#8221;][vc_column][vc_empty_space height=&#8221;36px&#8221;][vc_single_image image=&#8221;543244&#8243; img_size=&#8221;50&#215;50&#8243; alignment=&#8221;center&#8221;][vc_empty_space height=&#8221;36px&#8221;][\/vc_column][\/vc_row][vc_row][vc_column][vc_column_text css=&#8221;.vc_custom_1578919694927{border-bottom-width: 1px !important;padding-top: 0px !important;padding-bottom: 4px !important;border-bottom-color: #0056a6 !important;border-bottom-style: solid !important;}&#8221;]<\/p>\n<h4 style=\"text-align: left;\">Notizie correlate<\/h4>\n<p>[\/vc_column_text][vc_empty_space height=&#8221;8px&#8221;][\/vc_column][\/vc_row][vc_row][vc_column][vc_basic_grid post_type=&#8221;post&#8221; max_items=&#8221;3&#8243; item=&#8221;541661&#8243; css=&#8221;&#8221; grid_id=&#8221;vc_gid:1773048305940-a5aa248b-2888-10&#8243; taxonomies=&#8221;38, 111&#8243;][\/vc_column][\/vc_row][vc_row][vc_column][vc_empty_space height=&#8221;16px&#8221;][vc_single_image image=&#8221;543244&#8243; img_size=&#8221;50&#215;50&#8243; alignment=&#8221;center&#8221;][vc_empty_space height=&#8221;36px&#8221;][\/vc_column][\/vc_row][vc_row][vc_column][vc_column_text css=&#8221;.vc_custom_1578943259094{margin-top: 0px !important;border-bottom-width: 1px !important;padding-top: 0px !important;padding-bottom: 4px !important;border-bottom-color: #0056a6 !important;border-bottom-style: solid !important;}&#8221;]<\/p>\n<h4 style=\"text-align: left;\">Pagine correlate<\/h4>\n<p>[\/vc_column_text][\/vc_column][\/vc_row][vc_row][vc_column width=&#8221;1\/4&#8243;]\n<div id=\"interactive-banner-1-wrap-1971\" class=\"ult-banner-block ult-adjust-bottom-margin ult-bb-box  banner-style11 \"   style=\"\">\n\t<img decoding=\"async\" src=\"https:\/\/www.sarlux.saras.it\/wp-content\/uploads\/2022\/06\/sarlux-Saras-Sarroch-ESTI-mbox-h-400.jpg\" alt=\"null\">\n\t<h3  data-ultimate-target='#interactive-banner-1-wrap-1971 .bb-top-title '  data-responsive-json-new='{\"font-size\":\"\",\"line-height\":\"\"}'  class=\"title-center bb-top-title ult-responsive\" style=\"font-weight:normal;background:#0056a6;color:#ffffff;\">POLITICA DI SOSTENIBILIT\u00c0<\/h3>\n\t<div class=\"mask opaque-background\" style=\"background:#0056a6;\">\n\t\t<div  data-ultimate-target='#interactive-banner-1-wrap-1971 .bb-description'  data-responsive-json-new='{\"font-size\":\"desktop:12px;\",\"line-height\":\"\"}'  class=\"bb-description ult-responsive\" style=\"font-weight:normal;color:#ffffff;\">La Politica di sostenibilit\u00e0 del Gruppo Saras definisce gli indirizzi e gli obiettivi che il Gruppo si impegna a perseguire.<\/div>\n\t<\/div><a class=\"bb-link\" href=\"https:\/\/www.sarlux.saras.it\/it\/politica-di-sostenibilita\/\" ><\/a>\n<\/div>[\/vc_column][vc_column width=&#8221;1\/4&#8243;]\n<div id=\"interactive-banner-1-wrap-3314\" class=\"ult-banner-block ult-adjust-bottom-margin ult-bb-box  banner-style11 \"   style=\"\">\n\t<img decoding=\"async\" src=\"https:\/\/www.sarlux.saras.it\/wp-content\/uploads\/2018\/10\/60890375_m-efficienza-ritaglio-box.jpg\" alt=\"null\">\n\t<h3  data-ultimate-target='#interactive-banner-1-wrap-3314 .bb-top-title '  data-responsive-json-new='{\"font-size\":\"desktop:14px;\",\"line-height\":\"desktop:20px;\"}'  class=\"title-center bb-top-title ult-responsive\" style=\"font-weight:normal;background:#0056a6;color:#ffffff;\">EFFICIENZA ENERGETICA<\/h3>\n\t<div class=\"mask opaque-background\" style=\"background:#0056a6;\">\n\t\t<div  data-ultimate-target='#interactive-banner-1-wrap-3314 .bb-description'  data-responsive-json-new='{\"font-size\":\"desktop:12px;\",\"line-height\":\"\"}'  class=\"bb-description ult-responsive\" style=\"font-weight:normal;color:#ffffff;\">La cultura del risparmio energetico<\/div>\n\t<\/div><a class=\"bb-link\" href=\"https:\/\/sarlux.saras.it\/it\/ambiente-efficienza-energetica\/\" ><\/a>\n<\/div>[\/vc_column][vc_column width=&#8221;1\/4&#8243;]\n<div id=\"interactive-banner-1-wrap-6409\" class=\"ult-banner-block ult-adjust-bottom-margin ult-bb-box  banner-style11 \"   style=\"\">\n\t<img decoding=\"async\" src=\"https:\/\/www.sarlux.saras.it\/wp-content\/uploads\/2018\/10\/60890375_m-acqua-ritaglio-box.jpg\" alt=\"null\">\n\t<h3  data-ultimate-target='#interactive-banner-1-wrap-6409 .bb-top-title '  data-responsive-json-new='{\"font-size\":\"\",\"line-height\":\"\"}'  class=\"title-center bb-top-title ult-responsive\" style=\"font-weight:normal;background:#0056a6;color:#ffffff;\">ARIA<\/h3>\n\t<div class=\"mask opaque-background\" style=\"background:#0056a6;\">\n\t\t<div  data-ultimate-target='#interactive-banner-1-wrap-6409 .bb-description'  data-responsive-json-new='{\"font-size\":\"desktop:12px;\",\"line-height\":\"\"}'  class=\"bb-description ult-responsive\" style=\"font-weight:normal;color:#ffffff;\">L\u2019impegno per la qualit\u00e0 dell\u2019aria<\/div>\n\t<\/div><a class=\"bb-link\" href=\"https:\/\/sarlux.saras.it\/it\/ambiente-aria\/\" ><\/a>\n<\/div>[\/vc_column][vc_column width=&#8221;1\/4&#8243;]\n<div id=\"interactive-banner-1-wrap-1304\" class=\"ult-banner-block ult-adjust-bottom-margin ult-bb-box  banner-style11 \"   style=\"\">\n\t<img decoding=\"async\" src=\"https:\/\/www.sarlux.saras.it\/wp-content\/uploads\/2018\/10\/60890375_m-aria-ritaglio-box.jpg\" alt=\"null\">\n\t<h3  data-ultimate-target='#interactive-banner-1-wrap-1304 .bb-top-title '  data-responsive-json-new='{\"font-size\":\"\",\"line-height\":\"\"}'  class=\"title-center bb-top-title ult-responsive\" style=\"font-weight:normal;background:#0056a6;color:#ffffff;\">ACQUA<\/h3>\n\t<div class=\"mask opaque-background\" style=\"background:#0056a6;\">\n\t\t<div  data-ultimate-target='#interactive-banner-1-wrap-1304 .bb-description'  data-responsive-json-new='{\"font-size\":\"desktop:12px;\",\"line-height\":\"\"}'  class=\"bb-description ult-responsive\" style=\"font-weight:normal;color:#ffffff;\">L\u2019acqua \u00e8 un bene prezioso<\/div>\n\t<\/div><a class=\"bb-link\" href=\"https:\/\/sarlux.saras.it\/it\/ambiente-acqua\/\" ><\/a>\n<\/div>[\/vc_column][\/vc_row][vc_row][vc_column width=&#8221;1\/4&#8243;][\/vc_column][vc_column width=&#8221;1\/4&#8243;]\n<div id=\"interactive-banner-1-wrap-7710\" class=\"ult-banner-block ult-adjust-bottom-margin ult-bb-box  banner-style11 \"   style=\"\">\n\t<img decoding=\"async\" src=\"https:\/\/www.sarlux.saras.it\/wp-content\/uploads\/2018\/10\/60890375_m-suolo-ritaglio-box.jpg\" alt=\"null\">\n\t<h3  data-ultimate-target='#interactive-banner-1-wrap-7710 .bb-top-title '  data-responsive-json-new='{\"font-size\":\"\",\"line-height\":\"\"}'  class=\"title-center bb-top-title ult-responsive\" style=\"font-weight:normal;background:#0056a6;color:#ffffff;\">SUOLO<\/h3>\n\t<div class=\"mask opaque-background\" style=\"background:#0056a6;\">\n\t\t<div  data-ultimate-target='#interactive-banner-1-wrap-7710 .bb-description'  data-responsive-json-new='{\"font-size\":\"desktop:12px;\",\"line-height\":\"\"}'  class=\"bb-description ult-responsive\" style=\"font-weight:normal;color:#ffffff;\">Bonifica e tutele di suolo e sottosuolo<\/div>\n\t<\/div><a class=\"bb-link\" href=\"https:\/\/sarlux.saras.it\/it\/ambiente-suolo\/\" ><\/a>\n<\/div>[\/vc_column][vc_column width=&#8221;1\/4&#8243;]\n<div id=\"interactive-banner-1-wrap-7550\" class=\"ult-banner-block ult-adjust-bottom-margin ult-bb-box  banner-style11 \"   style=\"\">\n\t<img decoding=\"async\" src=\"https:\/\/www.sarlux.saras.it\/wp-content\/uploads\/2020\/01\/certificazioni-Saras-Sarlux-IB-365-1.jpg\" alt=\"null\">\n\t<h3  data-ultimate-target='#interactive-banner-1-wrap-7550 .bb-top-title '  data-responsive-json-new='{\"font-size\":\"\",\"line-height\":\"\"}'  class=\"title-center bb-top-title ult-responsive\" style=\"font-weight:normal;background:#0056a6;color:#ffffff;\">CERTIFICAZIONI<\/h3>\n\t<div class=\"mask opaque-background\" style=\"background:#0056a6;\">\n\t\t<div  data-ultimate-target='#interactive-banner-1-wrap-7550 .bb-description'  data-responsive-json-new='{\"font-size\":\"desktop:12px;\",\"line-height\":\"\"}'  class=\"bb-description ult-responsive\" style=\"font-weight:normal;color:#ffffff;\">Promuoviamo la tutela dell\u2019ambiente, della salute e della sicurezza sul lavoro, attraverso un solido sistema di politiche organizzative e gestionali certificate secondo i migliori standard internazionali.<\/div>\n\t<\/div><a class=\"bb-link\" href=\"https:\/\/sarlux.saras.it\/it\/ambiente-certificazioni\/\" ><\/a>\n<\/div>[\/vc_column][vc_column width=&#8221;1\/4&#8243;][\/vc_column][\/vc_row][vc_row disable_element=&#8221;yes&#8221;][vc_column width=&#8221;1\/4&#8243;][\/vc_column][vc_column width=&#8221;1\/4&#8243;]\n<div id=\"interactive-banner-1-wrap-8284\" class=\"ult-banner-block ult-adjust-bottom-margin ult-bb-box  banner-style11 \"   style=\"\">\n\t<img decoding=\"async\" src=\"https:\/\/www.sarlux.saras.it\/wp-content\/uploads\/2023\/03\/ESTI-Sarlux-raffineria-Sarroch-Saras-sostenibilita\u0300-interactive-banner.jpg\" alt=\"null\">\n\t<h3  data-ultimate-target='#interactive-banner-1-wrap-8284 .bb-top-title '  data-responsive-json-new='{\"font-size\":\"\",\"line-height\":\"\"}'  class=\"title-center bb-top-title ult-responsive\" style=\"font-weight:normal;background:#0056a6;color:#ffffff;\">ESTI<\/h3>\n\t<div class=\"mask opaque-background\" style=\"background:#0056a6;\">\n\t\t<div  data-ultimate-target='#interactive-banner-1-wrap-8284 .bb-description'  data-responsive-json-new='{\"font-size\":\"desktop:12px;\",\"line-height\":\"\"}'  class=\"bb-description ult-responsive\" style=\"font-weight:normal;color:#ffffff;\">Un programma di trasformazione per migliorare l\u2019efficienza operativa e l\u2019affidabilit\u00e0 a medio termine dell\u2019asset industriale del Gruppo Saras.<\/div>\n\t<\/div><a class=\"bb-link\" href=\"https:\/\/www.sarlux.saras.it\/it\/esti\/\" ><\/a>\n<\/div>[\/vc_column][vc_column width=&#8221;1\/4&#8243;][\/vc_column][vc_column width=&#8221;1\/4&#8243;][\/vc_column][\/vc_row][vc_row][vc_column][vc_empty_space][vc_icon icon_fontawesome=&#8221;fa fa-cog&#8221; align=&#8221;center&#8221;][vc_empty_space height=&#8221;64px&#8221;][\/vc_column][\/vc_row]<\/p>\n<\/div>","protected":false},"excerpt":{"rendered":"<p>Essere un riferimento come fornitore di energia sostenibile che alimenta la vita delle persone determina la nostra strategia ispirata allo sviluppo sostenibile, con un modello di impresa che integra la dimensione sociale e ambientale nel core business dell\u2019azienda.<\/p>\n","protected":false},"author":2,"featured_media":543252,"parent":0,"menu_order":0,"comment_status":"closed","ping_status":"closed","template":"","meta":{"_acf_changed":false,"inline_featured_image":false,"footnotes":""},"class_list":["post-543254","page","type-page","status-publish","has-post-thumbnail","hentry"],"acf":[],"yoast_head":"<!-- This site is optimized with the Yoast SEO plugin v27.3 - https:\/\/yoast.com\/product\/yoast-seo-wordpress\/ -->\n<title>Sviluppo sostenibile - Sarlux Saras | Refining &amp; Power<\/title>\n<meta name=\"description\" content=\"Essere un riferimento come fornitore di energia sostenibile che alimenta la vita delle persone determina la nostra strategia ispirata allo sviluppo sostenibile, con un modello di impresa che integra la dimensione sociale e ambientale nel core business dell\u2019azienda.\" \/>\n<meta name=\"robots\" content=\"index, follow, max-snippet:-1, max-image-preview:large, max-video-preview:-1\" \/>\n<link rel=\"canonical\" href=\"https:\/\/www.sarlux.saras.it\/it\/sviluppo-sostenibile\/\" \/>\n<meta property=\"og:locale\" content=\"it_IT\" \/>\n<meta property=\"og:type\" content=\"article\" \/>\n<meta property=\"og:title\" content=\"Sviluppo sostenibile - Sarlux Saras | Refining &amp; Power\" \/>\n<meta property=\"og:description\" content=\"Essere un riferimento come fornitore di energia sostenibile che alimenta la vita delle persone determina la nostra strategia ispirata allo sviluppo sostenibile, con un modello di impresa che integra la dimensione sociale e ambientale nel core business dell\u2019azienda.\" \/>\n<meta property=\"og:url\" content=\"https:\/\/www.sarlux.saras.it\/it\/sviluppo-sostenibile\/\" \/>\n<meta property=\"og:site_name\" content=\"Sarlux Saras | Refining &amp; Power\" \/>\n<meta property=\"article:modified_time\" content=\"2026-03-09T09:25:28+00:00\" \/>\n<meta property=\"og:image\" content=\"https:\/\/www.sarlux.saras.it\/wp-content\/uploads\/2021\/05\/impegno-sociale-Sarlux-Saras-378.jpg\" \/>\n\t<meta property=\"og:image:width\" content=\"900\" \/>\n\t<meta property=\"og:image:height\" content=\"600\" \/>\n\t<meta property=\"og:image:type\" content=\"image\/jpeg\" \/>\n<meta name=\"twitter:card\" content=\"summary_large_image\" \/>\n<meta name=\"twitter:image\" content=\"https:\/\/www.sarlux.saras.it\/wp-content\/uploads\/2021\/05\/impegno-sociale-Sarlux-Saras-378.jpg\" \/>\n<meta name=\"twitter:label1\" content=\"Tempo di lettura stimato\" \/>\n\t<meta name=\"twitter:data1\" content=\"8 minuti\" \/>\n<script type=\"application\/ld+json\" class=\"yoast-schema-graph\">{\"@context\":\"https:\\\/\\\/schema.org\",\"@graph\":[{\"@type\":\"WebPage\",\"@id\":\"https:\\\/\\\/www.sarlux.saras.it\\\/it\\\/sviluppo-sostenibile\\\/\",\"url\":\"https:\\\/\\\/www.sarlux.saras.it\\\/it\\\/sviluppo-sostenibile\\\/\",\"name\":\"Sviluppo sostenibile - Sarlux Saras | Refining & Power\",\"isPartOf\":{\"@id\":\"https:\\\/\\\/www.sarlux.saras.it\\\/it\\\/#website\"},\"primaryImageOfPage\":{\"@id\":\"https:\\\/\\\/www.sarlux.saras.it\\\/it\\\/sviluppo-sostenibile\\\/#primaryimage\"},\"image\":{\"@id\":\"https:\\\/\\\/www.sarlux.saras.it\\\/it\\\/sviluppo-sostenibile\\\/#primaryimage\"},\"thumbnailUrl\":\"https:\\\/\\\/www.sarlux.saras.it\\\/wp-content\\\/uploads\\\/2021\\\/05\\\/impegno-sociale-Sarlux-Saras-378.jpg\",\"datePublished\":\"2021-05-28T12:31:24+00:00\",\"dateModified\":\"2026-03-09T09:25:28+00:00\",\"description\":\"Essere un riferimento come fornitore di energia sostenibile che alimenta la vita delle persone determina la nostra strategia ispirata allo sviluppo sostenibile, con un modello di impresa che integra la dimensione sociale e ambientale nel core business dell\u2019azienda.\",\"breadcrumb\":{\"@id\":\"https:\\\/\\\/www.sarlux.saras.it\\\/it\\\/sviluppo-sostenibile\\\/#breadcrumb\"},\"inLanguage\":\"it-IT\",\"potentialAction\":[{\"@type\":\"ReadAction\",\"target\":[\"https:\\\/\\\/www.sarlux.saras.it\\\/it\\\/sviluppo-sostenibile\\\/\"]}]},{\"@type\":\"ImageObject\",\"inLanguage\":\"it-IT\",\"@id\":\"https:\\\/\\\/www.sarlux.saras.it\\\/it\\\/sviluppo-sostenibile\\\/#primaryimage\",\"url\":\"https:\\\/\\\/www.sarlux.saras.it\\\/wp-content\\\/uploads\\\/2021\\\/05\\\/impegno-sociale-Sarlux-Saras-378.jpg\",\"contentUrl\":\"https:\\\/\\\/www.sarlux.saras.it\\\/wp-content\\\/uploads\\\/2021\\\/05\\\/impegno-sociale-Sarlux-Saras-378.jpg\",\"width\":900,\"height\":600,\"caption\":\"Sarroch (Cagliari), 16-07-2018. Sarlux- Gruppo Saras.\"},{\"@type\":\"BreadcrumbList\",\"@id\":\"https:\\\/\\\/www.sarlux.saras.it\\\/it\\\/sviluppo-sostenibile\\\/#breadcrumb\",\"itemListElement\":[{\"@type\":\"ListItem\",\"position\":1,\"name\":\"Home\",\"item\":\"https:\\\/\\\/www.sarlux.saras.it\\\/it\\\/\"},{\"@type\":\"ListItem\",\"position\":2,\"name\":\"Sviluppo sostenibile\"}]},{\"@type\":\"WebSite\",\"@id\":\"https:\\\/\\\/www.sarlux.saras.it\\\/it\\\/#website\",\"url\":\"https:\\\/\\\/www.sarlux.saras.it\\\/it\\\/\",\"name\":\"Sarlux\",\"description\":\"\",\"publisher\":{\"@id\":\"https:\\\/\\\/www.sarlux.saras.it\\\/it\\\/#organization\"},\"potentialAction\":[{\"@type\":\"SearchAction\",\"target\":{\"@type\":\"EntryPoint\",\"urlTemplate\":\"https:\\\/\\\/www.sarlux.saras.it\\\/it\\\/?s={search_term_string}\"},\"query-input\":{\"@type\":\"PropertyValueSpecification\",\"valueRequired\":true,\"valueName\":\"search_term_string\"}}],\"inLanguage\":\"it-IT\"},{\"@type\":\"Organization\",\"@id\":\"https:\\\/\\\/www.sarlux.saras.it\\\/it\\\/#organization\",\"name\":\"Sarlux\",\"url\":\"https:\\\/\\\/www.sarlux.saras.it\\\/it\\\/\",\"logo\":{\"@type\":\"ImageObject\",\"inLanguage\":\"it-IT\",\"@id\":\"https:\\\/\\\/www.sarlux.saras.it\\\/it\\\/#\\\/schema\\\/logo\\\/image\\\/\",\"url\":\"https:\\\/\\\/www.sarlux.saras.it\\\/wp-content\\\/uploads\\\/2017\\\/12\\\/logo-pc-1.png\",\"contentUrl\":\"https:\\\/\\\/www.sarlux.saras.it\\\/wp-content\\\/uploads\\\/2017\\\/12\\\/logo-pc-1.png\",\"width\":184,\"height\":86,\"caption\":\"Sarlux\"},\"image\":{\"@id\":\"https:\\\/\\\/www.sarlux.saras.it\\\/it\\\/#\\\/schema\\\/logo\\\/image\\\/\"}}]}<\/script>\n<!-- \/ Yoast SEO plugin. -->","yoast_head_json":{"title":"Sviluppo sostenibile - Sarlux Saras | Refining & Power","description":"Essere un riferimento come fornitore di energia sostenibile che alimenta la vita delle persone determina la nostra strategia ispirata allo sviluppo sostenibile, con un modello di impresa che integra la dimensione sociale e ambientale nel core business dell\u2019azienda.","robots":{"index":"index","follow":"follow","max-snippet":"max-snippet:-1","max-image-preview":"max-image-preview:large","max-video-preview":"max-video-preview:-1"},"canonical":"https:\/\/www.sarlux.saras.it\/it\/sviluppo-sostenibile\/","og_locale":"it_IT","og_type":"article","og_title":"Sviluppo sostenibile - Sarlux Saras | Refining & Power","og_description":"Essere un riferimento come fornitore di energia sostenibile che alimenta la vita delle persone determina la nostra strategia ispirata allo sviluppo sostenibile, con un modello di impresa che integra la dimensione sociale e ambientale nel core business dell\u2019azienda.","og_url":"https:\/\/www.sarlux.saras.it\/it\/sviluppo-sostenibile\/","og_site_name":"Sarlux Saras | Refining & Power","article_modified_time":"2026-03-09T09:25:28+00:00","og_image":[{"width":900,"height":600,"url":"https:\/\/www.sarlux.saras.it\/wp-content\/uploads\/2021\/05\/impegno-sociale-Sarlux-Saras-378.jpg","type":"image\/jpeg"}],"twitter_card":"summary_large_image","twitter_image":"https:\/\/www.sarlux.saras.it\/wp-content\/uploads\/2021\/05\/impegno-sociale-Sarlux-Saras-378.jpg","twitter_misc":{"Tempo di lettura stimato":"8 minuti"},"schema":{"@context":"https:\/\/schema.org","@graph":[{"@type":"WebPage","@id":"https:\/\/www.sarlux.saras.it\/it\/sviluppo-sostenibile\/","url":"https:\/\/www.sarlux.saras.it\/it\/sviluppo-sostenibile\/","name":"Sviluppo sostenibile - Sarlux Saras | Refining & Power","isPartOf":{"@id":"https:\/\/www.sarlux.saras.it\/it\/#website"},"primaryImageOfPage":{"@id":"https:\/\/www.sarlux.saras.it\/it\/sviluppo-sostenibile\/#primaryimage"},"image":{"@id":"https:\/\/www.sarlux.saras.it\/it\/sviluppo-sostenibile\/#primaryimage"},"thumbnailUrl":"https:\/\/www.sarlux.saras.it\/wp-content\/uploads\/2021\/05\/impegno-sociale-Sarlux-Saras-378.jpg","datePublished":"2021-05-28T12:31:24+00:00","dateModified":"2026-03-09T09:25:28+00:00","description":"Essere un riferimento come fornitore di energia sostenibile che alimenta la vita delle persone determina la nostra strategia ispirata allo sviluppo sostenibile, con un modello di impresa che integra la dimensione sociale e ambientale nel core business dell\u2019azienda.","breadcrumb":{"@id":"https:\/\/www.sarlux.saras.it\/it\/sviluppo-sostenibile\/#breadcrumb"},"inLanguage":"it-IT","potentialAction":[{"@type":"ReadAction","target":["https:\/\/www.sarlux.saras.it\/it\/sviluppo-sostenibile\/"]}]},{"@type":"ImageObject","inLanguage":"it-IT","@id":"https:\/\/www.sarlux.saras.it\/it\/sviluppo-sostenibile\/#primaryimage","url":"https:\/\/www.sarlux.saras.it\/wp-content\/uploads\/2021\/05\/impegno-sociale-Sarlux-Saras-378.jpg","contentUrl":"https:\/\/www.sarlux.saras.it\/wp-content\/uploads\/2021\/05\/impegno-sociale-Sarlux-Saras-378.jpg","width":900,"height":600,"caption":"Sarroch (Cagliari), 16-07-2018. Sarlux- Gruppo Saras."},{"@type":"BreadcrumbList","@id":"https:\/\/www.sarlux.saras.it\/it\/sviluppo-sostenibile\/#breadcrumb","itemListElement":[{"@type":"ListItem","position":1,"name":"Home","item":"https:\/\/www.sarlux.saras.it\/it\/"},{"@type":"ListItem","position":2,"name":"Sviluppo sostenibile"}]},{"@type":"WebSite","@id":"https:\/\/www.sarlux.saras.it\/it\/#website","url":"https:\/\/www.sarlux.saras.it\/it\/","name":"Sarlux","description":"","publisher":{"@id":"https:\/\/www.sarlux.saras.it\/it\/#organization"},"potentialAction":[{"@type":"SearchAction","target":{"@type":"EntryPoint","urlTemplate":"https:\/\/www.sarlux.saras.it\/it\/?s={search_term_string}"},"query-input":{"@type":"PropertyValueSpecification","valueRequired":true,"valueName":"search_term_string"}}],"inLanguage":"it-IT"},{"@type":"Organization","@id":"https:\/\/www.sarlux.saras.it\/it\/#organization","name":"Sarlux","url":"https:\/\/www.sarlux.saras.it\/it\/","logo":{"@type":"ImageObject","inLanguage":"it-IT","@id":"https:\/\/www.sarlux.saras.it\/it\/#\/schema\/logo\/image\/","url":"https:\/\/www.sarlux.saras.it\/wp-content\/uploads\/2017\/12\/logo-pc-1.png","contentUrl":"https:\/\/www.sarlux.saras.it\/wp-content\/uploads\/2017\/12\/logo-pc-1.png","width":184,"height":86,"caption":"Sarlux"},"image":{"@id":"https:\/\/www.sarlux.saras.it\/it\/#\/schema\/logo\/image\/"}}]}},"_links":{"self":[{"href":"https:\/\/www.sarlux.saras.it\/it\/wp-json\/wp\/v2\/pages\/543254","targetHints":{"allow":["GET"]}}],"collection":[{"href":"https:\/\/www.sarlux.saras.it\/it\/wp-json\/wp\/v2\/pages"}],"about":[{"href":"https:\/\/www.sarlux.saras.it\/it\/wp-json\/wp\/v2\/types\/page"}],"author":[{"embeddable":true,"href":"https:\/\/www.sarlux.saras.it\/it\/wp-json\/wp\/v2\/users\/2"}],"replies":[{"embeddable":true,"href":"https:\/\/www.sarlux.saras.it\/it\/wp-json\/wp\/v2\/comments?post=543254"}],"version-history":[{"count":64,"href":"https:\/\/www.sarlux.saras.it\/it\/wp-json\/wp\/v2\/pages\/543254\/revisions"}],"predecessor-version":[{"id":547579,"href":"https:\/\/www.sarlux.saras.it\/it\/wp-json\/wp\/v2\/pages\/543254\/revisions\/547579"}],"wp:featuredmedia":[{"embeddable":true,"href":"https:\/\/www.sarlux.saras.it\/it\/wp-json\/wp\/v2\/media\/543252"}],"wp:attachment":[{"href":"https:\/\/www.sarlux.saras.it\/it\/wp-json\/wp\/v2\/media?parent=543254"}],"curies":[{"name":"wp","href":"https:\/\/api.w.org\/{rel}","templated":true}]}}