{"id":544207,"date":"2022-05-16T10:06:24","date_gmt":"2022-05-16T10:06:24","guid":{"rendered":"https:\/\/www.sarlux.saras.it\/?page_id=544207"},"modified":"2026-03-04T18:12:52","modified_gmt":"2026-03-04T18:12:52","slug":"scuola","status":"publish","type":"page","link":"https:\/\/www.sarlux.saras.it\/it\/impegno-sociale\/scuola\/","title":{"rendered":"Scuola"},"content":{"rendered":"<div class=\"wpb-content-wrapper\"><p>[vc_row full_width=&#8221;stretch_row_content_no_spaces&#8221; css_animation=&#8221;fadeIn&#8221; css=&#8221;.vc_custom_1576002737787{margin-top: 0px !important;padding-top: 0px !important;background-image: url(https:\/\/stage.sarlux.saras.it\/wp-content\/uploads\/2019\/12\/cover-edu-01_CFA0153.jpg?id=541251) !important;background-position: center !important;background-repeat: no-repeat !important;background-size: cover !important;}&#8221;][vc_column][vc_row_inner][vc_column_inner width=&#8221;1\/12&#8243;][\/vc_column_inner][vc_column_inner width=&#8221;1\/12&#8243;][\/vc_column_inner][vc_column_inner width=&#8221;8\/12&#8243;][vc_column_text css=&#8221;.vc_custom_1729075198477{margin-top: 0px !important;padding-top: 0px !important;padding-bottom: 10px !important;}&#8221;]<\/p>\n<h1 style=\"text-align: center;\"><span style=\"color: #0056a6;\"><strong>PROGETTI PER LA SCUOLA<\/strong><\/span><\/h1>\n<p>[\/vc_column_text][\/vc_column_inner][vc_column_inner width=&#8221;2\/12&#8243;][\/vc_column_inner][\/vc_row_inner][vc_empty_space height=&#8221;300px&#8221;][vc_row_inner][vc_column_inner width=&#8221;1\/12&#8243;][\/vc_column_inner][vc_column_inner width=&#8221;1\/12&#8243;][vc_column_text css=&#8221;.vc_custom_1579685649464{padding-top: 10px !important;padding-bottom: 10px !important;background-color: #0056a6 !important;border-radius: 5px !important;}&#8221;]<\/p>\n<h6 style=\"text-align: center;\"><span style=\"color: #f5f5f5; font-size: 12px;\">IMPEGNO SOCIALE<\/span><\/h6>\n<p>[\/vc_column_text][\/vc_column_inner][vc_column_inner width=&#8221;8\/12&#8243;][\/vc_column_inner][vc_column_inner width=&#8221;2\/12&#8243;][\/vc_column_inner][\/vc_row_inner][\/vc_column][\/vc_row][vc_row full_width=&#8221;stretch_row&#8221;][vc_column][vc_column_text css=&#8221;&#8221;]<\/p>\n<h3 style=\"text-align: center;\"><strong>Il diritto allo studio \u00e8 un valore<br \/>\nche porta alla crescita culturale, allo sviluppo e al benessere<\/strong>.<\/h3>\n<p>[\/vc_column_text][vc_empty_space][\/vc_column][\/vc_row][vc_row full_width=&#8221;stretch_row&#8221;][vc_column][vc_column_text css=&#8221;&#8221;]<\/p>\n<h5 style=\"text-align: center;\">Per diffondere cultura d\u2019impresa, conoscenze e competenze e farne comprendere il valore e l\u2019importanza<br \/>\n<strong>Saras promuove attivit\u00e0 di formazione con le scuole primarie e secondarie<br \/>\ne intrattiene rapporti continui con l\u2019Universit\u00e0<\/strong>.<\/h5>\n<p>[\/vc_column_text][vc_empty_space][\/vc_column][\/vc_row][vc_row full_width=&#8221;stretch_row&#8221; bg_type=&#8221;grad&#8221; bg_grad=&#8221;background: -webkit-gradient(linear, left top, left bottom, color-stop(0%, #F5F5F5), color-stop(40%, #FFFFFF), color-stop(60%, #FFFFFF), color-stop(100%, #F5F5F5));background: -moz-linear-gradient(left,#F5F5F5 0%,#FFFFFF 40%,#FFFFFF 60%,#F5F5F5 100%);background: -webkit-linear-gradient(left,#F5F5F5 0%,#FFFFFF 40%,#FFFFFF 60%,#F5F5F5 100%);background: -o-linear-gradient(left,#F5F5F5 0%,#FFFFFF 40%,#FFFFFF 60%,#F5F5F5 100%);background: -ms-linear-gradient(left,#F5F5F5 0%,#FFFFFF 40%,#FFFFFF 60%,#F5F5F5 100%);background: linear-gradient(left,#F5F5F5 0%,#FFFFFF 40%,#FFFFFF 60%,#F5F5F5 100%);&#8221;][vc_column][vc_column_text css=&#8221;.vc_custom_1732296112983{margin-top: 0px !important;padding-top: 0px !important;}&#8221;]<\/p>\n<h4 style=\"text-align: center;\">PER LA SCUOLA<\/h4>\n<p>[\/vc_column_text][vc_separator color=&#8221;custom&#8221; style=&#8221;dotted&#8221; el_width=&#8221;70&#8243; accent_color=&#8221;#0056a6&#8243;][vc_column_text css=&#8221;&#8221;]<\/p>\n<h4 style=\"text-align: center;\">I giovani sono promotori di uno sviluppo sociale che non pu\u00f2 prescindere dai temi del lavoro,<br \/>\ndella sostenibilit\u00e0 e della crescita economica.<\/h4>\n<p>[\/vc_column_text][vc_row_inner][vc_column_inner width=&#8221;2\/12&#8243;][\/vc_column_inner][vc_column_inner width=&#8221;2\/12&#8243;][vc_single_image image=&#8221;546607&#8243; img_size=&#8221;80&#215;80&#8243; alignment=&#8221;center&#8221; css=&#8221;&#8221;][vc_column_text css=&#8221;&#8221;]<strong>Universit\u00e0<\/strong><\/p>\n<p>Seminari e tirocini<\/p>\n<p>Master post-laurea<\/p>\n<p>Borse di studio<\/p>\n<p>Visite guidate[\/vc_column_text][\/vc_column_inner][vc_column_inner width=&#8221;1\/12&#8243;][\/vc_column_inner][vc_column_inner width=&#8221;2\/12&#8243;][vc_single_image image=&#8221;546599&#8243; img_size=&#8221;80&#215;80&#8243; alignment=&#8221;center&#8221; css=&#8221;&#8221;][vc_column_text css=&#8221;&#8221;]<strong>Licei e istituti tecnici<\/strong><\/p>\n<p>PCTO<\/p>\n<p>Conferenze<\/p>\n<p>Borse di studio<\/p>\n<p>Visite guidate<\/p>\n<p>Concorsi[\/vc_column_text][\/vc_column_inner][vc_column_inner width=&#8221;1\/12&#8243;][\/vc_column_inner][vc_column_inner width=&#8221;2\/12&#8243;][vc_single_image image=&#8221;546601&#8243; img_size=&#8221;80&#215;80&#8243; alignment=&#8221;center&#8221; css=&#8221;&#8221;][vc_column_text css=&#8221;&#8221;]<strong>Scuole medie<\/strong><\/p>\n<p>Diritto allo studio<\/p>\n<p>Supporti didattici<\/p>\n<p>Attivit\u00e0 ludico-educative[\/vc_column_text][\/vc_column_inner][vc_column_inner width=&#8221;2\/12&#8243;][\/vc_column_inner][\/vc_row_inner][vc_separator color=&#8221;custom&#8221; style=&#8221;dotted&#8221; el_width=&#8221;70&#8243; accent_color=&#8221;#0056a6&#8243;][\/vc_column][\/vc_row][vc_row][vc_column][vc_empty_space height=&#8221;36px&#8221;][vc_icon icon_fontawesome=&#8221;fa fa-cog&#8221; size=&#8221;sm&#8221; align=&#8221;center&#8221;][\/vc_column][\/vc_row][vc_row][vc_column][vc_empty_space][vc_column_text css=&#8221;.vc_custom_1732120546367{border-bottom-width: 1px !important;padding-bottom: 4px !important;border-bottom-style: solid !important;border-color: #0056A6 !important;}&#8221;]<\/p>\n<h4>VISITE GUIDATE<\/h4>\n<p>[\/vc_column_text][vc_empty_space height=&#8221;8px&#8221;][\/vc_column][\/vc_row][vc_row][vc_column width=&#8221;1\/2&#8243;][vc_empty_space][vc_column_text css=&#8221;&#8221;]<\/p>\n<h5><strong>Le visite presso i siti Sarlux e Sardeolica sono guidate da esperti e manager delle societ\u00e0 Saras<\/strong> che illustrano<br \/>\nil modo di lavorare dell\u2019industria e trasmettono competenze per affacciarsi nel mondo del lavoro con approfondimenti su <strong>argomenti e temi specifici ai relativi corsi di studi universitari o tecnici<\/strong> che spaziano dalla transizione energetica alla sicurezza del lavoro, all\u2019ICT e alla cybersecurity.<\/h5>\n<p>[\/vc_column_text][\/vc_column][vc_column width=&#8221;1\/2&#8243;][vc_single_image image=&#8221;544381&#8243; img_size=&#8221;full&#8221; css=&#8221;&#8221;][\/vc_column][\/vc_row][vc_row][vc_column][vc_empty_space][vc_column_text css=&#8221;.vc_custom_1732120674257{border-bottom-width: 1px !important;padding-bottom: 4px !important;border-bottom-style: solid !important;border-color: #0056A6 !important;}&#8221;]<\/p>\n<h4>BORSE DI STUDIO<\/h4>\n<p>[\/vc_column_text][vc_empty_space height=&#8221;8px&#8221;][\/vc_column][\/vc_row][vc_row][vc_column][vc_column_text css=&#8221;&#8221;]<\/p>\n<h5><strong>Assieme all\u2019Associazione Italiana di Ingegneria Chimica (AIDIC)<\/strong> Saras contribuisce a offrire <strong>borse di studio ai migliori laureati in Ingegneria<\/strong> che decidono di completare la loro formazione universitaria in Sardegna. Un modo, questo, per arginare la fuga di cervelli \u201cindustriali\u201d dall\u2019isola.<\/h5>\n<h5>Il <strong>Cral aziendale Saras<\/strong>, assegna ogni <strong>anno borse di studio, per tutti gli ordini scolastici<\/strong>, ai figli dei dipendenti distintisi per l\u2019eccellenza dei risultati conseguiti.<\/h5>\n<p>[\/vc_column_text][vc_empty_space][\/vc_column][\/vc_row][vc_row][vc_column][vc_icon icon_fontawesome=&#8221;fa fa-cog&#8221; size=&#8221;sm&#8221; align=&#8221;center&#8221;][vc_empty_space height=&#8221;36px&#8221;][\/vc_column][\/vc_row][vc_row][vc_column][vc_empty_space][vc_column_text css=&#8221;.vc_custom_1732123831004{border-bottom-width: 1px !important;padding-bottom: 4px !important;border-bottom-style: solid !important;border-color: #0056a6 !important;}&#8221;]<\/p>\n<h2 style=\"text-align: center;\">L\u2019UNIVERSIT\u00c0<\/h2>\n<p>[\/vc_column_text][vc_empty_space height=&#8221;8px&#8221;][vc_column_text css=&#8221;&#8221;]<\/p>\n<div class=\"wpb_text_column wpb_content_element\">\n<div class=\"wpb_wrapper\">\n<h4 style=\"text-align: center;\"><strong>Nell\u2019ambito del Protocollo d\u2019Intesa tra l\u2019Universit\u00e0 di Cagliari e la Saras, in vigore dal 1999,<\/strong><br \/>\n<strong>vengono organizzati regolarmente progetti di ricerca, stage, training aziendali post-laurea e seminari di approfondimento.<\/strong><\/h4>\n<\/div>\n<\/div>\n<p>[\/vc_column_text][vc_empty_space][vc_column_text css=&#8221;&#8221;]<\/p>\n<p class=\"p1\" style=\"text-align: center;\"><span style=\"text-decoration: underline;\"><span style=\"color: #9900ff;\"><a style=\"color: #9900ff;\" href=\"https:\/\/www.sarlux.saras.it\/it\/impegno-sociale\/scuola\/universita\/\"><i>\u2192 Scopri una selezione dei nostri progetti pi\u00f9 rilevanti con l\u2019Universit\u00e0<\/i><\/a><\/span><\/span><\/p>\n<p>[\/vc_column_text][vc_single_image image=&#8221;546607&#8243; img_size=&#8221;100&#215;100&#8243; alignment=&#8221;center&#8221; css=&#8221;&#8221;][vc_empty_space][\/vc_column][\/vc_row][vc_row][vc_column][vc_column_text css=&#8221;.vc_custom_1732121373481{border-bottom-width: 1px !important;padding-bottom: 4px !important;border-bottom-style: solid !important;border-color: #0056A6 !important;}&#8221;]<\/p>\n<h4>SEMINARI E TIROCINI<\/h4>\n<p>[\/vc_column_text][vc_empty_space height=&#8221;8px&#8221;][\/vc_column][\/vc_row][vc_row][vc_column width=&#8221;1\/2&#8243;][vc_empty_space height=&#8221;16px&#8221;][vc_column_text css=&#8221;&#8221;]<\/p>\n<h5>Durante gli incontri, <strong>manager e ingegneri della Sarlux hanno l\u2019opportunit\u00e0 di presentare un sito industriale pienamente integrato tra raffinazione, produzione di energia e petrolchimica<\/strong>, con l\u2019obiettivo di promuovere<br \/>\nla cultura della sostenibilit\u00e0 e di trasmettere l\u2019importanza<br \/>\ndi uno sviluppo basato sull\u2019innovazione dei processi, sull\u2019applicazione di tecnologie avanzate, sulla valorizzazione del capitale intellettuale.<\/h5>\n<p>[\/vc_column_text][\/vc_column][vc_column width=&#8221;1\/2&#8243;][vc_single_image image=&#8221;546609&#8243; img_size=&#8221;full&#8221; css=&#8221;&#8221;][\/vc_column][\/vc_row][vc_row][vc_column][vc_empty_space][vc_column_text css=&#8221;.vc_custom_1732121599864{border-bottom-width: 1px !important;padding-bottom: 4px !important;border-bottom-style: solid !important;border-color: #0056A6 !important;}&#8221;]<\/p>\n<h4>MASTER<\/h4>\n<p>[\/vc_column_text][vc_empty_space height=&#8221;8px&#8221;][\/vc_column][\/vc_row][vc_row][vc_column width=&#8221;1\/2&#8243;][vc_empty_space height=&#8221;16px&#8221;][vc_column_text css=&#8221;&#8221;]<\/p>\n<h5>Sarlux, con il coinvolgimento sinergico di molteplici player, collabora alla realizzazione di <strong>master che ampliano considerevolmente le opportunit\u00e0 professionali <\/strong>in attivit\u00e0 connesse direttamente o indirettamente al settore energetico e ambientale.<\/h5>\n<p>[\/vc_column_text][\/vc_column][vc_column width=&#8221;1\/2&#8243;][vc_single_image image=&#8221;546611&#8243; img_size=&#8221;full&#8221; css=&#8221;&#8221;][\/vc_column][\/vc_row][vc_row][vc_column][vc_empty_space][vc_icon icon_fontawesome=&#8221;fa fa-cog&#8221; size=&#8221;sm&#8221; align=&#8221;center&#8221;][vc_empty_space height=&#8221;36px&#8221;][\/vc_column][\/vc_row][vc_row][vc_column][vc_empty_space][vc_column_text css=&#8221;.vc_custom_1732191543627{border-bottom-width: 1px !important;padding-bottom: 4px !important;border-bottom-style: solid !important;border-color: #0056a6 !important;}&#8221;]<\/p>\n<h2 style=\"text-align: center;\">LICEI E ISTITUTI TECNICI<\/h2>\n<p>[\/vc_column_text][vc_empty_space height=&#8221;8px&#8221;][vc_column_text css=&#8221;&#8221;]<\/p>\n<div class=\"wpb_text_column wpb_content_element\">\n<div class=\"wpb_wrapper\">\n<h4 style=\"text-align: center;\"><strong>Saras contribuisce a una didattica innovativa e pi\u00f9 efficace e gli studenti apprezzano particolarmente la possibilit\u00e0 di avere un confronto diretto con una realt\u00e0 produttiva e di integrare le competenze teoriche previste dai piani di studi.<\/strong><\/h4>\n<\/div>\n<\/div>\n<p>[\/vc_column_text][vc_empty_space][vc_single_image image=&#8221;546599&#8243; img_size=&#8221;100&#215;100&#8243; alignment=&#8221;center&#8221; css=&#8221;&#8221;][vc_empty_space][\/vc_column][\/vc_row][vc_row][vc_column][vc_empty_space][vc_column_text css=&#8221;.vc_custom_1732121983498{border-bottom-width: 1px !important;padding-bottom: 4px !important;border-bottom-style: solid !important;border-color: #0056A6 !important;}&#8221;]<\/p>\n<h4>COMPETENZE TRASVERSALI E ORIENTAMENTO<\/h4>\n<p>[\/vc_column_text][vc_empty_space height=&#8221;8px&#8221;][\/vc_column][\/vc_row][vc_row][vc_column width=&#8221;1\/2&#8243;][vc_empty_space][vc_column_text css=&#8221;&#8221;]<\/p>\n<h5>I percorsi ministeriali \u201c<strong>Competenze Trasversali e Orientamento<\/strong>\u201d (PCTO) prevedono attivit\u00e0 di approfondimento dei programmi didattici con focus sui temi della transizione energetica e della sostenibilit\u00e0.<\/h5>\n<p>[\/vc_column_text][\/vc_column][vc_column width=&#8221;1\/2&#8243;][vc_single_image image=&#8221;546613&#8243; img_size=&#8221;full&#8221; css=&#8221;&#8221;][\/vc_column][\/vc_row][vc_row][vc_column][vc_empty_space][vc_column_text css=&#8221;.vc_custom_1732122140748{border-bottom-width: 1px !important;padding-bottom: 4px !important;border-bottom-style: solid !important;border-color: #0056A6 !important;}&#8221;]<\/p>\n<h4>CONFERENZE<\/h4>\n<p>[\/vc_column_text][vc_empty_space height=&#8221;8px&#8221;][\/vc_column][\/vc_row][vc_row][vc_column][vc_column_text css=&#8221;&#8221;]<\/p>\n<h5>Iniziative a carattere tecnico rivolte agli studenti con focus <strong>sulla transizione energetica e sostenibilit\u00e0, sull\u2019efficientamento, sui processi produttivi della raffinazione e IGCC, su eolico e fotovoltaico, sulla sicurezza del lavoro, sull\u2019ICT e cybersecurity.<\/strong><\/h5>\n<p>[\/vc_column_text][\/vc_column][\/vc_row][vc_row][vc_column][vc_empty_space][vc_column_text css=&#8221;.vc_custom_1732122330223{border-bottom-width: 1px !important;padding-bottom: 4px !important;border-bottom-style: solid !important;border-color: #0056a6 !important;}&#8221;]<\/p>\n<h4>CONCORSI<\/h4>\n<p>[\/vc_column_text][vc_empty_space height=&#8221;8px&#8221;][\/vc_column][\/vc_row][vc_row][vc_column width=&#8221;1\/2&#8243;][vc_empty_space][vc_column_text css=&#8221;&#8221;]<\/p>\n<h5>In collaborazione con le istituzioni scolastiche vengono organizzati concorsi aperti a ragazze e ragazzi delle terze, quarte e quinte di tutte le scuole superiori della Sardegna<br \/>\ne <strong>dedicati alla capacit\u00e0 di confrontarsi con il cambiamento e con le nuove tecnologie.<\/strong><\/h5>\n<p>[\/vc_column_text][\/vc_column][vc_column width=&#8221;1\/2&#8243;][vc_single_image image=&#8221;544228&#8243; img_size=&#8221;full&#8221; css=&#8221;&#8221;][\/vc_column][\/vc_row][vc_row][vc_column][vc_empty_space][vc_icon icon_fontawesome=&#8221;fa fa-cog&#8221; size=&#8221;sm&#8221; align=&#8221;center&#8221;][vc_empty_space height=&#8221;36px&#8221;][\/vc_column][\/vc_row][vc_row][vc_column][vc_empty_space][vc_column_text css=&#8221;.vc_custom_1732191578970{border-bottom-width: 1px !important;padding-bottom: 4px !important;border-bottom-style: solid !important;border-color: #0056a6 !important;}&#8221;]<\/p>\n<h2 style=\"text-align: center;\">SCUOLE PRIMARIE E SECONDARIE<\/h2>\n<p>[\/vc_column_text][vc_empty_space height=&#8221;8px&#8221;][vc_column_text css=&#8221;&#8221;]<\/p>\n<h4 style=\"font-weight: 400; text-align: center;\"><strong>Da oltre 20 anni Saras contribuisce alla crescita culturale degli studenti,<br \/>\nin particolare dell\u2019Istituto comprensivo statale di Sarroch e Villa San Pietro,<br \/>\ncomuni che gravitano intorno al sito industriale Sarlux.<\/strong><\/h4>\n<p>[\/vc_column_text][vc_empty_space][vc_single_image image=&#8221;546601&#8243; img_size=&#8221;100&#215;100&#8243; alignment=&#8221;center&#8221; css=&#8221;&#8221;][vc_empty_space][\/vc_column][\/vc_row][vc_row][vc_column][vc_empty_space][vc_column_text css=&#8221;.vc_custom_1732123126902{border-bottom-width: 1px !important;padding-bottom: 4px !important;border-bottom-style: solid !important;border-color: #0056a6 !important;}&#8221;]<\/p>\n<h4>DIRITTO ALLO STUDIO<\/h4>\n<p>[\/vc_column_text][vc_empty_space height=&#8221;8px&#8221;][\/vc_column][\/vc_row][vc_row][vc_column width=&#8221;1\/2&#8243;][vc_empty_space][vc_column_text css=&#8221;&#8221;]<\/p>\n<h5><strong>Ogni anno vengono acquistati i libri di testo<\/strong> che,<br \/>\nnel segno della sostenibilit\u00e0, possono essere trasmessi<br \/>\nagli studenti degli anni successivi, tranne nei casi in cui<br \/>\nfosse necessario adottare nuove edizioni.<\/h5>\n<p>[\/vc_column_text][\/vc_column][vc_column width=&#8221;1\/2&#8243;][vc_single_image image=&#8221;546615&#8243; img_size=&#8221;full&#8221; css=&#8221;&#8221;][\/vc_column][\/vc_row][vc_row][vc_column][vc_empty_space][vc_column_text css=&#8221;.vc_custom_1732123279882{border-bottom-width: 1px !important;padding-bottom: 4px !important;border-bottom-style: solid !important;border-color: #0056a6 !important;}&#8221;]<\/p>\n<h4>SUPPORTI DIDATTICI<\/h4>\n<p>[\/vc_column_text][vc_empty_space height=&#8221;8px&#8221;][\/vc_column][\/vc_row][vc_row][vc_column][vc_empty_space][vc_column_text css=&#8221;&#8221;]<\/p>\n<h5><strong>L\u2019impegno per il diritto allo studio e per il contrasto all\u2019abbandono scolastico<\/strong> ha consentito nel tempo la creazione di un laboratorio chimico, di strutture sportive e di una nuova aula biblioteca. Nel corso degli anni Saras ha supportato l\u2019istituto con la fornitura di tablet, computer e stampanti.<\/h5>\n<p>[\/vc_column_text][vc_empty_space height=&#8221;8px&#8221;][\/vc_column][\/vc_row][vc_row][vc_column][vc_empty_space][vc_column_text css=&#8221;.vc_custom_1732123197607{border-bottom-width: 1px !important;padding-bottom: 4px !important;border-bottom-style: solid !important;border-color: #0056a6 !important;}&#8221;]<\/p>\n<h4>ATTIVIT\u00c0 LUDICO-EDUCATIVE<\/h4>\n<p>[\/vc_column_text][vc_empty_space height=&#8221;8px&#8221;][\/vc_column][\/vc_row][vc_row][vc_column width=&#8221;1\/2&#8243;][vc_empty_space][vc_column_text css=&#8221;&#8221;]<\/p>\n<h5>Insieme alle scuole primarie dei comuni di Sarroch, Pula, Capoterra, Villa San Pietro e Domus de Maria si organizzano giochi per l\u2019infanzia in cui <strong>bambine e bambini trascorrono una giornata all\u2019insegna di competizioni sportive e di attivit\u00e0 didattiche<\/strong> orientate alla sensibilizzazione sui temi del riciclo e dell\u2019economia circolare.<\/h5>\n<p>[\/vc_column_text][vc_empty_space height=&#8221;8px&#8221;][\/vc_column][vc_column width=&#8221;1\/2&#8243;][vc_single_image image=&#8221;546203&#8243; img_size=&#8221;full&#8221; css=&#8221;&#8221;][\/vc_column][\/vc_row][vc_row][vc_column][vc_empty_space][vc_empty_space][vc_single_image image=&#8221;544224&#8243; img_size=&#8221;full&#8221; alignment=&#8221;center&#8221;][\/vc_column][\/vc_row][vc_row bg_type=&#8221;grad&#8221; bg_grad=&#8221;background: -webkit-gradient(linear, left top, left bottom, color-stop(0%, #DBDBDB), color-stop(40%, #FFFFFF), color-stop(60%, #FFFFFF), color-stop(100%, #DBDBDB));background: -moz-linear-gradient(left,#DBDBDB 0%,#FFFFFF 40%,#FFFFFF 60%,#DBDBDB 100%);background: -webkit-linear-gradient(left,#DBDBDB 0%,#FFFFFF 40%,#FFFFFF 60%,#DBDBDB 100%);background: -o-linear-gradient(left,#DBDBDB 0%,#FFFFFF 40%,#FFFFFF 60%,#DBDBDB 100%);background: -ms-linear-gradient(left,#DBDBDB 0%,#FFFFFF 40%,#FFFFFF 60%,#DBDBDB 100%);background: linear-gradient(left,#DBDBDB 0%,#FFFFFF 40%,#FFFFFF 60%,#DBDBDB 100%);&#8221;][vc_column][vc_column_text css=&#8221;&#8221;]<\/p>\n<h4 style=\"text-align: center;\"><strong>Condividere conoscenza per valorizzare il capitale intellettuale.<\/strong><\/h4>\n<p>[\/vc_column_text][vc_empty_space height=&#8221;10px&#8221;][\/vc_column][\/vc_row][vc_row][vc_column][vc_empty_space height=&#8221;16px&#8221;][vc_icon icon_fontawesome=&#8221;fa fa-cog&#8221; size=&#8221;sm&#8221; align=&#8221;center&#8221;][\/vc_column][\/vc_row][vc_row][vc_column][vc_empty_space][vc_column_text css=&#8221;.vc_custom_1732298458375{border-bottom-width: 1px !important;padding-top: 0px !important;padding-bottom: 4px !important;border-bottom-style: solid !important;border-color: #0056a6 !important;}&#8221;]<\/p>\n<h4 style=\"text-align: center;\">Notizie correlate<\/h4>\n<p>[\/vc_column_text][vc_empty_space height=&#8221;8px&#8221;][\/vc_column][\/vc_row][vc_row][vc_column][vc_basic_grid post_type=&#8221;post&#8221; max_items=&#8221;3&#8243; item=&#8221;541661&#8243; css=&#8221;&#8221; grid_id=&#8221;vc_gid:1772647933380-ae702e20-2885-6&#8243; taxonomies=&#8221;35, 132&#8243;][\/vc_column][\/vc_row][vc_row][vc_column][vc_empty_space height=&#8221;16px&#8221;][\/vc_column][\/vc_row][vc_row][vc_column][vc_icon icon_fontawesome=&#8221;fa fa-cog&#8221; size=&#8221;sm&#8221; align=&#8221;center&#8221;][vc_empty_space height=&#8221;36px&#8221;][\/vc_column][\/vc_row][vc_row][vc_column][vc_column_text css=&#8221;.vc_custom_1732298424700{border-bottom-width: 1px !important;padding-top: 0px !important;padding-bottom: 4px !important;border-bottom-style: solid !important;border-color: #0056a6 !important;}&#8221;]<\/p>\n<h4 style=\"text-align: center;\">Pagine correlate<\/h4>\n<p>[\/vc_column_text][\/vc_column][\/vc_row][vc_row][vc_column width=&#8221;1\/4&#8243;][\/vc_column][vc_column width=&#8221;1\/4&#8243;]\n<div id=\"interactive-banner-1-wrap-6796\" class=\"ult-banner-block ult-adjust-bottom-margin ult-bb-box  banner-style11 \"   style=\"\">\n\t<img decoding=\"async\" src=\"https:\/\/www.sarlux.saras.it\/wp-content\/uploads\/2020\/01\/territorio-Sarlux-Saras-IB-378.jpg\" alt=\"null\">\n\t<h3  data-ultimate-target='#interactive-banner-1-wrap-6796 .bb-top-title '  data-responsive-json-new='{\"font-size\":\"\",\"line-height\":\"\"}'  class=\"title-center bb-top-title ult-responsive\" style=\"font-weight:normal;background:#0056a6;color:#ffffff;\">PROGETTI PER IL TERRITORIO<\/h3>\n\t<div class=\"mask opaque-background\" style=\"background:#0056a6;\">\n\t\t<div  data-ultimate-target='#interactive-banner-1-wrap-6796 .bb-description'  data-responsive-json-new='{\"font-size\":\"desktop:12px;\",\"line-height\":\"\"}'  class=\"bb-description ult-responsive\" style=\"font-weight:normal;color:#ffffff;\">Sarlux ha un dialogo costante con il territorio, si impegna per la salvaguardia dell\u2019ambiente e supporta iniziative per lo sviluppo sociale, economico e culturale della comunit\u00e0 intorno a Sarroch.<\/div>\n\t<\/div><a class=\"bb-link\" href=\"https:\/\/www.sarlux.saras.it\/it\/impegno-sociale\/territorio\/\" title=\"Educazione\" ><\/a>\n<\/div>[\/vc_column][vc_column width=&#8221;1\/4&#8243;]\n<div id=\"interactive-banner-1-wrap-3112\" class=\"ult-banner-block ult-adjust-bottom-margin ult-bb-box  banner-style11 \"   style=\"\">\n\t<img decoding=\"async\" src=\"https:\/\/www.sarlux.saras.it\/wp-content\/uploads\/2019\/10\/sport-cagliari-football-academy-taglio-box.jpg\" alt=\"null\">\n\t<h3  data-ultimate-target='#interactive-banner-1-wrap-3112 .bb-top-title '  data-responsive-json-new='{\"font-size\":\"\",\"line-height\":\"\"}'  class=\"title-center bb-top-title ult-responsive\" style=\"font-weight:normal;background:#0056a6;color:#ffffff;\">PROGETTI PER LO SPORT<\/h3>\n\t<div class=\"mask opaque-background\" style=\"background:#0056a6;\">\n\t\t<div  data-ultimate-target='#interactive-banner-1-wrap-3112 .bb-description'  data-responsive-json-new='{\"font-size\":\"desktop:12px;\",\"line-height\":\"\"}'  class=\"bb-description ult-responsive\" style=\"font-weight:normal;color:#ffffff;\">Lealt\u00e0, rispetto, inclusivit\u00e0 e sicurezza, Saras promuove la cultura dello sport.<\/div>\n\t<\/div><a class=\"bb-link\" href=\"https:\/\/www.sarlux.saras.it\/it\/impegno-sociale\/sport\/\" title=\"Sport\" ><\/a>\n<\/div>[\/vc_column][vc_column width=&#8221;1\/4&#8243;][\/vc_column][\/vc_row][vc_row][vc_column][vc_empty_space][vc_icon icon_fontawesome=&#8221;fa fa-cog&#8221; align=&#8221;center&#8221;][vc_empty_space height=&#8221;64px&#8221;][\/vc_column][\/vc_row]<\/p>\n<\/div>","protected":false},"excerpt":{"rendered":"<p>Sarlux, con le sue attivit\u00e0 e con le ricadute che origina in molti settori anche diversi dal suo, ha sempre creato valore sociale, culturale e cognitivo<\/p>\n","protected":false},"author":2,"featured_media":546611,"parent":546570,"menu_order":2,"comment_status":"closed","ping_status":"closed","template":"","meta":{"_acf_changed":false,"inline_featured_image":false,"footnotes":""},"class_list":["post-544207","page","type-page","status-publish","has-post-thumbnail","hentry"],"acf":[],"yoast_head":"<!-- This site is optimized with the Yoast SEO plugin v27.3 - https:\/\/yoast.com\/product\/yoast-seo-wordpress\/ -->\n<title>Scuola - Sarlux Saras | Refining &amp; Power<\/title>\n<meta name=\"description\" content=\"Sarlux, con le sue attivit\u00e0 e con le ricadute che origina in molti settori anche diversi dal suo, ha sempre creato valore sociale, culturale e cognitivo\" \/>\n<meta name=\"robots\" content=\"index, follow, max-snippet:-1, max-image-preview:large, max-video-preview:-1\" \/>\n<link rel=\"canonical\" href=\"https:\/\/www.sarlux.saras.it\/it\/impegno-sociale\/scuola\/\" \/>\n<meta property=\"og:locale\" content=\"it_IT\" \/>\n<meta property=\"og:type\" content=\"article\" \/>\n<meta property=\"og:title\" content=\"Scuola - Sarlux Saras | Refining &amp; Power\" \/>\n<meta property=\"og:description\" content=\"Sarlux, con le sue attivit\u00e0 e con le ricadute che origina in molti settori anche diversi dal suo, ha sempre creato valore sociale, culturale e cognitivo\" \/>\n<meta property=\"og:url\" content=\"https:\/\/www.sarlux.saras.it\/it\/impegno-sociale\/scuola\/\" \/>\n<meta property=\"og:site_name\" content=\"Sarlux Saras | Refining &amp; Power\" \/>\n<meta property=\"article:modified_time\" content=\"2026-03-04T18:12:52+00:00\" \/>\n<meta property=\"og:image\" content=\"https:\/\/www.sarlux.saras.it\/wp-content\/uploads\/2024\/11\/02-scuola-universita-master-Saras-Sarlux.jpg\" \/>\n\t<meta property=\"og:image:width\" content=\"990\" \/>\n\t<meta property=\"og:image:height\" content=\"450\" \/>\n\t<meta property=\"og:image:type\" content=\"image\/jpeg\" \/>\n<meta name=\"twitter:card\" content=\"summary_large_image\" \/>\n<meta name=\"twitter:image\" content=\"https:\/\/www.sarlux.saras.it\/wp-content\/uploads\/2024\/11\/02-scuola-universita-master-Saras-Sarlux.jpg\" \/>\n<meta name=\"twitter:label1\" content=\"Tempo di lettura stimato\" \/>\n\t<meta name=\"twitter:data1\" content=\"10 minuti\" \/>\n<script type=\"application\/ld+json\" class=\"yoast-schema-graph\">{\"@context\":\"https:\\\/\\\/schema.org\",\"@graph\":[{\"@type\":\"WebPage\",\"@id\":\"https:\\\/\\\/www.sarlux.saras.it\\\/it\\\/impegno-sociale\\\/scuola\\\/\",\"url\":\"https:\\\/\\\/www.sarlux.saras.it\\\/it\\\/impegno-sociale\\\/scuola\\\/\",\"name\":\"Scuola - Sarlux Saras | Refining & Power\",\"isPartOf\":{\"@id\":\"https:\\\/\\\/www.sarlux.saras.it\\\/it\\\/#website\"},\"primaryImageOfPage\":{\"@id\":\"https:\\\/\\\/www.sarlux.saras.it\\\/it\\\/impegno-sociale\\\/scuola\\\/#primaryimage\"},\"image\":{\"@id\":\"https:\\\/\\\/www.sarlux.saras.it\\\/it\\\/impegno-sociale\\\/scuola\\\/#primaryimage\"},\"thumbnailUrl\":\"https:\\\/\\\/www.sarlux.saras.it\\\/wp-content\\\/uploads\\\/2024\\\/11\\\/02-scuola-universita-master-Saras-Sarlux.jpg\",\"datePublished\":\"2022-05-16T10:06:24+00:00\",\"dateModified\":\"2026-03-04T18:12:52+00:00\",\"description\":\"Sarlux, con le sue attivit\u00e0 e con le ricadute che origina in molti settori anche diversi dal suo, ha sempre creato valore sociale, culturale e cognitivo\",\"breadcrumb\":{\"@id\":\"https:\\\/\\\/www.sarlux.saras.it\\\/it\\\/impegno-sociale\\\/scuola\\\/#breadcrumb\"},\"inLanguage\":\"it-IT\",\"potentialAction\":[{\"@type\":\"ReadAction\",\"target\":[\"https:\\\/\\\/www.sarlux.saras.it\\\/it\\\/impegno-sociale\\\/scuola\\\/\"]}]},{\"@type\":\"ImageObject\",\"inLanguage\":\"it-IT\",\"@id\":\"https:\\\/\\\/www.sarlux.saras.it\\\/it\\\/impegno-sociale\\\/scuola\\\/#primaryimage\",\"url\":\"https:\\\/\\\/www.sarlux.saras.it\\\/wp-content\\\/uploads\\\/2024\\\/11\\\/02-scuola-universita-master-Saras-Sarlux.jpg\",\"contentUrl\":\"https:\\\/\\\/www.sarlux.saras.it\\\/wp-content\\\/uploads\\\/2024\\\/11\\\/02-scuola-universita-master-Saras-Sarlux.jpg\",\"width\":990,\"height\":450},{\"@type\":\"BreadcrumbList\",\"@id\":\"https:\\\/\\\/www.sarlux.saras.it\\\/it\\\/impegno-sociale\\\/scuola\\\/#breadcrumb\",\"itemListElement\":[{\"@type\":\"ListItem\",\"position\":1,\"name\":\"Home\",\"item\":\"https:\\\/\\\/www.sarlux.saras.it\\\/it\\\/\"},{\"@type\":\"ListItem\",\"position\":2,\"name\":\"Impegno sociale\",\"item\":\"https:\\\/\\\/www.sarlux.saras.it\\\/it\\\/impegno-sociale\\\/\"},{\"@type\":\"ListItem\",\"position\":3,\"name\":\"Scuola\"}]},{\"@type\":\"WebSite\",\"@id\":\"https:\\\/\\\/www.sarlux.saras.it\\\/it\\\/#website\",\"url\":\"https:\\\/\\\/www.sarlux.saras.it\\\/it\\\/\",\"name\":\"Sarlux\",\"description\":\"\",\"publisher\":{\"@id\":\"https:\\\/\\\/www.sarlux.saras.it\\\/it\\\/#organization\"},\"potentialAction\":[{\"@type\":\"SearchAction\",\"target\":{\"@type\":\"EntryPoint\",\"urlTemplate\":\"https:\\\/\\\/www.sarlux.saras.it\\\/it\\\/?s={search_term_string}\"},\"query-input\":{\"@type\":\"PropertyValueSpecification\",\"valueRequired\":true,\"valueName\":\"search_term_string\"}}],\"inLanguage\":\"it-IT\"},{\"@type\":\"Organization\",\"@id\":\"https:\\\/\\\/www.sarlux.saras.it\\\/it\\\/#organization\",\"name\":\"Sarlux\",\"url\":\"https:\\\/\\\/www.sarlux.saras.it\\\/it\\\/\",\"logo\":{\"@type\":\"ImageObject\",\"inLanguage\":\"it-IT\",\"@id\":\"https:\\\/\\\/www.sarlux.saras.it\\\/it\\\/#\\\/schema\\\/logo\\\/image\\\/\",\"url\":\"https:\\\/\\\/www.sarlux.saras.it\\\/wp-content\\\/uploads\\\/2017\\\/12\\\/logo-pc-1.png\",\"contentUrl\":\"https:\\\/\\\/www.sarlux.saras.it\\\/wp-content\\\/uploads\\\/2017\\\/12\\\/logo-pc-1.png\",\"width\":184,\"height\":86,\"caption\":\"Sarlux\"},\"image\":{\"@id\":\"https:\\\/\\\/www.sarlux.saras.it\\\/it\\\/#\\\/schema\\\/logo\\\/image\\\/\"}}]}<\/script>\n<!-- \/ Yoast SEO plugin. -->","yoast_head_json":{"title":"Scuola - Sarlux Saras | Refining & Power","description":"Sarlux, con le sue attivit\u00e0 e con le ricadute che origina in molti settori anche diversi dal suo, ha sempre creato valore sociale, culturale e cognitivo","robots":{"index":"index","follow":"follow","max-snippet":"max-snippet:-1","max-image-preview":"max-image-preview:large","max-video-preview":"max-video-preview:-1"},"canonical":"https:\/\/www.sarlux.saras.it\/it\/impegno-sociale\/scuola\/","og_locale":"it_IT","og_type":"article","og_title":"Scuola - Sarlux Saras | Refining & Power","og_description":"Sarlux, con le sue attivit\u00e0 e con le ricadute che origina in molti settori anche diversi dal suo, ha sempre creato valore sociale, culturale e cognitivo","og_url":"https:\/\/www.sarlux.saras.it\/it\/impegno-sociale\/scuola\/","og_site_name":"Sarlux Saras | Refining & Power","article_modified_time":"2026-03-04T18:12:52+00:00","og_image":[{"width":990,"height":450,"url":"https:\/\/www.sarlux.saras.it\/wp-content\/uploads\/2024\/11\/02-scuola-universita-master-Saras-Sarlux.jpg","type":"image\/jpeg"}],"twitter_card":"summary_large_image","twitter_image":"https:\/\/www.sarlux.saras.it\/wp-content\/uploads\/2024\/11\/02-scuola-universita-master-Saras-Sarlux.jpg","twitter_misc":{"Tempo di lettura stimato":"10 minuti"},"schema":{"@context":"https:\/\/schema.org","@graph":[{"@type":"WebPage","@id":"https:\/\/www.sarlux.saras.it\/it\/impegno-sociale\/scuola\/","url":"https:\/\/www.sarlux.saras.it\/it\/impegno-sociale\/scuola\/","name":"Scuola - Sarlux Saras | Refining & Power","isPartOf":{"@id":"https:\/\/www.sarlux.saras.it\/it\/#website"},"primaryImageOfPage":{"@id":"https:\/\/www.sarlux.saras.it\/it\/impegno-sociale\/scuola\/#primaryimage"},"image":{"@id":"https:\/\/www.sarlux.saras.it\/it\/impegno-sociale\/scuola\/#primaryimage"},"thumbnailUrl":"https:\/\/www.sarlux.saras.it\/wp-content\/uploads\/2024\/11\/02-scuola-universita-master-Saras-Sarlux.jpg","datePublished":"2022-05-16T10:06:24+00:00","dateModified":"2026-03-04T18:12:52+00:00","description":"Sarlux, con le sue attivit\u00e0 e con le ricadute che origina in molti settori anche diversi dal suo, ha sempre creato valore sociale, culturale e cognitivo","breadcrumb":{"@id":"https:\/\/www.sarlux.saras.it\/it\/impegno-sociale\/scuola\/#breadcrumb"},"inLanguage":"it-IT","potentialAction":[{"@type":"ReadAction","target":["https:\/\/www.sarlux.saras.it\/it\/impegno-sociale\/scuola\/"]}]},{"@type":"ImageObject","inLanguage":"it-IT","@id":"https:\/\/www.sarlux.saras.it\/it\/impegno-sociale\/scuola\/#primaryimage","url":"https:\/\/www.sarlux.saras.it\/wp-content\/uploads\/2024\/11\/02-scuola-universita-master-Saras-Sarlux.jpg","contentUrl":"https:\/\/www.sarlux.saras.it\/wp-content\/uploads\/2024\/11\/02-scuola-universita-master-Saras-Sarlux.jpg","width":990,"height":450},{"@type":"BreadcrumbList","@id":"https:\/\/www.sarlux.saras.it\/it\/impegno-sociale\/scuola\/#breadcrumb","itemListElement":[{"@type":"ListItem","position":1,"name":"Home","item":"https:\/\/www.sarlux.saras.it\/it\/"},{"@type":"ListItem","position":2,"name":"Impegno sociale","item":"https:\/\/www.sarlux.saras.it\/it\/impegno-sociale\/"},{"@type":"ListItem","position":3,"name":"Scuola"}]},{"@type":"WebSite","@id":"https:\/\/www.sarlux.saras.it\/it\/#website","url":"https:\/\/www.sarlux.saras.it\/it\/","name":"Sarlux","description":"","publisher":{"@id":"https:\/\/www.sarlux.saras.it\/it\/#organization"},"potentialAction":[{"@type":"SearchAction","target":{"@type":"EntryPoint","urlTemplate":"https:\/\/www.sarlux.saras.it\/it\/?s={search_term_string}"},"query-input":{"@type":"PropertyValueSpecification","valueRequired":true,"valueName":"search_term_string"}}],"inLanguage":"it-IT"},{"@type":"Organization","@id":"https:\/\/www.sarlux.saras.it\/it\/#organization","name":"Sarlux","url":"https:\/\/www.sarlux.saras.it\/it\/","logo":{"@type":"ImageObject","inLanguage":"it-IT","@id":"https:\/\/www.sarlux.saras.it\/it\/#\/schema\/logo\/image\/","url":"https:\/\/www.sarlux.saras.it\/wp-content\/uploads\/2017\/12\/logo-pc-1.png","contentUrl":"https:\/\/www.sarlux.saras.it\/wp-content\/uploads\/2017\/12\/logo-pc-1.png","width":184,"height":86,"caption":"Sarlux"},"image":{"@id":"https:\/\/www.sarlux.saras.it\/it\/#\/schema\/logo\/image\/"}}]}},"_links":{"self":[{"href":"https:\/\/www.sarlux.saras.it\/it\/wp-json\/wp\/v2\/pages\/544207","targetHints":{"allow":["GET"]}}],"collection":[{"href":"https:\/\/www.sarlux.saras.it\/it\/wp-json\/wp\/v2\/pages"}],"about":[{"href":"https:\/\/www.sarlux.saras.it\/it\/wp-json\/wp\/v2\/types\/page"}],"author":[{"embeddable":true,"href":"https:\/\/www.sarlux.saras.it\/it\/wp-json\/wp\/v2\/users\/2"}],"replies":[{"embeddable":true,"href":"https:\/\/www.sarlux.saras.it\/it\/wp-json\/wp\/v2\/comments?post=544207"}],"version-history":[{"count":41,"href":"https:\/\/www.sarlux.saras.it\/it\/wp-json\/wp\/v2\/pages\/544207\/revisions"}],"predecessor-version":[{"id":547558,"href":"https:\/\/www.sarlux.saras.it\/it\/wp-json\/wp\/v2\/pages\/544207\/revisions\/547558"}],"up":[{"embeddable":true,"href":"https:\/\/www.sarlux.saras.it\/it\/wp-json\/wp\/v2\/pages\/546570"}],"wp:featuredmedia":[{"embeddable":true,"href":"https:\/\/www.sarlux.saras.it\/it\/wp-json\/wp\/v2\/media\/546611"}],"wp:attachment":[{"href":"https:\/\/www.sarlux.saras.it\/it\/wp-json\/wp\/v2\/media?parent=544207"}],"curies":[{"name":"wp","href":"https:\/\/api.w.org\/{rel}","templated":true}]}}