{"id":544852,"date":"2023-03-27T10:14:06","date_gmt":"2023-03-27T10:14:06","guid":{"rendered":"https:\/\/www.sarlux.saras.it\/?page_id=544852"},"modified":"2024-11-19T11:19:01","modified_gmt":"2024-11-19T11:19:01","slug":"politica-di-sostenibilita","status":"publish","type":"page","link":"https:\/\/www.sarlux.saras.it\/it\/politica-di-sostenibilita\/","title":{"rendered":"Politica di Sostenibilit\u00e0"},"content":{"rendered":"<div class=\"wpb-content-wrapper\"><p>[vc_row full_width=&#8221;stretch_row_content_no_spaces&#8221; css_animation=&#8221;fadeIn&#8221; css=&#8221;.vc_custom_1653986787856{margin-top: 0px !important;padding-top: 0px !important;background-image: url(https:\/\/sarlux.saras.it\/wp-content\/uploads\/2022\/05\/sarlux-Saras-Sarroch-ESTI.jpg?id=543452) !important;background-position: center !important;background-repeat: no-repeat !important;background-size: cover !important;}&#8221;][vc_column][vc_empty_space height=&#8221;120px&#8221;][vc_row_inner][vc_column_inner width=&#8221;1\/12&#8243;][\/vc_column_inner][vc_column_inner width=&#8221;1\/12&#8243;][\/vc_column_inner][vc_column_inner width=&#8221;8\/12&#8243;][vc_column_text css=&#8221;.vc_custom_1678879543807{margin-top: 0px !important;padding-top: 0px !important;padding-bottom: 10px !important;}&#8221;]<\/p>\n<h1 style=\"text-align: center;\"><span style=\"color: #f5f5f5;\"><strong>Politica di Sostenibilit\u00e0<\/strong><\/span><\/h1>\n<p>[\/vc_column_text][\/vc_column_inner][vc_column_inner width=&#8221;2\/12&#8243;][\/vc_column_inner][\/vc_row_inner][vc_empty_space height=&#8221;30px&#8221;][vc_row_inner][vc_column_inner width=&#8221;1\/12&#8243;][\/vc_column_inner][vc_column_inner width=&#8221;1\/12&#8243;][vc_column_text css=&#8221;.vc_custom_1579684875860{padding-top: 10px !important;padding-bottom: 10px !important;background-color: #0056a6 !important;border-radius: 5px !important;}&#8221;]<\/p>\n<h6 style=\"text-align: center;\"><span style=\"color: #f5f5f5; font-size: 12px;\">AMBIENTE<\/span><\/h6>\n<p>[\/vc_column_text][\/vc_column_inner][vc_column_inner width=&#8221;8\/12&#8243;][\/vc_column_inner][vc_column_inner width=&#8221;2\/12&#8243;][\/vc_column_inner][\/vc_row_inner][\/vc_column][\/vc_row][vc_row][vc_column][vc_column_text css=&#8221;&#8221;]<\/p>\n<h4>La <em><strong>Politica di sostenibilit\u00e0<\/strong><\/em>, approvata nei primi mesi del 2022, definisce gli indirizzi e gli obiettivi che Saras si impegna a perseguire con riferimento ai temi dell\u2019etica, della tutela dei diritti umani, della diversit\u00e0, dell\u2019inclusione, dell\u2019attenzione per le comunit\u00e0 locali, del dialogo e del rapporto con gli stakeholder e i fornitori, della transizione ecologica e della tutela dell\u2019ambiente.<\/h4>\n<p>[\/vc_column_text][vc_empty_space height=&#8221;16px&#8221;][\/vc_column][\/vc_row][vc_row][vc_column width=&#8221;1\/2&#8243;][vc_single_image image=&#8221;544836&#8243; img_size=&#8221;full&#8221;][\/vc_column][vc_column width=&#8221;1\/2&#8243;][vc_empty_space height=&#8221;8px&#8221;][vc_column_text css=&#8221;&#8221;]La <em>Politica di sostenibilit\u00e0<\/em> si applica anche a tutte le societ\u00e0 controllate e <strong>si ispira ai \u201cSustainable Development Goals\u201d<\/strong> (SDGs), lanciati dalle Nazioni Unite nel 2015, oltre che <strong>ai valori<\/strong> propri della Saras, affermati nel <strong>purpose<\/strong>, nel <strong>codice etico<\/strong> e soprattutto <strong>concretamente espressi dalla sua storia<\/strong>.<br \/>\nIl documento formalizza le strategie, gli obiettivi, i modelli di comportamento e gli impegni dell\u2019azienda, tesi al miglioramento continuo \u2013 in linea con il nostro motto \u201cStep Higher\u201d \u2013 delle proprie performance di sostenibilit\u00e0, alla <strong>gestione ottimale delle tematiche ESG (Environmental, Social and Governance)<\/strong> in cui l\u2019azienda \u00e8 coinvolta e alla creazione di valore condiviso con i propri stakeholder.[\/vc_column_text][\/vc_column][\/vc_row][vc_row][vc_column][vc_empty_space height=&#8221;16px&#8221;][\/vc_column][\/vc_row][vc_row][vc_column width=&#8221;1\/2&#8243;][vc_empty_space height=&#8221;8px&#8221;][vc_column_text css=&#8221;&#8221;]Saras <strong>illustra in maniera trasparente la propria strategia di sostenibilit\u00e0<\/strong>, fondata sul costante impegno ambientale, sociale e di governance, con la pubblicazione annuale del <strong>Bilancio di Sostenibilit\u00e0<\/strong>\u00a0(<a href=\"https:\/\/www.sarlux.saras.it\/wp-content\/uploads\/2024\/05\/Bilancio-di-Sostenibilita-2023-Gruppo-Saras.pdf\" target=\"_blank\" rel=\"noopener\">qui disponibile in download<\/a>) che supera il concetto di semplice reportistica di consuntivazione, e si configura invece come <strong>una precisa modalit\u00e0 di coinvolgimento e dialogo partecipativo con i suoi portatori di interesse<\/strong> (gli \u201cstakeholder\u201d), con i quali vige un sistema di impegni e responsabilit\u00e0 reciproci, determinanti per il comune sviluppo futuro.[\/vc_column_text][vc_empty_space height=&#8221;8px&#8221;][vc_column_text css=&#8221;&#8221;]<\/p>\n<h6><span style=\"text-decoration: underline; color: #997fff;\"><a style=\"color: #997fff; text-decoration: underline;\" href=\"https:\/\/www.sarlux.saras.it\/wp-content\/uploads\/2022\/03\/saras-politica-sostenibilita-2022.pdf\" target=\"_blank\" rel=\"noopener\">Il documento\u00a0<em>Politica di sostenibilit\u00e0 <\/em>\u00e8 disponibile qui in download.<\/a><\/span><\/h6>\n<p>[\/vc_column_text][\/vc_column][vc_column width=&#8221;1\/2&#8243;][vc_single_image image=&#8221;544143&#8243; img_size=&#8221;full&#8221; alignment=&#8221;center&#8221;][\/vc_column][\/vc_row][vc_row][vc_column][vc_empty_space height=&#8221;16px&#8221;][vc_single_image image=&#8221;543244&#8243; img_size=&#8221;50&#215;50&#8243; alignment=&#8221;center&#8221;][\/vc_column][\/vc_row][vc_row full_width=&#8221;stretch_row&#8221; bg_type=&#8221;grad&#8221; bg_grad=&#8221;background: -webkit-gradient(linear, left top, left bottom, color-stop(0%, #F5F5F5), color-stop(40%, #FFFFFF), color-stop(60%, #FFFFFF), color-stop(100%, #F5F5F5));background: -moz-linear-gradient(left,#F5F5F5 0%,#FFFFFF 40%,#FFFFFF 60%,#F5F5F5 100%);background: -webkit-linear-gradient(left,#F5F5F5 0%,#FFFFFF 40%,#FFFFFF 60%,#F5F5F5 100%);background: -o-linear-gradient(left,#F5F5F5 0%,#FFFFFF 40%,#FFFFFF 60%,#F5F5F5 100%);background: -ms-linear-gradient(left,#F5F5F5 0%,#FFFFFF 40%,#FFFFFF 60%,#F5F5F5 100%);background: linear-gradient(left,#F5F5F5 0%,#FFFFFF 40%,#FFFFFF 60%,#F5F5F5 100%);&#8221;][vc_column][vc_column_text css=&#8221;.vc_custom_1732013870388{margin-top: 0px !important;padding-top: 0px !important;}&#8221;]<\/p>\n<h5 style=\"text-align: center;\"><strong>Gli indirizzi e gli obiettivi che Saras si impegna a perseguire sono:<\/strong><\/h5>\n<p>[\/vc_column_text][vc_empty_space height=&#8221;8px&#8221;][vc_separator color=&#8221;custom&#8221; style=&#8221;dotted&#8221; el_width=&#8221;70&#8243; accent_color=&#8221;#0056a6&#8243;][vc_row_inner][vc_column_inner width=&#8221;1\/3&#8243;][vc_column_text]<strong>Promozione di comportamenti etici e corretti, e prevenzione della corruzione\u00a0<\/strong><\/p>\n<p>Nello svolgimento delle proprie attivit\u00e0, Saras pone la massima attenzione e impegno al rispetto delle leggi, alla promozione di comportamenti etici e corretti, ed alla prevenzione di ogni forma di corruzione.[\/vc_column_text][\/vc_column_inner][vc_column_inner width=&#8221;1\/3&#8243;][vc_column_text css=&#8221;&#8221;]<strong>Tutela dei diritti umani, diversit\u00e0 e inclusione<\/strong><\/p>\n<p>La dignit\u00e0 e il rispetto delle persone sono alla base della nostra cultura d\u2019impresa e sono elementi essenziali della sostenibilit\u00e0 di Saras. Il rispetto dei diritti umani, delle pari opportunit\u00e0, della diversit\u00e0 e inclusione, e l\u2019impegno contro qualsiasi forma di discriminazione caratterizzano da sempre il modo di operare di Saras, che riconosce e pone in atto i principi internazionalmente riconosciuti.[\/vc_column_text][\/vc_column_inner][vc_column_inner width=&#8221;1\/3&#8243;][vc_column_text css=&#8221;&#8221;]<strong>Attenzione verso le comunit\u00e0 locali e dialogo con gli stakeholder<\/strong><\/p>\n<p>Saras riconosce come il mantenimento e la valorizzazione di rapporti di lungo periodo con i propri stakeholder e con le comunit\u00e0 locali sia la base per il successo d\u2019impresa e per la comune creazione di valore.[\/vc_column_text][\/vc_column_inner][\/vc_row_inner][vc_row_inner][vc_column_inner width=&#8221;1\/3&#8243;][vc_column_text css=&#8221;&#8221;]<strong>Tutela dell\u2019ambiente<\/strong><\/p>\n<p>Operare nel rispetto dell\u2019ambiente \u00e8 essenziale per la sostenibilit\u00e0 di lungo periodo, oltre che per la produttivit\u00e0 e la competitivit\u00e0 sui mercati. Pertanto, Saras svolge la propria attivit\u00e0 minimizzando l\u2019impronta ambientale e considerando, nello sviluppo dei propri progetti, la salvaguardia degli ecosistemi e della biodiversit\u00e0.[\/vc_column_text][\/vc_column_inner][vc_column_inner width=&#8221;1\/3&#8243;][vc_column_text]<strong>Transizione ecologica<\/strong><\/p>\n<p>L\u2019innovazione tecnologica \u00e8 una delle leve fondamentali per perseguire gli obiettivi della transizione energetica nell\u2019ambito di un settore che ha un ruolo strategico per il sistema economico nazionale, europeo e internazionale.[\/vc_column_text][\/vc_column_inner][vc_column_inner width=&#8221;1\/3&#8243;][vc_column_text css=&#8221;&#8221;]<strong>Rapporti con fornitori di beni e servizi<\/strong><\/p>\n<p>I fornitori rappresentano controparti imprescindibili per il raggiungimento degli obiettivi di sostenibilit\u00e0, e con essi Saras coltiva un rapporto fondato sul rispetto, la lealt\u00e0, l\u2019imparzialit\u00e0, e le pari opportunit\u00e0.[\/vc_column_text][\/vc_column_inner][\/vc_row_inner][vc_separator color=&#8221;custom&#8221; style=&#8221;dotted&#8221; el_width=&#8221;70&#8243; accent_color=&#8221;#0056a6&#8243;][vc_empty_space height=&#8221;8px&#8221;][vc_column_text]<\/p>\n<h5 style=\"text-align: center;\"><strong>Saras si conferma come punto di riferimento per i suoi stakeholder e, in particolare,<br \/>\nper le comunita\u0300 con cui interagisce.<\/strong><\/h5>\n<p>[\/vc_column_text][vc_empty_space][\/vc_column][\/vc_row][vc_row][vc_column][vc_empty_space height=&#8221;16px&#8221;][\/vc_column][\/vc_row][vc_row][vc_column][vc_empty_space height=&#8221;16px&#8221;][vc_single_image image=&#8221;543244&#8243; img_size=&#8221;50&#215;50&#8243; alignment=&#8221;center&#8221;][vc_empty_space height=&#8221;16px&#8221;][\/vc_column][\/vc_row][vc_row full_width=&#8221;stretch_row&#8221;][vc_column][vc_column_text css=&#8221;.vc_custom_1678881029578{margin-top: 0px !important;border-bottom-width: 1px !important;padding-top: 0px !important;padding-bottom: 4px !important;border-bottom-color: #0056a6 !important;border-bottom-style: solid !important;}&#8221;]<\/p>\n<h3>UN CONCRETO IMPEGNO PER LA SOSTENIBILIT\u00c0<\/h3>\n<p>[\/vc_column_text][vc_empty_space height=&#8221;16px&#8221;][\/vc_column][\/vc_row][vc_row full_width=&#8221;stretch_row&#8221;][vc_column][vc_column_text css=&#8221;&#8221;]<strong>Operare nel rispetto dell\u2019ambiente \u00e8 essenziale per la nostra produttivit\u00e0, competitivit\u00e0 sui mercati e sostenibilit\u00e0 di lungo periodo.<\/strong><\/p>\n<p>Essere un\u2019azienda responsabile e sostenibile significa coniugare lo sviluppo del business con la preservazione dell\u2019ambiente naturale, nonch\u00e9 il sostegno al contesto sociale, in cui l\u2019impresa stessa \u00e8 insediata e svolge le proprie attivit\u00e0. Saras, sin dalla fondazione, persegue quotidianamente questo obiettivo in tutti i propri ambiti operativi.[\/vc_column_text][vc_empty_space height=&#8221;16px&#8221;][\/vc_column][\/vc_row][vc_row][vc_column][vc_empty_space height=&#8221;16px&#8221;][vc_single_image image=&#8221;543130&#8243; img_size=&#8221;full&#8221;][vc_empty_space height=&#8221;16px&#8221;][\/vc_column][\/vc_row][vc_row full_width=&#8221;stretch_row&#8221;][vc_column][vc_column_text css=&#8221;&#8221;]I capisaldi di tale visione, su cui \u00e8 fondata la continuit\u00e0 e sostenibilit\u00e0 di lungo periodo della Saras, poggiano su <strong>numerosi aspetti strategici della raffineria Sarlux<\/strong>, amplificati e supportati dalla competenza e motivazione delle proprie persone.<\/p>\n<p>Tra questi, i principali sono la posizione centrale nelle rotte del petrolio, la dimensione e complessit\u00e0 del sito industriale, l&#8217;integrazione con la produzione elettrica e di prodotti petrolchimici, l&#8217;attenzione agli aspetti di salute, sicurezza ed ambiente, l&#8217;impegno sui temi della transizione ecologica e responsabilit\u00e0 sociale, ed anche l&#8217;integrazione con il contesto locale.[\/vc_column_text][vc_empty_space height=&#8221;16px&#8221;][\/vc_column][\/vc_row][vc_row full_width=&#8221;stretch_row&#8221; disable_element=&#8221;yes&#8221;][vc_column][vc_column_text]In questa direzione procede il <a href=\"https:\/\/www.sarlux.saras.it\/it\/esti\/\"><strong>Programma Energia Sostenibile per una Transizione Inclusiva (ESTI)<\/strong><\/a> che, avviato circa un anno e mezzo fa, sviluppa diversi progetti in un\u2019ottica di una sempre maggiore sostenibilit\u00e0, di un continuo efficientamento e sinergia con il territorio in una prospettiva <strong>Environment, Social, Governance (ESG<\/strong>). L\u2019obiettivo \u00e8 quello di partecipare attivamente allo sviluppo di un modello industriale sostenibile, innovativo e inclusivo insieme agli altri soggetti del sistema territoriale.[\/vc_column_text][vc_empty_space height=&#8221;16px&#8221;][\/vc_column][\/vc_row][vc_row][vc_column][vc_empty_space height=&#8221;36px&#8221;][vc_single_image image=&#8221;543244&#8243; img_size=&#8221;50&#215;50&#8243; alignment=&#8221;center&#8221;][vc_empty_space height=&#8221;36px&#8221;][\/vc_column][\/vc_row][vc_row][vc_column][vc_column_text css=&#8221;.vc_custom_1578919694927{border-bottom-width: 1px !important;padding-top: 0px !important;padding-bottom: 4px !important;border-bottom-color: #0056a6 !important;border-bottom-style: solid !important;}&#8221;]<\/p>\n<h4 style=\"text-align: left;\">Notizie correlate<\/h4>\n<p>[\/vc_column_text][vc_empty_space height=&#8221;8px&#8221;][\/vc_column][\/vc_row][vc_row][vc_column][vc_basic_grid post_type=&#8221;post&#8221; max_items=&#8221;6&#8243; item=&#8221;541661&#8243; grid_id=&#8221;vc_gid:1732015105128-2368c2d0-5be5-6&#8243; taxonomies=&#8221;38, 111&#8243;][\/vc_column][\/vc_row][vc_row][vc_column][vc_empty_space height=&#8221;16px&#8221;][vc_single_image image=&#8221;543244&#8243; img_size=&#8221;50&#215;50&#8243; alignment=&#8221;center&#8221;][vc_empty_space height=&#8221;36px&#8221;][\/vc_column][\/vc_row][vc_row][vc_column][vc_column_text css=&#8221;.vc_custom_1578943259094{margin-top: 0px !important;border-bottom-width: 1px !important;padding-top: 0px !important;padding-bottom: 4px !important;border-bottom-color: #0056a6 !important;border-bottom-style: solid !important;}&#8221;]<\/p>\n<h4 style=\"text-align: left;\">Pagine correlate<\/h4>\n<p>[\/vc_column_text][\/vc_column][\/vc_row][vc_row][vc_column width=&#8221;1\/4&#8243;]\n<div id=\"interactive-banner-1-wrap-4217\" class=\"ult-banner-block ult-adjust-bottom-margin ult-bb-box  banner-style11 \"   style=\"\">\n\t<img decoding=\"async\" src=\"https:\/\/www.sarlux.saras.it\/wp-content\/uploads\/2022\/02\/Saras-raffineria-Sarlux-sviluppo-sostenibile-Sarroch-123.jpg\" alt=\"null\">\n\t<h3  data-ultimate-target='#interactive-banner-1-wrap-4217 .bb-top-title '  data-responsive-json-new='{\"font-size\":\"\",\"line-height\":\"\"}'  class=\"title-center bb-top-title ult-responsive\" style=\"font-weight:normal;background:#0056a6;color:#ffffff;\">SVILUPPO SOSTENIBILE<\/h3>\n\t<div class=\"mask opaque-background\" style=\"background:#0056a6;\">\n\t\t<div  data-ultimate-target='#interactive-banner-1-wrap-4217 .bb-description'  data-responsive-json-new='{\"font-size\":\"desktop:12px;\",\"line-height\":\"\"}'  class=\"bb-description ult-responsive\" style=\"font-weight:normal;color:#ffffff;\">La strategia di sostenibilit\u00e0 del Gruppo, in virt\u00f9 dei valori del purpose, risulta coerente e allineata con i \u201cSustainable Development Goals\u201d<\/div>\n\t<\/div><a class=\"bb-link\" href=\"https:\/\/www.sarlux.saras.it\/it\/sviluppo-sostenibile\/\" ><\/a>\n<\/div>[\/vc_column][vc_column width=&#8221;1\/4&#8243;]\n<div id=\"interactive-banner-1-wrap-6924\" class=\"ult-banner-block ult-adjust-bottom-margin ult-bb-box  banner-style11 \"   style=\"\">\n\t<img decoding=\"async\" src=\"https:\/\/www.sarlux.saras.it\/wp-content\/uploads\/2018\/10\/60890375_m-efficienza-ritaglio-box.jpg\" alt=\"null\">\n\t<h3  data-ultimate-target='#interactive-banner-1-wrap-6924 .bb-top-title '  data-responsive-json-new='{\"font-size\":\"desktop:14px;\",\"line-height\":\"desktop:20px;\"}'  class=\"title-center bb-top-title ult-responsive\" style=\"font-weight:normal;background:#0056a6;color:#ffffff;\">EFFICIENZA ENERGETICA<\/h3>\n\t<div class=\"mask opaque-background\" style=\"background:#0056a6;\">\n\t\t<div  data-ultimate-target='#interactive-banner-1-wrap-6924 .bb-description'  data-responsive-json-new='{\"font-size\":\"desktop:12px;\",\"line-height\":\"\"}'  class=\"bb-description ult-responsive\" style=\"font-weight:normal;color:#ffffff;\">La cultura del risparmio energetico<\/div>\n\t<\/div><a class=\"bb-link\" href=\"https:\/\/sarlux.saras.it\/it\/ambiente-efficienza-energetica\/\" ><\/a>\n<\/div>[\/vc_column][vc_column width=&#8221;1\/4&#8243;]\n<div id=\"interactive-banner-1-wrap-6098\" class=\"ult-banner-block ult-adjust-bottom-margin ult-bb-box  banner-style11 \"   style=\"\">\n\t<img decoding=\"async\" src=\"https:\/\/www.sarlux.saras.it\/wp-content\/uploads\/2018\/10\/60890375_m-acqua-ritaglio-box.jpg\" alt=\"null\">\n\t<h3  data-ultimate-target='#interactive-banner-1-wrap-6098 .bb-top-title '  data-responsive-json-new='{\"font-size\":\"\",\"line-height\":\"\"}'  class=\"title-center bb-top-title ult-responsive\" style=\"font-weight:normal;background:#0056a6;color:#ffffff;\">ARIA<\/h3>\n\t<div class=\"mask opaque-background\" style=\"background:#0056a6;\">\n\t\t<div  data-ultimate-target='#interactive-banner-1-wrap-6098 .bb-description'  data-responsive-json-new='{\"font-size\":\"desktop:12px;\",\"line-height\":\"\"}'  class=\"bb-description ult-responsive\" style=\"font-weight:normal;color:#ffffff;\">L\u2019impegno per la qualit\u00e0 dell\u2019aria<\/div>\n\t<\/div><a class=\"bb-link\" href=\"https:\/\/sarlux.saras.it\/it\/ambiente-aria\/\" ><\/a>\n<\/div>[\/vc_column][vc_column width=&#8221;1\/4&#8243;]\n<div id=\"interactive-banner-1-wrap-2961\" class=\"ult-banner-block ult-adjust-bottom-margin ult-bb-box  banner-style11 \"   style=\"\">\n\t<img decoding=\"async\" src=\"https:\/\/www.sarlux.saras.it\/wp-content\/uploads\/2018\/10\/60890375_m-aria-ritaglio-box.jpg\" alt=\"null\">\n\t<h3  data-ultimate-target='#interactive-banner-1-wrap-2961 .bb-top-title '  data-responsive-json-new='{\"font-size\":\"\",\"line-height\":\"\"}'  class=\"title-center bb-top-title ult-responsive\" style=\"font-weight:normal;background:#0056a6;color:#ffffff;\">ACQUA<\/h3>\n\t<div class=\"mask opaque-background\" style=\"background:#0056a6;\">\n\t\t<div  data-ultimate-target='#interactive-banner-1-wrap-2961 .bb-description'  data-responsive-json-new='{\"font-size\":\"desktop:12px;\",\"line-height\":\"\"}'  class=\"bb-description ult-responsive\" style=\"font-weight:normal;color:#ffffff;\">L\u2019acqua \u00e8 un bene prezioso<\/div>\n\t<\/div><a class=\"bb-link\" href=\"https:\/\/sarlux.saras.it\/it\/ambiente-acqua\/\" ><\/a>\n<\/div>[\/vc_column][\/vc_row][vc_row][vc_column width=&#8221;1\/4&#8243;][\/vc_column][vc_column width=&#8221;1\/4&#8243;]\n<div id=\"interactive-banner-1-wrap-6715\" class=\"ult-banner-block ult-adjust-bottom-margin ult-bb-box  banner-style11 \"   style=\"\">\n\t<img decoding=\"async\" src=\"https:\/\/www.sarlux.saras.it\/wp-content\/uploads\/2018\/10\/60890375_m-suolo-ritaglio-box.jpg\" alt=\"null\">\n\t<h3  data-ultimate-target='#interactive-banner-1-wrap-6715 .bb-top-title '  data-responsive-json-new='{\"font-size\":\"\",\"line-height\":\"\"}'  class=\"title-center bb-top-title ult-responsive\" style=\"font-weight:normal;background:#0056a6;color:#ffffff;\">SUOLO<\/h3>\n\t<div class=\"mask opaque-background\" style=\"background:#0056a6;\">\n\t\t<div  data-ultimate-target='#interactive-banner-1-wrap-6715 .bb-description'  data-responsive-json-new='{\"font-size\":\"desktop:12px;\",\"line-height\":\"\"}'  class=\"bb-description ult-responsive\" style=\"font-weight:normal;color:#ffffff;\">Bonifica e tutele di suolo e sottosuolo<\/div>\n\t<\/div><a class=\"bb-link\" href=\"https:\/\/sarlux.saras.it\/it\/ambiente-suolo\/\" ><\/a>\n<\/div>[\/vc_column][vc_column width=&#8221;1\/4&#8243;]\n<div id=\"interactive-banner-1-wrap-2139\" class=\"ult-banner-block ult-adjust-bottom-margin ult-bb-box  banner-style11 \"   style=\"\">\n\t<img decoding=\"async\" src=\"https:\/\/www.sarlux.saras.it\/wp-content\/uploads\/2020\/01\/certificazioni-Saras-Sarlux-IB-365-1.jpg\" alt=\"null\">\n\t<h3  data-ultimate-target='#interactive-banner-1-wrap-2139 .bb-top-title '  data-responsive-json-new='{\"font-size\":\"\",\"line-height\":\"\"}'  class=\"title-center bb-top-title ult-responsive\" style=\"font-weight:normal;background:#0056a6;color:#ffffff;\">CERTIFICAZIONI<\/h3>\n\t<div class=\"mask opaque-background\" style=\"background:#0056a6;\">\n\t\t<div  data-ultimate-target='#interactive-banner-1-wrap-2139 .bb-description'  data-responsive-json-new='{\"font-size\":\"desktop:12px;\",\"line-height\":\"\"}'  class=\"bb-description ult-responsive\" style=\"font-weight:normal;color:#ffffff;\">Promuoviamo la tutela dell\u2019ambiente, della salute e della sicurezza sul lavoro, attraverso un solido sistema di politiche organizzative e gestionali certificate secondo i migliori standard internazionali.<\/div>\n\t<\/div><a class=\"bb-link\" href=\"https:\/\/sarlux.saras.it\/it\/ambiente-certificazioni\/\" ><\/a>\n<\/div>[\/vc_column][vc_column width=&#8221;1\/4&#8243;][\/vc_column][\/vc_row][vc_row disable_element=&#8221;yes&#8221;][vc_column width=&#8221;1\/4&#8243;][\/vc_column][vc_column width=&#8221;1\/4&#8243;]\n<div id=\"interactive-banner-1-wrap-8317\" class=\"ult-banner-block ult-adjust-bottom-margin ult-bb-box  banner-style11 \"   style=\"\">\n\t<img decoding=\"async\" src=\"https:\/\/www.sarlux.saras.it\/wp-content\/uploads\/2023\/03\/ESTI-Sarlux-raffineria-Sarroch-Saras-sostenibilita\u0300-interactive-banner.jpg\" alt=\"null\">\n\t<h3  data-ultimate-target='#interactive-banner-1-wrap-8317 .bb-top-title '  data-responsive-json-new='{\"font-size\":\"\",\"line-height\":\"\"}'  class=\"title-center bb-top-title ult-responsive\" style=\"font-weight:normal;background:#0056a6;color:#ffffff;\">ESTI<\/h3>\n\t<div class=\"mask opaque-background\" style=\"background:#0056a6;\">\n\t\t<div  data-ultimate-target='#interactive-banner-1-wrap-8317 .bb-description'  data-responsive-json-new='{\"font-size\":\"desktop:12px;\",\"line-height\":\"\"}'  class=\"bb-description ult-responsive\" style=\"font-weight:normal;color:#ffffff;\">Un programma di trasformazione per migliorare l\u2019efficienza operativa e l\u2019affidabilit\u00e0 a medio termine dell\u2019asset industriale del Gruppo Saras.<\/div>\n\t<\/div><a class=\"bb-link\" href=\"https:\/\/www.sarlux.saras.it\/it\/esti\/\" ><\/a>\n<\/div>[\/vc_column][vc_column width=&#8221;1\/4&#8243;][\/vc_column][vc_column width=&#8221;1\/4&#8243;][\/vc_column][\/vc_row][vc_row][vc_column][vc_empty_space][vc_icon icon_fontawesome=&#8221;fa fa-cog&#8221; align=&#8221;center&#8221;][vc_empty_space height=&#8221;64px&#8221;][\/vc_column][\/vc_row]<\/p>\n<\/div>","protected":false},"excerpt":{"rendered":"<p>La Politica di sostenibilit\u00e0 del Gruppo Saras definisce gli indirizzi e gli obiettivi che il Gruppo si impegna a perseguire con riferimento ai temi dell\u2019etica, della tutela dei diritti umani, della diversit\u00e0, dell\u2019inclusione, dell\u2019attenzione per le comunit\u00e0 locali, del dialogo e del rapporto con gli stakeholder e i fornitori, della transizione ecologica e della tutela dell\u2019ambiente.<\/p>\n","protected":false},"author":36,"featured_media":544473,"parent":0,"menu_order":0,"comment_status":"closed","ping_status":"closed","template":"","meta":{"_acf_changed":false,"inline_featured_image":false,"footnotes":""},"class_list":["post-544852","page","type-page","status-publish","has-post-thumbnail","hentry"],"acf":[],"yoast_head":"<!-- This site is optimized with the Yoast SEO plugin v27.3 - https:\/\/yoast.com\/product\/yoast-seo-wordpress\/ -->\n<title>Politica di Sostenibilit\u00e0 - Sarlux Saras | Refining &amp; Power<\/title>\n<meta name=\"description\" content=\"La Politica di sostenibilit\u00e0 del Gruppo Saras definisce gli indirizzi e gli obiettivi che il Gruppo si impegna a perseguire con riferimento ai temi dell\u2019etica, della tutela dei diritti umani, della diversit\u00e0, dell\u2019inclusione, dell\u2019attenzione per le comunit\u00e0 locali, del dialogo e del rapporto con gli stakeholder e i fornitori, della transizione ecologica e della tutela dell\u2019ambiente.\" \/>\n<meta name=\"robots\" content=\"index, follow, max-snippet:-1, max-image-preview:large, max-video-preview:-1\" \/>\n<link rel=\"canonical\" href=\"https:\/\/www.sarlux.saras.it\/it\/politica-di-sostenibilita\/\" \/>\n<meta property=\"og:locale\" content=\"it_IT\" \/>\n<meta property=\"og:type\" content=\"article\" \/>\n<meta property=\"og:title\" content=\"Politica di Sostenibilit\u00e0 - Sarlux Saras | Refining &amp; Power\" \/>\n<meta property=\"og:description\" content=\"La Politica di sostenibilit\u00e0 del Gruppo Saras definisce gli indirizzi e gli obiettivi che il Gruppo si impegna a perseguire con riferimento ai temi dell\u2019etica, della tutela dei diritti umani, della diversit\u00e0, dell\u2019inclusione, dell\u2019attenzione per le comunit\u00e0 locali, del dialogo e del rapporto con gli stakeholder e i fornitori, della transizione ecologica e della tutela dell\u2019ambiente.\" \/>\n<meta property=\"og:url\" content=\"https:\/\/www.sarlux.saras.it\/it\/politica-di-sostenibilita\/\" \/>\n<meta property=\"og:site_name\" content=\"Sarlux Saras | Refining &amp; Power\" \/>\n<meta property=\"article:modified_time\" content=\"2024-11-19T11:19:01+00:00\" \/>\n<meta property=\"og:image\" content=\"https:\/\/www.sarlux.saras.it\/wp-content\/uploads\/2022\/06\/sarlux-Saras-Sarroch-ESTI-mbox-h-400.jpg\" \/>\n\t<meta property=\"og:image:width\" content=\"800\" \/>\n\t<meta property=\"og:image:height\" content=\"400\" \/>\n\t<meta property=\"og:image:type\" content=\"image\/jpeg\" \/>\n<meta name=\"twitter:card\" content=\"summary_large_image\" \/>\n<meta name=\"twitter:image\" content=\"https:\/\/www.sarlux.saras.it\/wp-content\/uploads\/2022\/06\/sarlux-Saras-Sarroch-ESTI-mbox-h-400.jpg\" \/>\n<meta name=\"twitter:label1\" content=\"Tempo di lettura stimato\" \/>\n\t<meta name=\"twitter:data1\" content=\"9 minuti\" \/>\n<script type=\"application\/ld+json\" class=\"yoast-schema-graph\">{\"@context\":\"https:\\\/\\\/schema.org\",\"@graph\":[{\"@type\":\"WebPage\",\"@id\":\"https:\\\/\\\/www.sarlux.saras.it\\\/it\\\/politica-di-sostenibilita\\\/\",\"url\":\"https:\\\/\\\/www.sarlux.saras.it\\\/it\\\/politica-di-sostenibilita\\\/\",\"name\":\"Politica di Sostenibilit\u00e0 - Sarlux Saras | Refining & Power\",\"isPartOf\":{\"@id\":\"https:\\\/\\\/www.sarlux.saras.it\\\/it\\\/#website\"},\"primaryImageOfPage\":{\"@id\":\"https:\\\/\\\/www.sarlux.saras.it\\\/it\\\/politica-di-sostenibilita\\\/#primaryimage\"},\"image\":{\"@id\":\"https:\\\/\\\/www.sarlux.saras.it\\\/it\\\/politica-di-sostenibilita\\\/#primaryimage\"},\"thumbnailUrl\":\"https:\\\/\\\/www.sarlux.saras.it\\\/wp-content\\\/uploads\\\/2022\\\/06\\\/sarlux-Saras-Sarroch-ESTI-mbox-h-400.jpg\",\"datePublished\":\"2023-03-27T10:14:06+00:00\",\"dateModified\":\"2024-11-19T11:19:01+00:00\",\"description\":\"La Politica di sostenibilit\u00e0 del Gruppo Saras definisce gli indirizzi e gli obiettivi che il Gruppo si impegna a perseguire con riferimento ai temi dell\u2019etica, della tutela dei diritti umani, della diversit\u00e0, dell\u2019inclusione, dell\u2019attenzione per le comunit\u00e0 locali, del dialogo e del rapporto con gli stakeholder e i fornitori, della transizione ecologica e della tutela dell\u2019ambiente.\",\"breadcrumb\":{\"@id\":\"https:\\\/\\\/www.sarlux.saras.it\\\/it\\\/politica-di-sostenibilita\\\/#breadcrumb\"},\"inLanguage\":\"it-IT\",\"potentialAction\":[{\"@type\":\"ReadAction\",\"target\":[\"https:\\\/\\\/www.sarlux.saras.it\\\/it\\\/politica-di-sostenibilita\\\/\"]}]},{\"@type\":\"ImageObject\",\"inLanguage\":\"it-IT\",\"@id\":\"https:\\\/\\\/www.sarlux.saras.it\\\/it\\\/politica-di-sostenibilita\\\/#primaryimage\",\"url\":\"https:\\\/\\\/www.sarlux.saras.it\\\/wp-content\\\/uploads\\\/2022\\\/06\\\/sarlux-Saras-Sarroch-ESTI-mbox-h-400.jpg\",\"contentUrl\":\"https:\\\/\\\/www.sarlux.saras.it\\\/wp-content\\\/uploads\\\/2022\\\/06\\\/sarlux-Saras-Sarroch-ESTI-mbox-h-400.jpg\",\"width\":800,\"height\":400},{\"@type\":\"BreadcrumbList\",\"@id\":\"https:\\\/\\\/www.sarlux.saras.it\\\/it\\\/politica-di-sostenibilita\\\/#breadcrumb\",\"itemListElement\":[{\"@type\":\"ListItem\",\"position\":1,\"name\":\"Home\",\"item\":\"https:\\\/\\\/www.sarlux.saras.it\\\/it\\\/\"},{\"@type\":\"ListItem\",\"position\":2,\"name\":\"Politica di Sostenibilit\u00e0\"}]},{\"@type\":\"WebSite\",\"@id\":\"https:\\\/\\\/www.sarlux.saras.it\\\/it\\\/#website\",\"url\":\"https:\\\/\\\/www.sarlux.saras.it\\\/it\\\/\",\"name\":\"Sarlux\",\"description\":\"\",\"publisher\":{\"@id\":\"https:\\\/\\\/www.sarlux.saras.it\\\/it\\\/#organization\"},\"potentialAction\":[{\"@type\":\"SearchAction\",\"target\":{\"@type\":\"EntryPoint\",\"urlTemplate\":\"https:\\\/\\\/www.sarlux.saras.it\\\/it\\\/?s={search_term_string}\"},\"query-input\":{\"@type\":\"PropertyValueSpecification\",\"valueRequired\":true,\"valueName\":\"search_term_string\"}}],\"inLanguage\":\"it-IT\"},{\"@type\":\"Organization\",\"@id\":\"https:\\\/\\\/www.sarlux.saras.it\\\/it\\\/#organization\",\"name\":\"Sarlux\",\"url\":\"https:\\\/\\\/www.sarlux.saras.it\\\/it\\\/\",\"logo\":{\"@type\":\"ImageObject\",\"inLanguage\":\"it-IT\",\"@id\":\"https:\\\/\\\/www.sarlux.saras.it\\\/it\\\/#\\\/schema\\\/logo\\\/image\\\/\",\"url\":\"https:\\\/\\\/www.sarlux.saras.it\\\/wp-content\\\/uploads\\\/2017\\\/12\\\/logo-pc-1.png\",\"contentUrl\":\"https:\\\/\\\/www.sarlux.saras.it\\\/wp-content\\\/uploads\\\/2017\\\/12\\\/logo-pc-1.png\",\"width\":184,\"height\":86,\"caption\":\"Sarlux\"},\"image\":{\"@id\":\"https:\\\/\\\/www.sarlux.saras.it\\\/it\\\/#\\\/schema\\\/logo\\\/image\\\/\"}}]}<\/script>\n<!-- \/ Yoast SEO plugin. -->","yoast_head_json":{"title":"Politica di Sostenibilit\u00e0 - Sarlux Saras | Refining & Power","description":"La Politica di sostenibilit\u00e0 del Gruppo Saras definisce gli indirizzi e gli obiettivi che il Gruppo si impegna a perseguire con riferimento ai temi dell\u2019etica, della tutela dei diritti umani, della diversit\u00e0, dell\u2019inclusione, dell\u2019attenzione per le comunit\u00e0 locali, del dialogo e del rapporto con gli stakeholder e i fornitori, della transizione ecologica e della tutela dell\u2019ambiente.","robots":{"index":"index","follow":"follow","max-snippet":"max-snippet:-1","max-image-preview":"max-image-preview:large","max-video-preview":"max-video-preview:-1"},"canonical":"https:\/\/www.sarlux.saras.it\/it\/politica-di-sostenibilita\/","og_locale":"it_IT","og_type":"article","og_title":"Politica di Sostenibilit\u00e0 - Sarlux Saras | Refining & Power","og_description":"La Politica di sostenibilit\u00e0 del Gruppo Saras definisce gli indirizzi e gli obiettivi che il Gruppo si impegna a perseguire con riferimento ai temi dell\u2019etica, della tutela dei diritti umani, della diversit\u00e0, dell\u2019inclusione, dell\u2019attenzione per le comunit\u00e0 locali, del dialogo e del rapporto con gli stakeholder e i fornitori, della transizione ecologica e della tutela dell\u2019ambiente.","og_url":"https:\/\/www.sarlux.saras.it\/it\/politica-di-sostenibilita\/","og_site_name":"Sarlux Saras | Refining & Power","article_modified_time":"2024-11-19T11:19:01+00:00","og_image":[{"width":800,"height":400,"url":"https:\/\/www.sarlux.saras.it\/wp-content\/uploads\/2022\/06\/sarlux-Saras-Sarroch-ESTI-mbox-h-400.jpg","type":"image\/jpeg"}],"twitter_card":"summary_large_image","twitter_image":"https:\/\/www.sarlux.saras.it\/wp-content\/uploads\/2022\/06\/sarlux-Saras-Sarroch-ESTI-mbox-h-400.jpg","twitter_misc":{"Tempo di lettura stimato":"9 minuti"},"schema":{"@context":"https:\/\/schema.org","@graph":[{"@type":"WebPage","@id":"https:\/\/www.sarlux.saras.it\/it\/politica-di-sostenibilita\/","url":"https:\/\/www.sarlux.saras.it\/it\/politica-di-sostenibilita\/","name":"Politica di Sostenibilit\u00e0 - Sarlux Saras | Refining & Power","isPartOf":{"@id":"https:\/\/www.sarlux.saras.it\/it\/#website"},"primaryImageOfPage":{"@id":"https:\/\/www.sarlux.saras.it\/it\/politica-di-sostenibilita\/#primaryimage"},"image":{"@id":"https:\/\/www.sarlux.saras.it\/it\/politica-di-sostenibilita\/#primaryimage"},"thumbnailUrl":"https:\/\/www.sarlux.saras.it\/wp-content\/uploads\/2022\/06\/sarlux-Saras-Sarroch-ESTI-mbox-h-400.jpg","datePublished":"2023-03-27T10:14:06+00:00","dateModified":"2024-11-19T11:19:01+00:00","description":"La Politica di sostenibilit\u00e0 del Gruppo Saras definisce gli indirizzi e gli obiettivi che il Gruppo si impegna a perseguire con riferimento ai temi dell\u2019etica, della tutela dei diritti umani, della diversit\u00e0, dell\u2019inclusione, dell\u2019attenzione per le comunit\u00e0 locali, del dialogo e del rapporto con gli stakeholder e i fornitori, della transizione ecologica e della tutela dell\u2019ambiente.","breadcrumb":{"@id":"https:\/\/www.sarlux.saras.it\/it\/politica-di-sostenibilita\/#breadcrumb"},"inLanguage":"it-IT","potentialAction":[{"@type":"ReadAction","target":["https:\/\/www.sarlux.saras.it\/it\/politica-di-sostenibilita\/"]}]},{"@type":"ImageObject","inLanguage":"it-IT","@id":"https:\/\/www.sarlux.saras.it\/it\/politica-di-sostenibilita\/#primaryimage","url":"https:\/\/www.sarlux.saras.it\/wp-content\/uploads\/2022\/06\/sarlux-Saras-Sarroch-ESTI-mbox-h-400.jpg","contentUrl":"https:\/\/www.sarlux.saras.it\/wp-content\/uploads\/2022\/06\/sarlux-Saras-Sarroch-ESTI-mbox-h-400.jpg","width":800,"height":400},{"@type":"BreadcrumbList","@id":"https:\/\/www.sarlux.saras.it\/it\/politica-di-sostenibilita\/#breadcrumb","itemListElement":[{"@type":"ListItem","position":1,"name":"Home","item":"https:\/\/www.sarlux.saras.it\/it\/"},{"@type":"ListItem","position":2,"name":"Politica di Sostenibilit\u00e0"}]},{"@type":"WebSite","@id":"https:\/\/www.sarlux.saras.it\/it\/#website","url":"https:\/\/www.sarlux.saras.it\/it\/","name":"Sarlux","description":"","publisher":{"@id":"https:\/\/www.sarlux.saras.it\/it\/#organization"},"potentialAction":[{"@type":"SearchAction","target":{"@type":"EntryPoint","urlTemplate":"https:\/\/www.sarlux.saras.it\/it\/?s={search_term_string}"},"query-input":{"@type":"PropertyValueSpecification","valueRequired":true,"valueName":"search_term_string"}}],"inLanguage":"it-IT"},{"@type":"Organization","@id":"https:\/\/www.sarlux.saras.it\/it\/#organization","name":"Sarlux","url":"https:\/\/www.sarlux.saras.it\/it\/","logo":{"@type":"ImageObject","inLanguage":"it-IT","@id":"https:\/\/www.sarlux.saras.it\/it\/#\/schema\/logo\/image\/","url":"https:\/\/www.sarlux.saras.it\/wp-content\/uploads\/2017\/12\/logo-pc-1.png","contentUrl":"https:\/\/www.sarlux.saras.it\/wp-content\/uploads\/2017\/12\/logo-pc-1.png","width":184,"height":86,"caption":"Sarlux"},"image":{"@id":"https:\/\/www.sarlux.saras.it\/it\/#\/schema\/logo\/image\/"}}]}},"_links":{"self":[{"href":"https:\/\/www.sarlux.saras.it\/it\/wp-json\/wp\/v2\/pages\/544852","targetHints":{"allow":["GET"]}}],"collection":[{"href":"https:\/\/www.sarlux.saras.it\/it\/wp-json\/wp\/v2\/pages"}],"about":[{"href":"https:\/\/www.sarlux.saras.it\/it\/wp-json\/wp\/v2\/types\/page"}],"author":[{"embeddable":true,"href":"https:\/\/www.sarlux.saras.it\/it\/wp-json\/wp\/v2\/users\/36"}],"replies":[{"embeddable":true,"href":"https:\/\/www.sarlux.saras.it\/it\/wp-json\/wp\/v2\/comments?post=544852"}],"version-history":[{"count":24,"href":"https:\/\/www.sarlux.saras.it\/it\/wp-json\/wp\/v2\/pages\/544852\/revisions"}],"predecessor-version":[{"id":546567,"href":"https:\/\/www.sarlux.saras.it\/it\/wp-json\/wp\/v2\/pages\/544852\/revisions\/546567"}],"wp:featuredmedia":[{"embeddable":true,"href":"https:\/\/www.sarlux.saras.it\/it\/wp-json\/wp\/v2\/media\/544473"}],"wp:attachment":[{"href":"https:\/\/www.sarlux.saras.it\/it\/wp-json\/wp\/v2\/media?parent=544852"}],"curies":[{"name":"wp","href":"https:\/\/api.w.org\/{rel}","templated":true}]}}